{"id":716,"date":"2021-03-15T13:58:15","date_gmt":"2021-03-15T12:58:15","guid":{"rendered":"https:\/\/ticommunication.eu\/?post_type=tribe_organizer&#038;p=716"},"modified":"2024-10-29T15:07:37","modified_gmt":"2024-10-29T14:07:37","slug":"alfonso-mueller-alban","status":"publish","type":"tribe_organizer","link":"https:\/\/www.ticommunication.eu\/de\/expert\/alfonso-mueller-alban\/","title":{"rendered":"Alfonso M\u00fcller Alb\u00e1n"},"content":{"rendered":"<h4><em>\u201eInterkulturelle Kommunikation ist wie ein Tanz: Wer die Schritte nicht kennt, kann nicht mittanzen. Und schon gar nicht f\u00fchren\u201c<\/em><\/h4>\n<p>Als Deutsch-Ecuadorianer lebt Alfonso M\u00fcller Alb\u00e1n Interkulturalit\u00e4t von Geburt an und ist seit mehr als 15 Jahren als interkultureller Trainer, Key-Note-Speaker, Fachbuchautor und Berater t\u00e4tig. Dabei unterst\u00fctzt er Expatriates bei Entsendungen ebenso wie Unternehmen, die den Markteintritt in Lateinamerika anstreben. Er verf\u00fcgt \u00fcber langj\u00e4hrige berufliche Erfahrungen in Brasilien, Mexiko, Lateinamerika und Spanien sowie in der Konzeptionierung und Durchf\u00fchrung von Trainings f\u00fcr die unterschiedlichsten Zielgruppen. Alfonso M\u00fcller Alb\u00e1n studierte Kulturanthropologie und Betriebswirtschaftslehre und ist Autor des Fachbuchs &#8222;Gesch\u00e4ftskultur Brasilien Kompakt&#8220; (Conbook-Verlag).<\/p>\n<p>Die Kreativit\u00e4t und Leichtigkeit der lateinamerikanischen Kultur, aber auch Professionalit\u00e4t und Unternehmergeist seiner norddeutschen Vorfahren \u2013 beides hat er verinnerlicht und setzt es in seiner Beratung &amp; Trainings um.<\/p>\n<p>&nbsp;<\/p>\n<h4>Trainings- und Consultingschwerpunkte<\/h4>\n<ul>\n<li>L\u00e4nderspezifische Trainings: Brasilien, Mexiko, Spanien, Argentinien, Peru, Kolumbien, Panama, Ecuador, Chile sowie die gesamte Region Lateinamerika.<\/li>\n<li>Reisesicherheit: Interkulturelle Sicherheitstrainings f\u00fcr die Region Lateinamerika mit besonderem Fokus auf Mexiko und Brasilien.<\/li>\n<li>Deutschland-Trainings: F\u00fcr Fach- und F\u00fchrungskr\u00e4fte aus Lateinamerika und Spanien, die nach Deutschland entsendet werden.<\/li>\n<li>Expatriate-Trainings: F\u00fcr deutsche Fachkr\u00e4fte, die nach Lateinamerika entsendet werden<\/li>\n<\/ul>\n<p>&nbsp;<\/p>\n<h4>Ver\u00f6ffentlichungen &amp; Interviews:<\/h4>\n<ul>\n<li>Buch: Gesch\u00e4ftskultur Brasilien kompakt: Wie Sie mit brasilianischen Gesch\u00e4ftspartnern, Kollegen und Mitarbeitern erfolgreich zusammenarbeiten (Gesch\u00e4ftskultur kompakt)<\/li>\n<li>Podcast: Interkultureller Kompetenz in der Gesch\u00e4ftskultur Lateinamerika &#8211; mit einem Beitrag von Alfonso M\u00fcller (Welche Rolle Emotionalit\u00e4t im Gesch\u00e4ftsleben Zentral- und S\u00fcdamerikas spielt und wann man besser mal etwas zu sp\u00e4t zu einer Verabredung kommt, erfahren Sie in der Lateinamerika-Folge des Podcasts \u201cAndere L\u00e4nder, andere Sitten &#8211; interkulturelle Kompetenz im Auslandsgesch\u00e4ft\u201d, einem Gemeinschaftsprojekt der Agentur f\u00fcr Wirtschaft und Entwicklung, der Deutschen Gesellschaft f\u00fcr internationale Zusammenarbeit (GIZ) GmbH und der IHK Halle-Dessau)<\/li>\n<li>Podcast: Als Deutsche Gesch\u00e4ftsfrau in Brasilien unterwegs \u2013 Frauen und Business in Brasilien<\/li>\n<li>Podcast: Markt-Eintritt Brasilien \u2013 Business-Chancen und interkulturelle Tipps<\/li>\n<li>Podcast: Welche Unterschiede gibt es zwischen Spanien und Lateinamerika? \u2013 Von der Gefahr alle spanischsprachigen L\u00e4nder im Umgang zu verallgemeinern<\/li>\n<li>Podcast: Kolumbien \u2013 Vom Problemfall zum Wachstumswunder \u2013 Interview zum Wirtschaftswunder Kolumbien.<\/li>\n<\/ul>\n","protected":false},"excerpt":{"rendered":"<p>\u201eInterkulturelle Kommunikation ist wie ein Tanz: Wer die Schritte nicht kennt, kann nicht mittanzen. Und schon gar nicht f\u00fchren\u201c Als Deutsch-Ecuadorianer lebt Alfonso M\u00fcller Alb\u00e1n Interkulturalit\u00e4t<span class=\"excerpt-hellip\"> [\u2026]<\/span><\/p>\n","protected":false},"author":2,"featured_media":918,"template":"","meta":{"_custom_body_class":"","_custom_post_class":"","rs_blank_template":"","rs_page_bg_color":"","slide_template_v7":"","_price":"","_stock":"","_tribe_ticket_header":"","_tribe_default_ticket_provider":"","_tribe_ticket_capacity":"0","_ticket_start_date":"","_ticket_end_date":"","_tribe_ticket_show_description":"","_tribe_ticket_show_not_going":false,"_tribe_ticket_use_global_stock":"","_tribe_ticket_global_stock_level":"","_global_stock_mode":"","_global_stock_cap":"","_tribe_rsvp_for_event":"","_tribe_ticket_going_count":"","_tribe_ticket_not_going_count":"","_tribe_tickets_list":"[]","_tribe_ticket_has_attendee_info_fields":false,"footnotes":""},"class_list":["post-716","tribe_organizer","type-tribe_organizer","status-publish","has-post-thumbnail","hentry"],"yoast_head":"<!-- This site is optimized with the Yoast SEO plugin v27.3 - https:\/\/yoast.com\/product\/yoast-seo-wordpress\/ -->\n<title>Alfonso M\u00fcller Alb\u00e1n - ticommunication<\/title>\n<meta name=\"robots\" content=\"index, follow, max-snippet:-1, max-image-preview:large, max-video-preview:-1\" \/>\n<link rel=\"canonical\" href=\"https:\/\/www.ticommunication.eu\/de\/expert\/alfonso-mueller-alban\/\" \/>\n<meta property=\"og:locale\" content=\"de_DE\" \/>\n<meta property=\"og:type\" content=\"article\" \/>\n<meta property=\"og:title\" content=\"Alfonso M\u00fcller Alb\u00e1n - ticommunication\" \/>\n<meta property=\"og:description\" content=\"\u201eInterkulturelle Kommunikation ist wie ein Tanz: Wer die Schritte nicht kennt, kann nicht mittanzen. Und schon gar nicht f\u00fchren\u201c Als Deutsch-Ecuadorianer lebt Alfonso M\u00fcller Alb\u00e1n Interkulturalit\u00e4t [\u2026]\" \/>\n<meta property=\"og:url\" content=\"https:\/\/www.ticommunication.eu\/de\/expert\/alfonso-mueller-alban\/\" \/>\n<meta property=\"og:site_name\" content=\"ticommunication\" \/>\n<meta property=\"article:modified_time\" content=\"2024-10-29T14:07:37+00:00\" \/>\n<meta property=\"og:image\" content=\"https:\/\/www.ticommunication.eu\/wp-content\/uploads\/2021\/03\/Alfonso_Mueller1_2021.png\" \/>\n\t<meta property=\"og:image:width\" content=\"500\" \/>\n\t<meta property=\"og:image:height\" content=\"749\" \/>\n\t<meta property=\"og:image:type\" content=\"image\/png\" \/>\n<meta name=\"twitter:card\" content=\"summary_large_image\" \/>\n<meta name=\"twitter:label1\" content=\"Gesch\u00e4tzte Lesezeit\" \/>\n\t<meta name=\"twitter:data1\" content=\"2\u00a0Minuten\" \/>\n<script type=\"application\/ld+json\" class=\"yoast-schema-graph\">{\"@context\":\"https:\\\/\\\/schema.org\",\"@graph\":[{\"@type\":\"WebPage\",\"@id\":\"https:\\\/\\\/www.ticommunication.eu\\\/de\\\/expert\\\/alfonso-mueller-alban\\\/\",\"url\":\"https:\\\/\\\/www.ticommunication.eu\\\/de\\\/expert\\\/alfonso-mueller-alban\\\/\",\"name\":\"Alfonso M\u00fcller Alb\u00e1n - ticommunication\",\"isPartOf\":{\"@id\":\"https:\\\/\\\/https\\\/\\\/www.ticommunication.eu\\\/de\\\/de\\\/#website\"},\"primaryImageOfPage\":{\"@id\":\"https:\\\/\\\/www.ticommunication.eu\\\/de\\\/expert\\\/alfonso-mueller-alban\\\/#primaryimage\"},\"image\":{\"@id\":\"https:\\\/\\\/www.ticommunication.eu\\\/de\\\/expert\\\/alfonso-mueller-alban\\\/#primaryimage\"},\"thumbnailUrl\":\"https:\\\/\\\/www.ticommunication.eu\\\/wp-content\\\/uploads\\\/2021\\\/03\\\/Alfonso_Mueller1_2021.png\",\"datePublished\":\"2021-03-15T12:58:15+00:00\",\"dateModified\":\"2024-10-29T14:07:37+00:00\",\"breadcrumb\":{\"@id\":\"https:\\\/\\\/www.ticommunication.eu\\\/de\\\/expert\\\/alfonso-mueller-alban\\\/#breadcrumb\"},\"inLanguage\":\"de\",\"potentialAction\":[{\"@type\":\"ReadAction\",\"target\":[\"https:\\\/\\\/www.ticommunication.eu\\\/de\\\/expert\\\/alfonso-mueller-alban\\\/\"]}]},{\"@type\":\"ImageObject\",\"inLanguage\":\"de\",\"@id\":\"https:\\\/\\\/www.ticommunication.eu\\\/de\\\/expert\\\/alfonso-mueller-alban\\\/#primaryimage\",\"url\":\"https:\\\/\\\/www.ticommunication.eu\\\/wp-content\\\/uploads\\\/2021\\\/03\\\/Alfonso_Mueller1_2021.png\",\"contentUrl\":\"https:\\\/\\\/www.ticommunication.eu\\\/wp-content\\\/uploads\\\/2021\\\/03\\\/Alfonso_Mueller1_2021.png\",\"width\":500,\"height\":749,\"caption\":\"Trainer Alfonso M\u00fcller\"},{\"@type\":\"BreadcrumbList\",\"@id\":\"https:\\\/\\\/www.ticommunication.eu\\\/de\\\/expert\\\/alfonso-mueller-alban\\\/#breadcrumb\",\"itemListElement\":[{\"@type\":\"ListItem\",\"position\":1,\"name\":\"Startseite\",\"item\":\"https:\\\/\\\/www.ticommunication.eu\\\/de\\\/\"},{\"@type\":\"ListItem\",\"position\":2,\"name\":\"Alfonso M\u00fcller Alb\u00e1n\"}]},{\"@type\":\"WebSite\",\"@id\":\"https:\\\/\\\/https\\\/\\\/www.ticommunication.eu\\\/de\\\/de\\\/#website\",\"url\":\"https:\\\/\\\/https\\\/\\\/www.ticommunication.eu\\\/de\\\/de\\\/\",\"name\":\"ticommunication\",\"description\":\"think inclusively\",\"potentialAction\":[{\"@type\":\"SearchAction\",\"target\":{\"@type\":\"EntryPoint\",\"urlTemplate\":\"https:\\\/\\\/https\\\/\\\/www.ticommunication.eu\\\/de\\\/de\\\/?s={search_term_string}\"},\"query-input\":{\"@type\":\"PropertyValueSpecification\",\"valueRequired\":true,\"valueName\":\"search_term_string\"}}],\"inLanguage\":\"de\"}]}<\/script>\n<!-- \/ Yoast SEO plugin. -->","yoast_head_json":{"title":"Alfonso M\u00fcller Alb\u00e1n - ticommunication","robots":{"index":"index","follow":"follow","max-snippet":"max-snippet:-1","max-image-preview":"max-image-preview:large","max-video-preview":"max-video-preview:-1"},"canonical":"https:\/\/www.ticommunication.eu\/de\/expert\/alfonso-mueller-alban\/","og_locale":"de_DE","og_type":"article","og_title":"Alfonso M\u00fcller Alb\u00e1n - ticommunication","og_description":"\u201eInterkulturelle Kommunikation ist wie ein Tanz: Wer die Schritte nicht kennt, kann nicht mittanzen. Und schon gar nicht f\u00fchren\u201c Als Deutsch-Ecuadorianer lebt Alfonso M\u00fcller Alb\u00e1n Interkulturalit\u00e4t [\u2026]","og_url":"https:\/\/www.ticommunication.eu\/de\/expert\/alfonso-mueller-alban\/","og_site_name":"ticommunication","article_modified_time":"2024-10-29T14:07:37+00:00","og_image":[{"width":500,"height":749,"url":"https:\/\/www.ticommunication.eu\/wp-content\/uploads\/2021\/03\/Alfonso_Mueller1_2021.png","type":"image\/png"}],"twitter_card":"summary_large_image","twitter_misc":{"Gesch\u00e4tzte Lesezeit":"2\u00a0Minuten"},"schema":{"@context":"https:\/\/schema.org","@graph":[{"@type":"WebPage","@id":"https:\/\/www.ticommunication.eu\/de\/expert\/alfonso-mueller-alban\/","url":"https:\/\/www.ticommunication.eu\/de\/expert\/alfonso-mueller-alban\/","name":"Alfonso M\u00fcller Alb\u00e1n - ticommunication","isPartOf":{"@id":"https:\/\/https\/\/www.ticommunication.eu\/de\/de\/de\/#website"},"primaryImageOfPage":{"@id":"https:\/\/www.ticommunication.eu\/de\/expert\/alfonso-mueller-alban\/#primaryimage"},"image":{"@id":"https:\/\/www.ticommunication.eu\/de\/expert\/alfonso-mueller-alban\/#primaryimage"},"thumbnailUrl":"https:\/\/www.ticommunication.eu\/wp-content\/uploads\/2021\/03\/Alfonso_Mueller1_2021.png","datePublished":"2021-03-15T12:58:15+00:00","dateModified":"2024-10-29T14:07:37+00:00","breadcrumb":{"@id":"https:\/\/www.ticommunication.eu\/de\/expert\/alfonso-mueller-alban\/#breadcrumb"},"inLanguage":"de","potentialAction":[{"@type":"ReadAction","target":["https:\/\/www.ticommunication.eu\/de\/expert\/alfonso-mueller-alban\/"]}]},{"@type":"ImageObject","inLanguage":"de","@id":"https:\/\/www.ticommunication.eu\/de\/expert\/alfonso-mueller-alban\/#primaryimage","url":"https:\/\/www.ticommunication.eu\/wp-content\/uploads\/2021\/03\/Alfonso_Mueller1_2021.png","contentUrl":"https:\/\/www.ticommunication.eu\/wp-content\/uploads\/2021\/03\/Alfonso_Mueller1_2021.png","width":500,"height":749,"caption":"Trainer Alfonso M\u00fcller"},{"@type":"BreadcrumbList","@id":"https:\/\/www.ticommunication.eu\/de\/expert\/alfonso-mueller-alban\/#breadcrumb","itemListElement":[{"@type":"ListItem","position":1,"name":"Startseite","item":"https:\/\/www.ticommunication.eu\/de\/"},{"@type":"ListItem","position":2,"name":"Alfonso M\u00fcller Alb\u00e1n"}]},{"@type":"WebSite","@id":"https:\/\/https\/\/www.ticommunication.eu\/de\/de\/de\/#website","url":"https:\/\/https\/\/www.ticommunication.eu\/de\/de\/de\/","name":"ticommunication","description":"think inclusively","potentialAction":[{"@type":"SearchAction","target":{"@type":"EntryPoint","urlTemplate":"https:\/\/https\/\/www.ticommunication.eu\/de\/de\/de\/?s={search_term_string}"},"query-input":{"@type":"PropertyValueSpecification","valueRequired":true,"valueName":"search_term_string"}}],"inLanguage":"de"}]}},"_links":{"self":[{"href":"https:\/\/www.ticommunication.eu\/de\/wp-json\/wp\/v2\/tribe_organizer\/716","targetHints":{"allow":["GET"]}}],"collection":[{"href":"https:\/\/www.ticommunication.eu\/de\/wp-json\/wp\/v2\/tribe_organizer"}],"about":[{"href":"https:\/\/www.ticommunication.eu\/de\/wp-json\/wp\/v2\/types\/tribe_organizer"}],"author":[{"embeddable":true,"href":"https:\/\/www.ticommunication.eu\/de\/wp-json\/wp\/v2\/users\/2"}],"version-history":[{"count":0,"href":"https:\/\/www.ticommunication.eu\/de\/wp-json\/wp\/v2\/tribe_organizer\/716\/revisions"}],"wp:featuredmedia":[{"embeddable":true,"href":"https:\/\/www.ticommunication.eu\/de\/wp-json\/wp\/v2\/media\/918"}],"wp:attachment":[{"href":"https:\/\/www.ticommunication.eu\/de\/wp-json\/wp\/v2\/media?parent=716"}],"curies":[{"name":"wp","href":"https:\/\/api.w.org\/{rel}","templated":true}]}}