{"id":4173,"date":"2021-06-22T11:16:25","date_gmt":"2021-06-22T09:16:25","guid":{"rendered":"https:\/\/ticommunication.eu\/?post_type=tribe_organizer&#038;p=4173"},"modified":"2026-04-16T11:10:35","modified_gmt":"2026-04-16T09:10:35","slug":"gerhard-hain","status":"publish","type":"tribe_organizer","link":"https:\/\/www.ticommunication.eu\/de\/expert\/gerhard-hain\/","title":{"rendered":"Gerhard Hain"},"content":{"rendered":"<h4><em>&#8222;Wir bereiten uns auf die Anforderungen in der Welt h\u00e4ufig gut vor. Nun wird es Zeit, die Welt auf die Anforderungen im deutschsprachigem Raum vorzubereiten. Internationale Talente brauchen transparente Prozesse, schnelle Entscheidungswege, erreichbare Ansprechpersonen, <\/em><em>eine moderne Willkommenskultur und einiges mehr im Unternehmen. Vieles davon muss jetzt neu entwickelt werden, denn es gilt den demographischen Wandel zu <\/em><em>bew\u00e4ltigen<\/em><em>.<\/em><em>&#8222;<\/em><\/h4>\n<p>&nbsp;<\/p>\n<p>Virtuell oder auf der B\u00fchne, Gerhard Hain nimmt die Zuh\u00f6rer*innen thematisch mit. Er gestaltet seine Vortr\u00e4ge wo immer es geht interaktiv und behauptet \u201enur zuh\u00f6ren\u201c war gestern. Als Keynote Speaker \u00fcberzeugte er in der Nacht der Wissenschaft (Regensburg), im Bundesministerium f\u00fcr Wirtschaft und Energie im Rahmen einer Netzwerktagung (Berlin), auf einer Fachtagung des Bundesverbandes medizinischer Auftragsinstitute e.V. (M\u00fcnchen) und zahlreichen weiteren Wissenschaftsveranstaltungen, Firmenevents, Messebeitr\u00e4gen, Konferenzen und Fachtagungen.<\/p>\n<p>&nbsp;<\/p>\n<p>Er leitet ein Team von rund 300 interkulturellen EXPERTS weltweit. Als Gr\u00fcnder von ti communication ist er inzwischen mit seinem Team in und zu mehr als 130 L\u00e4ndern im Einsatz. Die Erfahrungen aus diesen Eins\u00e4tzen in allen Wirtschaftsbranchen bilden die Grundlage f\u00fcr sein Expertenwissen, das er gekonnt und eloquent vermittelt. Mit einem Augenzwinkern schafft er es komplexe Zusammenh\u00e4nge in interkulturellen Handlungsfeldern unterhaltsam zu vermitteln. Es werden im Keynote die Sachverhalte erlebbar und nicht nur vermittelt. Gerhard Hain studierte in Regensburg und Rom P\u00e4dagogik, Psychologie und Soziologie. Er leitet Seminare und virtuelle Meetings, h\u00e4lt Vortr\u00e4ge und ber\u00e4t Weiterbildner und Unternehmen zu Grundlagen interkultureller Kompetenz. Zusammen mit Sonja Engelbert ist er Autor des im GU-Verlag erschienen Buches \u201eAuslandsknigge\u201c. Zusammen mit Susanna Bezzel und Carolin \u00d6llinger ist er Autor der im Verlag der deutschen Wirtschaft erschienen Reihe \u201eInterkulturelle Tipcards\u201c zu China, Russland, Indien und den USA.<\/p>\n<p>&nbsp;<\/p>\n<p>Unternehmen profitieren von seinen Best Practice-Beispielen in der Integration internationaler Fachkr\u00e4fte. Das aktuelle Thema r\u00fcckt immer mehr in seinen Beratungsmittelpunkt f\u00fcr Beh\u00f6rden und Unternehmen im deutschsprachigen Raum. Am 12. M\u00e4rz 2026 hat er als Vertreter von ti communication im Bundesministerium f\u00fcr wirtschaftliche Zusammenarbeit und Entwicklung (BMZ) gemeinsam mit weiteren Vertreterinnen und Vertretern der deutschen Wirtschaft die Fachkr\u00e4fteallianz WE-Fair (\u201eWirtschaft und Entwicklungspolitik f\u00fcr faire Fachkr\u00e4ftegewinnung\u201c) ins Leben gerufen.<\/p>\n<p>&nbsp;<\/p>\n<p><a href=\"https:\/\/www.gerhard-hain.de\/\">Hier<\/a> geht es zu meiner pers\u00f6nlichen Webpage.<\/p>\n<p>&nbsp;<\/p>\n<h4>Trainings- und Consultingschwerpunkte<\/h4>\n<ul>\n<li>Internationale Fachkr\u00e4fte einbinden &#8211; Best Practice in Unternehmen und Beh\u00f6rden<\/li>\n<li>Von der Analyse des bisherigen Recruitingprozesses hin zur Entwicklung von Erfolgsstrategien<\/li>\n<li>Recruitingprozesse internationalisieren\u00a0&#8211; Kompetenzmatching implementieren, Auswahlverfahren optimieren, KI-Fallen erkennen und Best Pratice nutzen<\/li>\n<li>Onboardingprozesse neu denken &#8211; Langfristige Erfolgsfaktoren in der Personalplanung ber\u00fccksichtigen<\/li>\n<li>Fachkr\u00e4fteeinwanderung als Chance f\u00fcr Unternehmen und Beh\u00f6rden begreifen<\/li>\n<li>Deutsche verstehen &#8211; Internationale Teams entwickeln<\/li>\n<\/ul>\n<p>&nbsp;<\/p>\n<h4>Keynotes<\/h4>\n<ul>\n<li>Fachkr\u00e4ftezuwanderung in Unternehmen erfolgreich gestalten<\/li>\n<li>Recruitingprozesse internationalisieren &#8211; Onboardingprozesse neu denken<\/li>\n<li>Nach 1 kommt manchmal 3 \u2013 Deutsche Struktur versus weltweite Realit\u00e4t<\/li>\n<li>Ihr habt die Uhren, wir haben die Zeit<\/li>\n<li>Do\u00b4s and dont\u00b4s \u2013 Irrlichter im internationalen Gesch\u00e4ft<\/li>\n<li>Andere M\u00e4rkte \u2013 andere Sitten<\/li>\n<li>Wie die Welt tickt und uns das immer wieder aus dem Ruder wirft<\/li>\n<li>Sowie Themen auf Anfrage<\/li>\n<\/ul>\n<p>&nbsp;<\/p>\n<h4>Ver\u00f6ffentlichungen<\/h4>\n<ul>\n<li>2025:Artikel ver\u00f6ffentlch in managerSeminare 329\/August 2025 <a href=\"https:\/\/www.managerseminare.de\/ms_Artikel\/Internationales-Recruiting-Grenzen-ueberwinden,285671\">&#8222;Internationales Recruiting &#8211; Grenzen \u00fcberwinden&#8220;<\/a><\/li>\n<li>2025: Artikel ver\u00f6ffentlich bei Workeer gGmbH &#8222;<a href=\"https:\/\/workeer.de\/de\/career-hub\/huerden-im-auswahl-und-einstellungsprozess-von-internationalen-talenten\">(Selbstgemachte) H\u00fcrden im Auswahl- und Einstellungsprozess von internationalen Talenten<\/a>&#8222;<\/li>\n<li>2024: Artikel in <em>AfrikaContact<\/em> <a href=\"https:\/\/www.ticommunication.eu\/fachkraefte-aus-afrikanischen-laendern-so-gelingt-die-zusammenarbeit\/\">&#8222;Fachkr\u00e4fte aus afrikanischen L\u00e4ndern \u2013 so gelingt die Zusammenarbeit&#8220;<\/a><\/li>\n<li>2018: Artikel <a href=\"https:\/\/www.ticommunication.eu\/images\/downloads\/newsletter\/2018\/ti-communication---Sondernewsletter---Juli-2018.pdf\">&#8222;Die Herausforderung: KMU als Global Player&#8220;<\/a> in Newsletter Spezial &#8222;MITTELSTAND &#8211; Hidden Champions im globalen Wettbewerb&#8220;<\/li>\n<li>2018: Interview <a href=\"https:\/\/www.ticommunication.eu\/einander-verstehen-interkulturelles-miteinander-ein-interview-von-webasto-world-mit-gerhard-hain\/\">&#8222;Einander Verstehen: Interkulturelles Miteinander&#8220;<\/a> von Webasto WORLD mit Gerhard Hain<\/li>\n<li>2014-2015: Regelm\u00e4\u00dfig <a href=\"https:\/\/vgl. https:\/\/www.focus.de\/finanzen\/experts\/gerhard_hain\/\">Ver\u00f6ffentlichungen auf FOCUS-online<\/a> in einer Gastkolumne als Wirtschafts- und Kulturexperte<\/li>\n<li>2010 bis 2012:\u00a0 Regelm\u00e4\u00dfig Ver\u00f6ffentlichungen in der Wiener Zeitung in einer Gastkolumne als Kulturexperte<\/li>\n<li>2010: Zusammen mit Susanna Bezzel und Carolin \u00d6llinger Autor der im Verlag der deutschen Wirtschaft erschienen Reihe &#8222;Interkulturelle Tippcards&#8220; zu China, Russland, Indien und den USA<\/li>\n<li>2007: Buch &#8222;Kaip elgtis u\u017esienyje&#8220;, Ver\u00f6ffentlichung des Auslandsknigge auf Litauisch<\/li>\n<li>2006: Buch zusammen mit Sonja Engelbert: &#8222;Auslandsknigge (Der Grosse GU Kompass)&#8220;<\/li>\n<\/ul>\n","protected":false},"excerpt":{"rendered":"<p>&#8222;Wir bereiten uns auf die Anforderungen in der Welt h\u00e4ufig gut vor. Nun wird es Zeit, die Welt auf die Anforderungen im deutschsprachigem Raum vorzubereiten. Internationale<span class=\"excerpt-hellip\"> [\u2026]<\/span><\/p>\n","protected":false},"author":2,"featured_media":13934,"template":"","meta":{"_custom_body_class":"","_custom_post_class":"","rs_blank_template":"","rs_page_bg_color":"","slide_template_v7":"","_price":"","_stock":"","_tribe_ticket_header":"","_tribe_default_ticket_provider":"","_tribe_ticket_capacity":"0","_ticket_start_date":"","_ticket_end_date":"","_tribe_ticket_show_description":"","_tribe_ticket_show_not_going":false,"_tribe_ticket_use_global_stock":"","_tribe_ticket_global_stock_level":"","_global_stock_mode":"","_global_stock_cap":"","_tribe_rsvp_for_event":"","_tribe_ticket_going_count":"","_tribe_ticket_not_going_count":"","_tribe_tickets_list":"[]","_tribe_ticket_has_attendee_info_fields":false,"footnotes":""},"class_list":["post-4173","tribe_organizer","type-tribe_organizer","status-publish","has-post-thumbnail","hentry"],"yoast_head":"<!-- This site is optimized with the Yoast SEO plugin v27.3 - https:\/\/yoast.com\/product\/yoast-seo-wordpress\/ -->\n<title>Gerhard Hain - ticommunication<\/title>\n<meta name=\"robots\" content=\"index, follow, max-snippet:-1, max-image-preview:large, max-video-preview:-1\" \/>\n<link rel=\"canonical\" href=\"https:\/\/www.ticommunication.eu\/de\/expert\/gerhard-hain\/\" \/>\n<meta property=\"og:locale\" content=\"de_DE\" \/>\n<meta property=\"og:type\" content=\"article\" \/>\n<meta property=\"og:title\" content=\"Gerhard Hain - ticommunication\" \/>\n<meta property=\"og:description\" content=\"&#8222;Wir bereiten uns auf die Anforderungen in der Welt h\u00e4ufig gut vor. Nun wird es Zeit, die Welt auf die Anforderungen im deutschsprachigem Raum vorzubereiten. Internationale [\u2026]\" \/>\n<meta property=\"og:url\" content=\"https:\/\/www.ticommunication.eu\/de\/expert\/gerhard-hain\/\" \/>\n<meta property=\"og:site_name\" content=\"ticommunication\" \/>\n<meta property=\"article:modified_time\" content=\"2026-04-16T09:10:35+00:00\" \/>\n<meta property=\"og:image\" content=\"https:\/\/www.ticommunication.eu\/wp-content\/uploads\/2021\/06\/gerhard-16-scaled.jpg\" \/>\n\t<meta property=\"og:image:width\" content=\"1440\" \/>\n\t<meta property=\"og:image:height\" content=\"2560\" \/>\n\t<meta property=\"og:image:type\" content=\"image\/jpeg\" \/>\n<meta name=\"twitter:card\" content=\"summary_large_image\" \/>\n<meta name=\"twitter:label1\" content=\"Gesch\u00e4tzte Lesezeit\" \/>\n\t<meta name=\"twitter:data1\" content=\"4\u00a0Minuten\" \/>\n<script type=\"application\/ld+json\" class=\"yoast-schema-graph\">{\"@context\":\"https:\\\/\\\/schema.org\",\"@graph\":[{\"@type\":\"WebPage\",\"@id\":\"https:\\\/\\\/www.ticommunication.eu\\\/de\\\/expert\\\/gerhard-hain\\\/\",\"url\":\"https:\\\/\\\/www.ticommunication.eu\\\/de\\\/expert\\\/gerhard-hain\\\/\",\"name\":\"Gerhard Hain - ticommunication\",\"isPartOf\":{\"@id\":\"https:\\\/\\\/https\\\/\\\/www.ticommunication.eu\\\/de\\\/de\\\/#website\"},\"primaryImageOfPage\":{\"@id\":\"https:\\\/\\\/www.ticommunication.eu\\\/de\\\/expert\\\/gerhard-hain\\\/#primaryimage\"},\"image\":{\"@id\":\"https:\\\/\\\/www.ticommunication.eu\\\/de\\\/expert\\\/gerhard-hain\\\/#primaryimage\"},\"thumbnailUrl\":\"https:\\\/\\\/www.ticommunication.eu\\\/wp-content\\\/uploads\\\/2021\\\/06\\\/gerhard-16-scaled.jpg\",\"datePublished\":\"2021-06-22T09:16:25+00:00\",\"dateModified\":\"2026-04-16T09:10:35+00:00\",\"breadcrumb\":{\"@id\":\"https:\\\/\\\/www.ticommunication.eu\\\/de\\\/expert\\\/gerhard-hain\\\/#breadcrumb\"},\"inLanguage\":\"de\",\"potentialAction\":[{\"@type\":\"ReadAction\",\"target\":[\"https:\\\/\\\/www.ticommunication.eu\\\/de\\\/expert\\\/gerhard-hain\\\/\"]}]},{\"@type\":\"ImageObject\",\"inLanguage\":\"de\",\"@id\":\"https:\\\/\\\/www.ticommunication.eu\\\/de\\\/expert\\\/gerhard-hain\\\/#primaryimage\",\"url\":\"https:\\\/\\\/www.ticommunication.eu\\\/wp-content\\\/uploads\\\/2021\\\/06\\\/gerhard-16-scaled.jpg\",\"contentUrl\":\"https:\\\/\\\/www.ticommunication.eu\\\/wp-content\\\/uploads\\\/2021\\\/06\\\/gerhard-16-scaled.jpg\",\"width\":1440,\"height\":2560},{\"@type\":\"BreadcrumbList\",\"@id\":\"https:\\\/\\\/www.ticommunication.eu\\\/de\\\/expert\\\/gerhard-hain\\\/#breadcrumb\",\"itemListElement\":[{\"@type\":\"ListItem\",\"position\":1,\"name\":\"Startseite\",\"item\":\"https:\\\/\\\/www.ticommunication.eu\\\/de\\\/\"},{\"@type\":\"ListItem\",\"position\":2,\"name\":\"Gerhard Hain\"}]},{\"@type\":\"WebSite\",\"@id\":\"https:\\\/\\\/https\\\/\\\/www.ticommunication.eu\\\/de\\\/de\\\/#website\",\"url\":\"https:\\\/\\\/https\\\/\\\/www.ticommunication.eu\\\/de\\\/de\\\/\",\"name\":\"ticommunication\",\"description\":\"think inclusively\",\"potentialAction\":[{\"@type\":\"SearchAction\",\"target\":{\"@type\":\"EntryPoint\",\"urlTemplate\":\"https:\\\/\\\/https\\\/\\\/www.ticommunication.eu\\\/de\\\/de\\\/?s={search_term_string}\"},\"query-input\":{\"@type\":\"PropertyValueSpecification\",\"valueRequired\":true,\"valueName\":\"search_term_string\"}}],\"inLanguage\":\"de\"}]}<\/script>\n<!-- \/ Yoast SEO plugin. -->","yoast_head_json":{"title":"Gerhard Hain - ticommunication","robots":{"index":"index","follow":"follow","max-snippet":"max-snippet:-1","max-image-preview":"max-image-preview:large","max-video-preview":"max-video-preview:-1"},"canonical":"https:\/\/www.ticommunication.eu\/de\/expert\/gerhard-hain\/","og_locale":"de_DE","og_type":"article","og_title":"Gerhard Hain - ticommunication","og_description":"&#8222;Wir bereiten uns auf die Anforderungen in der Welt h\u00e4ufig gut vor. Nun wird es Zeit, die Welt auf die Anforderungen im deutschsprachigem Raum vorzubereiten. Internationale [\u2026]","og_url":"https:\/\/www.ticommunication.eu\/de\/expert\/gerhard-hain\/","og_site_name":"ticommunication","article_modified_time":"2026-04-16T09:10:35+00:00","og_image":[{"width":1440,"height":2560,"url":"https:\/\/www.ticommunication.eu\/wp-content\/uploads\/2021\/06\/gerhard-16-scaled.jpg","type":"image\/jpeg"}],"twitter_card":"summary_large_image","twitter_misc":{"Gesch\u00e4tzte Lesezeit":"4\u00a0Minuten"},"schema":{"@context":"https:\/\/schema.org","@graph":[{"@type":"WebPage","@id":"https:\/\/www.ticommunication.eu\/de\/expert\/gerhard-hain\/","url":"https:\/\/www.ticommunication.eu\/de\/expert\/gerhard-hain\/","name":"Gerhard Hain - ticommunication","isPartOf":{"@id":"https:\/\/https\/\/www.ticommunication.eu\/de\/de\/de\/#website"},"primaryImageOfPage":{"@id":"https:\/\/www.ticommunication.eu\/de\/expert\/gerhard-hain\/#primaryimage"},"image":{"@id":"https:\/\/www.ticommunication.eu\/de\/expert\/gerhard-hain\/#primaryimage"},"thumbnailUrl":"https:\/\/www.ticommunication.eu\/wp-content\/uploads\/2021\/06\/gerhard-16-scaled.jpg","datePublished":"2021-06-22T09:16:25+00:00","dateModified":"2026-04-16T09:10:35+00:00","breadcrumb":{"@id":"https:\/\/www.ticommunication.eu\/de\/expert\/gerhard-hain\/#breadcrumb"},"inLanguage":"de","potentialAction":[{"@type":"ReadAction","target":["https:\/\/www.ticommunication.eu\/de\/expert\/gerhard-hain\/"]}]},{"@type":"ImageObject","inLanguage":"de","@id":"https:\/\/www.ticommunication.eu\/de\/expert\/gerhard-hain\/#primaryimage","url":"https:\/\/www.ticommunication.eu\/wp-content\/uploads\/2021\/06\/gerhard-16-scaled.jpg","contentUrl":"https:\/\/www.ticommunication.eu\/wp-content\/uploads\/2021\/06\/gerhard-16-scaled.jpg","width":1440,"height":2560},{"@type":"BreadcrumbList","@id":"https:\/\/www.ticommunication.eu\/de\/expert\/gerhard-hain\/#breadcrumb","itemListElement":[{"@type":"ListItem","position":1,"name":"Startseite","item":"https:\/\/www.ticommunication.eu\/de\/"},{"@type":"ListItem","position":2,"name":"Gerhard Hain"}]},{"@type":"WebSite","@id":"https:\/\/https\/\/www.ticommunication.eu\/de\/de\/de\/#website","url":"https:\/\/https\/\/www.ticommunication.eu\/de\/de\/de\/","name":"ticommunication","description":"think inclusively","potentialAction":[{"@type":"SearchAction","target":{"@type":"EntryPoint","urlTemplate":"https:\/\/https\/\/www.ticommunication.eu\/de\/de\/de\/?s={search_term_string}"},"query-input":{"@type":"PropertyValueSpecification","valueRequired":true,"valueName":"search_term_string"}}],"inLanguage":"de"}]}},"_links":{"self":[{"href":"https:\/\/www.ticommunication.eu\/de\/wp-json\/wp\/v2\/tribe_organizer\/4173","targetHints":{"allow":["GET"]}}],"collection":[{"href":"https:\/\/www.ticommunication.eu\/de\/wp-json\/wp\/v2\/tribe_organizer"}],"about":[{"href":"https:\/\/www.ticommunication.eu\/de\/wp-json\/wp\/v2\/types\/tribe_organizer"}],"author":[{"embeddable":true,"href":"https:\/\/www.ticommunication.eu\/de\/wp-json\/wp\/v2\/users\/2"}],"version-history":[{"count":2,"href":"https:\/\/www.ticommunication.eu\/de\/wp-json\/wp\/v2\/tribe_organizer\/4173\/revisions"}],"predecessor-version":[{"id":16558,"href":"https:\/\/www.ticommunication.eu\/de\/wp-json\/wp\/v2\/tribe_organizer\/4173\/revisions\/16558"}],"wp:featuredmedia":[{"embeddable":true,"href":"https:\/\/www.ticommunication.eu\/de\/wp-json\/wp\/v2\/media\/13934"}],"wp:attachment":[{"href":"https:\/\/www.ticommunication.eu\/de\/wp-json\/wp\/v2\/media?parent=4173"}],"curies":[{"name":"wp","href":"https:\/\/api.w.org\/{rel}","templated":true}]}}