{"id":10220,"date":"2023-07-25T11:02:16","date_gmt":"2023-07-25T09:02:16","guid":{"rendered":"https:\/\/ticommunication.eu\/?post_type=tribe_organizer&#038;p=10220"},"modified":"2025-05-19T11:51:42","modified_gmt":"2025-05-19T09:51:42","slug":"andreas-leschke","status":"publish","type":"tribe_organizer","link":"https:\/\/www.ticommunication.eu\/de\/expert\/andreas-leschke\/","title":{"rendered":"Andreas Leschke"},"content":{"rendered":"<h4><em>\u201eEs sind immer die Kompetenzen der Menschen, die zu langfristigen Erfolgen f\u00fchren\u201c<\/em><\/h4>\n<p>Andreas Leschke, geboren und aufgewachsen in Hannover (D), ist seit \u00fcber 25 Jahren begeisterter Wahl-Wiener. Er hat Betriebswirtschaftslehre mit Schwerpunkt Marketing in Bielefeld (D) und Rotterdam (NL) studiert und blickt auf langj\u00e4hrige Erfahrung in F\u00fchrungspositionen, unter anderem als Vertriebsdirektor und Gesch\u00e4ftsf\u00fchrer, zur\u00fcck.<\/p>\n<p>Als Berater, Trainer und Coach unterst\u00fctzt er seit 2006 Organisationen, Teams und Einzelpersonen aus unterschiedlichsten Branchen dabei, ihre Ziele zu erreichen.<\/p>\n<p>In seiner Arbeit schafft er eine offene, positive und entspannte Atmosph\u00e4re, die seine Teilnehmer:innen dazu ermutigt, Alternativen kennenzulernen oder selbst zu entwickeln, auszuprobieren, zu \u00fcben, und in der Praxis anzuwenden.<\/p>\n<p>&nbsp;<\/p>\n<h4>Trainings- und Consultingschwerpunkte<\/h4>\n<ul>\n<li>Agile F\u00fchrung<\/li>\n<li>Professioneller Verkauf im Innen- und Au\u00dfendienst<\/li>\n<li>Erfolgreiche Verhandlungsf\u00fchrung<\/li>\n<li>Wahrnehmung und Kommunikation<\/li>\n<li>Unternehmerisches Denken und Handeln<\/li>\n<li><span data-teams=\"true\">Zeit- und Selbstmanagement<\/span><\/li>\n<\/ul>\n<p>&nbsp;<\/p>\n<h4>Andreas Leschke stellt sich vor<\/h4>\n<div style=\"width: 1220px;\" class=\"wp-video\"><video class=\"wp-video-shortcode\" id=\"video-10220-1\" width=\"1220\" height=\"686\" preload=\"metadata\" controls=\"controls\"><source type=\"video\/mp4\" src=\"https:\/\/www.ticommunication.eu\/wp-content\/uploads\/2023\/07\/komprimiertes-Andreas_Leschke_Trainingsvideo_bearbeitet.mp4?_=1\" \/><a href=\"https:\/\/www.ticommunication.eu\/wp-content\/uploads\/2023\/07\/komprimiertes-Andreas_Leschke_Trainingsvideo_bearbeitet.mp4\">https:\/\/www.ticommunication.eu\/wp-content\/uploads\/2023\/07\/komprimiertes-Andreas_Leschke_Trainingsvideo_bearbeitet.mp4<\/a><\/video><\/div>\n","protected":false},"excerpt":{"rendered":"<p>\u201eEs sind immer die Kompetenzen der Menschen, die zu langfristigen Erfolgen f\u00fchren\u201c<br \/>\nAndreas Leschke, geboren und aufgewachsen in Hannover (D), ist seit \u00fcber 25 Jahren begeisterter Wahl-Wiener. Er hat Betriebswirtschaftslehre mit Schwerpunkt Marketing in Bielefeld (D) und Rotterdam (NL) studiert und blickt auf langj\u00e4hrige Erfahrung in F\u00fchrungspositionen, unter anderem als Vertriebsdirektor und Gesch\u00e4ftsf\u00fchrer, zur\u00fcck. Als Berater, Trainer und Coach unterst\u00fctzt er seit 2006 Organisationen, Teams und Einzelpersonen aus unterschiedlichsten Branchen dabei, ihre Ziele zu erreichen. In seiner Arbeit schafft er eine offene, positive und entspannte Atmosph\u00e4re, die seine Teilnehmer:innen dazu ermutigt, Alternativen kennenzulernen oder selbst zu entwickeln, auszuprobieren, zu \u00fcben, und in der Praxis anzuwenden. <\/p>\n<p>Trainings- und Consultingschwerpunkte<br \/>\n\u2022 Agile F\u00fchrung<br \/>\n\u2022 Professioneller Verkauf im Innen- und Au\u00dfendienst<br \/>\n\u2022 Erfolgreiche Verhandlungsf\u00fchrung<br \/>\n\u2022 Wahrnehmung und Kommunikation<br \/>\n\u2022 Unternehmerisches Denken und Handeln<\/p>\n","protected":false},"author":2,"featured_media":10221,"template":"","meta":{"_custom_body_class":"","_custom_post_class":"","rs_blank_template":"","rs_page_bg_color":"","slide_template_v7":"","_price":"","_stock":"","_tribe_ticket_header":"","_tribe_default_ticket_provider":"","_tribe_ticket_capacity":"0","_ticket_start_date":"","_ticket_end_date":"","_tribe_ticket_show_description":"","_tribe_ticket_show_not_going":false,"_tribe_ticket_use_global_stock":"","_tribe_ticket_global_stock_level":"","_global_stock_mode":"","_global_stock_cap":"","_tribe_rsvp_for_event":"","_tribe_ticket_going_count":"","_tribe_ticket_not_going_count":"","_tribe_tickets_list":"[]","_tribe_ticket_has_attendee_info_fields":false,"footnotes":""},"class_list":["post-10220","tribe_organizer","type-tribe_organizer","status-publish","has-post-thumbnail","hentry"],"yoast_head":"<!-- This site is optimized with the Yoast SEO plugin v27.3 - https:\/\/yoast.com\/product\/yoast-seo-wordpress\/ -->\n<title>Andreas Leschke - ticommunication<\/title>\n<meta name=\"robots\" content=\"index, follow, max-snippet:-1, max-image-preview:large, max-video-preview:-1\" \/>\n<link rel=\"canonical\" href=\"https:\/\/www.ticommunication.eu\/de\/expert\/andreas-leschke\/\" \/>\n<meta property=\"og:locale\" content=\"de_DE\" \/>\n<meta property=\"og:type\" content=\"article\" \/>\n<meta property=\"og:title\" content=\"Andreas Leschke - ticommunication\" \/>\n<meta property=\"og:description\" content=\"\u201eEs sind immer die Kompetenzen der Menschen, die zu langfristigen Erfolgen f\u00fchren\u201c Andreas Leschke, geboren und aufgewachsen in Hannover (D), ist seit \u00fcber 25 Jahren begeisterter Wahl-Wiener. Er hat Betriebswirtschaftslehre mit Schwerpunkt Marketing in Bielefeld (D) und Rotterdam (NL) studiert und blickt auf langj\u00e4hrige Erfahrung in F\u00fchrungspositionen, unter anderem als Vertriebsdirektor und Gesch\u00e4ftsf\u00fchrer, zur\u00fcck. Als Berater, Trainer und Coach unterst\u00fctzt er seit 2006 Organisationen, Teams und Einzelpersonen aus unterschiedlichsten Branchen dabei, ihre Ziele zu erreichen. In seiner Arbeit schafft er eine offene, positive und entspannte Atmosph\u00e4re, die seine Teilnehmer:innen dazu ermutigt, Alternativen kennenzulernen oder selbst zu entwickeln, auszuprobieren, zu \u00fcben, und in der Praxis anzuwenden.   Trainings- und Consultingschwerpunkte \u2022 Agile F\u00fchrung \u2022 Professioneller Verkauf im Innen- und Au\u00dfendienst \u2022 Erfolgreiche Verhandlungsf\u00fchrung \u2022 Wahrnehmung und Kommunikation \u2022 Unternehmerisches Denken und Handeln\" \/>\n<meta property=\"og:url\" content=\"https:\/\/www.ticommunication.eu\/de\/expert\/andreas-leschke\/\" \/>\n<meta property=\"og:site_name\" content=\"ticommunication\" \/>\n<meta property=\"article:modified_time\" content=\"2025-05-19T09:51:42+00:00\" \/>\n<meta property=\"og:image\" content=\"https:\/\/www.ticommunication.eu\/wp-content\/uploads\/2023\/07\/Foto-Andreas-Leschke.jpg\" \/>\n\t<meta property=\"og:image:width\" content=\"992\" \/>\n\t<meta property=\"og:image:height\" content=\"1409\" \/>\n\t<meta property=\"og:image:type\" content=\"image\/jpeg\" \/>\n<meta name=\"twitter:card\" content=\"summary_large_image\" \/>\n<meta name=\"twitter:label1\" content=\"Gesch\u00e4tzte Lesezeit\" \/>\n\t<meta name=\"twitter:data1\" content=\"1\u00a0Minute\" \/>\n<script type=\"application\/ld+json\" class=\"yoast-schema-graph\">{\"@context\":\"https:\\\/\\\/schema.org\",\"@graph\":[{\"@type\":\"WebPage\",\"@id\":\"https:\\\/\\\/www.ticommunication.eu\\\/de\\\/expert\\\/andreas-leschke\\\/\",\"url\":\"https:\\\/\\\/www.ticommunication.eu\\\/de\\\/expert\\\/andreas-leschke\\\/\",\"name\":\"Andreas Leschke - ticommunication\",\"isPartOf\":{\"@id\":\"https:\\\/\\\/https\\\/\\\/www.ticommunication.eu\\\/de\\\/de\\\/#website\"},\"primaryImageOfPage\":{\"@id\":\"https:\\\/\\\/www.ticommunication.eu\\\/de\\\/expert\\\/andreas-leschke\\\/#primaryimage\"},\"image\":{\"@id\":\"https:\\\/\\\/www.ticommunication.eu\\\/de\\\/expert\\\/andreas-leschke\\\/#primaryimage\"},\"thumbnailUrl\":\"https:\\\/\\\/www.ticommunication.eu\\\/wp-content\\\/uploads\\\/2023\\\/07\\\/Foto-Andreas-Leschke.jpg\",\"datePublished\":\"2023-07-25T09:02:16+00:00\",\"dateModified\":\"2025-05-19T09:51:42+00:00\",\"breadcrumb\":{\"@id\":\"https:\\\/\\\/www.ticommunication.eu\\\/de\\\/expert\\\/andreas-leschke\\\/#breadcrumb\"},\"inLanguage\":\"de\",\"potentialAction\":[{\"@type\":\"ReadAction\",\"target\":[\"https:\\\/\\\/www.ticommunication.eu\\\/de\\\/expert\\\/andreas-leschke\\\/\"]}]},{\"@type\":\"ImageObject\",\"inLanguage\":\"de\",\"@id\":\"https:\\\/\\\/www.ticommunication.eu\\\/de\\\/expert\\\/andreas-leschke\\\/#primaryimage\",\"url\":\"https:\\\/\\\/www.ticommunication.eu\\\/wp-content\\\/uploads\\\/2023\\\/07\\\/Foto-Andreas-Leschke.jpg\",\"contentUrl\":\"https:\\\/\\\/www.ticommunication.eu\\\/wp-content\\\/uploads\\\/2023\\\/07\\\/Foto-Andreas-Leschke.jpg\",\"width\":992,\"height\":1409},{\"@type\":\"BreadcrumbList\",\"@id\":\"https:\\\/\\\/www.ticommunication.eu\\\/de\\\/expert\\\/andreas-leschke\\\/#breadcrumb\",\"itemListElement\":[{\"@type\":\"ListItem\",\"position\":1,\"name\":\"Startseite\",\"item\":\"https:\\\/\\\/www.ticommunication.eu\\\/de\\\/\"},{\"@type\":\"ListItem\",\"position\":2,\"name\":\"Andreas Leschke\"}]},{\"@type\":\"WebSite\",\"@id\":\"https:\\\/\\\/https\\\/\\\/www.ticommunication.eu\\\/de\\\/de\\\/#website\",\"url\":\"https:\\\/\\\/https\\\/\\\/www.ticommunication.eu\\\/de\\\/de\\\/\",\"name\":\"ticommunication\",\"description\":\"think inclusively\",\"potentialAction\":[{\"@type\":\"SearchAction\",\"target\":{\"@type\":\"EntryPoint\",\"urlTemplate\":\"https:\\\/\\\/https\\\/\\\/www.ticommunication.eu\\\/de\\\/de\\\/?s={search_term_string}\"},\"query-input\":{\"@type\":\"PropertyValueSpecification\",\"valueRequired\":true,\"valueName\":\"search_term_string\"}}],\"inLanguage\":\"de\"}]}<\/script>\n<!-- \/ Yoast SEO plugin. -->","yoast_head_json":{"title":"Andreas Leschke - ticommunication","robots":{"index":"index","follow":"follow","max-snippet":"max-snippet:-1","max-image-preview":"max-image-preview:large","max-video-preview":"max-video-preview:-1"},"canonical":"https:\/\/www.ticommunication.eu\/de\/expert\/andreas-leschke\/","og_locale":"de_DE","og_type":"article","og_title":"Andreas Leschke - ticommunication","og_description":"\u201eEs sind immer die Kompetenzen der Menschen, die zu langfristigen Erfolgen f\u00fchren\u201c Andreas Leschke, geboren und aufgewachsen in Hannover (D), ist seit \u00fcber 25 Jahren begeisterter Wahl-Wiener. Er hat Betriebswirtschaftslehre mit Schwerpunkt Marketing in Bielefeld (D) und Rotterdam (NL) studiert und blickt auf langj\u00e4hrige Erfahrung in F\u00fchrungspositionen, unter anderem als Vertriebsdirektor und Gesch\u00e4ftsf\u00fchrer, zur\u00fcck. Als Berater, Trainer und Coach unterst\u00fctzt er seit 2006 Organisationen, Teams und Einzelpersonen aus unterschiedlichsten Branchen dabei, ihre Ziele zu erreichen. In seiner Arbeit schafft er eine offene, positive und entspannte Atmosph\u00e4re, die seine Teilnehmer:innen dazu ermutigt, Alternativen kennenzulernen oder selbst zu entwickeln, auszuprobieren, zu \u00fcben, und in der Praxis anzuwenden.   Trainings- und Consultingschwerpunkte \u2022 Agile F\u00fchrung \u2022 Professioneller Verkauf im Innen- und Au\u00dfendienst \u2022 Erfolgreiche Verhandlungsf\u00fchrung \u2022 Wahrnehmung und Kommunikation \u2022 Unternehmerisches Denken und Handeln","og_url":"https:\/\/www.ticommunication.eu\/de\/expert\/andreas-leschke\/","og_site_name":"ticommunication","article_modified_time":"2025-05-19T09:51:42+00:00","og_image":[{"width":992,"height":1409,"url":"https:\/\/www.ticommunication.eu\/wp-content\/uploads\/2023\/07\/Foto-Andreas-Leschke.jpg","type":"image\/jpeg"}],"twitter_card":"summary_large_image","twitter_misc":{"Gesch\u00e4tzte Lesezeit":"1\u00a0Minute"},"schema":{"@context":"https:\/\/schema.org","@graph":[{"@type":"WebPage","@id":"https:\/\/www.ticommunication.eu\/de\/expert\/andreas-leschke\/","url":"https:\/\/www.ticommunication.eu\/de\/expert\/andreas-leschke\/","name":"Andreas Leschke - ticommunication","isPartOf":{"@id":"https:\/\/https\/\/www.ticommunication.eu\/de\/de\/de\/#website"},"primaryImageOfPage":{"@id":"https:\/\/www.ticommunication.eu\/de\/expert\/andreas-leschke\/#primaryimage"},"image":{"@id":"https:\/\/www.ticommunication.eu\/de\/expert\/andreas-leschke\/#primaryimage"},"thumbnailUrl":"https:\/\/www.ticommunication.eu\/wp-content\/uploads\/2023\/07\/Foto-Andreas-Leschke.jpg","datePublished":"2023-07-25T09:02:16+00:00","dateModified":"2025-05-19T09:51:42+00:00","breadcrumb":{"@id":"https:\/\/www.ticommunication.eu\/de\/expert\/andreas-leschke\/#breadcrumb"},"inLanguage":"de","potentialAction":[{"@type":"ReadAction","target":["https:\/\/www.ticommunication.eu\/de\/expert\/andreas-leschke\/"]}]},{"@type":"ImageObject","inLanguage":"de","@id":"https:\/\/www.ticommunication.eu\/de\/expert\/andreas-leschke\/#primaryimage","url":"https:\/\/www.ticommunication.eu\/wp-content\/uploads\/2023\/07\/Foto-Andreas-Leschke.jpg","contentUrl":"https:\/\/www.ticommunication.eu\/wp-content\/uploads\/2023\/07\/Foto-Andreas-Leschke.jpg","width":992,"height":1409},{"@type":"BreadcrumbList","@id":"https:\/\/www.ticommunication.eu\/de\/expert\/andreas-leschke\/#breadcrumb","itemListElement":[{"@type":"ListItem","position":1,"name":"Startseite","item":"https:\/\/www.ticommunication.eu\/de\/"},{"@type":"ListItem","position":2,"name":"Andreas Leschke"}]},{"@type":"WebSite","@id":"https:\/\/https\/\/www.ticommunication.eu\/de\/de\/de\/#website","url":"https:\/\/https\/\/www.ticommunication.eu\/de\/de\/de\/","name":"ticommunication","description":"think inclusively","potentialAction":[{"@type":"SearchAction","target":{"@type":"EntryPoint","urlTemplate":"https:\/\/https\/\/www.ticommunication.eu\/de\/de\/de\/?s={search_term_string}"},"query-input":{"@type":"PropertyValueSpecification","valueRequired":true,"valueName":"search_term_string"}}],"inLanguage":"de"}]}},"_links":{"self":[{"href":"https:\/\/www.ticommunication.eu\/de\/wp-json\/wp\/v2\/tribe_organizer\/10220","targetHints":{"allow":["GET"]}}],"collection":[{"href":"https:\/\/www.ticommunication.eu\/de\/wp-json\/wp\/v2\/tribe_organizer"}],"about":[{"href":"https:\/\/www.ticommunication.eu\/de\/wp-json\/wp\/v2\/types\/tribe_organizer"}],"author":[{"embeddable":true,"href":"https:\/\/www.ticommunication.eu\/de\/wp-json\/wp\/v2\/users\/2"}],"version-history":[{"count":0,"href":"https:\/\/www.ticommunication.eu\/de\/wp-json\/wp\/v2\/tribe_organizer\/10220\/revisions"}],"wp:featuredmedia":[{"embeddable":true,"href":"https:\/\/www.ticommunication.eu\/de\/wp-json\/wp\/v2\/media\/10221"}],"wp:attachment":[{"href":"https:\/\/www.ticommunication.eu\/de\/wp-json\/wp\/v2\/media?parent=10220"}],"curies":[{"name":"wp","href":"https:\/\/api.w.org\/{rel}","templated":true}]}}