{"id":8704,"date":"2022-08-17T14:44:32","date_gmt":"2022-08-17T12:44:32","guid":{"rendered":"https:\/\/ticommunication.eu\/?post_type=tribe_events&#038;p=8087"},"modified":"2025-11-28T11:52:12","modified_gmt":"2025-11-28T10:52:12","slug":"interkulturelles-training-portugal-mit-fado-zum-geschaeftserfolg","status":"publish","type":"tribe_events","link":"https:\/\/www.ticommunication.eu\/de\/event-details\/interkulturelles-training-portugal-mit-fado-zum-geschaeftserfolg\/","title":{"rendered":"Interkulturelles Training Portugal: Mit Fado zum Gesch\u00e4ftserfolg \u2013 Business Training f\u00fcr Fach- und F\u00fchrungskr\u00e4fte"},"content":{"rendered":"<p>Der Fado, dieser unverwechselbare portugiesische Musikstil, steht f\u00fcr Vollendung in Ausdruck und Stil, und insofern daf\u00fcr, dass auch im Business gesch\u00e4ftliche Spitzenerfolge mit portugiesischen Partnern &amp; Mitarbeiter*innen erreichbar sind. Der Fado steht auch f\u00fcr Tradition und soll Dich daran erinnern, dass Portugiesen das Bew\u00e4hrte und Bekannte sch\u00e4tzen und es m\u00f6glicherweise hier und da spezieller Bedingungen bedarf, gewohnte Pfade zu verlassen. Vor allem aber steht Fado f\u00fcr Melancholie und Weltschmerz und m\u00f6chte Dich ermuntern, mit Feingef\u00fchl mit der empfindsamen portugiesischen Seele \u2013 sprich mit Deinen portugiesischen Mitarbeiter*innen und Gesch\u00e4ftspartnern umzugehen.<\/p>\n<h4><strong>Inhalte<\/strong>:<\/h4>\n<ul>\n<li>Unterschiede zwischen mittel-\/nordeurop\u00e4ischen und portugiesischen Verhaltens- und Vorgehensweisen im Business<\/li>\n<li>Erfolgsfaktoren gelungener Zusammenarbeit mit Portugies*innen<\/li>\n<li>F\u00fchren und gef\u00fchrt werden<\/li>\n<li>Vertrauen und Beziehungsaufbau als Schl\u00fcsselaspekt<\/li>\n<li>Portugiesen motivieren und \u00fcberzeugen<\/li>\n<li>Verbindlichkeit und Projektmanagement<\/li>\n<li>Wor\u00fcber reden mit Portugies*innen?<\/li>\n<li>Finden von Gemeinsamkeiten<\/li>\n<li>Was gar nicht geht<\/li>\n<\/ul>\n<h4><strong>Nutzen<\/strong>:<\/h4>\n<ul>\n<li>Du entfaltest das volle Potenzial Deines portugiesischen Teams<\/li>\n<li>Du vermeidest unintendierte Demotivatoren und Konfliktquellen<\/li>\n<li>Du baust ungewollter Fluktuation seitens Deines\/Deiner portugiesischen Teams vor<\/li>\n<li>Du tr\u00e4gst zur Attraktivit\u00e4t Deines\/Deiner Teams auf dem hartumk\u00e4mpften portugiesischen Arbeitsmarkt bei und entwickelst so eine Sogwirkung auf junge Talente<\/li>\n<li>Du lernst viel Interessantes \u00fcber Portugal, die Portugies*innen, \u00fcber Kultur und nicht zuletzt \u00fcber Dich selbst<\/li>\n<\/ul>\n<h4><strong>Methoden:<\/strong><\/h4>\n<ul>\n<li>Praxisorientierter Input<\/li>\n<li>Erfahrungsaustausch<\/li>\n<li>Analyse von Fallbeispielen<\/li>\n<li>Kleingruppenarbeit<\/li>\n<li>Teilnehmerorientierte Reflexionen<\/li>\n<\/ul>\n<h4><strong>Hinweis zu den Zeiten<\/strong>:<\/h4>\n<ul>\n<li>Als virtueller Workshop: 9 &#8211; 12 Uhr und 14 &#8211; 17 Uhr<\/li>\n<li>Als Inhouse-Ma\u00dfnahme: 9 &#8211; 17 Uhr inkl. Mittagspause und Kaffeepausen<\/li>\n<\/ul>\n<h4><strong>Teilnehmerzahl<\/strong>: 3 bis max. 10<\/h4>\n<p>Das Training kannst Du als Inhouse-Ma\u00dfnahme oder als virtuelles Training buchen. Bei mehr als zwei Interessenten k\u00f6nnen wir auch ein offenes Training nach Deinen W\u00fcnschen terminieren. Frage unter der untenstehenden Anmeldung nach den M\u00f6glichkeiten.<\/p>\n<p>Trainingssprachen: Deutsch, Englisch und Portugiesisch.<\/p>\n","protected":false},"excerpt":{"rendered":"<p>Der Fado, dieser unverwechselbare portugiesische Musikstil, steht f\u00fcr Vollendung in Ausdruck und Stil, und insofern daf\u00fcr, dass auch im Business gesch\u00e4ftliche Spitzenerfolge mit portugiesischen Partnern &amp;<span class=\"excerpt-hellip\"> [\u2026]<\/span><\/p>\n","protected":false},"author":2,"featured_media":12143,"template":"","meta":{"_custom_body_class":"","_custom_post_class":"","rs_blank_template":"","rs_page_bg_color":"","slide_template_v7":"","_price":"","_stock":"","_tribe_ticket_header":"","_tribe_default_ticket_provider":"","_tribe_ticket_capacity":"0","_ticket_start_date":"","_ticket_end_date":"","_tribe_ticket_show_description":"","_tribe_ticket_show_not_going":false,"_tribe_ticket_use_global_stock":"","_tribe_ticket_global_stock_level":"","_global_stock_mode":"","_global_stock_cap":"","_tribe_rsvp_for_event":"","_tribe_ticket_going_count":"","_tribe_ticket_not_going_count":"","_tribe_tickets_list":"[]","_tribe_ticket_has_attendee_info_fields":false,"_tribe_events_status":"","_tribe_events_status_reason":"","_tribe_events_is_hybrid":"","_tribe_events_is_virtual":"","_tribe_events_virtual_video_source":"","_tribe_events_virtual_embed_video":"","_tribe_events_virtual_linked_button_text":"","_tribe_events_virtual_linked_button":"","_tribe_events_virtual_show_embed_at":"","_tribe_events_virtual_show_embed_to":[],"_tribe_events_virtual_show_on_event":"","_tribe_events_virtual_show_on_views":"","_tribe_events_virtual_url":"","footnotes":"","_tec_slr_enabled":"","_tec_slr_layout":""},"tags":[259,570,604],"tribe_events_cat":[76,72],"class_list":["post-8704","tribe_events","type-tribe_events","status-publish","has-post-thumbnail","hentry","tag-interkulturelle-kompetenz","tag-interkulturelles-management","tag-portugal","tribe_events_cat-fuehrungskraefte","tribe_events_cat-interkulturelle-kompetenz","cat_fuehrungskraefte","cat_interkulturelle-kompetenz"],"yoast_head":"<!-- This site is optimized with the Yoast SEO plugin v27.3 - https:\/\/yoast.com\/product\/yoast-seo-wordpress\/ -->\n<title>Interkulturelles Training Portugal: Mit Fado zum Gesch\u00e4ftserfolg \u2013 Business Training f\u00fcr Fach- und F\u00fchrungskr\u00e4fte - ticommunication<\/title>\n<meta name=\"robots\" content=\"index, follow, max-snippet:-1, max-image-preview:large, max-video-preview:-1\" \/>\n<link rel=\"canonical\" href=\"https:\/\/www.ticommunication.eu\/de\/event-details\/interkulturelles-training-portugal-mit-fado-zum-geschaeftserfolg\/\" \/>\n<meta property=\"og:locale\" content=\"de_DE\" \/>\n<meta property=\"og:type\" content=\"article\" \/>\n<meta property=\"og:title\" content=\"Interkulturelles Training Portugal: Mit Fado zum Gesch\u00e4ftserfolg \u2013 Business Training f\u00fcr Fach- und F\u00fchrungskr\u00e4fte - ticommunication\" \/>\n<meta property=\"og:description\" content=\"Der Fado, dieser unverwechselbare portugiesische Musikstil, steht f\u00fcr Vollendung in Ausdruck und Stil, und insofern daf\u00fcr, dass auch im Business gesch\u00e4ftliche Spitzenerfolge mit portugiesischen Partnern &amp; [\u2026]\" \/>\n<meta property=\"og:url\" content=\"https:\/\/www.ticommunication.eu\/de\/event-details\/interkulturelles-training-portugal-mit-fado-zum-geschaeftserfolg\/\" \/>\n<meta property=\"og:site_name\" content=\"ticommunication\" \/>\n<meta property=\"article:modified_time\" content=\"2025-11-28T10:52:12+00:00\" \/>\n<meta property=\"og:image\" content=\"https:\/\/www.ticommunication.eu\/wp-content\/uploads\/2021\/07\/Portugal_Stephan_Hild_Veranstaltung_Titelbild.png\" \/>\n\t<meta property=\"og:image:width\" content=\"1280\" \/>\n\t<meta property=\"og:image:height\" content=\"835\" \/>\n\t<meta property=\"og:image:type\" content=\"image\/png\" \/>\n<meta name=\"twitter:card\" content=\"summary_large_image\" \/>\n<meta name=\"twitter:label1\" content=\"Gesch\u00e4tzte Lesezeit\" \/>\n\t<meta name=\"twitter:data1\" content=\"2\u00a0Minuten\" \/>\n<script type=\"application\/ld+json\" class=\"yoast-schema-graph\">{\"@context\":\"https:\\\/\\\/schema.org\",\"@graph\":[{\"@type\":\"WebPage\",\"@id\":\"https:\\\/\\\/www.ticommunication.eu\\\/de\\\/event-details\\\/interkulturelles-training-portugal-mit-fado-zum-geschaeftserfolg\\\/\",\"url\":\"https:\\\/\\\/www.ticommunication.eu\\\/de\\\/event-details\\\/interkulturelles-training-portugal-mit-fado-zum-geschaeftserfolg\\\/\",\"name\":\"Interkulturelles Training Portugal: Mit Fado zum Gesch\u00e4ftserfolg \u2013 Business Training f\u00fcr Fach- und F\u00fchrungskr\u00e4fte - ticommunication\",\"isPartOf\":{\"@id\":\"https:\\\/\\\/https\\\/\\\/www.ticommunication.eu\\\/de\\\/de\\\/#website\"},\"primaryImageOfPage\":{\"@id\":\"https:\\\/\\\/www.ticommunication.eu\\\/de\\\/event-details\\\/interkulturelles-training-portugal-mit-fado-zum-geschaeftserfolg\\\/#primaryimage\"},\"image\":{\"@id\":\"https:\\\/\\\/www.ticommunication.eu\\\/de\\\/event-details\\\/interkulturelles-training-portugal-mit-fado-zum-geschaeftserfolg\\\/#primaryimage\"},\"thumbnailUrl\":\"https:\\\/\\\/www.ticommunication.eu\\\/wp-content\\\/uploads\\\/2021\\\/07\\\/Portugal_Stephan_Hild_Veranstaltung_Titelbild.png\",\"datePublished\":\"2022-08-17T12:44:32+00:00\",\"dateModified\":\"2025-11-28T10:52:12+00:00\",\"breadcrumb\":{\"@id\":\"https:\\\/\\\/www.ticommunication.eu\\\/de\\\/event-details\\\/interkulturelles-training-portugal-mit-fado-zum-geschaeftserfolg\\\/#breadcrumb\"},\"inLanguage\":\"de\",\"potentialAction\":[{\"@type\":\"ReadAction\",\"target\":[\"https:\\\/\\\/www.ticommunication.eu\\\/de\\\/event-details\\\/interkulturelles-training-portugal-mit-fado-zum-geschaeftserfolg\\\/\"]}]},{\"@type\":\"ImageObject\",\"inLanguage\":\"de\",\"@id\":\"https:\\\/\\\/www.ticommunication.eu\\\/de\\\/event-details\\\/interkulturelles-training-portugal-mit-fado-zum-geschaeftserfolg\\\/#primaryimage\",\"url\":\"https:\\\/\\\/www.ticommunication.eu\\\/wp-content\\\/uploads\\\/2021\\\/07\\\/Portugal_Stephan_Hild_Veranstaltung_Titelbild.png\",\"contentUrl\":\"https:\\\/\\\/www.ticommunication.eu\\\/wp-content\\\/uploads\\\/2021\\\/07\\\/Portugal_Stephan_Hild_Veranstaltung_Titelbild.png\",\"width\":1280,\"height\":835},{\"@type\":\"BreadcrumbList\",\"@id\":\"https:\\\/\\\/www.ticommunication.eu\\\/de\\\/event-details\\\/interkulturelles-training-portugal-mit-fado-zum-geschaeftserfolg\\\/#breadcrumb\",\"itemListElement\":[{\"@type\":\"ListItem\",\"position\":1,\"name\":\"Startseite\",\"item\":\"https:\\\/\\\/www.ticommunication.eu\\\/de\\\/\"},{\"@type\":\"ListItem\",\"position\":2,\"name\":\"Events\",\"item\":\"https:\\\/\\\/www.ticommunication.eu\\\/de\\\/events\\\/\"},{\"@type\":\"ListItem\",\"position\":3,\"name\":\"Interkulturelles Training Portugal: Mit Fado zum Gesch\u00e4ftserfolg \u2013 Business Training f\u00fcr Fach- und F\u00fchrungskr\u00e4fte\"}]},{\"@type\":\"WebSite\",\"@id\":\"https:\\\/\\\/https\\\/\\\/www.ticommunication.eu\\\/de\\\/de\\\/#website\",\"url\":\"https:\\\/\\\/https\\\/\\\/www.ticommunication.eu\\\/de\\\/de\\\/\",\"name\":\"ticommunication\",\"description\":\"think inclusively\",\"potentialAction\":[{\"@type\":\"SearchAction\",\"target\":{\"@type\":\"EntryPoint\",\"urlTemplate\":\"https:\\\/\\\/https\\\/\\\/www.ticommunication.eu\\\/de\\\/de\\\/?s={search_term_string}\"},\"query-input\":{\"@type\":\"PropertyValueSpecification\",\"valueRequired\":true,\"valueName\":\"search_term_string\"}}],\"inLanguage\":\"de\"}]}<\/script>\n<!-- \/ Yoast SEO plugin. -->","yoast_head_json":{"title":"Interkulturelles Training Portugal: Mit Fado zum Gesch\u00e4ftserfolg \u2013 Business Training f\u00fcr Fach- und F\u00fchrungskr\u00e4fte - ticommunication","robots":{"index":"index","follow":"follow","max-snippet":"max-snippet:-1","max-image-preview":"max-image-preview:large","max-video-preview":"max-video-preview:-1"},"canonical":"https:\/\/www.ticommunication.eu\/de\/event-details\/interkulturelles-training-portugal-mit-fado-zum-geschaeftserfolg\/","og_locale":"de_DE","og_type":"article","og_title":"Interkulturelles Training Portugal: Mit Fado zum Gesch\u00e4ftserfolg \u2013 Business Training f\u00fcr Fach- und F\u00fchrungskr\u00e4fte - ticommunication","og_description":"Der Fado, dieser unverwechselbare portugiesische Musikstil, steht f\u00fcr Vollendung in Ausdruck und Stil, und insofern daf\u00fcr, dass auch im Business gesch\u00e4ftliche Spitzenerfolge mit portugiesischen Partnern &amp; [\u2026]","og_url":"https:\/\/www.ticommunication.eu\/de\/event-details\/interkulturelles-training-portugal-mit-fado-zum-geschaeftserfolg\/","og_site_name":"ticommunication","article_modified_time":"2025-11-28T10:52:12+00:00","og_image":[{"width":1280,"height":835,"url":"https:\/\/www.ticommunication.eu\/wp-content\/uploads\/2021\/07\/Portugal_Stephan_Hild_Veranstaltung_Titelbild.png","type":"image\/png"}],"twitter_card":"summary_large_image","twitter_misc":{"Gesch\u00e4tzte Lesezeit":"2\u00a0Minuten"},"schema":{"@context":"https:\/\/schema.org","@graph":[{"@type":"WebPage","@id":"https:\/\/www.ticommunication.eu\/de\/event-details\/interkulturelles-training-portugal-mit-fado-zum-geschaeftserfolg\/","url":"https:\/\/www.ticommunication.eu\/de\/event-details\/interkulturelles-training-portugal-mit-fado-zum-geschaeftserfolg\/","name":"Interkulturelles Training Portugal: Mit Fado zum Gesch\u00e4ftserfolg \u2013 Business Training f\u00fcr Fach- und F\u00fchrungskr\u00e4fte - ticommunication","isPartOf":{"@id":"https:\/\/https\/\/www.ticommunication.eu\/de\/de\/de\/#website"},"primaryImageOfPage":{"@id":"https:\/\/www.ticommunication.eu\/de\/event-details\/interkulturelles-training-portugal-mit-fado-zum-geschaeftserfolg\/#primaryimage"},"image":{"@id":"https:\/\/www.ticommunication.eu\/de\/event-details\/interkulturelles-training-portugal-mit-fado-zum-geschaeftserfolg\/#primaryimage"},"thumbnailUrl":"https:\/\/www.ticommunication.eu\/wp-content\/uploads\/2021\/07\/Portugal_Stephan_Hild_Veranstaltung_Titelbild.png","datePublished":"2022-08-17T12:44:32+00:00","dateModified":"2025-11-28T10:52:12+00:00","breadcrumb":{"@id":"https:\/\/www.ticommunication.eu\/de\/event-details\/interkulturelles-training-portugal-mit-fado-zum-geschaeftserfolg\/#breadcrumb"},"inLanguage":"de","potentialAction":[{"@type":"ReadAction","target":["https:\/\/www.ticommunication.eu\/de\/event-details\/interkulturelles-training-portugal-mit-fado-zum-geschaeftserfolg\/"]}]},{"@type":"ImageObject","inLanguage":"de","@id":"https:\/\/www.ticommunication.eu\/de\/event-details\/interkulturelles-training-portugal-mit-fado-zum-geschaeftserfolg\/#primaryimage","url":"https:\/\/www.ticommunication.eu\/wp-content\/uploads\/2021\/07\/Portugal_Stephan_Hild_Veranstaltung_Titelbild.png","contentUrl":"https:\/\/www.ticommunication.eu\/wp-content\/uploads\/2021\/07\/Portugal_Stephan_Hild_Veranstaltung_Titelbild.png","width":1280,"height":835},{"@type":"BreadcrumbList","@id":"https:\/\/www.ticommunication.eu\/de\/event-details\/interkulturelles-training-portugal-mit-fado-zum-geschaeftserfolg\/#breadcrumb","itemListElement":[{"@type":"ListItem","position":1,"name":"Startseite","item":"https:\/\/www.ticommunication.eu\/de\/"},{"@type":"ListItem","position":2,"name":"Events","item":"https:\/\/www.ticommunication.eu\/de\/events\/"},{"@type":"ListItem","position":3,"name":"Interkulturelles Training Portugal: Mit Fado zum Gesch\u00e4ftserfolg \u2013 Business Training f\u00fcr Fach- und F\u00fchrungskr\u00e4fte"}]},{"@type":"WebSite","@id":"https:\/\/https\/\/www.ticommunication.eu\/de\/de\/de\/#website","url":"https:\/\/https\/\/www.ticommunication.eu\/de\/de\/de\/","name":"ticommunication","description":"think inclusively","potentialAction":[{"@type":"SearchAction","target":{"@type":"EntryPoint","urlTemplate":"https:\/\/https\/\/www.ticommunication.eu\/de\/de\/de\/?s={search_term_string}"},"query-input":{"@type":"PropertyValueSpecification","valueRequired":true,"valueName":"search_term_string"}}],"inLanguage":"de"}]}},"ticketed":["rsvp"],"_links":{"self":[{"href":"https:\/\/www.ticommunication.eu\/de\/wp-json\/wp\/v2\/tribe_events\/8704","targetHints":{"allow":["GET"]}}],"collection":[{"href":"https:\/\/www.ticommunication.eu\/de\/wp-json\/wp\/v2\/tribe_events"}],"about":[{"href":"https:\/\/www.ticommunication.eu\/de\/wp-json\/wp\/v2\/types\/tribe_events"}],"author":[{"embeddable":true,"href":"https:\/\/www.ticommunication.eu\/de\/wp-json\/wp\/v2\/users\/2"}],"version-history":[{"count":0,"href":"https:\/\/www.ticommunication.eu\/de\/wp-json\/wp\/v2\/tribe_events\/8704\/revisions"}],"wp:featuredmedia":[{"embeddable":true,"href":"https:\/\/www.ticommunication.eu\/de\/wp-json\/wp\/v2\/media\/12143"}],"wp:attachment":[{"href":"https:\/\/www.ticommunication.eu\/de\/wp-json\/wp\/v2\/media?parent=8704"}],"wp:term":[{"taxonomy":"post_tag","embeddable":true,"href":"https:\/\/www.ticommunication.eu\/de\/wp-json\/wp\/v2\/tags?post=8704"},{"taxonomy":"tribe_events_cat","embeddable":true,"href":"https:\/\/www.ticommunication.eu\/de\/wp-json\/wp\/v2\/tribe_events_cat?post=8704"}],"curies":[{"name":"wp","href":"https:\/\/api.w.org\/{rel}","templated":true}]}}