{"id":7893,"date":"2022-04-07T09:39:44","date_gmt":"2022-04-07T07:39:44","guid":{"rendered":"https:\/\/ticommunication.eu\/?post_type=tribe_events&#038;p=7893"},"modified":"2025-11-12T15:00:58","modified_gmt":"2025-11-12T14:00:58","slug":"leadership-activation-workshop","status":"publish","type":"tribe_events","link":"https:\/\/www.ticommunication.eu\/de\/event-details\/leadership-activation-workshop\/","title":{"rendered":"Leadership Activation Workshop"},"content":{"rendered":"<p>Du bist eine smarte, kompetente und ehrgeizige F\u00fchrungskraft. Du hast an verschiedenen Management-Trainingsprogrammen teilgenommen und B\u00fccher gelesen, um als F\u00fchrungskraft zu wachsen. Du wei\u00dft, was zu tun ist, aber trotz Deiner Bem\u00fchungen und guten Absichten f\u00e4llt es Dir schwer, das Gelernte umzusetzen. Du sitzt oft in der Zwickm\u00fchle zwischen den Vorgaben des Top-Managements und den Erwartungen Ihrer Mitarbeiter*innen. Einige Deiner Arbeitsbeziehungen sind immer noch frustrierend, zum Beispiel mit Deinem Vorgesetzten oder mit Kolleg*innen in anderen Bereichen? Oder es f\u00e4llt Dir schwer, das Beste aus Ihrem Team herauszuholen. Was fehlt? Wie kannst Du die Kluft zwischen dem, wo Du bist, und dem, wo Du sein m\u00f6chtest, \u00fcberbr\u00fccken?<\/p>\n<p>In diesem erfahrungsorientierten Leadership Activation Workshop lernst Du etwas \u00fcber das Hindernis, welches leistungsstarke Manager, Teams und ganze Organisationen am st\u00e4rksten ausbremst und findest heraus, wie Du Deine F\u00e4higkeit zur F\u00fchrung bewusst aktivieren k\u00f6nnen, um dieses zu \u00fcberwinden. Das k\u00f6nnte der Schl\u00fcssel zum Erfolg sein, der Dich auf ein ganz neues Leistungsniveau bringt.<\/p>\n<h4>Du wirst Folgendes aus diesem Workshop mitnehmen:<\/h4>\n<ul>\n<li>Ein neues Bewusstsein f\u00fcr Deine wahre Einflusskraft, die es Dir erm\u00f6glicht, mit gr\u00f6\u00dferer Leichtigkeit positive Ver\u00e4nderungen in Deinem Unternehmen herbeizuf\u00fchren.<\/li>\n<li>Ein neues Verst\u00e4ndnis daf\u00fcr, was Dich und Dein Team zur\u00fcckh\u00e4lt, woran Du nie gedacht hast, und was Du tun kannst, um das Ruder herumzurei\u00dfen.<\/li>\n<li>Eine klare Vorstellung von der Person und F\u00fchrungskraft, die Du wirklich sein m\u00f6chtest.<\/li>\n<li>Eine wirkungsvolle Methode, die Du in jeder Situation bei der Arbeit und zu Hause anwenden kannst und die Dir hilft, so zu denken, zu f\u00fchlen und sich zu verhalten wie die Person und F\u00fchrungskraft, die Du wirklich sein m\u00f6chtest.<\/li>\n<li>Praktische Werkzeuge, um Selbstsabotage zu stoppen und den echten Leader in Dir zu aktivieren.<\/li>\n<li>Ein besseres Verst\u00e4ndnis daf\u00fcr, wie das Gehirn funktioniert und wie wichtig es ist, psychologische Sicherheit auf individueller, Team- und Organisationsebene zu schaffen, um Deine Ziele schneller zu erreichen.<\/li>\n<li>Einen Prozess, der Dir hilft, frustrierende Arbeitsbeziehungen in produktive Zusammenarbeit umzuwandeln, \u00fcber Hierarchien, Funktionen und Kulturen hinweg.<\/li>\n<li>Einen effektiven Prozess, um das verborgene Potenzial Ihres Teams zu aktivieren, auch wenn Du es im Moment f\u00fcr unm\u00f6glich h\u00e4ltst.<\/li>\n<\/ul>\n<h4>Methoden:<\/h4>\n<ul>\n<li>Erlebnisorientierte Aktivit\u00e4ten im Plenum und in Kleingruppen, je nach Teilnehmerzahl.<\/li>\n<li>Individuelle Reflexionen und Gruppendiskussionen<\/li>\n<li>Ansprechende Videos, um tiefere Einblicke zu gewinnen<\/li>\n<\/ul>\n<h4>Hinweis zu den Zeiten<\/h4>\n<ul>\n<li>Als virtueller Workshop: 9 &#8211; 12 Uhr und 14 &#8211; 17 Uhr<\/li>\n<li>Als Inhouse-Ma\u00dfnahme: 9 &#8211; 17 Uhr inkl. Mittagspause und Kaffeepausen<\/li>\n<\/ul>\n<h4>Teilnehmerzahl: 6 bis max. 12<\/h4>\n<p>Das Training kannst Du als Inhouse-Ma\u00dfnahme oder als virtuelles Training buchen. Bei mehr als zwei Interessenten k\u00f6nnen wir auch ein offenes Training nach Deinen W\u00fcnschen terminieren. Frage unter der untenstehenden Anmeldung nach den M\u00f6glichkeiten.<\/p>\n<p>Trainingssprachen: Deutsch, Englisch und Italienisch.<\/p>\n<p>&nbsp;<\/p>\n","protected":false},"excerpt":{"rendered":"<p>Du bist eine smarte, kompetente und ehrgeizige F\u00fchrungskraft. Du hast an verschiedenen Management-Trainingsprogrammen teilgenommen und B\u00fccher gelesen, um als F\u00fchrungskraft zu wachsen. Du wei\u00dft, was zu<span class=\"excerpt-hellip\"> [\u2026]<\/span><\/p>\n","protected":false},"author":2,"featured_media":11954,"template":"","meta":{"_custom_body_class":"","_custom_post_class":"","rs_blank_template":"","rs_page_bg_color":"","slide_template_v7":"","_price":"","_stock":"","_tribe_ticket_header":"","_tribe_default_ticket_provider":"","_tribe_ticket_capacity":"0","_ticket_start_date":"","_ticket_end_date":"","_tribe_ticket_show_description":"","_tribe_ticket_show_not_going":false,"_tribe_ticket_use_global_stock":"","_tribe_ticket_global_stock_level":"","_global_stock_mode":"","_global_stock_cap":"","_tribe_rsvp_for_event":"","_tribe_ticket_going_count":"","_tribe_ticket_not_going_count":"","_tribe_tickets_list":"[]","_tribe_ticket_has_attendee_info_fields":false,"_tribe_events_status":"","_tribe_events_status_reason":"","_tribe_events_is_hybrid":"","_tribe_events_is_virtual":"","_tribe_events_virtual_video_source":"","_tribe_events_virtual_embed_video":"","_tribe_events_virtual_linked_button_text":"","_tribe_events_virtual_linked_button":"","_tribe_events_virtual_show_embed_at":"","_tribe_events_virtual_show_embed_to":[],"_tribe_events_virtual_show_on_event":"","_tribe_events_virtual_show_on_views":"","_tribe_events_virtual_url":"","footnotes":"","_tec_slr_enabled":"","_tec_slr_layout":""},"tags":[116,156],"tribe_events_cat":[76],"class_list":["post-7893","tribe_events","type-tribe_events","status-publish","has-post-thumbnail","hentry","tag-fuehrung","tag-leadership","tribe_events_cat-fuehrungskraefte","cat_fuehrungskraefte"],"yoast_head":"<!-- This site is optimized with the Yoast SEO plugin v27.3 - https:\/\/yoast.com\/product\/yoast-seo-wordpress\/ -->\n<title>Leadership Activation Workshop - ticommunication<\/title>\n<meta name=\"robots\" content=\"index, follow, max-snippet:-1, max-image-preview:large, max-video-preview:-1\" \/>\n<link rel=\"canonical\" href=\"https:\/\/www.ticommunication.eu\/de\/event-details\/leadership-activation-workshop\/\" \/>\n<meta property=\"og:locale\" content=\"de_DE\" \/>\n<meta property=\"og:type\" content=\"article\" \/>\n<meta property=\"og:title\" content=\"Leadership Activation Workshop - ticommunication\" \/>\n<meta property=\"og:description\" content=\"Du bist eine smarte, kompetente und ehrgeizige F\u00fchrungskraft. Du hast an verschiedenen Management-Trainingsprogrammen teilgenommen und B\u00fccher gelesen, um als F\u00fchrungskraft zu wachsen. Du wei\u00dft, was zu [\u2026]\" \/>\n<meta property=\"og:url\" content=\"https:\/\/www.ticommunication.eu\/de\/event-details\/leadership-activation-workshop\/\" \/>\n<meta property=\"og:site_name\" content=\"ticommunication\" \/>\n<meta property=\"article:modified_time\" content=\"2025-11-12T14:00:58+00:00\" \/>\n<meta property=\"og:image\" content=\"https:\/\/www.ticommunication.eu\/wp-content\/uploads\/2021\/09\/Leadership_Activation-Myriam_Callegarin_Veranstaltung_Titelbild.png\" \/>\n\t<meta property=\"og:image:width\" content=\"1280\" \/>\n\t<meta property=\"og:image:height\" content=\"835\" \/>\n\t<meta property=\"og:image:type\" content=\"image\/png\" \/>\n<meta name=\"twitter:card\" content=\"summary_large_image\" \/>\n<meta name=\"twitter:label1\" content=\"Gesch\u00e4tzte Lesezeit\" \/>\n\t<meta name=\"twitter:data1\" content=\"3\u00a0Minuten\" \/>\n<script type=\"application\/ld+json\" class=\"yoast-schema-graph\">{\"@context\":\"https:\\\/\\\/schema.org\",\"@graph\":[{\"@type\":\"WebPage\",\"@id\":\"https:\\\/\\\/www.ticommunication.eu\\\/de\\\/event-details\\\/leadership-activation-workshop\\\/\",\"url\":\"https:\\\/\\\/www.ticommunication.eu\\\/de\\\/event-details\\\/leadership-activation-workshop\\\/\",\"name\":\"Leadership Activation Workshop - ticommunication\",\"isPartOf\":{\"@id\":\"https:\\\/\\\/https\\\/\\\/www.ticommunication.eu\\\/de\\\/de\\\/#website\"},\"primaryImageOfPage\":{\"@id\":\"https:\\\/\\\/www.ticommunication.eu\\\/de\\\/event-details\\\/leadership-activation-workshop\\\/#primaryimage\"},\"image\":{\"@id\":\"https:\\\/\\\/www.ticommunication.eu\\\/de\\\/event-details\\\/leadership-activation-workshop\\\/#primaryimage\"},\"thumbnailUrl\":\"https:\\\/\\\/www.ticommunication.eu\\\/wp-content\\\/uploads\\\/2021\\\/09\\\/Leadership_Activation-Myriam_Callegarin_Veranstaltung_Titelbild.png\",\"datePublished\":\"2022-04-07T07:39:44+00:00\",\"dateModified\":\"2025-11-12T14:00:58+00:00\",\"breadcrumb\":{\"@id\":\"https:\\\/\\\/www.ticommunication.eu\\\/de\\\/event-details\\\/leadership-activation-workshop\\\/#breadcrumb\"},\"inLanguage\":\"de\",\"potentialAction\":[{\"@type\":\"ReadAction\",\"target\":[\"https:\\\/\\\/www.ticommunication.eu\\\/de\\\/event-details\\\/leadership-activation-workshop\\\/\"]}]},{\"@type\":\"ImageObject\",\"inLanguage\":\"de\",\"@id\":\"https:\\\/\\\/www.ticommunication.eu\\\/de\\\/event-details\\\/leadership-activation-workshop\\\/#primaryimage\",\"url\":\"https:\\\/\\\/www.ticommunication.eu\\\/wp-content\\\/uploads\\\/2021\\\/09\\\/Leadership_Activation-Myriam_Callegarin_Veranstaltung_Titelbild.png\",\"contentUrl\":\"https:\\\/\\\/www.ticommunication.eu\\\/wp-content\\\/uploads\\\/2021\\\/09\\\/Leadership_Activation-Myriam_Callegarin_Veranstaltung_Titelbild.png\",\"width\":1280,\"height\":835},{\"@type\":\"BreadcrumbList\",\"@id\":\"https:\\\/\\\/www.ticommunication.eu\\\/de\\\/event-details\\\/leadership-activation-workshop\\\/#breadcrumb\",\"itemListElement\":[{\"@type\":\"ListItem\",\"position\":1,\"name\":\"Startseite\",\"item\":\"https:\\\/\\\/www.ticommunication.eu\\\/de\\\/\"},{\"@type\":\"ListItem\",\"position\":2,\"name\":\"Events\",\"item\":\"https:\\\/\\\/www.ticommunication.eu\\\/de\\\/events\\\/\"},{\"@type\":\"ListItem\",\"position\":3,\"name\":\"Leadership Activation Workshop\"}]},{\"@type\":\"WebSite\",\"@id\":\"https:\\\/\\\/https\\\/\\\/www.ticommunication.eu\\\/de\\\/de\\\/#website\",\"url\":\"https:\\\/\\\/https\\\/\\\/www.ticommunication.eu\\\/de\\\/de\\\/\",\"name\":\"ticommunication\",\"description\":\"think inclusively\",\"potentialAction\":[{\"@type\":\"SearchAction\",\"target\":{\"@type\":\"EntryPoint\",\"urlTemplate\":\"https:\\\/\\\/https\\\/\\\/www.ticommunication.eu\\\/de\\\/de\\\/?s={search_term_string}\"},\"query-input\":{\"@type\":\"PropertyValueSpecification\",\"valueRequired\":true,\"valueName\":\"search_term_string\"}}],\"inLanguage\":\"de\"}]}<\/script>\n<!-- \/ Yoast SEO plugin. -->","yoast_head_json":{"title":"Leadership Activation Workshop - ticommunication","robots":{"index":"index","follow":"follow","max-snippet":"max-snippet:-1","max-image-preview":"max-image-preview:large","max-video-preview":"max-video-preview:-1"},"canonical":"https:\/\/www.ticommunication.eu\/de\/event-details\/leadership-activation-workshop\/","og_locale":"de_DE","og_type":"article","og_title":"Leadership Activation Workshop - ticommunication","og_description":"Du bist eine smarte, kompetente und ehrgeizige F\u00fchrungskraft. Du hast an verschiedenen Management-Trainingsprogrammen teilgenommen und B\u00fccher gelesen, um als F\u00fchrungskraft zu wachsen. Du wei\u00dft, was zu [\u2026]","og_url":"https:\/\/www.ticommunication.eu\/de\/event-details\/leadership-activation-workshop\/","og_site_name":"ticommunication","article_modified_time":"2025-11-12T14:00:58+00:00","og_image":[{"width":1280,"height":835,"url":"https:\/\/www.ticommunication.eu\/wp-content\/uploads\/2021\/09\/Leadership_Activation-Myriam_Callegarin_Veranstaltung_Titelbild.png","type":"image\/png"}],"twitter_card":"summary_large_image","twitter_misc":{"Gesch\u00e4tzte Lesezeit":"3\u00a0Minuten"},"schema":{"@context":"https:\/\/schema.org","@graph":[{"@type":"WebPage","@id":"https:\/\/www.ticommunication.eu\/de\/event-details\/leadership-activation-workshop\/","url":"https:\/\/www.ticommunication.eu\/de\/event-details\/leadership-activation-workshop\/","name":"Leadership Activation Workshop - ticommunication","isPartOf":{"@id":"https:\/\/https\/\/www.ticommunication.eu\/de\/de\/de\/#website"},"primaryImageOfPage":{"@id":"https:\/\/www.ticommunication.eu\/de\/event-details\/leadership-activation-workshop\/#primaryimage"},"image":{"@id":"https:\/\/www.ticommunication.eu\/de\/event-details\/leadership-activation-workshop\/#primaryimage"},"thumbnailUrl":"https:\/\/www.ticommunication.eu\/wp-content\/uploads\/2021\/09\/Leadership_Activation-Myriam_Callegarin_Veranstaltung_Titelbild.png","datePublished":"2022-04-07T07:39:44+00:00","dateModified":"2025-11-12T14:00:58+00:00","breadcrumb":{"@id":"https:\/\/www.ticommunication.eu\/de\/event-details\/leadership-activation-workshop\/#breadcrumb"},"inLanguage":"de","potentialAction":[{"@type":"ReadAction","target":["https:\/\/www.ticommunication.eu\/de\/event-details\/leadership-activation-workshop\/"]}]},{"@type":"ImageObject","inLanguage":"de","@id":"https:\/\/www.ticommunication.eu\/de\/event-details\/leadership-activation-workshop\/#primaryimage","url":"https:\/\/www.ticommunication.eu\/wp-content\/uploads\/2021\/09\/Leadership_Activation-Myriam_Callegarin_Veranstaltung_Titelbild.png","contentUrl":"https:\/\/www.ticommunication.eu\/wp-content\/uploads\/2021\/09\/Leadership_Activation-Myriam_Callegarin_Veranstaltung_Titelbild.png","width":1280,"height":835},{"@type":"BreadcrumbList","@id":"https:\/\/www.ticommunication.eu\/de\/event-details\/leadership-activation-workshop\/#breadcrumb","itemListElement":[{"@type":"ListItem","position":1,"name":"Startseite","item":"https:\/\/www.ticommunication.eu\/de\/"},{"@type":"ListItem","position":2,"name":"Events","item":"https:\/\/www.ticommunication.eu\/de\/events\/"},{"@type":"ListItem","position":3,"name":"Leadership Activation Workshop"}]},{"@type":"WebSite","@id":"https:\/\/https\/\/www.ticommunication.eu\/de\/de\/de\/#website","url":"https:\/\/https\/\/www.ticommunication.eu\/de\/de\/de\/","name":"ticommunication","description":"think inclusively","potentialAction":[{"@type":"SearchAction","target":{"@type":"EntryPoint","urlTemplate":"https:\/\/https\/\/www.ticommunication.eu\/de\/de\/de\/?s={search_term_string}"},"query-input":{"@type":"PropertyValueSpecification","valueRequired":true,"valueName":"search_term_string"}}],"inLanguage":"de"}]}},"ticketed":["rsvp"],"_links":{"self":[{"href":"https:\/\/www.ticommunication.eu\/de\/wp-json\/wp\/v2\/tribe_events\/7893","targetHints":{"allow":["GET"]}}],"collection":[{"href":"https:\/\/www.ticommunication.eu\/de\/wp-json\/wp\/v2\/tribe_events"}],"about":[{"href":"https:\/\/www.ticommunication.eu\/de\/wp-json\/wp\/v2\/types\/tribe_events"}],"author":[{"embeddable":true,"href":"https:\/\/www.ticommunication.eu\/de\/wp-json\/wp\/v2\/users\/2"}],"version-history":[{"count":0,"href":"https:\/\/www.ticommunication.eu\/de\/wp-json\/wp\/v2\/tribe_events\/7893\/revisions"}],"wp:featuredmedia":[{"embeddable":true,"href":"https:\/\/www.ticommunication.eu\/de\/wp-json\/wp\/v2\/media\/11954"}],"wp:attachment":[{"href":"https:\/\/www.ticommunication.eu\/de\/wp-json\/wp\/v2\/media?parent=7893"}],"wp:term":[{"taxonomy":"post_tag","embeddable":true,"href":"https:\/\/www.ticommunication.eu\/de\/wp-json\/wp\/v2\/tags?post=7893"},{"taxonomy":"tribe_events_cat","embeddable":true,"href":"https:\/\/www.ticommunication.eu\/de\/wp-json\/wp\/v2\/tribe_events_cat?post=7893"}],"curies":[{"name":"wp","href":"https:\/\/api.w.org\/{rel}","templated":true}]}}