{"id":7488,"date":"2022-01-27T11:05:56","date_gmt":"2022-01-27T10:05:56","guid":{"rendered":"https:\/\/ticommunication.eu\/?post_type=tribe_events&#038;p=7488"},"modified":"2025-11-12T12:25:06","modified_gmt":"2025-11-12T11:25:06","slug":"impulsworkshop-skandinavien-sie-moechten-den-skandinavischen-markt-erschliessen-den-skandinavischen-markt","status":"publish","type":"tribe_events","link":"https:\/\/www.ticommunication.eu\/de\/event-details\/impulsworkshop-skandinavien-sie-moechten-den-skandinavischen-markt-erschliessen-den-skandinavischen-markt\/","title":{"rendered":"Impulsworkshop Skandinavien: Du m\u00f6chtest den skandinavischen Markt erschlie\u00dfen? Den \u201eskandinavischen Markt\u201c?"},"content":{"rendered":"<p>Oft wird Skandinavien aus deutscher Perspektive als <strong>ein<\/strong> Markt betrachtet. Und ja, es gibt Gleichheiten und Parallelen zwischen den skandinavischen L\u00e4ndern D\u00e4nemark, Norwegen und Schweden \u2013 und Unterschiede. Und zwar so entscheidende Unterschiede, dass sie \u00fcber Erfolg und Misserfolg entscheiden k\u00f6nnen, wenn man sie in der Strategie-Entwicklung nicht ber\u00fccksichtigt. Die Beweggr\u00fcnde von Kunden im B2B- und B2C-Bereich sind unterschiedlich, aber auch Meeting-Kultur, F\u00fchrung und Entscheidungsfindung.<\/p>\n<p>Der Workshop richtet sich an alle, die mit den skandinavischen L\u00e4ndern D\u00e4nemark, Norwegen und\/oder Schweden zusammenarbeiten oder die M\u00e4rkte erschlie\u00dfen (wollen). Er gibt einen \u00dcberblick und Impulse f\u00fcr die Strategie-Entwicklung, welcher Markt wie \u201etickt\u201c, worauf bei der Kommunikation intern und extern geachtet werden sollte und gibt Entscheidungshilfen f\u00fcr die konkrete Vorgehensweise.<\/p>\n<h4>Inhalte<\/h4>\n<ul>\n<li>landeskundlicher \u00dcberblick und Deutung f\u00fcr (interkulturelle) Zusammenarbeit<\/li>\n<li>Kulturelle Parallelen und Unterschiede zwischen den skandinavischen L\u00e4ndern D\u00e4nemark, Norwegen und Schweden, Befindlichkeiten und Empfindlichkeiten untereinander und gegen\u00fcber Deutschlands<\/li>\n<li>kurze Einf\u00fchrung in interkulturelle Theorien und Modelle, Kultur-Definition<\/li>\n<li>Selbstreflexion \u00fcber eigene Werte und St\u00e4rken<\/li>\n<li>Grundz\u00fcge skandinavischer Werte und St\u00e4rken, Parallelen und Unterschiede<\/li>\n<li>Auswirkung von \u201eKultur\u201c auf Wahrnehmung und Denken sowie Bewertung und Interpretation<\/li>\n<li>Fragen und Themen der Teilnehmenden<\/li>\n<\/ul>\n<h4>Nutzen<\/h4>\n<ul>\n<li>Gleichheiten und Unterschiede zwischen den skandinavischen L\u00e4ndern verstehen<\/li>\n<li>Grundlagen f\u00fcr nachhaltige Gesch\u00e4ftsbedingungen individuell f\u00fcr die einzelnen skandinavischen L\u00e4nder erarbeiten<\/li>\n<li>Verstehen, was Kunden, Mitarbeitende, Gesch\u00e4ftspartner und die \u00d6ffentlichkeit von Ihrem Unternehmen erwarten, wie ein positives Image gef\u00f6rdert werden kann<\/li>\n<li>Erarbeiten der Fragen, die f\u00fcr eine erfolgreiche Markterschlie\u00dfung der einzelnen skandinavischen L\u00e4nder erforderlich sind<\/li>\n<\/ul>\n<h4>Methoden<\/h4>\n<p>Der Workshop wird interaktiv und unterhaltsam gestaltet und geht auf die Fragen der Teilnehmenden ein.<\/p>\n<ul>\n<li>fachlicher Kurz-Input<\/li>\n<li>visuelle Entdeckungsreise<\/li>\n<li>L\u00f6sung von Aufgaben und Fragen in Kleingruppen<\/li>\n<li>Diskussion in Kleingruppen und im Plenum<\/li>\n<li>am\u00fcsante interaktive PowerPoint-Selbsttest<\/li>\n<\/ul>\n<h4>Hinweis zu den Zeiten<\/h4>\n<ul>\n<li>Als virtueller Workshop: 9 &#8211; 12 Uhr und 14 &#8211; 17 Uhr<\/li>\n<li>Als Inhouse-Ma\u00dfnahme: 9 &#8211; 17 Uhr inkl. Mittagspause und Kaffeepausen<\/li>\n<\/ul>\n<h4>Teilnehmerzahl: 3 bis max. 10<\/h4>\n<p>Das Training kannst Du als Inhouse-Ma\u00dfnahme oder als virtuelles Training buchen. Bei mehr als zwei Interessenten k\u00f6nnen wir auch ein offenes Training nach Deinen W\u00fcnschen terminieren. Frage unter der untenstehenden Anmeldung nach den M\u00f6glichkeiten.<\/p>\n<p>Trainingssprachen: Deutsch, Englisch und Schwedisch.<\/p>\n<p>&nbsp;<\/p>\n","protected":false},"excerpt":{"rendered":"<p>Oft wird Skandinavien aus deutscher Perspektive als ein Markt betrachtet. Und ja, es gibt Gleichheiten und Parallelen zwischen den skandinavischen L\u00e4ndern D\u00e4nemark, Norwegen und Schweden \u2013<span class=\"excerpt-hellip\"> [\u2026]<\/span><\/p>\n","protected":false},"author":2,"featured_media":12001,"template":"","meta":{"_custom_body_class":"","_custom_post_class":"","rs_blank_template":"","rs_page_bg_color":"","slide_template_v7":"","_price":"","_stock":"","_tribe_ticket_header":"","_tribe_default_ticket_provider":"","_tribe_ticket_capacity":"0","_ticket_start_date":"","_ticket_end_date":"","_tribe_ticket_show_description":"","_tribe_ticket_show_not_going":false,"_tribe_ticket_use_global_stock":"","_tribe_ticket_global_stock_level":"","_global_stock_mode":"","_global_stock_cap":"","_tribe_rsvp_for_event":"","_tribe_ticket_going_count":"","_tribe_ticket_not_going_count":"","_tribe_tickets_list":"[]","_tribe_ticket_has_attendee_info_fields":false,"_tribe_events_status":"","_tribe_events_status_reason":"","_tribe_events_is_hybrid":"","_tribe_events_is_virtual":"","_tribe_events_virtual_video_source":"","_tribe_events_virtual_embed_video":"","_tribe_events_virtual_linked_button_text":"","_tribe_events_virtual_linked_button":"","_tribe_events_virtual_show_embed_at":"","_tribe_events_virtual_show_embed_to":[],"_tribe_events_virtual_show_on_event":"","_tribe_events_virtual_show_on_views":"","_tribe_events_virtual_url":"","footnotes":"","_tec_slr_enabled":"","_tec_slr_layout":""},"tags":[493,495,175,494,480,496],"tribe_events_cat":[72],"class_list":["post-7488","tribe_events","type-tribe_events","status-publish","has-post-thumbnail","hentry","tag-daenemark","tag-impulsworkshop","tag-international","tag-norwegen","tag-schweden","tag-skandinavien","tribe_events_cat-interkulturelle-kompetenz","cat_interkulturelle-kompetenz"],"yoast_head":"<!-- This site is optimized with the Yoast SEO plugin v27.3 - https:\/\/yoast.com\/product\/yoast-seo-wordpress\/ -->\n<title>Impulsworkshop Skandinavien: Du m\u00f6chtest den skandinavischen Markt erschlie\u00dfen? Den \u201eskandinavischen Markt\u201c? - ticommunication<\/title>\n<meta name=\"robots\" content=\"index, follow, max-snippet:-1, max-image-preview:large, max-video-preview:-1\" \/>\n<link rel=\"canonical\" href=\"https:\/\/www.ticommunication.eu\/de\/event-details\/impulsworkshop-skandinavien-sie-moechten-den-skandinavischen-markt-erschliessen-den-skandinavischen-markt\/\" \/>\n<meta property=\"og:locale\" content=\"de_DE\" \/>\n<meta property=\"og:type\" content=\"article\" \/>\n<meta property=\"og:title\" content=\"Impulsworkshop Skandinavien: Du m\u00f6chtest den skandinavischen Markt erschlie\u00dfen? Den \u201eskandinavischen Markt\u201c? - ticommunication\" \/>\n<meta property=\"og:description\" content=\"Oft wird Skandinavien aus deutscher Perspektive als ein Markt betrachtet. Und ja, es gibt Gleichheiten und Parallelen zwischen den skandinavischen L\u00e4ndern D\u00e4nemark, Norwegen und Schweden \u2013 [\u2026]\" \/>\n<meta property=\"og:url\" content=\"https:\/\/www.ticommunication.eu\/de\/event-details\/impulsworkshop-skandinavien-sie-moechten-den-skandinavischen-markt-erschliessen-den-skandinavischen-markt\/\" \/>\n<meta property=\"og:site_name\" content=\"ticommunication\" \/>\n<meta property=\"article:modified_time\" content=\"2025-11-12T11:25:06+00:00\" \/>\n<meta property=\"og:image\" content=\"https:\/\/www.ticommunication.eu\/wp-content\/uploads\/2021\/08\/Skandinavien_Uta_Schulz_Veranstaltungen_Titelbild.png\" \/>\n\t<meta property=\"og:image:width\" content=\"1280\" \/>\n\t<meta property=\"og:image:height\" content=\"835\" \/>\n\t<meta property=\"og:image:type\" content=\"image\/png\" \/>\n<meta name=\"twitter:card\" content=\"summary_large_image\" \/>\n<meta name=\"twitter:label1\" content=\"Gesch\u00e4tzte Lesezeit\" \/>\n\t<meta name=\"twitter:data1\" content=\"3\u00a0Minuten\" \/>\n<script type=\"application\/ld+json\" class=\"yoast-schema-graph\">{\"@context\":\"https:\\\/\\\/schema.org\",\"@graph\":[{\"@type\":\"WebPage\",\"@id\":\"https:\\\/\\\/www.ticommunication.eu\\\/de\\\/event-details\\\/impulsworkshop-skandinavien-sie-moechten-den-skandinavischen-markt-erschliessen-den-skandinavischen-markt\\\/\",\"url\":\"https:\\\/\\\/www.ticommunication.eu\\\/de\\\/event-details\\\/impulsworkshop-skandinavien-sie-moechten-den-skandinavischen-markt-erschliessen-den-skandinavischen-markt\\\/\",\"name\":\"Impulsworkshop Skandinavien: Du m\u00f6chtest den skandinavischen Markt erschlie\u00dfen? Den \u201eskandinavischen Markt\u201c? - ticommunication\",\"isPartOf\":{\"@id\":\"https:\\\/\\\/https\\\/\\\/www.ticommunication.eu\\\/de\\\/de\\\/#website\"},\"primaryImageOfPage\":{\"@id\":\"https:\\\/\\\/www.ticommunication.eu\\\/de\\\/event-details\\\/impulsworkshop-skandinavien-sie-moechten-den-skandinavischen-markt-erschliessen-den-skandinavischen-markt\\\/#primaryimage\"},\"image\":{\"@id\":\"https:\\\/\\\/www.ticommunication.eu\\\/de\\\/event-details\\\/impulsworkshop-skandinavien-sie-moechten-den-skandinavischen-markt-erschliessen-den-skandinavischen-markt\\\/#primaryimage\"},\"thumbnailUrl\":\"https:\\\/\\\/www.ticommunication.eu\\\/wp-content\\\/uploads\\\/2021\\\/08\\\/Skandinavien_Uta_Schulz_Veranstaltungen_Titelbild.png\",\"datePublished\":\"2022-01-27T10:05:56+00:00\",\"dateModified\":\"2025-11-12T11:25:06+00:00\",\"breadcrumb\":{\"@id\":\"https:\\\/\\\/www.ticommunication.eu\\\/de\\\/event-details\\\/impulsworkshop-skandinavien-sie-moechten-den-skandinavischen-markt-erschliessen-den-skandinavischen-markt\\\/#breadcrumb\"},\"inLanguage\":\"de\",\"potentialAction\":[{\"@type\":\"ReadAction\",\"target\":[\"https:\\\/\\\/www.ticommunication.eu\\\/de\\\/event-details\\\/impulsworkshop-skandinavien-sie-moechten-den-skandinavischen-markt-erschliessen-den-skandinavischen-markt\\\/\"]}]},{\"@type\":\"ImageObject\",\"inLanguage\":\"de\",\"@id\":\"https:\\\/\\\/www.ticommunication.eu\\\/de\\\/event-details\\\/impulsworkshop-skandinavien-sie-moechten-den-skandinavischen-markt-erschliessen-den-skandinavischen-markt\\\/#primaryimage\",\"url\":\"https:\\\/\\\/www.ticommunication.eu\\\/wp-content\\\/uploads\\\/2021\\\/08\\\/Skandinavien_Uta_Schulz_Veranstaltungen_Titelbild.png\",\"contentUrl\":\"https:\\\/\\\/www.ticommunication.eu\\\/wp-content\\\/uploads\\\/2021\\\/08\\\/Skandinavien_Uta_Schulz_Veranstaltungen_Titelbild.png\",\"width\":1280,\"height\":835},{\"@type\":\"BreadcrumbList\",\"@id\":\"https:\\\/\\\/www.ticommunication.eu\\\/de\\\/event-details\\\/impulsworkshop-skandinavien-sie-moechten-den-skandinavischen-markt-erschliessen-den-skandinavischen-markt\\\/#breadcrumb\",\"itemListElement\":[{\"@type\":\"ListItem\",\"position\":1,\"name\":\"Startseite\",\"item\":\"https:\\\/\\\/www.ticommunication.eu\\\/de\\\/\"},{\"@type\":\"ListItem\",\"position\":2,\"name\":\"Events\",\"item\":\"https:\\\/\\\/www.ticommunication.eu\\\/de\\\/events\\\/\"},{\"@type\":\"ListItem\",\"position\":3,\"name\":\"Impulsworkshop Skandinavien: Du m\u00f6chtest den skandinavischen Markt erschlie\u00dfen? Den \u201eskandinavischen Markt\u201c?\"}]},{\"@type\":\"WebSite\",\"@id\":\"https:\\\/\\\/https\\\/\\\/www.ticommunication.eu\\\/de\\\/de\\\/#website\",\"url\":\"https:\\\/\\\/https\\\/\\\/www.ticommunication.eu\\\/de\\\/de\\\/\",\"name\":\"ticommunication\",\"description\":\"think inclusively\",\"potentialAction\":[{\"@type\":\"SearchAction\",\"target\":{\"@type\":\"EntryPoint\",\"urlTemplate\":\"https:\\\/\\\/https\\\/\\\/www.ticommunication.eu\\\/de\\\/de\\\/?s={search_term_string}\"},\"query-input\":{\"@type\":\"PropertyValueSpecification\",\"valueRequired\":true,\"valueName\":\"search_term_string\"}}],\"inLanguage\":\"de\"}]}<\/script>\n<!-- \/ Yoast SEO plugin. -->","yoast_head_json":{"title":"Impulsworkshop Skandinavien: Du m\u00f6chtest den skandinavischen Markt erschlie\u00dfen? Den \u201eskandinavischen Markt\u201c? - ticommunication","robots":{"index":"index","follow":"follow","max-snippet":"max-snippet:-1","max-image-preview":"max-image-preview:large","max-video-preview":"max-video-preview:-1"},"canonical":"https:\/\/www.ticommunication.eu\/de\/event-details\/impulsworkshop-skandinavien-sie-moechten-den-skandinavischen-markt-erschliessen-den-skandinavischen-markt\/","og_locale":"de_DE","og_type":"article","og_title":"Impulsworkshop Skandinavien: Du m\u00f6chtest den skandinavischen Markt erschlie\u00dfen? Den \u201eskandinavischen Markt\u201c? - ticommunication","og_description":"Oft wird Skandinavien aus deutscher Perspektive als ein Markt betrachtet. Und ja, es gibt Gleichheiten und Parallelen zwischen den skandinavischen L\u00e4ndern D\u00e4nemark, Norwegen und Schweden \u2013 [\u2026]","og_url":"https:\/\/www.ticommunication.eu\/de\/event-details\/impulsworkshop-skandinavien-sie-moechten-den-skandinavischen-markt-erschliessen-den-skandinavischen-markt\/","og_site_name":"ticommunication","article_modified_time":"2025-11-12T11:25:06+00:00","og_image":[{"width":1280,"height":835,"url":"https:\/\/www.ticommunication.eu\/wp-content\/uploads\/2021\/08\/Skandinavien_Uta_Schulz_Veranstaltungen_Titelbild.png","type":"image\/png"}],"twitter_card":"summary_large_image","twitter_misc":{"Gesch\u00e4tzte Lesezeit":"3\u00a0Minuten"},"schema":{"@context":"https:\/\/schema.org","@graph":[{"@type":"WebPage","@id":"https:\/\/www.ticommunication.eu\/de\/event-details\/impulsworkshop-skandinavien-sie-moechten-den-skandinavischen-markt-erschliessen-den-skandinavischen-markt\/","url":"https:\/\/www.ticommunication.eu\/de\/event-details\/impulsworkshop-skandinavien-sie-moechten-den-skandinavischen-markt-erschliessen-den-skandinavischen-markt\/","name":"Impulsworkshop Skandinavien: Du m\u00f6chtest den skandinavischen Markt erschlie\u00dfen? Den \u201eskandinavischen Markt\u201c? - ticommunication","isPartOf":{"@id":"https:\/\/https\/\/www.ticommunication.eu\/de\/de\/de\/#website"},"primaryImageOfPage":{"@id":"https:\/\/www.ticommunication.eu\/de\/event-details\/impulsworkshop-skandinavien-sie-moechten-den-skandinavischen-markt-erschliessen-den-skandinavischen-markt\/#primaryimage"},"image":{"@id":"https:\/\/www.ticommunication.eu\/de\/event-details\/impulsworkshop-skandinavien-sie-moechten-den-skandinavischen-markt-erschliessen-den-skandinavischen-markt\/#primaryimage"},"thumbnailUrl":"https:\/\/www.ticommunication.eu\/wp-content\/uploads\/2021\/08\/Skandinavien_Uta_Schulz_Veranstaltungen_Titelbild.png","datePublished":"2022-01-27T10:05:56+00:00","dateModified":"2025-11-12T11:25:06+00:00","breadcrumb":{"@id":"https:\/\/www.ticommunication.eu\/de\/event-details\/impulsworkshop-skandinavien-sie-moechten-den-skandinavischen-markt-erschliessen-den-skandinavischen-markt\/#breadcrumb"},"inLanguage":"de","potentialAction":[{"@type":"ReadAction","target":["https:\/\/www.ticommunication.eu\/de\/event-details\/impulsworkshop-skandinavien-sie-moechten-den-skandinavischen-markt-erschliessen-den-skandinavischen-markt\/"]}]},{"@type":"ImageObject","inLanguage":"de","@id":"https:\/\/www.ticommunication.eu\/de\/event-details\/impulsworkshop-skandinavien-sie-moechten-den-skandinavischen-markt-erschliessen-den-skandinavischen-markt\/#primaryimage","url":"https:\/\/www.ticommunication.eu\/wp-content\/uploads\/2021\/08\/Skandinavien_Uta_Schulz_Veranstaltungen_Titelbild.png","contentUrl":"https:\/\/www.ticommunication.eu\/wp-content\/uploads\/2021\/08\/Skandinavien_Uta_Schulz_Veranstaltungen_Titelbild.png","width":1280,"height":835},{"@type":"BreadcrumbList","@id":"https:\/\/www.ticommunication.eu\/de\/event-details\/impulsworkshop-skandinavien-sie-moechten-den-skandinavischen-markt-erschliessen-den-skandinavischen-markt\/#breadcrumb","itemListElement":[{"@type":"ListItem","position":1,"name":"Startseite","item":"https:\/\/www.ticommunication.eu\/de\/"},{"@type":"ListItem","position":2,"name":"Events","item":"https:\/\/www.ticommunication.eu\/de\/events\/"},{"@type":"ListItem","position":3,"name":"Impulsworkshop Skandinavien: Du m\u00f6chtest den skandinavischen Markt erschlie\u00dfen? Den \u201eskandinavischen Markt\u201c?"}]},{"@type":"WebSite","@id":"https:\/\/https\/\/www.ticommunication.eu\/de\/de\/de\/#website","url":"https:\/\/https\/\/www.ticommunication.eu\/de\/de\/de\/","name":"ticommunication","description":"think inclusively","potentialAction":[{"@type":"SearchAction","target":{"@type":"EntryPoint","urlTemplate":"https:\/\/https\/\/www.ticommunication.eu\/de\/de\/de\/?s={search_term_string}"},"query-input":{"@type":"PropertyValueSpecification","valueRequired":true,"valueName":"search_term_string"}}],"inLanguage":"de"}]}},"ticketed":["rsvp"],"_links":{"self":[{"href":"https:\/\/www.ticommunication.eu\/de\/wp-json\/wp\/v2\/tribe_events\/7488","targetHints":{"allow":["GET"]}}],"collection":[{"href":"https:\/\/www.ticommunication.eu\/de\/wp-json\/wp\/v2\/tribe_events"}],"about":[{"href":"https:\/\/www.ticommunication.eu\/de\/wp-json\/wp\/v2\/types\/tribe_events"}],"author":[{"embeddable":true,"href":"https:\/\/www.ticommunication.eu\/de\/wp-json\/wp\/v2\/users\/2"}],"version-history":[{"count":0,"href":"https:\/\/www.ticommunication.eu\/de\/wp-json\/wp\/v2\/tribe_events\/7488\/revisions"}],"wp:featuredmedia":[{"embeddable":true,"href":"https:\/\/www.ticommunication.eu\/de\/wp-json\/wp\/v2\/media\/12001"}],"wp:attachment":[{"href":"https:\/\/www.ticommunication.eu\/de\/wp-json\/wp\/v2\/media?parent=7488"}],"wp:term":[{"taxonomy":"post_tag","embeddable":true,"href":"https:\/\/www.ticommunication.eu\/de\/wp-json\/wp\/v2\/tags?post=7488"},{"taxonomy":"tribe_events_cat","embeddable":true,"href":"https:\/\/www.ticommunication.eu\/de\/wp-json\/wp\/v2\/tribe_events_cat?post=7488"}],"curies":[{"name":"wp","href":"https:\/\/api.w.org\/{rel}","templated":true}]}}