{"id":6644,"date":"2021-11-03T16:28:50","date_gmt":"2021-11-03T15:28:50","guid":{"rendered":"https:\/\/ticommunication.eu\/?post_type=tribe_events&#038;p=6644"},"modified":"2025-11-19T16:04:29","modified_gmt":"2025-11-19T15:04:29","slug":"agiles-fuehren-entscheiden-und-handeln-in-der-vucad%c2%b2-welt-business-training-fuer-fach-und-fuehrungskraefte","status":"publish","type":"tribe_events","link":"https:\/\/www.ticommunication.eu\/de\/event-details\/agiles-fuehren-entscheiden-und-handeln-in-der-vucad%c2%b2-welt-business-training-fuer-fach-und-fuehrungskraefte\/","title":{"rendered":"Agiles F\u00fchren, Entscheiden und Handeln in der VUCAD\u00b2-Welt: Business Training f\u00fcr Fach- und F\u00fchrungskr\u00e4fte"},"content":{"rendered":"<p><em>\u2018Wachstum und Erfolg im heutigen Markt h\u00e4ngt verst\u00e4rkt von einer Bereitschaft zu Flexibilit\u00e4t und Agilit\u00e4t ab.&#8216;<\/em>\u00a0(Scott M. Graffius, Agile Transformation)<\/p>\n<p>VUCAD\u00b2 ist die Abk\u00fcrzung f\u00fcr <strong>V<\/strong>olatility (unbestimmt, kurzfristig), <strong>U<\/strong>ncertainty, zunehmende <strong>C<\/strong>omplexity und <strong>A<\/strong>mbiguity, (Mehrdeutigkeit), Dynamics &amp; Diversity. VUCAD\u00b2 beschreibt die zunehmende Geschwindigkeit und H\u00e4ufigkeit von Ver\u00e4nderungen als wachsender Bestandteil unseres allt\u00e4glichen Lebens und Berufs. Unternehmen m\u00fcssen sich heutzutage durch\u00a0Flexibilit\u00e4t,\u00a0und\u00a0Agilit\u00e4t\u00a0in der sogenannten\u00a0VUCAD\u00b2-Welt\u00a0behaupten k\u00f6nnen. Wie wir allerdings VUCAD\u00b2 wahrnehmen, wie wir darauf reagieren und was wir tun k\u00f6nnen diese neuen Anforderungen erfolgreich zu meistern, damit befasst sich dieser Workshop.<\/p>\n<p>Mit unserer Expertin Marina Ibrahim lernst Du wie Du mithilfe von agilem Mindset, Lernen, F\u00fchren und Handeln die Agilit\u00e4t Deiner Teams und MitarbeiterInnen aktivieren kannst.<\/p>\n<h4>Inhalte<\/h4>\n<ul>\n<li>VUCAD\u00b2 Auswirkungen auf F\u00fchrungskr\u00e4fte, Teams und Organisationen<\/li>\n<li>F\u00fchrungs- und strategische Planungsf\u00e4higkeiten<\/li>\n<li>Entscheidungsfindung, Beweglichkeit und Anpassungsf\u00e4higkeit<\/li>\n<li>Selbstvertrauen, Zielsetzung &#8211; und Zielerreichung<\/li>\n<li>Agiles &amp; Diverses Lernen<\/li>\n<li>Agile &amp; Diverse Innovations- und Kommunikationskultur (virtuell, hybrid, im B\u00fcro)<\/li>\n<\/ul>\n<h4>Nutzen<\/h4>\n<ul>\n<li>Verbessertes Verst\u00e4ndnis f\u00fcr agile Denk- und Handlungsweisen<\/li>\n<li>Gesteigerte Motivation, Engagement und Zusammenarbeit<\/li>\n<li>Erkennen von Potenzialen\u00a0als agile F\u00fchrungskraft<\/li>\n<li>Mehr Kreativit\u00e4t, Eigenverantwortung und Eigenst\u00e4ndigkeit<\/li>\n<\/ul>\n<h4>Methoden<\/h4>\n<ul>\n<li>Interaktive \u00dcbungen<\/li>\n<li>Video und Audio<\/li>\n<li>Fallbeispiele<\/li>\n<li>Breakout Sessions<\/li>\n<li>Diskussion und Reflexion<\/li>\n<\/ul>\n<h4>Hinweis zu den Zeiten<\/h4>\n<ul>\n<li>Als virtueller Workshop: 9 &#8211; 12 Uhr und 14 &#8211; 17 Uhr<\/li>\n<li>Als Inhouse-Ma\u00dfnahme: 9 &#8211; 17 Uhr inkl. Mittagspause und Kaffeepausen<\/li>\n<\/ul>\n<h4>Teilnehmerzahl: 3 bis max. 10<\/h4>\n<p>Das Training kannst Du als Inhouse-Ma\u00dfnahme oder als virtuelles Training buchen. Bei mehr als zwei Interessenten k\u00f6nnen wir auch ein offenes Training nach Deinen W\u00fcnschen terminieren. Frage unter der untenstehenden Anmeldung nach den M\u00f6glichkeiten.<\/p>\n<p>Trainingssprachen: Deutsch und Englisch.<\/p>\n<p>&nbsp;<\/p>\n","protected":false},"excerpt":{"rendered":"<p>\u2018Wachstum und Erfolg im heutigen Markt h\u00e4ngt verst\u00e4rkt von einer Bereitschaft zu Flexibilit\u00e4t und Agilit\u00e4t ab.&#8216;\u00a0(Scott M. Graffius, Agile Transformation) VUCAD\u00b2 ist die Abk\u00fcrzung f\u00fcr Volatility<span class=\"excerpt-hellip\"> [\u2026]<\/span><\/p>\n","protected":false},"author":2,"featured_media":11896,"template":"","meta":{"_custom_body_class":"","_custom_post_class":"","rs_blank_template":"","rs_page_bg_color":"","slide_template_v7":"","_price":"","_stock":"","_tribe_ticket_header":"","_tribe_default_ticket_provider":"","_tribe_ticket_capacity":"0","_ticket_start_date":"","_ticket_end_date":"","_tribe_ticket_show_description":"","_tribe_ticket_show_not_going":false,"_tribe_ticket_use_global_stock":"","_tribe_ticket_global_stock_level":"","_global_stock_mode":"","_global_stock_cap":"","_tribe_rsvp_for_event":"","_tribe_ticket_going_count":"","_tribe_ticket_not_going_count":"","_tribe_tickets_list":"[]","_tribe_ticket_has_attendee_info_fields":false,"_tribe_events_status":"","_tribe_events_status_reason":"","_tribe_events_is_hybrid":"","_tribe_events_is_virtual":"","_tribe_events_virtual_video_source":"","_tribe_events_virtual_embed_video":"","_tribe_events_virtual_linked_button_text":"","_tribe_events_virtual_linked_button":"","_tribe_events_virtual_show_embed_at":"","_tribe_events_virtual_show_embed_to":[],"_tribe_events_virtual_show_on_event":"","_tribe_events_virtual_show_on_views":"","_tribe_events_virtual_url":"","footnotes":"","_tec_slr_enabled":"","_tec_slr_layout":""},"tags":[35,116,369],"tribe_events_cat":[74,76],"class_list":["post-6644","tribe_events","type-tribe_events","status-publish","has-post-thumbnail","hentry","tag-agilitaet","tag-fuehrung","tag-vucad","tribe_events_cat-agilitaet","tribe_events_cat-fuehrungskraefte","cat_agilitaet","cat_fuehrungskraefte"],"yoast_head":"<!-- This site is optimized with the Yoast SEO plugin v27.3 - https:\/\/yoast.com\/product\/yoast-seo-wordpress\/ -->\n<title>Agiles F\u00fchren, Entscheiden und Handeln in der VUCAD\u00b2-Welt: Business Training f\u00fcr Fach- und F\u00fchrungskr\u00e4fte - ticommunication<\/title>\n<meta name=\"robots\" content=\"index, follow, max-snippet:-1, max-image-preview:large, max-video-preview:-1\" \/>\n<link rel=\"canonical\" href=\"https:\/\/www.ticommunication.eu\/de\/event-details\/agiles-fuehren-entscheiden-und-handeln-in-der-vucad%c2%b2-welt-business-training-fuer-fach-und-fuehrungskraefte\/\" \/>\n<meta property=\"og:locale\" content=\"de_DE\" \/>\n<meta property=\"og:type\" content=\"article\" \/>\n<meta property=\"og:title\" content=\"Agiles F\u00fchren, Entscheiden und Handeln in der VUCAD\u00b2-Welt: Business Training f\u00fcr Fach- und F\u00fchrungskr\u00e4fte - ticommunication\" \/>\n<meta property=\"og:description\" content=\"\u2018Wachstum und Erfolg im heutigen Markt h\u00e4ngt verst\u00e4rkt von einer Bereitschaft zu Flexibilit\u00e4t und Agilit\u00e4t ab.&#8216;\u00a0(Scott M. Graffius, Agile Transformation) VUCAD\u00b2 ist die Abk\u00fcrzung f\u00fcr Volatility [\u2026]\" \/>\n<meta property=\"og:url\" content=\"https:\/\/www.ticommunication.eu\/de\/event-details\/agiles-fuehren-entscheiden-und-handeln-in-der-vucad%c2%b2-welt-business-training-fuer-fach-und-fuehrungskraefte\/\" \/>\n<meta property=\"og:site_name\" content=\"ticommunication\" \/>\n<meta property=\"article:modified_time\" content=\"2025-11-19T15:04:29+00:00\" \/>\n<meta property=\"og:image\" content=\"https:\/\/www.ticommunication.eu\/wp-content\/uploads\/2021\/09\/Agile_Leadership-Marina_Ibrahim_Veranstaltung_Titelbild.png\" \/>\n\t<meta property=\"og:image:width\" content=\"1280\" \/>\n\t<meta property=\"og:image:height\" content=\"835\" \/>\n\t<meta property=\"og:image:type\" content=\"image\/png\" \/>\n<meta name=\"twitter:card\" content=\"summary_large_image\" \/>\n<meta name=\"twitter:label1\" content=\"Gesch\u00e4tzte Lesezeit\" \/>\n\t<meta name=\"twitter:data1\" content=\"2\u00a0Minuten\" \/>\n<script type=\"application\/ld+json\" class=\"yoast-schema-graph\">{\"@context\":\"https:\\\/\\\/schema.org\",\"@graph\":[{\"@type\":\"WebPage\",\"@id\":\"https:\\\/\\\/www.ticommunication.eu\\\/de\\\/event-details\\\/agiles-fuehren-entscheiden-und-handeln-in-der-vucad%c2%b2-welt-business-training-fuer-fach-und-fuehrungskraefte\\\/\",\"url\":\"https:\\\/\\\/www.ticommunication.eu\\\/de\\\/event-details\\\/agiles-fuehren-entscheiden-und-handeln-in-der-vucad%c2%b2-welt-business-training-fuer-fach-und-fuehrungskraefte\\\/\",\"name\":\"Agiles F\u00fchren, Entscheiden und Handeln in der VUCAD\u00b2-Welt: Business Training f\u00fcr Fach- und F\u00fchrungskr\u00e4fte - ticommunication\",\"isPartOf\":{\"@id\":\"https:\\\/\\\/https\\\/\\\/www.ticommunication.eu\\\/de\\\/de\\\/#website\"},\"primaryImageOfPage\":{\"@id\":\"https:\\\/\\\/www.ticommunication.eu\\\/de\\\/event-details\\\/agiles-fuehren-entscheiden-und-handeln-in-der-vucad%c2%b2-welt-business-training-fuer-fach-und-fuehrungskraefte\\\/#primaryimage\"},\"image\":{\"@id\":\"https:\\\/\\\/www.ticommunication.eu\\\/de\\\/event-details\\\/agiles-fuehren-entscheiden-und-handeln-in-der-vucad%c2%b2-welt-business-training-fuer-fach-und-fuehrungskraefte\\\/#primaryimage\"},\"thumbnailUrl\":\"https:\\\/\\\/www.ticommunication.eu\\\/wp-content\\\/uploads\\\/2021\\\/09\\\/Agile_Leadership-Marina_Ibrahim_Veranstaltung_Titelbild.png\",\"datePublished\":\"2021-11-03T15:28:50+00:00\",\"dateModified\":\"2025-11-19T15:04:29+00:00\",\"breadcrumb\":{\"@id\":\"https:\\\/\\\/www.ticommunication.eu\\\/de\\\/event-details\\\/agiles-fuehren-entscheiden-und-handeln-in-der-vucad%c2%b2-welt-business-training-fuer-fach-und-fuehrungskraefte\\\/#breadcrumb\"},\"inLanguage\":\"de\",\"potentialAction\":[{\"@type\":\"ReadAction\",\"target\":[\"https:\\\/\\\/www.ticommunication.eu\\\/de\\\/event-details\\\/agiles-fuehren-entscheiden-und-handeln-in-der-vucad%c2%b2-welt-business-training-fuer-fach-und-fuehrungskraefte\\\/\"]}]},{\"@type\":\"ImageObject\",\"inLanguage\":\"de\",\"@id\":\"https:\\\/\\\/www.ticommunication.eu\\\/de\\\/event-details\\\/agiles-fuehren-entscheiden-und-handeln-in-der-vucad%c2%b2-welt-business-training-fuer-fach-und-fuehrungskraefte\\\/#primaryimage\",\"url\":\"https:\\\/\\\/www.ticommunication.eu\\\/wp-content\\\/uploads\\\/2021\\\/09\\\/Agile_Leadership-Marina_Ibrahim_Veranstaltung_Titelbild.png\",\"contentUrl\":\"https:\\\/\\\/www.ticommunication.eu\\\/wp-content\\\/uploads\\\/2021\\\/09\\\/Agile_Leadership-Marina_Ibrahim_Veranstaltung_Titelbild.png\",\"width\":1280,\"height\":835},{\"@type\":\"BreadcrumbList\",\"@id\":\"https:\\\/\\\/www.ticommunication.eu\\\/de\\\/event-details\\\/agiles-fuehren-entscheiden-und-handeln-in-der-vucad%c2%b2-welt-business-training-fuer-fach-und-fuehrungskraefte\\\/#breadcrumb\",\"itemListElement\":[{\"@type\":\"ListItem\",\"position\":1,\"name\":\"Startseite\",\"item\":\"https:\\\/\\\/www.ticommunication.eu\\\/de\\\/\"},{\"@type\":\"ListItem\",\"position\":2,\"name\":\"Events\",\"item\":\"https:\\\/\\\/www.ticommunication.eu\\\/de\\\/events\\\/\"},{\"@type\":\"ListItem\",\"position\":3,\"name\":\"Agiles F\u00fchren, Entscheiden und Handeln in der VUCAD\u00b2-Welt: Business Training f\u00fcr Fach- und F\u00fchrungskr\u00e4fte\"}]},{\"@type\":\"WebSite\",\"@id\":\"https:\\\/\\\/https\\\/\\\/www.ticommunication.eu\\\/de\\\/de\\\/#website\",\"url\":\"https:\\\/\\\/https\\\/\\\/www.ticommunication.eu\\\/de\\\/de\\\/\",\"name\":\"ticommunication\",\"description\":\"think inclusively\",\"potentialAction\":[{\"@type\":\"SearchAction\",\"target\":{\"@type\":\"EntryPoint\",\"urlTemplate\":\"https:\\\/\\\/https\\\/\\\/www.ticommunication.eu\\\/de\\\/de\\\/?s={search_term_string}\"},\"query-input\":{\"@type\":\"PropertyValueSpecification\",\"valueRequired\":true,\"valueName\":\"search_term_string\"}}],\"inLanguage\":\"de\"}]}<\/script>\n<!-- \/ Yoast SEO plugin. -->","yoast_head_json":{"title":"Agiles F\u00fchren, Entscheiden und Handeln in der VUCAD\u00b2-Welt: Business Training f\u00fcr Fach- und F\u00fchrungskr\u00e4fte - ticommunication","robots":{"index":"index","follow":"follow","max-snippet":"max-snippet:-1","max-image-preview":"max-image-preview:large","max-video-preview":"max-video-preview:-1"},"canonical":"https:\/\/www.ticommunication.eu\/de\/event-details\/agiles-fuehren-entscheiden-und-handeln-in-der-vucad%c2%b2-welt-business-training-fuer-fach-und-fuehrungskraefte\/","og_locale":"de_DE","og_type":"article","og_title":"Agiles F\u00fchren, Entscheiden und Handeln in der VUCAD\u00b2-Welt: Business Training f\u00fcr Fach- und F\u00fchrungskr\u00e4fte - ticommunication","og_description":"\u2018Wachstum und Erfolg im heutigen Markt h\u00e4ngt verst\u00e4rkt von einer Bereitschaft zu Flexibilit\u00e4t und Agilit\u00e4t ab.&#8216;\u00a0(Scott M. Graffius, Agile Transformation) VUCAD\u00b2 ist die Abk\u00fcrzung f\u00fcr Volatility [\u2026]","og_url":"https:\/\/www.ticommunication.eu\/de\/event-details\/agiles-fuehren-entscheiden-und-handeln-in-der-vucad%c2%b2-welt-business-training-fuer-fach-und-fuehrungskraefte\/","og_site_name":"ticommunication","article_modified_time":"2025-11-19T15:04:29+00:00","og_image":[{"width":1280,"height":835,"url":"https:\/\/www.ticommunication.eu\/wp-content\/uploads\/2021\/09\/Agile_Leadership-Marina_Ibrahim_Veranstaltung_Titelbild.png","type":"image\/png"}],"twitter_card":"summary_large_image","twitter_misc":{"Gesch\u00e4tzte Lesezeit":"2\u00a0Minuten"},"schema":{"@context":"https:\/\/schema.org","@graph":[{"@type":"WebPage","@id":"https:\/\/www.ticommunication.eu\/de\/event-details\/agiles-fuehren-entscheiden-und-handeln-in-der-vucad%c2%b2-welt-business-training-fuer-fach-und-fuehrungskraefte\/","url":"https:\/\/www.ticommunication.eu\/de\/event-details\/agiles-fuehren-entscheiden-und-handeln-in-der-vucad%c2%b2-welt-business-training-fuer-fach-und-fuehrungskraefte\/","name":"Agiles F\u00fchren, Entscheiden und Handeln in der VUCAD\u00b2-Welt: Business Training f\u00fcr Fach- und F\u00fchrungskr\u00e4fte - ticommunication","isPartOf":{"@id":"https:\/\/https\/\/www.ticommunication.eu\/de\/de\/de\/#website"},"primaryImageOfPage":{"@id":"https:\/\/www.ticommunication.eu\/de\/event-details\/agiles-fuehren-entscheiden-und-handeln-in-der-vucad%c2%b2-welt-business-training-fuer-fach-und-fuehrungskraefte\/#primaryimage"},"image":{"@id":"https:\/\/www.ticommunication.eu\/de\/event-details\/agiles-fuehren-entscheiden-und-handeln-in-der-vucad%c2%b2-welt-business-training-fuer-fach-und-fuehrungskraefte\/#primaryimage"},"thumbnailUrl":"https:\/\/www.ticommunication.eu\/wp-content\/uploads\/2021\/09\/Agile_Leadership-Marina_Ibrahim_Veranstaltung_Titelbild.png","datePublished":"2021-11-03T15:28:50+00:00","dateModified":"2025-11-19T15:04:29+00:00","breadcrumb":{"@id":"https:\/\/www.ticommunication.eu\/de\/event-details\/agiles-fuehren-entscheiden-und-handeln-in-der-vucad%c2%b2-welt-business-training-fuer-fach-und-fuehrungskraefte\/#breadcrumb"},"inLanguage":"de","potentialAction":[{"@type":"ReadAction","target":["https:\/\/www.ticommunication.eu\/de\/event-details\/agiles-fuehren-entscheiden-und-handeln-in-der-vucad%c2%b2-welt-business-training-fuer-fach-und-fuehrungskraefte\/"]}]},{"@type":"ImageObject","inLanguage":"de","@id":"https:\/\/www.ticommunication.eu\/de\/event-details\/agiles-fuehren-entscheiden-und-handeln-in-der-vucad%c2%b2-welt-business-training-fuer-fach-und-fuehrungskraefte\/#primaryimage","url":"https:\/\/www.ticommunication.eu\/wp-content\/uploads\/2021\/09\/Agile_Leadership-Marina_Ibrahim_Veranstaltung_Titelbild.png","contentUrl":"https:\/\/www.ticommunication.eu\/wp-content\/uploads\/2021\/09\/Agile_Leadership-Marina_Ibrahim_Veranstaltung_Titelbild.png","width":1280,"height":835},{"@type":"BreadcrumbList","@id":"https:\/\/www.ticommunication.eu\/de\/event-details\/agiles-fuehren-entscheiden-und-handeln-in-der-vucad%c2%b2-welt-business-training-fuer-fach-und-fuehrungskraefte\/#breadcrumb","itemListElement":[{"@type":"ListItem","position":1,"name":"Startseite","item":"https:\/\/www.ticommunication.eu\/de\/"},{"@type":"ListItem","position":2,"name":"Events","item":"https:\/\/www.ticommunication.eu\/de\/events\/"},{"@type":"ListItem","position":3,"name":"Agiles F\u00fchren, Entscheiden und Handeln in der VUCAD\u00b2-Welt: Business Training f\u00fcr Fach- und F\u00fchrungskr\u00e4fte"}]},{"@type":"WebSite","@id":"https:\/\/https\/\/www.ticommunication.eu\/de\/de\/de\/#website","url":"https:\/\/https\/\/www.ticommunication.eu\/de\/de\/de\/","name":"ticommunication","description":"think inclusively","potentialAction":[{"@type":"SearchAction","target":{"@type":"EntryPoint","urlTemplate":"https:\/\/https\/\/www.ticommunication.eu\/de\/de\/de\/?s={search_term_string}"},"query-input":{"@type":"PropertyValueSpecification","valueRequired":true,"valueName":"search_term_string"}}],"inLanguage":"de"}]}},"ticketed":["rsvp"],"_links":{"self":[{"href":"https:\/\/www.ticommunication.eu\/de\/wp-json\/wp\/v2\/tribe_events\/6644","targetHints":{"allow":["GET"]}}],"collection":[{"href":"https:\/\/www.ticommunication.eu\/de\/wp-json\/wp\/v2\/tribe_events"}],"about":[{"href":"https:\/\/www.ticommunication.eu\/de\/wp-json\/wp\/v2\/types\/tribe_events"}],"author":[{"embeddable":true,"href":"https:\/\/www.ticommunication.eu\/de\/wp-json\/wp\/v2\/users\/2"}],"version-history":[{"count":0,"href":"https:\/\/www.ticommunication.eu\/de\/wp-json\/wp\/v2\/tribe_events\/6644\/revisions"}],"wp:featuredmedia":[{"embeddable":true,"href":"https:\/\/www.ticommunication.eu\/de\/wp-json\/wp\/v2\/media\/11896"}],"wp:attachment":[{"href":"https:\/\/www.ticommunication.eu\/de\/wp-json\/wp\/v2\/media?parent=6644"}],"wp:term":[{"taxonomy":"post_tag","embeddable":true,"href":"https:\/\/www.ticommunication.eu\/de\/wp-json\/wp\/v2\/tags?post=6644"},{"taxonomy":"tribe_events_cat","embeddable":true,"href":"https:\/\/www.ticommunication.eu\/de\/wp-json\/wp\/v2\/tribe_events_cat?post=6644"}],"curies":[{"name":"wp","href":"https:\/\/api.w.org\/{rel}","templated":true}]}}