{"id":6605,"date":"2021-11-02T16:25:38","date_gmt":"2021-11-02T15:25:38","guid":{"rendered":"https:\/\/ticommunication.eu\/?post_type=tribe_events&#038;p=6605"},"modified":"2025-11-19T15:05:41","modified_gmt":"2025-11-19T14:05:41","slug":"die-schiitische-achse-iran-irak-syrien-der-libanon-ein-impuls-in-60-bis-90-minuten","status":"publish","type":"tribe_events","link":"https:\/\/www.ticommunication.eu\/de\/event-details\/die-schiitische-achse-iran-irak-syrien-der-libanon-ein-impuls-in-60-bis-90-minuten\/","title":{"rendered":"Die \u201eschiitische Achse\u201c \u2013 Iran, Irak, Syrien &#038; der Libanon | Ein Impuls in 60 bis 90 Minuten"},"content":{"rendered":"<p>Geopolitische Ereignisse beeinflussen den Kontext, in dem Unternehmen gedeihen und sich entwickeln k\u00f6nnen, und auch wie unsere Gesch\u00e4ftspartner leben und arbeiten. Wenn wir sie verstehen wollen, um besser mit ihnen arbeiten zu k\u00f6nnen, m\u00fcssen wir verstehen, woher sie kommen und welche Feinheiten ihre Welt im globalen Kontext hat.<\/p>\n<p>Die 1979 Islamische Revolution in Iran hat die Machtverteilung im Nahen- und Mittleren Osten drastisch ge\u00e4ndert, und einen Wettbewerb mit dem Arabischen Schwergewicht im Persischen Golf, Saudi Arabien, entfacht. Mit Hilfe der libanesischen Hisbollah hat die Regierung der Ayatollahs erfolgreich eine \u201eschiitische Achse\u201c gebildet, die sich \u00fcber den Irak, Syrien und Libanon streckt, und neue M\u00e4rkte f\u00fcr den von westlichen Sanktionen schwer betroffenen Iran, ge\u00f6ffnet.<\/p>\n<p>Wie \u00e4ndert sich dadurch die Region, welche Rolle werden die USA und Russland in Zukunft dort spielen, und was f\u00fcr Auswirkungen haben diese Entwicklungen auf den wirtschaftliche Beziehungen?<\/p>\n<p>In einer virtuellen Sitzung von 60 bis 90 Minuten k\u00f6nnen die Teilnehmer*innen dieses spezifische Thema behandeln. Auf die Pr\u00e4sentation folgen Fragen und Antworten, und es werden \u00dcbungen zum Testen und Festigen von Wissen bereitgestellt.<\/p>\n<p>Arbeitssprachen sind Englisch, Franz\u00f6sisch, Deutsch und Arabisch.<\/p>\n<h4>Teilnehmerzahl: 5-30<\/h4>\n<p>&nbsp;<\/p>\n","protected":false},"excerpt":{"rendered":"<p>Geopolitische Ereignisse beeinflussen den Kontext, in dem Unternehmen gedeihen und sich entwickeln k\u00f6nnen, und auch wie unsere Gesch\u00e4ftspartner leben und arbeiten. Wenn wir sie verstehen wollen,<span class=\"excerpt-hellip\"> [\u2026]<\/span><\/p>\n","protected":false},"author":2,"featured_media":12029,"template":"","meta":{"_custom_body_class":"","_custom_post_class":"","rs_blank_template":"","rs_page_bg_color":"","slide_template_v7":"","_price":"","_stock":"","_tribe_ticket_header":"","_tribe_default_ticket_provider":"","_tribe_ticket_capacity":"0","_ticket_start_date":"","_ticket_end_date":"","_tribe_ticket_show_description":"","_tribe_ticket_show_not_going":false,"_tribe_ticket_use_global_stock":"","_tribe_ticket_global_stock_level":"","_global_stock_mode":"","_global_stock_cap":"","_tribe_rsvp_for_event":"","_tribe_ticket_going_count":"","_tribe_ticket_not_going_count":"","_tribe_tickets_list":"[]","_tribe_ticket_has_attendee_info_fields":false,"_tribe_events_status":"","_tribe_events_status_reason":"","_tribe_events_is_hybrid":"","_tribe_events_is_virtual":"","_tribe_events_virtual_video_source":"","_tribe_events_virtual_embed_video":"","_tribe_events_virtual_linked_button_text":"","_tribe_events_virtual_linked_button":"","_tribe_events_virtual_show_embed_at":"","_tribe_events_virtual_show_embed_to":[],"_tribe_events_virtual_show_on_event":"","_tribe_events_virtual_show_on_views":"","_tribe_events_virtual_url":"","footnotes":"","_tec_slr_enabled":"","_tec_slr_layout":""},"tags":[442,441,444,443],"tribe_events_cat":[72],"class_list":["post-6605","tribe_events","type-tribe_events","status-publish","has-post-thumbnail","hentry","tag-irak","tag-iran","tag-libanon","tag-syrien","tribe_events_cat-interkulturelle-kompetenz","cat_interkulturelle-kompetenz"],"yoast_head":"<!-- This site is optimized with the Yoast SEO plugin v27.3 - https:\/\/yoast.com\/product\/yoast-seo-wordpress\/ -->\n<title>Die \u201eschiitische Achse\u201c \u2013 Iran, Irak, Syrien &amp; der Libanon | Ein Impuls in 60 bis 90 Minuten - ticommunication<\/title>\n<meta name=\"robots\" content=\"index, follow, max-snippet:-1, max-image-preview:large, max-video-preview:-1\" \/>\n<link rel=\"canonical\" href=\"https:\/\/www.ticommunication.eu\/de\/event-details\/die-schiitische-achse-iran-irak-syrien-der-libanon-ein-impuls-in-60-bis-90-minuten\/\" \/>\n<meta property=\"og:locale\" content=\"de_DE\" \/>\n<meta property=\"og:type\" content=\"article\" \/>\n<meta property=\"og:title\" content=\"Die \u201eschiitische Achse\u201c \u2013 Iran, Irak, Syrien &amp; der Libanon | Ein Impuls in 60 bis 90 Minuten - ticommunication\" \/>\n<meta property=\"og:description\" content=\"Geopolitische Ereignisse beeinflussen den Kontext, in dem Unternehmen gedeihen und sich entwickeln k\u00f6nnen, und auch wie unsere Gesch\u00e4ftspartner leben und arbeiten. Wenn wir sie verstehen wollen, [\u2026]\" \/>\n<meta property=\"og:url\" content=\"https:\/\/www.ticommunication.eu\/de\/event-details\/die-schiitische-achse-iran-irak-syrien-der-libanon-ein-impuls-in-60-bis-90-minuten\/\" \/>\n<meta property=\"og:site_name\" content=\"ticommunication\" \/>\n<meta property=\"article:modified_time\" content=\"2025-11-19T14:05:41+00:00\" \/>\n<meta property=\"og:image\" content=\"https:\/\/www.ticommunication.eu\/wp-content\/uploads\/2021\/11\/schiitische_Achse_Iran_Irak_Syrien_Libanon_Zeina_Matar_Veranstaltung_Titelbild.png\" \/>\n\t<meta property=\"og:image:width\" content=\"1280\" \/>\n\t<meta property=\"og:image:height\" content=\"835\" \/>\n\t<meta property=\"og:image:type\" content=\"image\/png\" \/>\n<meta name=\"twitter:card\" content=\"summary_large_image\" \/>\n<meta name=\"twitter:label1\" content=\"Gesch\u00e4tzte Lesezeit\" \/>\n\t<meta name=\"twitter:data1\" content=\"2\u00a0Minuten\" \/>\n<script type=\"application\/ld+json\" class=\"yoast-schema-graph\">{\"@context\":\"https:\\\/\\\/schema.org\",\"@graph\":[{\"@type\":\"WebPage\",\"@id\":\"https:\\\/\\\/www.ticommunication.eu\\\/de\\\/event-details\\\/die-schiitische-achse-iran-irak-syrien-der-libanon-ein-impuls-in-60-bis-90-minuten\\\/\",\"url\":\"https:\\\/\\\/www.ticommunication.eu\\\/de\\\/event-details\\\/die-schiitische-achse-iran-irak-syrien-der-libanon-ein-impuls-in-60-bis-90-minuten\\\/\",\"name\":\"Die \u201eschiitische Achse\u201c \u2013 Iran, Irak, Syrien & der Libanon | Ein Impuls in 60 bis 90 Minuten - ticommunication\",\"isPartOf\":{\"@id\":\"https:\\\/\\\/https\\\/\\\/www.ticommunication.eu\\\/de\\\/de\\\/#website\"},\"primaryImageOfPage\":{\"@id\":\"https:\\\/\\\/www.ticommunication.eu\\\/de\\\/event-details\\\/die-schiitische-achse-iran-irak-syrien-der-libanon-ein-impuls-in-60-bis-90-minuten\\\/#primaryimage\"},\"image\":{\"@id\":\"https:\\\/\\\/www.ticommunication.eu\\\/de\\\/event-details\\\/die-schiitische-achse-iran-irak-syrien-der-libanon-ein-impuls-in-60-bis-90-minuten\\\/#primaryimage\"},\"thumbnailUrl\":\"https:\\\/\\\/www.ticommunication.eu\\\/wp-content\\\/uploads\\\/2021\\\/11\\\/schiitische_Achse_Iran_Irak_Syrien_Libanon_Zeina_Matar_Veranstaltung_Titelbild.png\",\"datePublished\":\"2021-11-02T15:25:38+00:00\",\"dateModified\":\"2025-11-19T14:05:41+00:00\",\"breadcrumb\":{\"@id\":\"https:\\\/\\\/www.ticommunication.eu\\\/de\\\/event-details\\\/die-schiitische-achse-iran-irak-syrien-der-libanon-ein-impuls-in-60-bis-90-minuten\\\/#breadcrumb\"},\"inLanguage\":\"de\",\"potentialAction\":[{\"@type\":\"ReadAction\",\"target\":[\"https:\\\/\\\/www.ticommunication.eu\\\/de\\\/event-details\\\/die-schiitische-achse-iran-irak-syrien-der-libanon-ein-impuls-in-60-bis-90-minuten\\\/\"]}]},{\"@type\":\"ImageObject\",\"inLanguage\":\"de\",\"@id\":\"https:\\\/\\\/www.ticommunication.eu\\\/de\\\/event-details\\\/die-schiitische-achse-iran-irak-syrien-der-libanon-ein-impuls-in-60-bis-90-minuten\\\/#primaryimage\",\"url\":\"https:\\\/\\\/www.ticommunication.eu\\\/wp-content\\\/uploads\\\/2021\\\/11\\\/schiitische_Achse_Iran_Irak_Syrien_Libanon_Zeina_Matar_Veranstaltung_Titelbild.png\",\"contentUrl\":\"https:\\\/\\\/www.ticommunication.eu\\\/wp-content\\\/uploads\\\/2021\\\/11\\\/schiitische_Achse_Iran_Irak_Syrien_Libanon_Zeina_Matar_Veranstaltung_Titelbild.png\",\"width\":1280,\"height\":835},{\"@type\":\"BreadcrumbList\",\"@id\":\"https:\\\/\\\/www.ticommunication.eu\\\/de\\\/event-details\\\/die-schiitische-achse-iran-irak-syrien-der-libanon-ein-impuls-in-60-bis-90-minuten\\\/#breadcrumb\",\"itemListElement\":[{\"@type\":\"ListItem\",\"position\":1,\"name\":\"Startseite\",\"item\":\"https:\\\/\\\/www.ticommunication.eu\\\/de\\\/\"},{\"@type\":\"ListItem\",\"position\":2,\"name\":\"Events\",\"item\":\"https:\\\/\\\/www.ticommunication.eu\\\/de\\\/events\\\/\"},{\"@type\":\"ListItem\",\"position\":3,\"name\":\"Die \u201eschiitische Achse\u201c \u2013 Iran, Irak, Syrien &#038; der Libanon | Ein Impuls in 60 bis 90 Minuten\"}]},{\"@type\":\"WebSite\",\"@id\":\"https:\\\/\\\/https\\\/\\\/www.ticommunication.eu\\\/de\\\/de\\\/#website\",\"url\":\"https:\\\/\\\/https\\\/\\\/www.ticommunication.eu\\\/de\\\/de\\\/\",\"name\":\"ticommunication\",\"description\":\"think inclusively\",\"potentialAction\":[{\"@type\":\"SearchAction\",\"target\":{\"@type\":\"EntryPoint\",\"urlTemplate\":\"https:\\\/\\\/https\\\/\\\/www.ticommunication.eu\\\/de\\\/de\\\/?s={search_term_string}\"},\"query-input\":{\"@type\":\"PropertyValueSpecification\",\"valueRequired\":true,\"valueName\":\"search_term_string\"}}],\"inLanguage\":\"de\"}]}<\/script>\n<!-- \/ Yoast SEO plugin. -->","yoast_head_json":{"title":"Die \u201eschiitische Achse\u201c \u2013 Iran, Irak, Syrien & der Libanon | Ein Impuls in 60 bis 90 Minuten - ticommunication","robots":{"index":"index","follow":"follow","max-snippet":"max-snippet:-1","max-image-preview":"max-image-preview:large","max-video-preview":"max-video-preview:-1"},"canonical":"https:\/\/www.ticommunication.eu\/de\/event-details\/die-schiitische-achse-iran-irak-syrien-der-libanon-ein-impuls-in-60-bis-90-minuten\/","og_locale":"de_DE","og_type":"article","og_title":"Die \u201eschiitische Achse\u201c \u2013 Iran, Irak, Syrien & der Libanon | Ein Impuls in 60 bis 90 Minuten - ticommunication","og_description":"Geopolitische Ereignisse beeinflussen den Kontext, in dem Unternehmen gedeihen und sich entwickeln k\u00f6nnen, und auch wie unsere Gesch\u00e4ftspartner leben und arbeiten. Wenn wir sie verstehen wollen, [\u2026]","og_url":"https:\/\/www.ticommunication.eu\/de\/event-details\/die-schiitische-achse-iran-irak-syrien-der-libanon-ein-impuls-in-60-bis-90-minuten\/","og_site_name":"ticommunication","article_modified_time":"2025-11-19T14:05:41+00:00","og_image":[{"width":1280,"height":835,"url":"https:\/\/www.ticommunication.eu\/wp-content\/uploads\/2021\/11\/schiitische_Achse_Iran_Irak_Syrien_Libanon_Zeina_Matar_Veranstaltung_Titelbild.png","type":"image\/png"}],"twitter_card":"summary_large_image","twitter_misc":{"Gesch\u00e4tzte Lesezeit":"2\u00a0Minuten"},"schema":{"@context":"https:\/\/schema.org","@graph":[{"@type":"WebPage","@id":"https:\/\/www.ticommunication.eu\/de\/event-details\/die-schiitische-achse-iran-irak-syrien-der-libanon-ein-impuls-in-60-bis-90-minuten\/","url":"https:\/\/www.ticommunication.eu\/de\/event-details\/die-schiitische-achse-iran-irak-syrien-der-libanon-ein-impuls-in-60-bis-90-minuten\/","name":"Die \u201eschiitische Achse\u201c \u2013 Iran, Irak, Syrien & der Libanon | Ein Impuls in 60 bis 90 Minuten - ticommunication","isPartOf":{"@id":"https:\/\/https\/\/www.ticommunication.eu\/de\/de\/de\/#website"},"primaryImageOfPage":{"@id":"https:\/\/www.ticommunication.eu\/de\/event-details\/die-schiitische-achse-iran-irak-syrien-der-libanon-ein-impuls-in-60-bis-90-minuten\/#primaryimage"},"image":{"@id":"https:\/\/www.ticommunication.eu\/de\/event-details\/die-schiitische-achse-iran-irak-syrien-der-libanon-ein-impuls-in-60-bis-90-minuten\/#primaryimage"},"thumbnailUrl":"https:\/\/www.ticommunication.eu\/wp-content\/uploads\/2021\/11\/schiitische_Achse_Iran_Irak_Syrien_Libanon_Zeina_Matar_Veranstaltung_Titelbild.png","datePublished":"2021-11-02T15:25:38+00:00","dateModified":"2025-11-19T14:05:41+00:00","breadcrumb":{"@id":"https:\/\/www.ticommunication.eu\/de\/event-details\/die-schiitische-achse-iran-irak-syrien-der-libanon-ein-impuls-in-60-bis-90-minuten\/#breadcrumb"},"inLanguage":"de","potentialAction":[{"@type":"ReadAction","target":["https:\/\/www.ticommunication.eu\/de\/event-details\/die-schiitische-achse-iran-irak-syrien-der-libanon-ein-impuls-in-60-bis-90-minuten\/"]}]},{"@type":"ImageObject","inLanguage":"de","@id":"https:\/\/www.ticommunication.eu\/de\/event-details\/die-schiitische-achse-iran-irak-syrien-der-libanon-ein-impuls-in-60-bis-90-minuten\/#primaryimage","url":"https:\/\/www.ticommunication.eu\/wp-content\/uploads\/2021\/11\/schiitische_Achse_Iran_Irak_Syrien_Libanon_Zeina_Matar_Veranstaltung_Titelbild.png","contentUrl":"https:\/\/www.ticommunication.eu\/wp-content\/uploads\/2021\/11\/schiitische_Achse_Iran_Irak_Syrien_Libanon_Zeina_Matar_Veranstaltung_Titelbild.png","width":1280,"height":835},{"@type":"BreadcrumbList","@id":"https:\/\/www.ticommunication.eu\/de\/event-details\/die-schiitische-achse-iran-irak-syrien-der-libanon-ein-impuls-in-60-bis-90-minuten\/#breadcrumb","itemListElement":[{"@type":"ListItem","position":1,"name":"Startseite","item":"https:\/\/www.ticommunication.eu\/de\/"},{"@type":"ListItem","position":2,"name":"Events","item":"https:\/\/www.ticommunication.eu\/de\/events\/"},{"@type":"ListItem","position":3,"name":"Die \u201eschiitische Achse\u201c \u2013 Iran, Irak, Syrien &#038; der Libanon | Ein Impuls in 60 bis 90 Minuten"}]},{"@type":"WebSite","@id":"https:\/\/https\/\/www.ticommunication.eu\/de\/de\/de\/#website","url":"https:\/\/https\/\/www.ticommunication.eu\/de\/de\/de\/","name":"ticommunication","description":"think inclusively","potentialAction":[{"@type":"SearchAction","target":{"@type":"EntryPoint","urlTemplate":"https:\/\/https\/\/www.ticommunication.eu\/de\/de\/de\/?s={search_term_string}"},"query-input":{"@type":"PropertyValueSpecification","valueRequired":true,"valueName":"search_term_string"}}],"inLanguage":"de"}]}},"ticketed":["rsvp"],"_links":{"self":[{"href":"https:\/\/www.ticommunication.eu\/de\/wp-json\/wp\/v2\/tribe_events\/6605","targetHints":{"allow":["GET"]}}],"collection":[{"href":"https:\/\/www.ticommunication.eu\/de\/wp-json\/wp\/v2\/tribe_events"}],"about":[{"href":"https:\/\/www.ticommunication.eu\/de\/wp-json\/wp\/v2\/types\/tribe_events"}],"author":[{"embeddable":true,"href":"https:\/\/www.ticommunication.eu\/de\/wp-json\/wp\/v2\/users\/2"}],"version-history":[{"count":0,"href":"https:\/\/www.ticommunication.eu\/de\/wp-json\/wp\/v2\/tribe_events\/6605\/revisions"}],"wp:featuredmedia":[{"embeddable":true,"href":"https:\/\/www.ticommunication.eu\/de\/wp-json\/wp\/v2\/media\/12029"}],"wp:attachment":[{"href":"https:\/\/www.ticommunication.eu\/de\/wp-json\/wp\/v2\/media?parent=6605"}],"wp:term":[{"taxonomy":"post_tag","embeddable":true,"href":"https:\/\/www.ticommunication.eu\/de\/wp-json\/wp\/v2\/tags?post=6605"},{"taxonomy":"tribe_events_cat","embeddable":true,"href":"https:\/\/www.ticommunication.eu\/de\/wp-json\/wp\/v2\/tribe_events_cat?post=6605"}],"curies":[{"name":"wp","href":"https:\/\/api.w.org\/{rel}","templated":true}]}}