{"id":644,"date":"2021-03-12T09:30:32","date_gmt":"2021-03-12T08:30:32","guid":{"rendered":"https:\/\/ticommunication.eu\/?post_type=tribe_events&#038;p=644"},"modified":"2025-11-13T10:28:45","modified_gmt":"2025-11-13T09:28:45","slug":"die-situation-ist-hoffnungslos-aber-nicht-ernst-als-expat-in-oesterreich-auch-digital-leben-und-arbeiten-2","status":"publish","type":"tribe_events","link":"https:\/\/www.ticommunication.eu\/de\/event-details\/die-situation-ist-hoffnungslos-aber-nicht-ernst-als-expat-in-oesterreich-auch-digital-leben-und-arbeiten-2\/","title":{"rendered":"Die Situation ist hoffnungslos, aber nicht ernst: Als Expat in \u00d6sterreich &#8211; auch digital &#8211; leben und arbeiten"},"content":{"rendered":"<div class=\"col-sm-10\">\n<p>Egal ob Du mit \u00d6sterreicher*innen oder in \u00d6sterreich arbeiten. Es ist immer gleichzeitig Chance und Herausforderung. Denn wer und wie sind \u201cdie \u00d6sterreicher*innen\u201d? So manche\/r von ihnen sieht sich z.B. mehr als Tiroler*in oder gar als Schweizer*in&#8230;. Dazu kommen noch die Dialekte! Diese sind oft selbst f\u00fcr geborene \u00d6sterreicher*innen eine Herausforderung.<\/p>\n<p>Feinheiten zu erkennen, stellt eine spannende und oft auch am\u00fcsante kulturelle Reise durch die Alpenrepublik dar. Privater Kontakt und speziell wirtschaftliche Zusammenarbeit sollten gut vorbereitet sein. Dabei hilft Dir dieses Onlineseminar. Speziell in VUCAD\u00b2-Zeiten!<\/p>\n<\/div>\n<h4>Nutzen<\/h4>\n<div class=\"col-sm-10\">\n<ul>\n<li>Bewusstsein f\u00fcr kulturelle, wirtschaftliche und soziale Aspekte<\/li>\n<li>Sensibilisierung f\u00fcr Kriterien erfolgreicher Zusammenarbeit<\/li>\n<li>Verringerung eines m\u00f6glichen Kulturschocks<\/li>\n<li>Erfolgreiche und effiziente Zielerreichung<\/li>\n<\/ul>\n<h4><span style=\"font-size: 21px;\">Methoden<\/span><\/h4>\n<\/div>\n<div class=\"col-sm-10\">\n<ul>\n<li>Interaktive \u00dcbungen<\/li>\n<li>Nutzung von Breakout Sessions f\u00fcr Gruppen\u00fcbungen<\/li>\n<li>Analyse von Fallbeispielen<\/li>\n<li>Erfahrungsaustausch und Diskussion zwischen den Teilnehmenden<\/li>\n<\/ul>\n<h4>Hinweis zu den Zeiten<\/h4>\n<ul>\n<li>Als virtueller Workshop: 9 &#8211; 12 Uhr und 14 &#8211; 17 Uhr<\/li>\n<li>Als Inhouse-Ma\u00dfnahme: 9 &#8211; 17 Uhr inkl. Mittagspause und Kaffeepausen<\/li>\n<\/ul>\n<h4>Teilnehmerzahl: 3 bis max. 10<\/h4>\n<p>Das Training kannst Du als Inhouse-Ma\u00dfnahme oder als virtuelles Training buchen. Bei mehr als zwei Interessenten k\u00f6nnen wir auch ein offenes Training nach Deinen W\u00fcnschen terminieren. Frage unter der untenstehenden Anmeldung nach den M\u00f6glichkeiten.<\/p>\n<p>Trainingssprachen: Deutsch und Englisch.<\/p>\n<\/div>\n","protected":false},"excerpt":{"rendered":"<p>Egal ob Du mit \u00d6sterreicher*innen oder in \u00d6sterreich arbeiten. Es ist immer gleichzeitig Chance und Herausforderung. Denn wer und wie sind \u201cdie \u00d6sterreicher*innen\u201d? So manche\/r von<span class=\"excerpt-hellip\"> [\u2026]<\/span><\/p>\n","protected":false},"author":2,"featured_media":11999,"template":"","meta":{"_custom_body_class":"","_custom_post_class":"","rs_blank_template":"","rs_page_bg_color":"","slide_template_v7":"","_price":"","_stock":"","_tribe_ticket_header":"","_tribe_default_ticket_provider":"","_tribe_ticket_capacity":"0","_ticket_start_date":"","_ticket_end_date":"","_tribe_ticket_show_description":"","_tribe_ticket_show_not_going":false,"_tribe_ticket_use_global_stock":"","_tribe_ticket_global_stock_level":"","_global_stock_mode":"","_global_stock_cap":"","_tribe_rsvp_for_event":"","_tribe_ticket_going_count":"","_tribe_ticket_not_going_count":"","_tribe_tickets_list":"[]","_tribe_ticket_has_attendee_info_fields":false,"_tribe_events_status":"","_tribe_events_status_reason":"","_tribe_events_is_hybrid":"","_tribe_events_is_virtual":"","_tribe_events_virtual_video_source":"","_tribe_events_virtual_embed_video":"","_tribe_events_virtual_linked_button_text":"","_tribe_events_virtual_linked_button":"","_tribe_events_virtual_show_embed_at":"","_tribe_events_virtual_show_embed_to":[],"_tribe_events_virtual_show_on_event":"","_tribe_events_virtual_show_on_views":"","_tribe_events_virtual_url":"","footnotes":"","_tec_slr_enabled":"","_tec_slr_layout":""},"tags":[327,251,174],"tribe_events_cat":[72],"class_list":["post-644","tribe_events","type-tribe_events","status-publish","has-post-thumbnail","hentry","tag-expat","tag-interkulturelles-training","tag-oesterreich","tribe_events_cat-interkulturelle-kompetenz","cat_interkulturelle-kompetenz"],"yoast_head":"<!-- This site is optimized with the Yoast SEO plugin v27.3 - https:\/\/yoast.com\/product\/yoast-seo-wordpress\/ -->\n<title>Die Situation ist hoffnungslos, aber nicht ernst: Als Expat in \u00d6sterreich - auch digital - leben und arbeiten - ticommunication<\/title>\n<meta name=\"robots\" content=\"index, follow, max-snippet:-1, max-image-preview:large, max-video-preview:-1\" \/>\n<link rel=\"canonical\" href=\"https:\/\/www.ticommunication.eu\/de\/event-details\/die-situation-ist-hoffnungslos-aber-nicht-ernst-als-expat-in-oesterreich-auch-digital-leben-und-arbeiten-2\/\" \/>\n<meta property=\"og:locale\" content=\"de_DE\" \/>\n<meta property=\"og:type\" content=\"article\" \/>\n<meta property=\"og:title\" content=\"Die Situation ist hoffnungslos, aber nicht ernst: Als Expat in \u00d6sterreich - auch digital - leben und arbeiten - ticommunication\" \/>\n<meta property=\"og:description\" content=\"Egal ob Du mit \u00d6sterreicher*innen oder in \u00d6sterreich arbeiten. Es ist immer gleichzeitig Chance und Herausforderung. Denn wer und wie sind \u201cdie \u00d6sterreicher*innen\u201d? So manche\/r von [\u2026]\" \/>\n<meta property=\"og:url\" content=\"https:\/\/www.ticommunication.eu\/de\/event-details\/die-situation-ist-hoffnungslos-aber-nicht-ernst-als-expat-in-oesterreich-auch-digital-leben-und-arbeiten-2\/\" \/>\n<meta property=\"og:site_name\" content=\"ticommunication\" \/>\n<meta property=\"article:modified_time\" content=\"2025-11-13T09:28:45+00:00\" \/>\n<meta property=\"og:image\" content=\"https:\/\/www.ticommunication.eu\/wp-content\/uploads\/2021\/08\/Oesterreich_Konrad_Noe-Nordberg_Veranstaltungen_Titelbild.png\" \/>\n\t<meta property=\"og:image:width\" content=\"1280\" \/>\n\t<meta property=\"og:image:height\" content=\"835\" \/>\n\t<meta property=\"og:image:type\" content=\"image\/png\" \/>\n<meta name=\"twitter:card\" content=\"summary_large_image\" \/>\n<meta name=\"twitter:label1\" content=\"Gesch\u00e4tzte Lesezeit\" \/>\n\t<meta name=\"twitter:data1\" content=\"2\u00a0Minuten\" \/>\n<script type=\"application\/ld+json\" class=\"yoast-schema-graph\">{\"@context\":\"https:\\\/\\\/schema.org\",\"@graph\":[{\"@type\":\"WebPage\",\"@id\":\"https:\\\/\\\/www.ticommunication.eu\\\/de\\\/event-details\\\/die-situation-ist-hoffnungslos-aber-nicht-ernst-als-expat-in-oesterreich-auch-digital-leben-und-arbeiten-2\\\/\",\"url\":\"https:\\\/\\\/www.ticommunication.eu\\\/de\\\/event-details\\\/die-situation-ist-hoffnungslos-aber-nicht-ernst-als-expat-in-oesterreich-auch-digital-leben-und-arbeiten-2\\\/\",\"name\":\"Die Situation ist hoffnungslos, aber nicht ernst: Als Expat in \u00d6sterreich - auch digital - leben und arbeiten - ticommunication\",\"isPartOf\":{\"@id\":\"https:\\\/\\\/https\\\/\\\/www.ticommunication.eu\\\/de\\\/de\\\/#website\"},\"primaryImageOfPage\":{\"@id\":\"https:\\\/\\\/www.ticommunication.eu\\\/de\\\/event-details\\\/die-situation-ist-hoffnungslos-aber-nicht-ernst-als-expat-in-oesterreich-auch-digital-leben-und-arbeiten-2\\\/#primaryimage\"},\"image\":{\"@id\":\"https:\\\/\\\/www.ticommunication.eu\\\/de\\\/event-details\\\/die-situation-ist-hoffnungslos-aber-nicht-ernst-als-expat-in-oesterreich-auch-digital-leben-und-arbeiten-2\\\/#primaryimage\"},\"thumbnailUrl\":\"https:\\\/\\\/www.ticommunication.eu\\\/wp-content\\\/uploads\\\/2021\\\/08\\\/Oesterreich_Konrad_Noe-Nordberg_Veranstaltungen_Titelbild.png\",\"datePublished\":\"2021-03-12T08:30:32+00:00\",\"dateModified\":\"2025-11-13T09:28:45+00:00\",\"breadcrumb\":{\"@id\":\"https:\\\/\\\/www.ticommunication.eu\\\/de\\\/event-details\\\/die-situation-ist-hoffnungslos-aber-nicht-ernst-als-expat-in-oesterreich-auch-digital-leben-und-arbeiten-2\\\/#breadcrumb\"},\"inLanguage\":\"de\",\"potentialAction\":[{\"@type\":\"ReadAction\",\"target\":[\"https:\\\/\\\/www.ticommunication.eu\\\/de\\\/event-details\\\/die-situation-ist-hoffnungslos-aber-nicht-ernst-als-expat-in-oesterreich-auch-digital-leben-und-arbeiten-2\\\/\"]}]},{\"@type\":\"ImageObject\",\"inLanguage\":\"de\",\"@id\":\"https:\\\/\\\/www.ticommunication.eu\\\/de\\\/event-details\\\/die-situation-ist-hoffnungslos-aber-nicht-ernst-als-expat-in-oesterreich-auch-digital-leben-und-arbeiten-2\\\/#primaryimage\",\"url\":\"https:\\\/\\\/www.ticommunication.eu\\\/wp-content\\\/uploads\\\/2021\\\/08\\\/Oesterreich_Konrad_Noe-Nordberg_Veranstaltungen_Titelbild.png\",\"contentUrl\":\"https:\\\/\\\/www.ticommunication.eu\\\/wp-content\\\/uploads\\\/2021\\\/08\\\/Oesterreich_Konrad_Noe-Nordberg_Veranstaltungen_Titelbild.png\",\"width\":1280,\"height\":835},{\"@type\":\"BreadcrumbList\",\"@id\":\"https:\\\/\\\/www.ticommunication.eu\\\/de\\\/event-details\\\/die-situation-ist-hoffnungslos-aber-nicht-ernst-als-expat-in-oesterreich-auch-digital-leben-und-arbeiten-2\\\/#breadcrumb\",\"itemListElement\":[{\"@type\":\"ListItem\",\"position\":1,\"name\":\"Startseite\",\"item\":\"https:\\\/\\\/www.ticommunication.eu\\\/de\\\/\"},{\"@type\":\"ListItem\",\"position\":2,\"name\":\"Events\",\"item\":\"https:\\\/\\\/www.ticommunication.eu\\\/de\\\/events\\\/\"},{\"@type\":\"ListItem\",\"position\":3,\"name\":\"Die Situation ist hoffnungslos, aber nicht ernst: Als Expat in \u00d6sterreich &#8211; auch digital &#8211; leben und arbeiten\"}]},{\"@type\":\"WebSite\",\"@id\":\"https:\\\/\\\/https\\\/\\\/www.ticommunication.eu\\\/de\\\/de\\\/#website\",\"url\":\"https:\\\/\\\/https\\\/\\\/www.ticommunication.eu\\\/de\\\/de\\\/\",\"name\":\"ticommunication\",\"description\":\"think inclusively\",\"potentialAction\":[{\"@type\":\"SearchAction\",\"target\":{\"@type\":\"EntryPoint\",\"urlTemplate\":\"https:\\\/\\\/https\\\/\\\/www.ticommunication.eu\\\/de\\\/de\\\/?s={search_term_string}\"},\"query-input\":{\"@type\":\"PropertyValueSpecification\",\"valueRequired\":true,\"valueName\":\"search_term_string\"}}],\"inLanguage\":\"de\"}]}<\/script>\n<!-- \/ Yoast SEO plugin. -->","yoast_head_json":{"title":"Die Situation ist hoffnungslos, aber nicht ernst: Als Expat in \u00d6sterreich - auch digital - leben und arbeiten - ticommunication","robots":{"index":"index","follow":"follow","max-snippet":"max-snippet:-1","max-image-preview":"max-image-preview:large","max-video-preview":"max-video-preview:-1"},"canonical":"https:\/\/www.ticommunication.eu\/de\/event-details\/die-situation-ist-hoffnungslos-aber-nicht-ernst-als-expat-in-oesterreich-auch-digital-leben-und-arbeiten-2\/","og_locale":"de_DE","og_type":"article","og_title":"Die Situation ist hoffnungslos, aber nicht ernst: Als Expat in \u00d6sterreich - auch digital - leben und arbeiten - ticommunication","og_description":"Egal ob Du mit \u00d6sterreicher*innen oder in \u00d6sterreich arbeiten. Es ist immer gleichzeitig Chance und Herausforderung. Denn wer und wie sind \u201cdie \u00d6sterreicher*innen\u201d? So manche\/r von [\u2026]","og_url":"https:\/\/www.ticommunication.eu\/de\/event-details\/die-situation-ist-hoffnungslos-aber-nicht-ernst-als-expat-in-oesterreich-auch-digital-leben-und-arbeiten-2\/","og_site_name":"ticommunication","article_modified_time":"2025-11-13T09:28:45+00:00","og_image":[{"width":1280,"height":835,"url":"https:\/\/www.ticommunication.eu\/wp-content\/uploads\/2021\/08\/Oesterreich_Konrad_Noe-Nordberg_Veranstaltungen_Titelbild.png","type":"image\/png"}],"twitter_card":"summary_large_image","twitter_misc":{"Gesch\u00e4tzte Lesezeit":"2\u00a0Minuten"},"schema":{"@context":"https:\/\/schema.org","@graph":[{"@type":"WebPage","@id":"https:\/\/www.ticommunication.eu\/de\/event-details\/die-situation-ist-hoffnungslos-aber-nicht-ernst-als-expat-in-oesterreich-auch-digital-leben-und-arbeiten-2\/","url":"https:\/\/www.ticommunication.eu\/de\/event-details\/die-situation-ist-hoffnungslos-aber-nicht-ernst-als-expat-in-oesterreich-auch-digital-leben-und-arbeiten-2\/","name":"Die Situation ist hoffnungslos, aber nicht ernst: Als Expat in \u00d6sterreich - auch digital - leben und arbeiten - ticommunication","isPartOf":{"@id":"https:\/\/https\/\/www.ticommunication.eu\/de\/de\/de\/#website"},"primaryImageOfPage":{"@id":"https:\/\/www.ticommunication.eu\/de\/event-details\/die-situation-ist-hoffnungslos-aber-nicht-ernst-als-expat-in-oesterreich-auch-digital-leben-und-arbeiten-2\/#primaryimage"},"image":{"@id":"https:\/\/www.ticommunication.eu\/de\/event-details\/die-situation-ist-hoffnungslos-aber-nicht-ernst-als-expat-in-oesterreich-auch-digital-leben-und-arbeiten-2\/#primaryimage"},"thumbnailUrl":"https:\/\/www.ticommunication.eu\/wp-content\/uploads\/2021\/08\/Oesterreich_Konrad_Noe-Nordberg_Veranstaltungen_Titelbild.png","datePublished":"2021-03-12T08:30:32+00:00","dateModified":"2025-11-13T09:28:45+00:00","breadcrumb":{"@id":"https:\/\/www.ticommunication.eu\/de\/event-details\/die-situation-ist-hoffnungslos-aber-nicht-ernst-als-expat-in-oesterreich-auch-digital-leben-und-arbeiten-2\/#breadcrumb"},"inLanguage":"de","potentialAction":[{"@type":"ReadAction","target":["https:\/\/www.ticommunication.eu\/de\/event-details\/die-situation-ist-hoffnungslos-aber-nicht-ernst-als-expat-in-oesterreich-auch-digital-leben-und-arbeiten-2\/"]}]},{"@type":"ImageObject","inLanguage":"de","@id":"https:\/\/www.ticommunication.eu\/de\/event-details\/die-situation-ist-hoffnungslos-aber-nicht-ernst-als-expat-in-oesterreich-auch-digital-leben-und-arbeiten-2\/#primaryimage","url":"https:\/\/www.ticommunication.eu\/wp-content\/uploads\/2021\/08\/Oesterreich_Konrad_Noe-Nordberg_Veranstaltungen_Titelbild.png","contentUrl":"https:\/\/www.ticommunication.eu\/wp-content\/uploads\/2021\/08\/Oesterreich_Konrad_Noe-Nordberg_Veranstaltungen_Titelbild.png","width":1280,"height":835},{"@type":"BreadcrumbList","@id":"https:\/\/www.ticommunication.eu\/de\/event-details\/die-situation-ist-hoffnungslos-aber-nicht-ernst-als-expat-in-oesterreich-auch-digital-leben-und-arbeiten-2\/#breadcrumb","itemListElement":[{"@type":"ListItem","position":1,"name":"Startseite","item":"https:\/\/www.ticommunication.eu\/de\/"},{"@type":"ListItem","position":2,"name":"Events","item":"https:\/\/www.ticommunication.eu\/de\/events\/"},{"@type":"ListItem","position":3,"name":"Die Situation ist hoffnungslos, aber nicht ernst: Als Expat in \u00d6sterreich &#8211; auch digital &#8211; leben und arbeiten"}]},{"@type":"WebSite","@id":"https:\/\/https\/\/www.ticommunication.eu\/de\/de\/de\/#website","url":"https:\/\/https\/\/www.ticommunication.eu\/de\/de\/de\/","name":"ticommunication","description":"think inclusively","potentialAction":[{"@type":"SearchAction","target":{"@type":"EntryPoint","urlTemplate":"https:\/\/https\/\/www.ticommunication.eu\/de\/de\/de\/?s={search_term_string}"},"query-input":{"@type":"PropertyValueSpecification","valueRequired":true,"valueName":"search_term_string"}}],"inLanguage":"de"}]}},"ticketed":["rsvp"],"_links":{"self":[{"href":"https:\/\/www.ticommunication.eu\/de\/wp-json\/wp\/v2\/tribe_events\/644","targetHints":{"allow":["GET"]}}],"collection":[{"href":"https:\/\/www.ticommunication.eu\/de\/wp-json\/wp\/v2\/tribe_events"}],"about":[{"href":"https:\/\/www.ticommunication.eu\/de\/wp-json\/wp\/v2\/types\/tribe_events"}],"author":[{"embeddable":true,"href":"https:\/\/www.ticommunication.eu\/de\/wp-json\/wp\/v2\/users\/2"}],"version-history":[{"count":0,"href":"https:\/\/www.ticommunication.eu\/de\/wp-json\/wp\/v2\/tribe_events\/644\/revisions"}],"wp:featuredmedia":[{"embeddable":true,"href":"https:\/\/www.ticommunication.eu\/de\/wp-json\/wp\/v2\/media\/11999"}],"wp:attachment":[{"href":"https:\/\/www.ticommunication.eu\/de\/wp-json\/wp\/v2\/media?parent=644"}],"wp:term":[{"taxonomy":"post_tag","embeddable":true,"href":"https:\/\/www.ticommunication.eu\/de\/wp-json\/wp\/v2\/tags?post=644"},{"taxonomy":"tribe_events_cat","embeddable":true,"href":"https:\/\/www.ticommunication.eu\/de\/wp-json\/wp\/v2\/tribe_events_cat?post=644"}],"curies":[{"name":"wp","href":"https:\/\/api.w.org\/{rel}","templated":true}]}}