{"id":6349,"date":"2021-09-28T10:38:44","date_gmt":"2021-09-28T08:38:44","guid":{"rendered":"https:\/\/ticommunication.eu\/?post_type=tribe_events&#038;p=6349"},"modified":"2025-11-18T16:00:40","modified_gmt":"2025-11-18T15:00:40","slug":"interkulturelles-training-angola","status":"publish","type":"tribe_events","link":"https:\/\/www.ticommunication.eu\/de\/event-details\/interkulturelles-training-angola\/","title":{"rendered":"Interkulturelles Training Angola"},"content":{"rendered":"<p>Nach fast vierzig Jahren bewaffneter Konflikte \u2013 erst gegen die portugiesischen Besatzer und direkt im Anschluss der B\u00fcrgerkrieg \u2013 erlebte Angola im Jahre 2002 einen von Roh\u00f6l ausgel\u00f6sten Wirtschaftsboom. Bis 2015 verzeichnete der nach Nigeria zweitgr\u00f6\u00dfte Erd\u00f6lproduzent Afrikas, durch seinen Reichtum an \u00d6l und Diamanten, schwindelerregende Wachstumsraten. Seit 2018 sind notwendige Reformen angesto\u00dfen worden, um die Wirtschaft breiter aufzustellen. In Angola gibt es Gesch\u00e4ftspotenziale in den Branchen Bauwirtschaft, Bergbau und Rohstoffe, Chemie, Energiewirtschaft, Gesundheitswirtschaft und Nahrungsmittel. Aus kolonial-historischen Gr\u00fcnden stellt unter anderem die starke wirtschaftliche und strukturelle portugiesische Pr\u00e4gung von Angola deutsche Unternehmens- und Gesch\u00e4ftsaktivit\u00e4ten vor gro\u00dfe Herausforderungen. Aus kolonial-historischen Gr\u00fcnden stellt unter anderem die starke wirtschaftliche und strukturelle portugiesische Pr\u00e4gung von Angola deutsche Unternehmens- und Gesch\u00e4ftsaktivit\u00e4ten vor gro\u00dfe Herausforderungen. Das interkulturelle Training \u201eAngola\u201c erm\u00f6glicht den Teilnehmenden F\u00e4higkeiten, mit anderen Kulturen umzugehen, sowie interkulturelle Kommunikations- und Handlungsf\u00e4higkeiten zu erwerben. Zudem gew\u00e4hrt der Workshop Einblick in kulturelle Modelle, sch\u00e4rft das Bewusstsein der Teilnehmenden f\u00fcr die kulturellen Unterschiede und st\u00e4rkt die Differenzierung kulturell gepr\u00e4gter Wahrnehmung.<\/p>\n<h4>Inhalt<\/h4>\n<ul>\n<li>Kultur: Erkennen eigener Kultur und Kennenlernen der Kultur des Partnerlandes<\/li>\n<li>Interkulturelle Interaktionen: Erkennen der Kulturgebundenheit menschlichen Verhaltens, Verst\u00e4ndnis und Respekt anders kultureller Perspektiven und Wahrnehmung fremdkultureller Muster als etwas Anderes<\/li>\n<li>Kulturelle Modelle: Kulturdimensionen und deutsche Kulturstandards<\/li>\n<li>Beziehungsaufbau: Mechanismen erkennen, um mit und zu Angeh\u00f6rigen einer anderen Kultur erfolgreiche Beziehungen aufzubauen<\/li>\n<li>Besonderheiten im interkulturellen Management: Verantwortung aller f\u00fcr ein gemeinsames Miteinander wahrnehmen (F\u00fchrungskraft, Zeitverst\u00e4ndnis, Verhandlung, Kommunikation)<\/li>\n<li>Gut zu wissen: Zwischenmenschliches Verhalten verstehen (Etikette)<\/li>\n<\/ul>\n<h4>Nutzen<\/h4>\n<ul>\n<li>Bewusstwerden der eigenen kulturellen Pr\u00e4gung und der kulturellen Unterschiede<\/li>\n<li>Verbesserung der eigenen Interaktionsf\u00e4higkeit<\/li>\n<li>Konstruktiver Umgang mit Missverst\u00e4ndnissen und Konflikten<\/li>\n<li>Zahlreiche interkulturelle Handlungsinstrumente<\/li>\n<li>Reduktion der Investitionsrisiken<\/li>\n<li>Effektive und nachhaltige Partnerschaften aufbauen<\/li>\n<\/ul>\n<h4>Methoden<\/h4>\n<ul>\n<li>Trainerinput<\/li>\n<li>Interaktive \u00dcbungen<\/li>\n<li>Videomaterial<\/li>\n<li>Erfahrungsaustausch der Teilnehmenden<\/li>\n<li>Analysen von Fallbeispielen<\/li>\n<li>Gruppenarbeit und Diskussionen<\/li>\n<\/ul>\n<h4>Hinweis zu den Zeiten<\/h4>\n<ul>\n<li>Als virtueller Workshop: 9 &#8211; 12 Uhr und 14 &#8211; 17 Uhr<\/li>\n<li>Als Inhouse-Ma\u00dfnahme: 9 &#8211; 17 Uhr inkl. Mittagspause und Kaffeepausen<\/li>\n<\/ul>\n<h4>Teilnehmerzahl: 3 bis max. 10<\/h4>\n<p>Das Training kannst Du als Inhouse-Ma\u00dfnahme oder als virtuelles Training buchen. Bei mehr als zwei Interessenten k\u00f6nnen wir auch ein offenes Training nach Deinen W\u00fcnschen terminieren. Frage unter der untenstehenden Anmeldung nach den M\u00f6glichkeiten.<\/p>\n<p>Trainingssprachen: Deutsch, Englisch und Franz\u00f6sisch.<\/p>\n","protected":false},"excerpt":{"rendered":"<p>Nach fast vierzig Jahren bewaffneter Konflikte \u2013 erst gegen die portugiesischen Besatzer und direkt im Anschluss der B\u00fcrgerkrieg \u2013 erlebte Angola im Jahre 2002 einen von<span class=\"excerpt-hellip\"> [\u2026]<\/span><\/p>\n","protected":false},"author":2,"featured_media":12084,"template":"","meta":{"_custom_body_class":"","_custom_post_class":"","rs_blank_template":"","rs_page_bg_color":"","slide_template_v7":"","_price":"","_stock":"","_tribe_ticket_header":"","_tribe_default_ticket_provider":"","_tribe_ticket_capacity":"0","_ticket_start_date":"","_ticket_end_date":"","_tribe_ticket_show_description":"","_tribe_ticket_show_not_going":false,"_tribe_ticket_use_global_stock":"","_tribe_ticket_global_stock_level":"","_global_stock_mode":"","_global_stock_cap":"","_tribe_rsvp_for_event":"","_tribe_ticket_going_count":"","_tribe_ticket_not_going_count":"","_tribe_tickets_list":"[]","_tribe_ticket_has_attendee_info_fields":false,"_tribe_events_status":"","_tribe_events_status_reason":"","_tribe_events_is_hybrid":"","_tribe_events_is_virtual":"","_tribe_events_virtual_video_source":"","_tribe_events_virtual_embed_video":"","_tribe_events_virtual_linked_button_text":"","_tribe_events_virtual_linked_button":"","_tribe_events_virtual_show_embed_at":"","_tribe_events_virtual_show_embed_to":[],"_tribe_events_virtual_show_on_event":"","_tribe_events_virtual_show_on_views":"","_tribe_events_virtual_url":"","footnotes":"","_tec_slr_enabled":"","_tec_slr_layout":""},"tags":[320,251],"tribe_events_cat":[72],"class_list":["post-6349","tribe_events","type-tribe_events","status-publish","has-post-thumbnail","hentry","tag-beziehungsmanagement","tag-interkulturelles-training","tribe_events_cat-interkulturelle-kompetenz","cat_interkulturelle-kompetenz"],"yoast_head":"<!-- This site is optimized with the Yoast SEO plugin v27.3 - https:\/\/yoast.com\/product\/yoast-seo-wordpress\/ -->\n<title>Interkulturelles Training Angola - ticommunication<\/title>\n<meta name=\"robots\" content=\"index, follow, max-snippet:-1, max-image-preview:large, max-video-preview:-1\" \/>\n<link rel=\"canonical\" href=\"https:\/\/www.ticommunication.eu\/de\/event-details\/interkulturelles-training-angola\/\" \/>\n<meta property=\"og:locale\" content=\"de_DE\" \/>\n<meta property=\"og:type\" content=\"article\" \/>\n<meta property=\"og:title\" content=\"Interkulturelles Training Angola - ticommunication\" \/>\n<meta property=\"og:description\" content=\"Nach fast vierzig Jahren bewaffneter Konflikte \u2013 erst gegen die portugiesischen Besatzer und direkt im Anschluss der B\u00fcrgerkrieg \u2013 erlebte Angola im Jahre 2002 einen von [\u2026]\" \/>\n<meta property=\"og:url\" content=\"https:\/\/www.ticommunication.eu\/de\/event-details\/interkulturelles-training-angola\/\" \/>\n<meta property=\"og:site_name\" content=\"ticommunication\" \/>\n<meta property=\"article:modified_time\" content=\"2025-11-18T15:00:40+00:00\" \/>\n<meta property=\"og:image\" content=\"https:\/\/www.ticommunication.eu\/wp-content\/uploads\/2021\/09\/Angola_Antoine_Gnofame_Veranstaltung_Titelbild.png\" \/>\n\t<meta property=\"og:image:width\" content=\"1280\" \/>\n\t<meta property=\"og:image:height\" content=\"835\" \/>\n\t<meta property=\"og:image:type\" content=\"image\/png\" \/>\n<meta name=\"twitter:card\" content=\"summary_large_image\" \/>\n<meta name=\"twitter:label1\" content=\"Gesch\u00e4tzte Lesezeit\" \/>\n\t<meta name=\"twitter:data1\" content=\"3\u00a0Minuten\" \/>\n<script type=\"application\/ld+json\" class=\"yoast-schema-graph\">{\"@context\":\"https:\\\/\\\/schema.org\",\"@graph\":[{\"@type\":\"WebPage\",\"@id\":\"https:\\\/\\\/www.ticommunication.eu\\\/de\\\/event-details\\\/interkulturelles-training-angola\\\/\",\"url\":\"https:\\\/\\\/www.ticommunication.eu\\\/de\\\/event-details\\\/interkulturelles-training-angola\\\/\",\"name\":\"Interkulturelles Training Angola - ticommunication\",\"isPartOf\":{\"@id\":\"https:\\\/\\\/https\\\/\\\/www.ticommunication.eu\\\/de\\\/de\\\/#website\"},\"primaryImageOfPage\":{\"@id\":\"https:\\\/\\\/www.ticommunication.eu\\\/de\\\/event-details\\\/interkulturelles-training-angola\\\/#primaryimage\"},\"image\":{\"@id\":\"https:\\\/\\\/www.ticommunication.eu\\\/de\\\/event-details\\\/interkulturelles-training-angola\\\/#primaryimage\"},\"thumbnailUrl\":\"https:\\\/\\\/www.ticommunication.eu\\\/wp-content\\\/uploads\\\/2021\\\/09\\\/Angola_Antoine_Gnofame_Veranstaltung_Titelbild.png\",\"datePublished\":\"2021-09-28T08:38:44+00:00\",\"dateModified\":\"2025-11-18T15:00:40+00:00\",\"breadcrumb\":{\"@id\":\"https:\\\/\\\/www.ticommunication.eu\\\/de\\\/event-details\\\/interkulturelles-training-angola\\\/#breadcrumb\"},\"inLanguage\":\"de\",\"potentialAction\":[{\"@type\":\"ReadAction\",\"target\":[\"https:\\\/\\\/www.ticommunication.eu\\\/de\\\/event-details\\\/interkulturelles-training-angola\\\/\"]}]},{\"@type\":\"ImageObject\",\"inLanguage\":\"de\",\"@id\":\"https:\\\/\\\/www.ticommunication.eu\\\/de\\\/event-details\\\/interkulturelles-training-angola\\\/#primaryimage\",\"url\":\"https:\\\/\\\/www.ticommunication.eu\\\/wp-content\\\/uploads\\\/2021\\\/09\\\/Angola_Antoine_Gnofame_Veranstaltung_Titelbild.png\",\"contentUrl\":\"https:\\\/\\\/www.ticommunication.eu\\\/wp-content\\\/uploads\\\/2021\\\/09\\\/Angola_Antoine_Gnofame_Veranstaltung_Titelbild.png\",\"width\":1280,\"height\":835},{\"@type\":\"BreadcrumbList\",\"@id\":\"https:\\\/\\\/www.ticommunication.eu\\\/de\\\/event-details\\\/interkulturelles-training-angola\\\/#breadcrumb\",\"itemListElement\":[{\"@type\":\"ListItem\",\"position\":1,\"name\":\"Startseite\",\"item\":\"https:\\\/\\\/www.ticommunication.eu\\\/de\\\/\"},{\"@type\":\"ListItem\",\"position\":2,\"name\":\"Events\",\"item\":\"https:\\\/\\\/www.ticommunication.eu\\\/de\\\/events\\\/\"},{\"@type\":\"ListItem\",\"position\":3,\"name\":\"Interkulturelles Training Angola\"}]},{\"@type\":\"WebSite\",\"@id\":\"https:\\\/\\\/https\\\/\\\/www.ticommunication.eu\\\/de\\\/de\\\/#website\",\"url\":\"https:\\\/\\\/https\\\/\\\/www.ticommunication.eu\\\/de\\\/de\\\/\",\"name\":\"ticommunication\",\"description\":\"think inclusively\",\"potentialAction\":[{\"@type\":\"SearchAction\",\"target\":{\"@type\":\"EntryPoint\",\"urlTemplate\":\"https:\\\/\\\/https\\\/\\\/www.ticommunication.eu\\\/de\\\/de\\\/?s={search_term_string}\"},\"query-input\":{\"@type\":\"PropertyValueSpecification\",\"valueRequired\":true,\"valueName\":\"search_term_string\"}}],\"inLanguage\":\"de\"}]}<\/script>\n<!-- \/ Yoast SEO plugin. -->","yoast_head_json":{"title":"Interkulturelles Training Angola - ticommunication","robots":{"index":"index","follow":"follow","max-snippet":"max-snippet:-1","max-image-preview":"max-image-preview:large","max-video-preview":"max-video-preview:-1"},"canonical":"https:\/\/www.ticommunication.eu\/de\/event-details\/interkulturelles-training-angola\/","og_locale":"de_DE","og_type":"article","og_title":"Interkulturelles Training Angola - ticommunication","og_description":"Nach fast vierzig Jahren bewaffneter Konflikte \u2013 erst gegen die portugiesischen Besatzer und direkt im Anschluss der B\u00fcrgerkrieg \u2013 erlebte Angola im Jahre 2002 einen von [\u2026]","og_url":"https:\/\/www.ticommunication.eu\/de\/event-details\/interkulturelles-training-angola\/","og_site_name":"ticommunication","article_modified_time":"2025-11-18T15:00:40+00:00","og_image":[{"width":1280,"height":835,"url":"https:\/\/www.ticommunication.eu\/wp-content\/uploads\/2021\/09\/Angola_Antoine_Gnofame_Veranstaltung_Titelbild.png","type":"image\/png"}],"twitter_card":"summary_large_image","twitter_misc":{"Gesch\u00e4tzte Lesezeit":"3\u00a0Minuten"},"schema":{"@context":"https:\/\/schema.org","@graph":[{"@type":"WebPage","@id":"https:\/\/www.ticommunication.eu\/de\/event-details\/interkulturelles-training-angola\/","url":"https:\/\/www.ticommunication.eu\/de\/event-details\/interkulturelles-training-angola\/","name":"Interkulturelles Training Angola - ticommunication","isPartOf":{"@id":"https:\/\/https\/\/www.ticommunication.eu\/de\/de\/de\/#website"},"primaryImageOfPage":{"@id":"https:\/\/www.ticommunication.eu\/de\/event-details\/interkulturelles-training-angola\/#primaryimage"},"image":{"@id":"https:\/\/www.ticommunication.eu\/de\/event-details\/interkulturelles-training-angola\/#primaryimage"},"thumbnailUrl":"https:\/\/www.ticommunication.eu\/wp-content\/uploads\/2021\/09\/Angola_Antoine_Gnofame_Veranstaltung_Titelbild.png","datePublished":"2021-09-28T08:38:44+00:00","dateModified":"2025-11-18T15:00:40+00:00","breadcrumb":{"@id":"https:\/\/www.ticommunication.eu\/de\/event-details\/interkulturelles-training-angola\/#breadcrumb"},"inLanguage":"de","potentialAction":[{"@type":"ReadAction","target":["https:\/\/www.ticommunication.eu\/de\/event-details\/interkulturelles-training-angola\/"]}]},{"@type":"ImageObject","inLanguage":"de","@id":"https:\/\/www.ticommunication.eu\/de\/event-details\/interkulturelles-training-angola\/#primaryimage","url":"https:\/\/www.ticommunication.eu\/wp-content\/uploads\/2021\/09\/Angola_Antoine_Gnofame_Veranstaltung_Titelbild.png","contentUrl":"https:\/\/www.ticommunication.eu\/wp-content\/uploads\/2021\/09\/Angola_Antoine_Gnofame_Veranstaltung_Titelbild.png","width":1280,"height":835},{"@type":"BreadcrumbList","@id":"https:\/\/www.ticommunication.eu\/de\/event-details\/interkulturelles-training-angola\/#breadcrumb","itemListElement":[{"@type":"ListItem","position":1,"name":"Startseite","item":"https:\/\/www.ticommunication.eu\/de\/"},{"@type":"ListItem","position":2,"name":"Events","item":"https:\/\/www.ticommunication.eu\/de\/events\/"},{"@type":"ListItem","position":3,"name":"Interkulturelles Training Angola"}]},{"@type":"WebSite","@id":"https:\/\/https\/\/www.ticommunication.eu\/de\/de\/de\/#website","url":"https:\/\/https\/\/www.ticommunication.eu\/de\/de\/de\/","name":"ticommunication","description":"think inclusively","potentialAction":[{"@type":"SearchAction","target":{"@type":"EntryPoint","urlTemplate":"https:\/\/https\/\/www.ticommunication.eu\/de\/de\/de\/?s={search_term_string}"},"query-input":{"@type":"PropertyValueSpecification","valueRequired":true,"valueName":"search_term_string"}}],"inLanguage":"de"}]}},"ticketed":["rsvp"],"_links":{"self":[{"href":"https:\/\/www.ticommunication.eu\/de\/wp-json\/wp\/v2\/tribe_events\/6349","targetHints":{"allow":["GET"]}}],"collection":[{"href":"https:\/\/www.ticommunication.eu\/de\/wp-json\/wp\/v2\/tribe_events"}],"about":[{"href":"https:\/\/www.ticommunication.eu\/de\/wp-json\/wp\/v2\/types\/tribe_events"}],"author":[{"embeddable":true,"href":"https:\/\/www.ticommunication.eu\/de\/wp-json\/wp\/v2\/users\/2"}],"version-history":[{"count":0,"href":"https:\/\/www.ticommunication.eu\/de\/wp-json\/wp\/v2\/tribe_events\/6349\/revisions"}],"wp:featuredmedia":[{"embeddable":true,"href":"https:\/\/www.ticommunication.eu\/de\/wp-json\/wp\/v2\/media\/12084"}],"wp:attachment":[{"href":"https:\/\/www.ticommunication.eu\/de\/wp-json\/wp\/v2\/media?parent=6349"}],"wp:term":[{"taxonomy":"post_tag","embeddable":true,"href":"https:\/\/www.ticommunication.eu\/de\/wp-json\/wp\/v2\/tags?post=6349"},{"taxonomy":"tribe_events_cat","embeddable":true,"href":"https:\/\/www.ticommunication.eu\/de\/wp-json\/wp\/v2\/tribe_events_cat?post=6349"}],"curies":[{"name":"wp","href":"https:\/\/api.w.org\/{rel}","templated":true}]}}