{"id":5910,"date":"2021-08-25T14:07:28","date_gmt":"2021-08-25T12:07:28","guid":{"rendered":"https:\/\/ticommunication.eu\/?post_type=tribe_events&#038;p=5910"},"modified":"2026-01-13T14:38:46","modified_gmt":"2026-01-13T13:38:46","slug":"interkulturelles-training-brasilien-der-zusammenhang-zwischen-persoenlichem-commitment-und-nachhaltigen-geschaeftsbeziehungen","status":"publish","type":"tribe_events","link":"https:\/\/www.ticommunication.eu\/de\/event-details\/interkulturelles-training-brasilien-der-zusammenhang-zwischen-persoenlichem-commitment-und-nachhaltigen-geschaeftsbeziehungen\/","title":{"rendered":"Interkulturelles Training Brasilien: Der Zusammenhang zwischen pers\u00f6nlichem Commitment und nachhaltigen Gesch\u00e4ftsbeziehungen"},"content":{"rendered":"<p>\u201eWas in Brasilien passiert, kann in Europa niemanden kalt lassen. Auch darum sollten wir uns f\u00fcr das Land und seine Kultur interessieren, ganz unabh\u00e4ngig von der Sch\u00f6nheit, die dieser Kultur wie selbstverst\u00e4ndlich entspringt.\u201c Zitat von Kersten Knipp in \u201eDas ewige Versprechen \u2013 eine Kulturgeschichte Brasiliens\u201c, 2013.<br \/>\nBrasilien ist ein durch die Kolonialisierung und durch die regionalbedingte kulturelle Vielfalt tiefgepr\u00e4gtes Land. Als einer der wichtigsten Wirtschaftspartner Deutschlands r\u00fcckt Brasilien trotz Pandemie und Wirtschaftskrise langsam wieder auf den Radar der Investor*innen. Oft glauben Gesch\u00e4ftsreisende, wenn Du in S\u00e3o Paulo unterwegs bist, dass es keine gro\u00dfen kulturellen Unterschiede gibt, denn die Businesswelt birgt unter der Oberfl\u00e4che keine gro\u00dfen \u00dcberraschungen. Wenn die Gesch\u00e4ftspl\u00e4ne allerdings konkreter werden, f\u00e4llt w\u00e4hrend der Interaktion auf, dass eine andere Art und Weise zu Denken und Handeln herrscht. Um nachhaltige Gesch\u00e4ftsbeziehungen mit brasilianischen Partner*innen zu gestalten, ist der pers\u00f6nliche Bezug und die Kenntniss \u00fcber brasilianische Werte und deren Hintergr\u00fcnde unabdingbar.<\/p>\n<h4>Nutzen<\/h4>\n<div class=\"col-sm-10\">\n<ul>\n<li>Du reflektierst \u00fcber Deinen eigenen Kommunikationsstil und bist in der Lage, Synergien in der interkulturellen Zusammenarbeit zu erkennen und zu gestalten<\/li>\n<li>Du kannst Missverst\u00e4ndnisse und Konflikte vorzeitig erkennen und vorbeugen<\/li>\n<li>Du verstehst, welche Ziele Dein Gesch\u00e4ftspartner verfolgt und bist in der Lage, einen nachhaltigen Kommunikationskanal mit ihm zu betreiben<\/li>\n<\/ul>\n<\/div>\n<h4>Methoden<\/h4>\n<div class=\"col-sm-10\">\n<ul>\n<li>Live online und asynchrone Arbeitsphasen<\/li>\n<li>Gruppenarbeit in Breakout Sessions<\/li>\n<li>Virtuelle Aktivierungs\u00fcbungen<\/li>\n<li>Teilnehmerorientierte Einzel- und Gruppenreflektionen<\/li>\n<\/ul>\n<\/div>\n<h4>Hinweis zu den Zeiten<\/h4>\n<ul>\n<li>Als virtueller Workshop: 9 &#8211; 12 Uhr und 14 &#8211; 17 Uhr<\/li>\n<li>Als Inhouse-Ma\u00dfnahme: 9 &#8211; 17 Uhr inkl. Mittagspause und Kaffeepausen<\/li>\n<\/ul>\n<h4>Teilnehmerzahl: 3 bis max. 10<\/h4>\n<p>Das Training kannst Du als Inhouse-Ma\u00dfnahme oder als virtuelles Training buchen. Bei mehr als zwei Interessenten k\u00f6nnen wir auch ein offenes Training nach Deinen W\u00fcnschen terminieren. Frage unter der untenstehenden Anmeldung nach den M\u00f6glichkeiten.<\/p>\n<p>Trainingssprachen: Deutsch, Englisch und Portugiesisch<\/p>\n<p>&nbsp;<\/p>\n","protected":false},"excerpt":{"rendered":"<p>\u201eWas in Brasilien passiert, kann in Europa niemanden kalt lassen. Auch darum sollten wir uns f\u00fcr das Land und seine Kultur interessieren, ganz unabh\u00e4ngig von der<span class=\"excerpt-hellip\"> [\u2026]<\/span><\/p>\n","protected":false},"author":2,"featured_media":16015,"template":"","meta":{"_custom_body_class":"","_custom_post_class":"","rs_blank_template":"","rs_page_bg_color":"","slide_template_v7":"","_price":"","_stock":"","_tribe_ticket_header":"","_tribe_default_ticket_provider":"","_tribe_ticket_capacity":"0","_ticket_start_date":"","_ticket_end_date":"","_tribe_ticket_show_description":"","_tribe_ticket_show_not_going":false,"_tribe_ticket_use_global_stock":"","_tribe_ticket_global_stock_level":"","_global_stock_mode":"","_global_stock_cap":"","_tribe_rsvp_for_event":"","_tribe_ticket_going_count":"","_tribe_ticket_not_going_count":"","_tribe_tickets_list":"[]","_tribe_ticket_has_attendee_info_fields":false,"_tribe_events_status":"","_tribe_events_status_reason":"","_tribe_events_is_hybrid":"","_tribe_events_is_virtual":"","_tribe_events_virtual_video_source":"","_tribe_events_virtual_embed_video":"","_tribe_events_virtual_linked_button_text":"","_tribe_events_virtual_linked_button":"","_tribe_events_virtual_show_embed_at":"","_tribe_events_virtual_show_embed_to":[],"_tribe_events_virtual_show_on_event":"","_tribe_events_virtual_show_on_views":"","_tribe_events_virtual_url":"","footnotes":"","_tec_slr_enabled":"","_tec_slr_layout":""},"tags":[398,267,251,106],"tribe_events_cat":[72],"class_list":["post-5910","tribe_events","type-tribe_events","status-publish","has-post-thumbnail","hentry","tag-brasilien","tag-geschaeftsbeziehungen","tag-interkulturelles-training","tag-zusammenarbeit","tribe_events_cat-interkulturelle-kompetenz","cat_interkulturelle-kompetenz"],"yoast_head":"<!-- This site is optimized with the Yoast SEO plugin v27.3 - https:\/\/yoast.com\/product\/yoast-seo-wordpress\/ -->\n<title>Interkulturelles Training Brasilien: Der Zusammenhang zwischen pers\u00f6nlichem Commitment und nachhaltigen Gesch\u00e4ftsbeziehungen - ticommunication<\/title>\n<meta name=\"robots\" content=\"index, follow, max-snippet:-1, max-image-preview:large, max-video-preview:-1\" \/>\n<link rel=\"canonical\" href=\"https:\/\/www.ticommunication.eu\/de\/event-details\/interkulturelles-training-brasilien-der-zusammenhang-zwischen-persoenlichem-commitment-und-nachhaltigen-geschaeftsbeziehungen\/\" \/>\n<meta property=\"og:locale\" content=\"de_DE\" \/>\n<meta property=\"og:type\" content=\"article\" \/>\n<meta property=\"og:title\" content=\"Interkulturelles Training Brasilien: Der Zusammenhang zwischen pers\u00f6nlichem Commitment und nachhaltigen Gesch\u00e4ftsbeziehungen - ticommunication\" \/>\n<meta property=\"og:description\" content=\"\u201eWas in Brasilien passiert, kann in Europa niemanden kalt lassen. Auch darum sollten wir uns f\u00fcr das Land und seine Kultur interessieren, ganz unabh\u00e4ngig von der [\u2026]\" \/>\n<meta property=\"og:url\" content=\"https:\/\/www.ticommunication.eu\/de\/event-details\/interkulturelles-training-brasilien-der-zusammenhang-zwischen-persoenlichem-commitment-und-nachhaltigen-geschaeftsbeziehungen\/\" \/>\n<meta property=\"og:site_name\" content=\"ticommunication\" \/>\n<meta property=\"article:modified_time\" content=\"2026-01-13T13:38:46+00:00\" \/>\n<meta property=\"og:image\" content=\"https:\/\/www.ticommunication.eu\/wp-content\/uploads\/2021\/08\/Vorlage-Event-Titelbild-mit-Trainerbild-3.png\" \/>\n\t<meta property=\"og:image:width\" content=\"1280\" \/>\n\t<meta property=\"og:image:height\" content=\"835\" \/>\n\t<meta property=\"og:image:type\" content=\"image\/png\" \/>\n<meta name=\"twitter:card\" content=\"summary_large_image\" \/>\n<meta name=\"twitter:label1\" content=\"Gesch\u00e4tzte Lesezeit\" \/>\n\t<meta name=\"twitter:data1\" content=\"2\u00a0Minuten\" \/>\n<script type=\"application\/ld+json\" class=\"yoast-schema-graph\">{\"@context\":\"https:\\\/\\\/schema.org\",\"@graph\":[{\"@type\":\"WebPage\",\"@id\":\"https:\\\/\\\/www.ticommunication.eu\\\/de\\\/event-details\\\/interkulturelles-training-brasilien-der-zusammenhang-zwischen-persoenlichem-commitment-und-nachhaltigen-geschaeftsbeziehungen\\\/\",\"url\":\"https:\\\/\\\/www.ticommunication.eu\\\/de\\\/event-details\\\/interkulturelles-training-brasilien-der-zusammenhang-zwischen-persoenlichem-commitment-und-nachhaltigen-geschaeftsbeziehungen\\\/\",\"name\":\"Interkulturelles Training Brasilien: Der Zusammenhang zwischen pers\u00f6nlichem Commitment und nachhaltigen Gesch\u00e4ftsbeziehungen - ticommunication\",\"isPartOf\":{\"@id\":\"https:\\\/\\\/https\\\/\\\/www.ticommunication.eu\\\/de\\\/de\\\/#website\"},\"primaryImageOfPage\":{\"@id\":\"https:\\\/\\\/www.ticommunication.eu\\\/de\\\/event-details\\\/interkulturelles-training-brasilien-der-zusammenhang-zwischen-persoenlichem-commitment-und-nachhaltigen-geschaeftsbeziehungen\\\/#primaryimage\"},\"image\":{\"@id\":\"https:\\\/\\\/www.ticommunication.eu\\\/de\\\/event-details\\\/interkulturelles-training-brasilien-der-zusammenhang-zwischen-persoenlichem-commitment-und-nachhaltigen-geschaeftsbeziehungen\\\/#primaryimage\"},\"thumbnailUrl\":\"https:\\\/\\\/www.ticommunication.eu\\\/wp-content\\\/uploads\\\/2021\\\/08\\\/Vorlage-Event-Titelbild-mit-Trainerbild-3.png\",\"datePublished\":\"2021-08-25T12:07:28+00:00\",\"dateModified\":\"2026-01-13T13:38:46+00:00\",\"breadcrumb\":{\"@id\":\"https:\\\/\\\/www.ticommunication.eu\\\/de\\\/event-details\\\/interkulturelles-training-brasilien-der-zusammenhang-zwischen-persoenlichem-commitment-und-nachhaltigen-geschaeftsbeziehungen\\\/#breadcrumb\"},\"inLanguage\":\"de\",\"potentialAction\":[{\"@type\":\"ReadAction\",\"target\":[\"https:\\\/\\\/www.ticommunication.eu\\\/de\\\/event-details\\\/interkulturelles-training-brasilien-der-zusammenhang-zwischen-persoenlichem-commitment-und-nachhaltigen-geschaeftsbeziehungen\\\/\"]}]},{\"@type\":\"ImageObject\",\"inLanguage\":\"de\",\"@id\":\"https:\\\/\\\/www.ticommunication.eu\\\/de\\\/event-details\\\/interkulturelles-training-brasilien-der-zusammenhang-zwischen-persoenlichem-commitment-und-nachhaltigen-geschaeftsbeziehungen\\\/#primaryimage\",\"url\":\"https:\\\/\\\/www.ticommunication.eu\\\/wp-content\\\/uploads\\\/2021\\\/08\\\/Vorlage-Event-Titelbild-mit-Trainerbild-3.png\",\"contentUrl\":\"https:\\\/\\\/www.ticommunication.eu\\\/wp-content\\\/uploads\\\/2021\\\/08\\\/Vorlage-Event-Titelbild-mit-Trainerbild-3.png\",\"width\":1280,\"height\":835},{\"@type\":\"BreadcrumbList\",\"@id\":\"https:\\\/\\\/www.ticommunication.eu\\\/de\\\/event-details\\\/interkulturelles-training-brasilien-der-zusammenhang-zwischen-persoenlichem-commitment-und-nachhaltigen-geschaeftsbeziehungen\\\/#breadcrumb\",\"itemListElement\":[{\"@type\":\"ListItem\",\"position\":1,\"name\":\"Startseite\",\"item\":\"https:\\\/\\\/www.ticommunication.eu\\\/de\\\/\"},{\"@type\":\"ListItem\",\"position\":2,\"name\":\"Events\",\"item\":\"https:\\\/\\\/www.ticommunication.eu\\\/de\\\/events\\\/\"},{\"@type\":\"ListItem\",\"position\":3,\"name\":\"Interkulturelles Training Brasilien: Der Zusammenhang zwischen pers\u00f6nlichem Commitment und nachhaltigen Gesch\u00e4ftsbeziehungen\"}]},{\"@type\":\"WebSite\",\"@id\":\"https:\\\/\\\/https\\\/\\\/www.ticommunication.eu\\\/de\\\/de\\\/#website\",\"url\":\"https:\\\/\\\/https\\\/\\\/www.ticommunication.eu\\\/de\\\/de\\\/\",\"name\":\"ticommunication\",\"description\":\"think inclusively\",\"potentialAction\":[{\"@type\":\"SearchAction\",\"target\":{\"@type\":\"EntryPoint\",\"urlTemplate\":\"https:\\\/\\\/https\\\/\\\/www.ticommunication.eu\\\/de\\\/de\\\/?s={search_term_string}\"},\"query-input\":{\"@type\":\"PropertyValueSpecification\",\"valueRequired\":true,\"valueName\":\"search_term_string\"}}],\"inLanguage\":\"de\"}]}<\/script>\n<!-- \/ Yoast SEO plugin. -->","yoast_head_json":{"title":"Interkulturelles Training Brasilien: Der Zusammenhang zwischen pers\u00f6nlichem Commitment und nachhaltigen Gesch\u00e4ftsbeziehungen - ticommunication","robots":{"index":"index","follow":"follow","max-snippet":"max-snippet:-1","max-image-preview":"max-image-preview:large","max-video-preview":"max-video-preview:-1"},"canonical":"https:\/\/www.ticommunication.eu\/de\/event-details\/interkulturelles-training-brasilien-der-zusammenhang-zwischen-persoenlichem-commitment-und-nachhaltigen-geschaeftsbeziehungen\/","og_locale":"de_DE","og_type":"article","og_title":"Interkulturelles Training Brasilien: Der Zusammenhang zwischen pers\u00f6nlichem Commitment und nachhaltigen Gesch\u00e4ftsbeziehungen - ticommunication","og_description":"\u201eWas in Brasilien passiert, kann in Europa niemanden kalt lassen. Auch darum sollten wir uns f\u00fcr das Land und seine Kultur interessieren, ganz unabh\u00e4ngig von der [\u2026]","og_url":"https:\/\/www.ticommunication.eu\/de\/event-details\/interkulturelles-training-brasilien-der-zusammenhang-zwischen-persoenlichem-commitment-und-nachhaltigen-geschaeftsbeziehungen\/","og_site_name":"ticommunication","article_modified_time":"2026-01-13T13:38:46+00:00","og_image":[{"width":1280,"height":835,"url":"https:\/\/www.ticommunication.eu\/wp-content\/uploads\/2021\/08\/Vorlage-Event-Titelbild-mit-Trainerbild-3.png","type":"image\/png"}],"twitter_card":"summary_large_image","twitter_misc":{"Gesch\u00e4tzte Lesezeit":"2\u00a0Minuten"},"schema":{"@context":"https:\/\/schema.org","@graph":[{"@type":"WebPage","@id":"https:\/\/www.ticommunication.eu\/de\/event-details\/interkulturelles-training-brasilien-der-zusammenhang-zwischen-persoenlichem-commitment-und-nachhaltigen-geschaeftsbeziehungen\/","url":"https:\/\/www.ticommunication.eu\/de\/event-details\/interkulturelles-training-brasilien-der-zusammenhang-zwischen-persoenlichem-commitment-und-nachhaltigen-geschaeftsbeziehungen\/","name":"Interkulturelles Training Brasilien: Der Zusammenhang zwischen pers\u00f6nlichem Commitment und nachhaltigen Gesch\u00e4ftsbeziehungen - ticommunication","isPartOf":{"@id":"https:\/\/https\/\/www.ticommunication.eu\/de\/de\/de\/#website"},"primaryImageOfPage":{"@id":"https:\/\/www.ticommunication.eu\/de\/event-details\/interkulturelles-training-brasilien-der-zusammenhang-zwischen-persoenlichem-commitment-und-nachhaltigen-geschaeftsbeziehungen\/#primaryimage"},"image":{"@id":"https:\/\/www.ticommunication.eu\/de\/event-details\/interkulturelles-training-brasilien-der-zusammenhang-zwischen-persoenlichem-commitment-und-nachhaltigen-geschaeftsbeziehungen\/#primaryimage"},"thumbnailUrl":"https:\/\/www.ticommunication.eu\/wp-content\/uploads\/2021\/08\/Vorlage-Event-Titelbild-mit-Trainerbild-3.png","datePublished":"2021-08-25T12:07:28+00:00","dateModified":"2026-01-13T13:38:46+00:00","breadcrumb":{"@id":"https:\/\/www.ticommunication.eu\/de\/event-details\/interkulturelles-training-brasilien-der-zusammenhang-zwischen-persoenlichem-commitment-und-nachhaltigen-geschaeftsbeziehungen\/#breadcrumb"},"inLanguage":"de","potentialAction":[{"@type":"ReadAction","target":["https:\/\/www.ticommunication.eu\/de\/event-details\/interkulturelles-training-brasilien-der-zusammenhang-zwischen-persoenlichem-commitment-und-nachhaltigen-geschaeftsbeziehungen\/"]}]},{"@type":"ImageObject","inLanguage":"de","@id":"https:\/\/www.ticommunication.eu\/de\/event-details\/interkulturelles-training-brasilien-der-zusammenhang-zwischen-persoenlichem-commitment-und-nachhaltigen-geschaeftsbeziehungen\/#primaryimage","url":"https:\/\/www.ticommunication.eu\/wp-content\/uploads\/2021\/08\/Vorlage-Event-Titelbild-mit-Trainerbild-3.png","contentUrl":"https:\/\/www.ticommunication.eu\/wp-content\/uploads\/2021\/08\/Vorlage-Event-Titelbild-mit-Trainerbild-3.png","width":1280,"height":835},{"@type":"BreadcrumbList","@id":"https:\/\/www.ticommunication.eu\/de\/event-details\/interkulturelles-training-brasilien-der-zusammenhang-zwischen-persoenlichem-commitment-und-nachhaltigen-geschaeftsbeziehungen\/#breadcrumb","itemListElement":[{"@type":"ListItem","position":1,"name":"Startseite","item":"https:\/\/www.ticommunication.eu\/de\/"},{"@type":"ListItem","position":2,"name":"Events","item":"https:\/\/www.ticommunication.eu\/de\/events\/"},{"@type":"ListItem","position":3,"name":"Interkulturelles Training Brasilien: Der Zusammenhang zwischen pers\u00f6nlichem Commitment und nachhaltigen Gesch\u00e4ftsbeziehungen"}]},{"@type":"WebSite","@id":"https:\/\/https\/\/www.ticommunication.eu\/de\/de\/de\/#website","url":"https:\/\/https\/\/www.ticommunication.eu\/de\/de\/de\/","name":"ticommunication","description":"think inclusively","potentialAction":[{"@type":"SearchAction","target":{"@type":"EntryPoint","urlTemplate":"https:\/\/https\/\/www.ticommunication.eu\/de\/de\/de\/?s={search_term_string}"},"query-input":{"@type":"PropertyValueSpecification","valueRequired":true,"valueName":"search_term_string"}}],"inLanguage":"de"}]}},"ticketed":["rsvp"],"_links":{"self":[{"href":"https:\/\/www.ticommunication.eu\/de\/wp-json\/wp\/v2\/tribe_events\/5910","targetHints":{"allow":["GET"]}}],"collection":[{"href":"https:\/\/www.ticommunication.eu\/de\/wp-json\/wp\/v2\/tribe_events"}],"about":[{"href":"https:\/\/www.ticommunication.eu\/de\/wp-json\/wp\/v2\/types\/tribe_events"}],"author":[{"embeddable":true,"href":"https:\/\/www.ticommunication.eu\/de\/wp-json\/wp\/v2\/users\/2"}],"version-history":[{"count":0,"href":"https:\/\/www.ticommunication.eu\/de\/wp-json\/wp\/v2\/tribe_events\/5910\/revisions"}],"wp:featuredmedia":[{"embeddable":true,"href":"https:\/\/www.ticommunication.eu\/de\/wp-json\/wp\/v2\/media\/16015"}],"wp:attachment":[{"href":"https:\/\/www.ticommunication.eu\/de\/wp-json\/wp\/v2\/media?parent=5910"}],"wp:term":[{"taxonomy":"post_tag","embeddable":true,"href":"https:\/\/www.ticommunication.eu\/de\/wp-json\/wp\/v2\/tags?post=5910"},{"taxonomy":"tribe_events_cat","embeddable":true,"href":"https:\/\/www.ticommunication.eu\/de\/wp-json\/wp\/v2\/tribe_events_cat?post=5910"}],"curies":[{"name":"wp","href":"https:\/\/api.w.org\/{rel}","templated":true}]}}