{"id":5199,"date":"2021-03-12T09:02:13","date_gmt":"2021-03-12T08:02:13","guid":{"rendered":"https:\/\/ticommunication.eu\/?post_type=tribe_events&#038;p=628"},"modified":"2025-11-12T11:19:21","modified_gmt":"2025-11-12T10:19:21","slug":"alles-vuca-oder-was-agile-geschaeftsfeldentwicklung-im-internationalen-umfeld-2-2","status":"publish","type":"tribe_events","link":"https:\/\/www.ticommunication.eu\/de\/event-details\/alles-vuca-oder-was-agile-geschaeftsfeldentwicklung-im-internationalen-umfeld-2-2\/","title":{"rendered":"&#8222;Alles VUCAD\u00b2 oder was?&#8220;- Agile Gesch\u00e4ftsfeldentwicklung im internationalen Umfeld"},"content":{"rendered":"<div class=\"col-sm-10\">\n<p>Unsere Unternehmenswelt wird nicht nur immer internationaler, sondern auch immer schnelllebiger und disruptiver, wie manche sagen. Der Begriff VUCAD\u00b2 steht dabei f\u00fcr ein volatiles, von Unsicherheit und Mehrdeutigkeit gepr\u00e4gtes und hochgradig komplexes Gesch\u00e4ftsumfeld, welches ein hohes Ma\u00df an Anpassungsf\u00e4higkeit und Schnelligkeit erfordert \u2013 Agilit\u00e4t ist in aller Munde. Doch welche unternehmenskulturellen Voraussetzungen m\u00fcssen vorliegen, dass die Organisation, Teams und Individuen \u201eagiler\u201c werden? Welche landeskulturellen Pr\u00e4gungen unterst\u00fctzen oder hindern agile Gesch\u00e4ftsfeldentwicklung? Und was k\u00f6nnen wir konkret tun, um die Zukunftsf\u00e4higkeit unseres Unternehmens durch gezielte Kulturentwicklung sicherzustellen?<\/p>\n<h4>In diesem Workshop<\/h4>\n<ul>\n<li>Gewinne einen \u00dcberblick \u00fcber wirksame Ans\u00e4tze zur Gesch\u00e4ftsfeldentwicklung im internationalen Umfeld<\/li>\n<li>Lerne die Zusammenh\u00e4nge zwischen Unternehmens- bzw. Nationalkultur und agilen Methoden kennen<\/li>\n<li>Erlebe Ans\u00e4tze wie z.B. Design Thinking, Business Modeling und Serious Play \u201elive\u201c<\/li>\n<li>Entwickle Ans\u00e4tze zur effektiven virtuellen Zusammenarbeit<\/li>\n<li>Erhalte Ans\u00e4tze, wie Du die Unternehmenskultur so beeinflussen kannst, dass Deine F\u00fchrungskr\u00e4fte, Teams und Mitarbeiter*innen fit werden f\u00fcr die zukunftssichernde Gesch\u00e4ftsfeldentwicklung im interkulturellen und VUCAD\u00b2-Umfeld<\/li>\n<\/ul>\n<\/div>\n<h4>Nutzen<\/h4>\n<div class=\"col-sm-10\">\n<ul>\n<li>Erweiterung des Handlungsspielraums im internationalen Business Development<\/li>\n<li>Kenntnis der Bedingungen und Voraussetzungen f\u00fcr erfolgreiches Business Development im internationalen Kontext<\/li>\n<\/ul>\n<\/div>\n<h4>Methoden<\/h4>\n<div class=\"col-sm-10\">\n<ul>\n<li>Interaktive \u00dcbungen<\/li>\n<li>Nutzung von Breakout Sessions f\u00fcr Gruppen\u00fcbungen<\/li>\n<li>Analyse von Fallbeispielen<\/li>\n<li>Erfahrungsaustausch und Diskussion zwischen den Teilnehmenden<\/li>\n<\/ul>\n<h4>Hinweis zu den Zeiten<\/h4>\n<ul>\n<li>Als virtueller Workshop: 9 &#8211; 12 Uhr und 14 &#8211; 17 Uhr<\/li>\n<li>Als Inhouse-Ma\u00dfnahme: 9 &#8211; 17 Uhr inkl. Mittagspause und Kaffeepausen<\/li>\n<\/ul>\n<h4>Teilnehmerzahl: 3 bis max. 10<\/h4>\n<p>Das Training kannst Du als Inhouse-Ma\u00dfnahme oder als virtuelles Training buchen. Bei mehr als zwei Interessenten k\u00f6nnen wir auch ein offenes Training nach Deinen W\u00fcnschen terminieren. Frag unter der untenstehenden Anmeldung nach den M\u00f6glichkeiten.<\/p>\n<p>Trainingssprachen: Deutsch, Englisch und Portugiesisch.<\/p>\n<\/div>\n","protected":false},"excerpt":{"rendered":"<p>Unsere Unternehmenswelt wird nicht nur immer internationaler, sondern auch immer schnelllebiger und disruptiver, wie manche sagen. Der Begriff VUCAD\u00b2 steht dabei f\u00fcr ein volatiles, von Unsicherheit<span class=\"excerpt-hellip\"> [\u2026]<\/span><\/p>\n","protected":false},"author":2,"featured_media":11975,"template":"","meta":{"_custom_body_class":"","_custom_post_class":"","rs_blank_template":"","rs_page_bg_color":"","slide_template_v7":"","_price":"","_stock":"","_tribe_ticket_header":"","_tribe_default_ticket_provider":"","_tribe_ticket_capacity":"0","_ticket_start_date":"","_ticket_end_date":"","_tribe_ticket_show_description":"","_tribe_ticket_show_not_going":false,"_tribe_ticket_use_global_stock":"","_tribe_ticket_global_stock_level":"","_global_stock_mode":"","_global_stock_cap":"","_tribe_rsvp_for_event":"","_tribe_ticket_going_count":"","_tribe_ticket_not_going_count":"","_tribe_tickets_list":"[]","_tribe_ticket_has_attendee_info_fields":false,"_tribe_events_status":"","_tribe_events_status_reason":"","_tribe_events_is_hybrid":"","_tribe_events_is_virtual":"","_tribe_events_virtual_video_source":"","_tribe_events_virtual_embed_video":"","_tribe_events_virtual_linked_button_text":"","_tribe_events_virtual_linked_button":"","_tribe_events_virtual_show_embed_at":"","_tribe_events_virtual_show_embed_to":[],"_tribe_events_virtual_show_on_event":"","_tribe_events_virtual_show_on_views":"","_tribe_events_virtual_url":"","footnotes":"","_tec_slr_enabled":"","_tec_slr_layout":""},"tags":[35,267,98,369],"tribe_events_cat":[74,350],"class_list":["post-5199","tribe_events","type-tribe_events","status-publish","has-post-thumbnail","hentry","tag-agilitaet","tag-geschaeftsbeziehungen","tag-vuca","tag-vucad","tribe_events_cat-agilitaet","tribe_events_cat-teamentwicklung","cat_agilitaet","cat_teamentwicklung"],"yoast_head":"<!-- This site is optimized with the Yoast SEO plugin v27.3 - https:\/\/yoast.com\/product\/yoast-seo-wordpress\/ -->\n<title>&quot;Alles VUCAD\u00b2 oder was?&quot;- Agile Gesch\u00e4ftsfeldentwicklung im internationalen Umfeld - ticommunication<\/title>\n<meta name=\"robots\" content=\"index, follow, max-snippet:-1, max-image-preview:large, max-video-preview:-1\" \/>\n<link rel=\"canonical\" href=\"https:\/\/www.ticommunication.eu\/de\/event-details\/alles-vuca-oder-was-agile-geschaeftsfeldentwicklung-im-internationalen-umfeld-2-2\/\" \/>\n<meta property=\"og:locale\" content=\"de_DE\" \/>\n<meta property=\"og:type\" content=\"article\" \/>\n<meta property=\"og:title\" content=\"&quot;Alles VUCAD\u00b2 oder was?&quot;- Agile Gesch\u00e4ftsfeldentwicklung im internationalen Umfeld - ticommunication\" \/>\n<meta property=\"og:description\" content=\"Unsere Unternehmenswelt wird nicht nur immer internationaler, sondern auch immer schnelllebiger und disruptiver, wie manche sagen. Der Begriff VUCAD\u00b2 steht dabei f\u00fcr ein volatiles, von Unsicherheit [\u2026]\" \/>\n<meta property=\"og:url\" content=\"https:\/\/www.ticommunication.eu\/de\/event-details\/alles-vuca-oder-was-agile-geschaeftsfeldentwicklung-im-internationalen-umfeld-2-2\/\" \/>\n<meta property=\"og:site_name\" content=\"ticommunication\" \/>\n<meta property=\"article:modified_time\" content=\"2025-11-12T10:19:21+00:00\" \/>\n<meta property=\"og:image\" content=\"https:\/\/www.ticommunication.eu\/wp-content\/uploads\/2021\/08\/Alles_VUCAD_Agil_Stephan_Hild_Veranstaltungen_Titelbild.png\" \/>\n\t<meta property=\"og:image:width\" content=\"1280\" \/>\n\t<meta property=\"og:image:height\" content=\"835\" \/>\n\t<meta property=\"og:image:type\" content=\"image\/png\" \/>\n<meta name=\"twitter:card\" content=\"summary_large_image\" \/>\n<meta name=\"twitter:label1\" content=\"Gesch\u00e4tzte Lesezeit\" \/>\n\t<meta name=\"twitter:data1\" content=\"2\u00a0Minuten\" \/>\n<script type=\"application\/ld+json\" class=\"yoast-schema-graph\">{\"@context\":\"https:\\\/\\\/schema.org\",\"@graph\":[{\"@type\":\"WebPage\",\"@id\":\"https:\\\/\\\/www.ticommunication.eu\\\/de\\\/event-details\\\/alles-vuca-oder-was-agile-geschaeftsfeldentwicklung-im-internationalen-umfeld-2-2\\\/\",\"url\":\"https:\\\/\\\/www.ticommunication.eu\\\/de\\\/event-details\\\/alles-vuca-oder-was-agile-geschaeftsfeldentwicklung-im-internationalen-umfeld-2-2\\\/\",\"name\":\"\\\"Alles VUCAD\u00b2 oder was?\\\"- Agile Gesch\u00e4ftsfeldentwicklung im internationalen Umfeld - ticommunication\",\"isPartOf\":{\"@id\":\"https:\\\/\\\/https\\\/\\\/www.ticommunication.eu\\\/de\\\/de\\\/#website\"},\"primaryImageOfPage\":{\"@id\":\"https:\\\/\\\/www.ticommunication.eu\\\/de\\\/event-details\\\/alles-vuca-oder-was-agile-geschaeftsfeldentwicklung-im-internationalen-umfeld-2-2\\\/#primaryimage\"},\"image\":{\"@id\":\"https:\\\/\\\/www.ticommunication.eu\\\/de\\\/event-details\\\/alles-vuca-oder-was-agile-geschaeftsfeldentwicklung-im-internationalen-umfeld-2-2\\\/#primaryimage\"},\"thumbnailUrl\":\"https:\\\/\\\/www.ticommunication.eu\\\/wp-content\\\/uploads\\\/2021\\\/08\\\/Alles_VUCAD_Agil_Stephan_Hild_Veranstaltungen_Titelbild.png\",\"datePublished\":\"2021-03-12T08:02:13+00:00\",\"dateModified\":\"2025-11-12T10:19:21+00:00\",\"breadcrumb\":{\"@id\":\"https:\\\/\\\/www.ticommunication.eu\\\/de\\\/event-details\\\/alles-vuca-oder-was-agile-geschaeftsfeldentwicklung-im-internationalen-umfeld-2-2\\\/#breadcrumb\"},\"inLanguage\":\"de\",\"potentialAction\":[{\"@type\":\"ReadAction\",\"target\":[\"https:\\\/\\\/www.ticommunication.eu\\\/de\\\/event-details\\\/alles-vuca-oder-was-agile-geschaeftsfeldentwicklung-im-internationalen-umfeld-2-2\\\/\"]}]},{\"@type\":\"ImageObject\",\"inLanguage\":\"de\",\"@id\":\"https:\\\/\\\/www.ticommunication.eu\\\/de\\\/event-details\\\/alles-vuca-oder-was-agile-geschaeftsfeldentwicklung-im-internationalen-umfeld-2-2\\\/#primaryimage\",\"url\":\"https:\\\/\\\/www.ticommunication.eu\\\/wp-content\\\/uploads\\\/2021\\\/08\\\/Alles_VUCAD_Agil_Stephan_Hild_Veranstaltungen_Titelbild.png\",\"contentUrl\":\"https:\\\/\\\/www.ticommunication.eu\\\/wp-content\\\/uploads\\\/2021\\\/08\\\/Alles_VUCAD_Agil_Stephan_Hild_Veranstaltungen_Titelbild.png\",\"width\":1280,\"height\":835},{\"@type\":\"BreadcrumbList\",\"@id\":\"https:\\\/\\\/www.ticommunication.eu\\\/de\\\/event-details\\\/alles-vuca-oder-was-agile-geschaeftsfeldentwicklung-im-internationalen-umfeld-2-2\\\/#breadcrumb\",\"itemListElement\":[{\"@type\":\"ListItem\",\"position\":1,\"name\":\"Startseite\",\"item\":\"https:\\\/\\\/www.ticommunication.eu\\\/de\\\/\"},{\"@type\":\"ListItem\",\"position\":2,\"name\":\"Events\",\"item\":\"https:\\\/\\\/www.ticommunication.eu\\\/de\\\/events\\\/\"},{\"@type\":\"ListItem\",\"position\":3,\"name\":\"&#8222;Alles VUCAD\u00b2 oder was?&#8220;- Agile Gesch\u00e4ftsfeldentwicklung im internationalen Umfeld\"}]},{\"@type\":\"WebSite\",\"@id\":\"https:\\\/\\\/https\\\/\\\/www.ticommunication.eu\\\/de\\\/de\\\/#website\",\"url\":\"https:\\\/\\\/https\\\/\\\/www.ticommunication.eu\\\/de\\\/de\\\/\",\"name\":\"ticommunication\",\"description\":\"think inclusively\",\"potentialAction\":[{\"@type\":\"SearchAction\",\"target\":{\"@type\":\"EntryPoint\",\"urlTemplate\":\"https:\\\/\\\/https\\\/\\\/www.ticommunication.eu\\\/de\\\/de\\\/?s={search_term_string}\"},\"query-input\":{\"@type\":\"PropertyValueSpecification\",\"valueRequired\":true,\"valueName\":\"search_term_string\"}}],\"inLanguage\":\"de\"}]}<\/script>\n<!-- \/ Yoast SEO plugin. -->","yoast_head_json":{"title":"\"Alles VUCAD\u00b2 oder was?\"- Agile Gesch\u00e4ftsfeldentwicklung im internationalen Umfeld - ticommunication","robots":{"index":"index","follow":"follow","max-snippet":"max-snippet:-1","max-image-preview":"max-image-preview:large","max-video-preview":"max-video-preview:-1"},"canonical":"https:\/\/www.ticommunication.eu\/de\/event-details\/alles-vuca-oder-was-agile-geschaeftsfeldentwicklung-im-internationalen-umfeld-2-2\/","og_locale":"de_DE","og_type":"article","og_title":"\"Alles VUCAD\u00b2 oder was?\"- Agile Gesch\u00e4ftsfeldentwicklung im internationalen Umfeld - ticommunication","og_description":"Unsere Unternehmenswelt wird nicht nur immer internationaler, sondern auch immer schnelllebiger und disruptiver, wie manche sagen. Der Begriff VUCAD\u00b2 steht dabei f\u00fcr ein volatiles, von Unsicherheit [\u2026]","og_url":"https:\/\/www.ticommunication.eu\/de\/event-details\/alles-vuca-oder-was-agile-geschaeftsfeldentwicklung-im-internationalen-umfeld-2-2\/","og_site_name":"ticommunication","article_modified_time":"2025-11-12T10:19:21+00:00","og_image":[{"width":1280,"height":835,"url":"https:\/\/www.ticommunication.eu\/wp-content\/uploads\/2021\/08\/Alles_VUCAD_Agil_Stephan_Hild_Veranstaltungen_Titelbild.png","type":"image\/png"}],"twitter_card":"summary_large_image","twitter_misc":{"Gesch\u00e4tzte Lesezeit":"2\u00a0Minuten"},"schema":{"@context":"https:\/\/schema.org","@graph":[{"@type":"WebPage","@id":"https:\/\/www.ticommunication.eu\/de\/event-details\/alles-vuca-oder-was-agile-geschaeftsfeldentwicklung-im-internationalen-umfeld-2-2\/","url":"https:\/\/www.ticommunication.eu\/de\/event-details\/alles-vuca-oder-was-agile-geschaeftsfeldentwicklung-im-internationalen-umfeld-2-2\/","name":"\"Alles VUCAD\u00b2 oder was?\"- Agile Gesch\u00e4ftsfeldentwicklung im internationalen Umfeld - ticommunication","isPartOf":{"@id":"https:\/\/https\/\/www.ticommunication.eu\/de\/de\/de\/#website"},"primaryImageOfPage":{"@id":"https:\/\/www.ticommunication.eu\/de\/event-details\/alles-vuca-oder-was-agile-geschaeftsfeldentwicklung-im-internationalen-umfeld-2-2\/#primaryimage"},"image":{"@id":"https:\/\/www.ticommunication.eu\/de\/event-details\/alles-vuca-oder-was-agile-geschaeftsfeldentwicklung-im-internationalen-umfeld-2-2\/#primaryimage"},"thumbnailUrl":"https:\/\/www.ticommunication.eu\/wp-content\/uploads\/2021\/08\/Alles_VUCAD_Agil_Stephan_Hild_Veranstaltungen_Titelbild.png","datePublished":"2021-03-12T08:02:13+00:00","dateModified":"2025-11-12T10:19:21+00:00","breadcrumb":{"@id":"https:\/\/www.ticommunication.eu\/de\/event-details\/alles-vuca-oder-was-agile-geschaeftsfeldentwicklung-im-internationalen-umfeld-2-2\/#breadcrumb"},"inLanguage":"de","potentialAction":[{"@type":"ReadAction","target":["https:\/\/www.ticommunication.eu\/de\/event-details\/alles-vuca-oder-was-agile-geschaeftsfeldentwicklung-im-internationalen-umfeld-2-2\/"]}]},{"@type":"ImageObject","inLanguage":"de","@id":"https:\/\/www.ticommunication.eu\/de\/event-details\/alles-vuca-oder-was-agile-geschaeftsfeldentwicklung-im-internationalen-umfeld-2-2\/#primaryimage","url":"https:\/\/www.ticommunication.eu\/wp-content\/uploads\/2021\/08\/Alles_VUCAD_Agil_Stephan_Hild_Veranstaltungen_Titelbild.png","contentUrl":"https:\/\/www.ticommunication.eu\/wp-content\/uploads\/2021\/08\/Alles_VUCAD_Agil_Stephan_Hild_Veranstaltungen_Titelbild.png","width":1280,"height":835},{"@type":"BreadcrumbList","@id":"https:\/\/www.ticommunication.eu\/de\/event-details\/alles-vuca-oder-was-agile-geschaeftsfeldentwicklung-im-internationalen-umfeld-2-2\/#breadcrumb","itemListElement":[{"@type":"ListItem","position":1,"name":"Startseite","item":"https:\/\/www.ticommunication.eu\/de\/"},{"@type":"ListItem","position":2,"name":"Events","item":"https:\/\/www.ticommunication.eu\/de\/events\/"},{"@type":"ListItem","position":3,"name":"&#8222;Alles VUCAD\u00b2 oder was?&#8220;- Agile Gesch\u00e4ftsfeldentwicklung im internationalen Umfeld"}]},{"@type":"WebSite","@id":"https:\/\/https\/\/www.ticommunication.eu\/de\/de\/de\/#website","url":"https:\/\/https\/\/www.ticommunication.eu\/de\/de\/de\/","name":"ticommunication","description":"think inclusively","potentialAction":[{"@type":"SearchAction","target":{"@type":"EntryPoint","urlTemplate":"https:\/\/https\/\/www.ticommunication.eu\/de\/de\/de\/?s={search_term_string}"},"query-input":{"@type":"PropertyValueSpecification","valueRequired":true,"valueName":"search_term_string"}}],"inLanguage":"de"}]}},"ticketed":["rsvp"],"_links":{"self":[{"href":"https:\/\/www.ticommunication.eu\/de\/wp-json\/wp\/v2\/tribe_events\/5199","targetHints":{"allow":["GET"]}}],"collection":[{"href":"https:\/\/www.ticommunication.eu\/de\/wp-json\/wp\/v2\/tribe_events"}],"about":[{"href":"https:\/\/www.ticommunication.eu\/de\/wp-json\/wp\/v2\/types\/tribe_events"}],"author":[{"embeddable":true,"href":"https:\/\/www.ticommunication.eu\/de\/wp-json\/wp\/v2\/users\/2"}],"version-history":[{"count":0,"href":"https:\/\/www.ticommunication.eu\/de\/wp-json\/wp\/v2\/tribe_events\/5199\/revisions"}],"wp:featuredmedia":[{"embeddable":true,"href":"https:\/\/www.ticommunication.eu\/de\/wp-json\/wp\/v2\/media\/11975"}],"wp:attachment":[{"href":"https:\/\/www.ticommunication.eu\/de\/wp-json\/wp\/v2\/media?parent=5199"}],"wp:term":[{"taxonomy":"post_tag","embeddable":true,"href":"https:\/\/www.ticommunication.eu\/de\/wp-json\/wp\/v2\/tags?post=5199"},{"taxonomy":"tribe_events_cat","embeddable":true,"href":"https:\/\/www.ticommunication.eu\/de\/wp-json\/wp\/v2\/tribe_events_cat?post=5199"}],"curies":[{"name":"wp","href":"https:\/\/api.w.org\/{rel}","templated":true}]}}