{"id":4914,"date":"2021-07-26T14:51:15","date_gmt":"2021-07-26T12:51:15","guid":{"rendered":"https:\/\/ticommunication.eu\/?post_type=tribe_events&#038;p=4914"},"modified":"2025-11-13T14:36:06","modified_gmt":"2025-11-13T13:36:06","slug":"interkulturelle-kompetenz-frankreich-savoir-vivre-laissez-faire-savoir-faire","status":"publish","type":"tribe_events","link":"https:\/\/www.ticommunication.eu\/de\/event-details\/interkulturelle-kompetenz-frankreich-savoir-vivre-laissez-faire-savoir-faire\/","title":{"rendered":"Interkulturelle Kompetenz Frankreich: Savoir vivre, laissez faire, savoir faire?"},"content":{"rendered":"<p>Umfragen zufolge bereitet deutschen Unternehmen die Zusammenarbeit mit zwei L\u00e4ndern besondere Schwierigkeiten. In Europa steht Frankreich gleich an vorderster Stelle und sorgt f\u00fcr zahlreiche Missverst\u00e4ndnisse und Fragezeichen auf beiden Seiten. Die kulturellen Besonderheiten des vermeintlich nahen Nachbarn Frankreichs werden h\u00e4ufig untersch\u00e4tzt. Reicht es f\u00fcr eine gelungene Zusammenarbeit, im besten Fall nur die jeweilige Sprache zu sprechen?<br \/>\nUnser interkulturelles Business Training zu Frankreich vermittelt Dir einen Einblick in das franz\u00f6sische Mindset und beleuchtet ausgew\u00e4hlte kulturelle, politische, historische und wirtschaftliche Hintergr\u00fcnde. Je nach Bedarf der Teilnehmenden k\u00f6nnen z. B. folgende Themenbereiche, die in der Zusammenarbeit mit Gesch\u00e4ftspartnern und Mitarbeitenden eine Rolle spielen, beleuchtet werden:<\/p>\n<ul>\n<li>Mindset &#8211; Was sind Unterschiede und Gemeinsamkeiten?<\/li>\n<li>Vertrauen &#8211; Wie gestalte ich tragf\u00e4hige Gesch\u00e4ftsbeziehungen, welche gesch\u00e4ftlichen Gepflogenheiten gilt es zu beachten?<\/li>\n<li>Il faut tout dire en Allemagne! Wirksam kommunizieren und Botschaften decodieren<\/li>\n<li>Hierarchieverst\u00e4ndnis &#8211; wie laufen Entscheidungsprozesse ab?<\/li>\n<li>Arbeitsstile, Zeitmanagement &amp; Planungsverst\u00e4ndnis<\/li>\n<li>Ableitung von Strategien f\u00fcr die erfolgreiche Zusammenarbeit mit franz\u00f6sischen Kolleg*innen &amp; Gesch\u00e4ftspartnern<\/li>\n<\/ul>\n<h4>Nutzen<\/h4>\n<ul>\n<li>Deine Kontakte und Projekte verlaufen reibungslos<\/li>\n<li>Du kannst Missverst\u00e4ndnisse und Konflikte vorbeugen<\/li>\n<li>Du sparst sparen Zeit, Nerven und Geld<\/li>\n<\/ul>\n<h4>Methoden<\/h4>\n<ul>\n<li>Virtuelle Tools (u.a. Umfragen, Chat, Whiteboard, Quiz)<\/li>\n<li>Interaktive \u00dcbungen &amp; Breakout Sessions in Tandems &amp; Gruppen,<\/li>\n<li>Videos<\/li>\n<li>Erfahrungsaustausch und Diskussion zwischen den Teilnehmenden<\/li>\n<\/ul>\n<h4>Hinweis zu den Zeiten<\/h4>\n<ul>\n<li>Als virtueller Workshop: 9 &#8211; 12 Uhr und 14 &#8211; 17 Uhr<\/li>\n<li>Als Inhouse-Ma\u00dfnahme: 9 &#8211; 17 Uhr inkl. Mittagspause und Kaffeepausen<\/li>\n<\/ul>\n<h4>Teilnehmerzahl: 3 bis max. 10<\/h4>\n<p>Das Training kannst Du als Inhouse-Ma\u00dfnahme oder als virtuelles Training buchen. Bei mehr als zwei Interessenten k\u00f6nnen wir auch ein offenes Training nach Deinen W\u00fcnschen terminieren. Frage unter der untenstehenden Anmeldung nach den M\u00f6glichkeiten.<\/p>\n<p>Trainingssprachen: Deutsch, Englisch und Franz\u00f6sisch.<\/p>\n<p>&nbsp;<\/p>\n","protected":false},"excerpt":{"rendered":"<p>Umfragen zufolge bereitet deutschen Unternehmen die Zusammenarbeit mit zwei L\u00e4ndern besondere Schwierigkeiten. In Europa steht Frankreich gleich an vorderster Stelle und sorgt f\u00fcr zahlreiche Missverst\u00e4ndnisse und<span class=\"excerpt-hellip\"> [\u2026]<\/span><\/p>\n","protected":false},"author":2,"featured_media":11924,"template":"","meta":{"_custom_body_class":"","_custom_post_class":"","rs_blank_template":"","rs_page_bg_color":"","slide_template_v7":"","_price":"","_stock":"","_tribe_ticket_header":"","_tribe_default_ticket_provider":"","_tribe_ticket_capacity":"0","_ticket_start_date":"","_ticket_end_date":"","_tribe_ticket_show_description":"","_tribe_ticket_show_not_going":false,"_tribe_ticket_use_global_stock":"","_tribe_ticket_global_stock_level":"","_global_stock_mode":"","_global_stock_cap":"","_tribe_rsvp_for_event":"","_tribe_ticket_going_count":"","_tribe_ticket_not_going_count":"","_tribe_tickets_list":"[]","_tribe_ticket_has_attendee_info_fields":false,"_tribe_events_status":"","_tribe_events_status_reason":"","_tribe_events_is_hybrid":"","_tribe_events_is_virtual":"","_tribe_events_virtual_video_source":"","_tribe_events_virtual_embed_video":"","_tribe_events_virtual_linked_button_text":"","_tribe_events_virtual_linked_button":"","_tribe_events_virtual_show_embed_at":"","_tribe_events_virtual_show_embed_to":[],"_tribe_events_virtual_show_on_event":"","_tribe_events_virtual_show_on_views":"","_tribe_events_virtual_url":"","footnotes":"","_tec_slr_enabled":"","_tec_slr_layout":""},"tags":[342,251],"tribe_events_cat":[72],"class_list":["post-4914","tribe_events","type-tribe_events","status-publish","has-post-thumbnail","hentry","tag-frankreich","tag-interkulturelles-training","tribe_events_cat-interkulturelle-kompetenz","cat_interkulturelle-kompetenz"],"yoast_head":"<!-- This site is optimized with the Yoast SEO plugin v27.3 - https:\/\/yoast.com\/product\/yoast-seo-wordpress\/ -->\n<title>Interkulturelle Kompetenz Frankreich: Savoir vivre, laissez faire, savoir faire? - ticommunication<\/title>\n<meta name=\"robots\" content=\"index, follow, max-snippet:-1, max-image-preview:large, max-video-preview:-1\" \/>\n<link rel=\"canonical\" href=\"https:\/\/www.ticommunication.eu\/de\/event-details\/interkulturelle-kompetenz-frankreich-savoir-vivre-laissez-faire-savoir-faire\/\" \/>\n<meta property=\"og:locale\" content=\"de_DE\" \/>\n<meta property=\"og:type\" content=\"article\" \/>\n<meta property=\"og:title\" content=\"Interkulturelle Kompetenz Frankreich: Savoir vivre, laissez faire, savoir faire? - ticommunication\" \/>\n<meta property=\"og:description\" content=\"Umfragen zufolge bereitet deutschen Unternehmen die Zusammenarbeit mit zwei L\u00e4ndern besondere Schwierigkeiten. In Europa steht Frankreich gleich an vorderster Stelle und sorgt f\u00fcr zahlreiche Missverst\u00e4ndnisse und [\u2026]\" \/>\n<meta property=\"og:url\" content=\"https:\/\/www.ticommunication.eu\/de\/event-details\/interkulturelle-kompetenz-frankreich-savoir-vivre-laissez-faire-savoir-faire\/\" \/>\n<meta property=\"og:site_name\" content=\"ticommunication\" \/>\n<meta property=\"article:modified_time\" content=\"2025-11-13T13:36:06+00:00\" \/>\n<meta property=\"og:image\" content=\"https:\/\/www.ticommunication.eu\/wp-content\/uploads\/2021\/09\/Frankreich-Isabelle_Hansen_Veranstaltung_Titelbild.png\" \/>\n\t<meta property=\"og:image:width\" content=\"1280\" \/>\n\t<meta property=\"og:image:height\" content=\"835\" \/>\n\t<meta property=\"og:image:type\" content=\"image\/png\" \/>\n<meta name=\"twitter:card\" content=\"summary_large_image\" \/>\n<meta name=\"twitter:label1\" content=\"Gesch\u00e4tzte Lesezeit\" \/>\n\t<meta name=\"twitter:data1\" content=\"2\u00a0Minuten\" \/>\n<script type=\"application\/ld+json\" class=\"yoast-schema-graph\">{\"@context\":\"https:\\\/\\\/schema.org\",\"@graph\":[{\"@type\":\"WebPage\",\"@id\":\"https:\\\/\\\/www.ticommunication.eu\\\/de\\\/event-details\\\/interkulturelle-kompetenz-frankreich-savoir-vivre-laissez-faire-savoir-faire\\\/\",\"url\":\"https:\\\/\\\/www.ticommunication.eu\\\/de\\\/event-details\\\/interkulturelle-kompetenz-frankreich-savoir-vivre-laissez-faire-savoir-faire\\\/\",\"name\":\"Interkulturelle Kompetenz Frankreich: Savoir vivre, laissez faire, savoir faire? - ticommunication\",\"isPartOf\":{\"@id\":\"https:\\\/\\\/https\\\/\\\/www.ticommunication.eu\\\/de\\\/de\\\/#website\"},\"primaryImageOfPage\":{\"@id\":\"https:\\\/\\\/www.ticommunication.eu\\\/de\\\/event-details\\\/interkulturelle-kompetenz-frankreich-savoir-vivre-laissez-faire-savoir-faire\\\/#primaryimage\"},\"image\":{\"@id\":\"https:\\\/\\\/www.ticommunication.eu\\\/de\\\/event-details\\\/interkulturelle-kompetenz-frankreich-savoir-vivre-laissez-faire-savoir-faire\\\/#primaryimage\"},\"thumbnailUrl\":\"https:\\\/\\\/www.ticommunication.eu\\\/wp-content\\\/uploads\\\/2021\\\/09\\\/Frankreich-Isabelle_Hansen_Veranstaltung_Titelbild.png\",\"datePublished\":\"2021-07-26T12:51:15+00:00\",\"dateModified\":\"2025-11-13T13:36:06+00:00\",\"breadcrumb\":{\"@id\":\"https:\\\/\\\/www.ticommunication.eu\\\/de\\\/event-details\\\/interkulturelle-kompetenz-frankreich-savoir-vivre-laissez-faire-savoir-faire\\\/#breadcrumb\"},\"inLanguage\":\"de\",\"potentialAction\":[{\"@type\":\"ReadAction\",\"target\":[\"https:\\\/\\\/www.ticommunication.eu\\\/de\\\/event-details\\\/interkulturelle-kompetenz-frankreich-savoir-vivre-laissez-faire-savoir-faire\\\/\"]}]},{\"@type\":\"ImageObject\",\"inLanguage\":\"de\",\"@id\":\"https:\\\/\\\/www.ticommunication.eu\\\/de\\\/event-details\\\/interkulturelle-kompetenz-frankreich-savoir-vivre-laissez-faire-savoir-faire\\\/#primaryimage\",\"url\":\"https:\\\/\\\/www.ticommunication.eu\\\/wp-content\\\/uploads\\\/2021\\\/09\\\/Frankreich-Isabelle_Hansen_Veranstaltung_Titelbild.png\",\"contentUrl\":\"https:\\\/\\\/www.ticommunication.eu\\\/wp-content\\\/uploads\\\/2021\\\/09\\\/Frankreich-Isabelle_Hansen_Veranstaltung_Titelbild.png\",\"width\":1280,\"height\":835},{\"@type\":\"BreadcrumbList\",\"@id\":\"https:\\\/\\\/www.ticommunication.eu\\\/de\\\/event-details\\\/interkulturelle-kompetenz-frankreich-savoir-vivre-laissez-faire-savoir-faire\\\/#breadcrumb\",\"itemListElement\":[{\"@type\":\"ListItem\",\"position\":1,\"name\":\"Startseite\",\"item\":\"https:\\\/\\\/www.ticommunication.eu\\\/de\\\/\"},{\"@type\":\"ListItem\",\"position\":2,\"name\":\"Events\",\"item\":\"https:\\\/\\\/www.ticommunication.eu\\\/de\\\/events\\\/\"},{\"@type\":\"ListItem\",\"position\":3,\"name\":\"Interkulturelle Kompetenz Frankreich: Savoir vivre, laissez faire, savoir faire?\"}]},{\"@type\":\"WebSite\",\"@id\":\"https:\\\/\\\/https\\\/\\\/www.ticommunication.eu\\\/de\\\/de\\\/#website\",\"url\":\"https:\\\/\\\/https\\\/\\\/www.ticommunication.eu\\\/de\\\/de\\\/\",\"name\":\"ticommunication\",\"description\":\"think inclusively\",\"potentialAction\":[{\"@type\":\"SearchAction\",\"target\":{\"@type\":\"EntryPoint\",\"urlTemplate\":\"https:\\\/\\\/https\\\/\\\/www.ticommunication.eu\\\/de\\\/de\\\/?s={search_term_string}\"},\"query-input\":{\"@type\":\"PropertyValueSpecification\",\"valueRequired\":true,\"valueName\":\"search_term_string\"}}],\"inLanguage\":\"de\"}]}<\/script>\n<!-- \/ Yoast SEO plugin. -->","yoast_head_json":{"title":"Interkulturelle Kompetenz Frankreich: Savoir vivre, laissez faire, savoir faire? - ticommunication","robots":{"index":"index","follow":"follow","max-snippet":"max-snippet:-1","max-image-preview":"max-image-preview:large","max-video-preview":"max-video-preview:-1"},"canonical":"https:\/\/www.ticommunication.eu\/de\/event-details\/interkulturelle-kompetenz-frankreich-savoir-vivre-laissez-faire-savoir-faire\/","og_locale":"de_DE","og_type":"article","og_title":"Interkulturelle Kompetenz Frankreich: Savoir vivre, laissez faire, savoir faire? - ticommunication","og_description":"Umfragen zufolge bereitet deutschen Unternehmen die Zusammenarbeit mit zwei L\u00e4ndern besondere Schwierigkeiten. In Europa steht Frankreich gleich an vorderster Stelle und sorgt f\u00fcr zahlreiche Missverst\u00e4ndnisse und [\u2026]","og_url":"https:\/\/www.ticommunication.eu\/de\/event-details\/interkulturelle-kompetenz-frankreich-savoir-vivre-laissez-faire-savoir-faire\/","og_site_name":"ticommunication","article_modified_time":"2025-11-13T13:36:06+00:00","og_image":[{"width":1280,"height":835,"url":"https:\/\/www.ticommunication.eu\/wp-content\/uploads\/2021\/09\/Frankreich-Isabelle_Hansen_Veranstaltung_Titelbild.png","type":"image\/png"}],"twitter_card":"summary_large_image","twitter_misc":{"Gesch\u00e4tzte Lesezeit":"2\u00a0Minuten"},"schema":{"@context":"https:\/\/schema.org","@graph":[{"@type":"WebPage","@id":"https:\/\/www.ticommunication.eu\/de\/event-details\/interkulturelle-kompetenz-frankreich-savoir-vivre-laissez-faire-savoir-faire\/","url":"https:\/\/www.ticommunication.eu\/de\/event-details\/interkulturelle-kompetenz-frankreich-savoir-vivre-laissez-faire-savoir-faire\/","name":"Interkulturelle Kompetenz Frankreich: Savoir vivre, laissez faire, savoir faire? - ticommunication","isPartOf":{"@id":"https:\/\/https\/\/www.ticommunication.eu\/de\/de\/de\/#website"},"primaryImageOfPage":{"@id":"https:\/\/www.ticommunication.eu\/de\/event-details\/interkulturelle-kompetenz-frankreich-savoir-vivre-laissez-faire-savoir-faire\/#primaryimage"},"image":{"@id":"https:\/\/www.ticommunication.eu\/de\/event-details\/interkulturelle-kompetenz-frankreich-savoir-vivre-laissez-faire-savoir-faire\/#primaryimage"},"thumbnailUrl":"https:\/\/www.ticommunication.eu\/wp-content\/uploads\/2021\/09\/Frankreich-Isabelle_Hansen_Veranstaltung_Titelbild.png","datePublished":"2021-07-26T12:51:15+00:00","dateModified":"2025-11-13T13:36:06+00:00","breadcrumb":{"@id":"https:\/\/www.ticommunication.eu\/de\/event-details\/interkulturelle-kompetenz-frankreich-savoir-vivre-laissez-faire-savoir-faire\/#breadcrumb"},"inLanguage":"de","potentialAction":[{"@type":"ReadAction","target":["https:\/\/www.ticommunication.eu\/de\/event-details\/interkulturelle-kompetenz-frankreich-savoir-vivre-laissez-faire-savoir-faire\/"]}]},{"@type":"ImageObject","inLanguage":"de","@id":"https:\/\/www.ticommunication.eu\/de\/event-details\/interkulturelle-kompetenz-frankreich-savoir-vivre-laissez-faire-savoir-faire\/#primaryimage","url":"https:\/\/www.ticommunication.eu\/wp-content\/uploads\/2021\/09\/Frankreich-Isabelle_Hansen_Veranstaltung_Titelbild.png","contentUrl":"https:\/\/www.ticommunication.eu\/wp-content\/uploads\/2021\/09\/Frankreich-Isabelle_Hansen_Veranstaltung_Titelbild.png","width":1280,"height":835},{"@type":"BreadcrumbList","@id":"https:\/\/www.ticommunication.eu\/de\/event-details\/interkulturelle-kompetenz-frankreich-savoir-vivre-laissez-faire-savoir-faire\/#breadcrumb","itemListElement":[{"@type":"ListItem","position":1,"name":"Startseite","item":"https:\/\/www.ticommunication.eu\/de\/"},{"@type":"ListItem","position":2,"name":"Events","item":"https:\/\/www.ticommunication.eu\/de\/events\/"},{"@type":"ListItem","position":3,"name":"Interkulturelle Kompetenz Frankreich: Savoir vivre, laissez faire, savoir faire?"}]},{"@type":"WebSite","@id":"https:\/\/https\/\/www.ticommunication.eu\/de\/de\/de\/#website","url":"https:\/\/https\/\/www.ticommunication.eu\/de\/de\/de\/","name":"ticommunication","description":"think inclusively","potentialAction":[{"@type":"SearchAction","target":{"@type":"EntryPoint","urlTemplate":"https:\/\/https\/\/www.ticommunication.eu\/de\/de\/de\/?s={search_term_string}"},"query-input":{"@type":"PropertyValueSpecification","valueRequired":true,"valueName":"search_term_string"}}],"inLanguage":"de"}]}},"ticketed":["rsvp"],"_links":{"self":[{"href":"https:\/\/www.ticommunication.eu\/de\/wp-json\/wp\/v2\/tribe_events\/4914","targetHints":{"allow":["GET"]}}],"collection":[{"href":"https:\/\/www.ticommunication.eu\/de\/wp-json\/wp\/v2\/tribe_events"}],"about":[{"href":"https:\/\/www.ticommunication.eu\/de\/wp-json\/wp\/v2\/types\/tribe_events"}],"author":[{"embeddable":true,"href":"https:\/\/www.ticommunication.eu\/de\/wp-json\/wp\/v2\/users\/2"}],"version-history":[{"count":0,"href":"https:\/\/www.ticommunication.eu\/de\/wp-json\/wp\/v2\/tribe_events\/4914\/revisions"}],"wp:featuredmedia":[{"embeddable":true,"href":"https:\/\/www.ticommunication.eu\/de\/wp-json\/wp\/v2\/media\/11924"}],"wp:attachment":[{"href":"https:\/\/www.ticommunication.eu\/de\/wp-json\/wp\/v2\/media?parent=4914"}],"wp:term":[{"taxonomy":"post_tag","embeddable":true,"href":"https:\/\/www.ticommunication.eu\/de\/wp-json\/wp\/v2\/tags?post=4914"},{"taxonomy":"tribe_events_cat","embeddable":true,"href":"https:\/\/www.ticommunication.eu\/de\/wp-json\/wp\/v2\/tribe_events_cat?post=4914"}],"curies":[{"name":"wp","href":"https:\/\/api.w.org\/{rel}","templated":true}]}}