{"id":4668,"date":"2021-07-19T13:32:30","date_gmt":"2021-07-19T11:32:30","guid":{"rendered":"https:\/\/ticommunication.eu\/?post_type=tribe_events&#038;p=4668"},"modified":"2025-11-13T13:34:17","modified_gmt":"2025-11-13T12:34:17","slug":"interkulturelle-kompetenz-bulgarien-das-miteinander-erfolgreich-und-professionell-gestalten","status":"publish","type":"tribe_events","link":"https:\/\/www.ticommunication.eu\/de\/event-details\/interkulturelle-kompetenz-bulgarien-das-miteinander-erfolgreich-und-professionell-gestalten\/","title":{"rendered":"Interkulturelle Kompetenz Bulgarien: Das Miteinander erfolgreich und professionell gestalten"},"content":{"rendered":"<div class=\"col-sm-10\">Durch die Erweiterung der Europ\u00e4ischen Union hat die internationale Kooperation mit Partnern aus Bulgarien stark zugenommen.<br \/>\nDie neuen M\u00e4rkte, darunter nat\u00fcrlich auch Bulgarien, sind f\u00fcr die deutschen Partner von gro\u00dfer Bedeutung. Trotz der geografischen N\u00e4he unterscheiden sich jedoch die gesch\u00e4ftlichen Gepflogenheiten in Bulgarien von den deutschen in vielen Hinsichten, was leider oft untersch\u00e4tzt wird. Der Umgang mit internationalen Gesch\u00e4ftspartnern will gelernt sein. Der Gesch\u00e4ftserfolg h\u00e4ngt nicht nur von fachlichem K\u00f6nnen und Sprachkenntnissen ab. Die andere Seite will immer verstanden und &#8222;richtig&#8220; behandelt werden: Was musst Du \u00fcber Bulgarien wissen, um Deine bulgarischen Partner oder Kolleg*innen richtig zu verstehen und in diesem Land erfolgreich zu sein?<\/div>\n<h4>Inhalte<\/h4>\n<div class=\"col-sm-10\">\n<ul>\n<li>Kultur und interkulturelle Kompetenz<\/li>\n<li>Land und Leute: Bulgarien und die Bulgar*innen<\/li>\n<li>Bulgarische und deutsche Werte im Vergleich<\/li>\n<li>Zusammenarbeiten mit Bulgar*innen: Unterschiede in den Gesch\u00e4ftskulturen (Umgang mit: Zeit; Status, Macht und Hierarchie; Regeln und Gesetzen; Management-, F\u00fchrungs- und Arbeitsstilstil; Teamwork.)<\/li>\n<li>Interkulturelle Kommunikation mit Bulgar*innen (Kommunikationsstil; Umgang mit Konflikten, Kritik, Feedback; Verhandeln)<\/li>\n<li>Hinweise auf erfolgreiche Strategien f\u00fcr eine gelungene Kommunikation mit Gesch\u00e4ftspartnern und Kolleg*innen aus Bulgarien<\/li>\n<li>Transfer\u00fcbungen<\/li>\n<\/ul>\n<\/div>\n<h4>Nutzen<\/h4>\n<div class=\"col-sm-10\">\n<ul>\n<li>Sensibilisierung f\u00fcr kulturelle Unterschiede<\/li>\n<li>Reflexion der eigenen Denkmuster und Werte<\/li>\n<li>L\u00e4nderspezifisches Know-how gewinnen, Einblick in sozio-, kulturelle und historische Hintergr\u00fcnde gewinnen, landestypische Verhaltensregeln kennen und verstehen lernen<\/li>\n<li>Auseinandersetzung mit kulturbedingten Unterschieden in der Zusammenarbeit mit Bulgar*innen<\/li>\n<li>Fr\u00fchzeitiges Erkennen von Konfliktfeldern und Konfliktpr\u00e4vention<\/li>\n<li>Entwicklung von hilfreichen Handlungsstrategien zum Umgang mit kulturellen Differenzen, um eine erfolgreiche Zusammenarbeit zu gestalten<\/li>\n<\/ul>\n<\/div>\n<h4>Methoden<\/h4>\n<div class=\"col-sm-10\">\n<ul>\n<li>Teilnehmer*innen-Zielabfrage im Vorfeld<\/li>\n<li>Kurzreferat<\/li>\n<li>Diskussion<\/li>\n<li>Rollenspiele<\/li>\n<li>Critical Incidents<\/li>\n<li>Filme<\/li>\n<li>Praxis-Transfer-\u00dcbungen<\/li>\n<\/ul>\n<\/div>\n<h4>Hinweis zu den Zeiten<\/h4>\n<ul>\n<li>Als virtueller Workshop: 9 &#8211; 12 Uhr und 14 &#8211; 17 Uhr<\/li>\n<li>Als Inhouse-Ma\u00dfnahme: 9 &#8211; 17 Uhr inkl. Mittagspause und Kaffeepausen<\/li>\n<\/ul>\n<h4>Teilnehmerzahl: 3 bis max. 10<\/h4>\n<p>Das Training kannst Du als Inhouse-Ma\u00dfnahme oder als virtuelles Training buchen. Bei mehr als zwei Interessenten k\u00f6nnen wir auch ein offenes Training nach Deinen W\u00fcnschen terminieren. Frag unter der untenstehenden Anmeldung nach den M\u00f6glichkeiten.<\/p>\n<p>Trainingssprachen: Deutsch, Bulgarisch und Russisch.<\/p>\n<p>&nbsp;<\/p>\n","protected":false},"excerpt":{"rendered":"<p>Durch die Erweiterung der Europ\u00e4ischen Union hat die internationale Kooperation mit Partnern aus Bulgarien stark zugenommen. Die neuen M\u00e4rkte, darunter nat\u00fcrlich auch Bulgarien, sind f\u00fcr die<span class=\"excerpt-hellip\"> [\u2026]<\/span><\/p>\n","protected":false},"author":2,"featured_media":12109,"template":"","meta":{"_custom_body_class":"","_custom_post_class":"","rs_blank_template":"","rs_page_bg_color":"","slide_template_v7":"","_price":"","_stock":"","_tribe_ticket_header":"","_tribe_default_ticket_provider":"","_tribe_ticket_capacity":"0","_ticket_start_date":"","_ticket_end_date":"","_tribe_ticket_show_description":"","_tribe_ticket_show_not_going":false,"_tribe_ticket_use_global_stock":"","_tribe_ticket_global_stock_level":"","_global_stock_mode":"","_global_stock_cap":"","_tribe_rsvp_for_event":"","_tribe_ticket_going_count":"","_tribe_ticket_not_going_count":"","_tribe_tickets_list":"[]","_tribe_ticket_has_attendee_info_fields":false,"_tribe_events_status":"","_tribe_events_status_reason":"","_tribe_events_is_hybrid":"","_tribe_events_is_virtual":"","_tribe_events_virtual_video_source":"","_tribe_events_virtual_embed_video":"","_tribe_events_virtual_linked_button_text":"","_tribe_events_virtual_linked_button":"","_tribe_events_virtual_show_embed_at":"","_tribe_events_virtual_show_embed_to":[],"_tribe_events_virtual_show_on_event":"","_tribe_events_virtual_show_on_views":"","_tribe_events_virtual_url":"","footnotes":"","_tec_slr_enabled":"","_tec_slr_layout":""},"tags":[304,259,251,33,305,185],"tribe_events_cat":[72],"class_list":["post-4668","tribe_events","type-tribe_events","status-publish","has-post-thumbnail","hentry","tag-bulgarien","tag-interkulturelle-kompetenz","tag-interkulturelles-training","tag-kommunikation","tag-offenes-training","tag-training","tribe_events_cat-interkulturelle-kompetenz","cat_interkulturelle-kompetenz"],"yoast_head":"<!-- This site is optimized with the Yoast SEO plugin v27.3 - https:\/\/yoast.com\/product\/yoast-seo-wordpress\/ -->\n<title>Interkulturelle Kompetenz Bulgarien: Das Miteinander erfolgreich und professionell gestalten - ticommunication<\/title>\n<meta name=\"robots\" content=\"index, follow, max-snippet:-1, max-image-preview:large, max-video-preview:-1\" \/>\n<link rel=\"canonical\" href=\"https:\/\/www.ticommunication.eu\/de\/event-details\/interkulturelle-kompetenz-bulgarien-das-miteinander-erfolgreich-und-professionell-gestalten\/\" \/>\n<meta property=\"og:locale\" content=\"de_DE\" \/>\n<meta property=\"og:type\" content=\"article\" \/>\n<meta property=\"og:title\" content=\"Interkulturelle Kompetenz Bulgarien: Das Miteinander erfolgreich und professionell gestalten - ticommunication\" \/>\n<meta property=\"og:description\" content=\"Durch die Erweiterung der Europ\u00e4ischen Union hat die internationale Kooperation mit Partnern aus Bulgarien stark zugenommen. Die neuen M\u00e4rkte, darunter nat\u00fcrlich auch Bulgarien, sind f\u00fcr die [\u2026]\" \/>\n<meta property=\"og:url\" content=\"https:\/\/www.ticommunication.eu\/de\/event-details\/interkulturelle-kompetenz-bulgarien-das-miteinander-erfolgreich-und-professionell-gestalten\/\" \/>\n<meta property=\"og:site_name\" content=\"ticommunication\" \/>\n<meta property=\"article:modified_time\" content=\"2025-11-13T12:34:17+00:00\" \/>\n<meta property=\"og:image\" content=\"https:\/\/www.ticommunication.eu\/wp-content\/uploads\/2021\/07\/Bulgarien_Vesselina_Meurer_Veranstaltung_Titelbild.png\" \/>\n\t<meta property=\"og:image:width\" content=\"1280\" \/>\n\t<meta property=\"og:image:height\" content=\"835\" \/>\n\t<meta property=\"og:image:type\" content=\"image\/png\" \/>\n<meta name=\"twitter:card\" content=\"summary_large_image\" \/>\n<meta name=\"twitter:label1\" content=\"Gesch\u00e4tzte Lesezeit\" \/>\n\t<meta name=\"twitter:data1\" content=\"2\u00a0Minuten\" \/>\n<script type=\"application\/ld+json\" class=\"yoast-schema-graph\">{\"@context\":\"https:\\\/\\\/schema.org\",\"@graph\":[{\"@type\":\"WebPage\",\"@id\":\"https:\\\/\\\/www.ticommunication.eu\\\/de\\\/event-details\\\/interkulturelle-kompetenz-bulgarien-das-miteinander-erfolgreich-und-professionell-gestalten\\\/\",\"url\":\"https:\\\/\\\/www.ticommunication.eu\\\/de\\\/event-details\\\/interkulturelle-kompetenz-bulgarien-das-miteinander-erfolgreich-und-professionell-gestalten\\\/\",\"name\":\"Interkulturelle Kompetenz Bulgarien: Das Miteinander erfolgreich und professionell gestalten - ticommunication\",\"isPartOf\":{\"@id\":\"https:\\\/\\\/https\\\/\\\/www.ticommunication.eu\\\/de\\\/de\\\/#website\"},\"primaryImageOfPage\":{\"@id\":\"https:\\\/\\\/www.ticommunication.eu\\\/de\\\/event-details\\\/interkulturelle-kompetenz-bulgarien-das-miteinander-erfolgreich-und-professionell-gestalten\\\/#primaryimage\"},\"image\":{\"@id\":\"https:\\\/\\\/www.ticommunication.eu\\\/de\\\/event-details\\\/interkulturelle-kompetenz-bulgarien-das-miteinander-erfolgreich-und-professionell-gestalten\\\/#primaryimage\"},\"thumbnailUrl\":\"https:\\\/\\\/www.ticommunication.eu\\\/wp-content\\\/uploads\\\/2021\\\/07\\\/Bulgarien_Vesselina_Meurer_Veranstaltung_Titelbild.png\",\"datePublished\":\"2021-07-19T11:32:30+00:00\",\"dateModified\":\"2025-11-13T12:34:17+00:00\",\"breadcrumb\":{\"@id\":\"https:\\\/\\\/www.ticommunication.eu\\\/de\\\/event-details\\\/interkulturelle-kompetenz-bulgarien-das-miteinander-erfolgreich-und-professionell-gestalten\\\/#breadcrumb\"},\"inLanguage\":\"de\",\"potentialAction\":[{\"@type\":\"ReadAction\",\"target\":[\"https:\\\/\\\/www.ticommunication.eu\\\/de\\\/event-details\\\/interkulturelle-kompetenz-bulgarien-das-miteinander-erfolgreich-und-professionell-gestalten\\\/\"]}]},{\"@type\":\"ImageObject\",\"inLanguage\":\"de\",\"@id\":\"https:\\\/\\\/www.ticommunication.eu\\\/de\\\/event-details\\\/interkulturelle-kompetenz-bulgarien-das-miteinander-erfolgreich-und-professionell-gestalten\\\/#primaryimage\",\"url\":\"https:\\\/\\\/www.ticommunication.eu\\\/wp-content\\\/uploads\\\/2021\\\/07\\\/Bulgarien_Vesselina_Meurer_Veranstaltung_Titelbild.png\",\"contentUrl\":\"https:\\\/\\\/www.ticommunication.eu\\\/wp-content\\\/uploads\\\/2021\\\/07\\\/Bulgarien_Vesselina_Meurer_Veranstaltung_Titelbild.png\",\"width\":1280,\"height\":835},{\"@type\":\"BreadcrumbList\",\"@id\":\"https:\\\/\\\/www.ticommunication.eu\\\/de\\\/event-details\\\/interkulturelle-kompetenz-bulgarien-das-miteinander-erfolgreich-und-professionell-gestalten\\\/#breadcrumb\",\"itemListElement\":[{\"@type\":\"ListItem\",\"position\":1,\"name\":\"Startseite\",\"item\":\"https:\\\/\\\/www.ticommunication.eu\\\/de\\\/\"},{\"@type\":\"ListItem\",\"position\":2,\"name\":\"Events\",\"item\":\"https:\\\/\\\/www.ticommunication.eu\\\/de\\\/events\\\/\"},{\"@type\":\"ListItem\",\"position\":3,\"name\":\"Interkulturelle Kompetenz Bulgarien: Das Miteinander erfolgreich und professionell gestalten\"}]},{\"@type\":\"WebSite\",\"@id\":\"https:\\\/\\\/https\\\/\\\/www.ticommunication.eu\\\/de\\\/de\\\/#website\",\"url\":\"https:\\\/\\\/https\\\/\\\/www.ticommunication.eu\\\/de\\\/de\\\/\",\"name\":\"ticommunication\",\"description\":\"think inclusively\",\"potentialAction\":[{\"@type\":\"SearchAction\",\"target\":{\"@type\":\"EntryPoint\",\"urlTemplate\":\"https:\\\/\\\/https\\\/\\\/www.ticommunication.eu\\\/de\\\/de\\\/?s={search_term_string}\"},\"query-input\":{\"@type\":\"PropertyValueSpecification\",\"valueRequired\":true,\"valueName\":\"search_term_string\"}}],\"inLanguage\":\"de\"}]}<\/script>\n<!-- \/ Yoast SEO plugin. -->","yoast_head_json":{"title":"Interkulturelle Kompetenz Bulgarien: Das Miteinander erfolgreich und professionell gestalten - ticommunication","robots":{"index":"index","follow":"follow","max-snippet":"max-snippet:-1","max-image-preview":"max-image-preview:large","max-video-preview":"max-video-preview:-1"},"canonical":"https:\/\/www.ticommunication.eu\/de\/event-details\/interkulturelle-kompetenz-bulgarien-das-miteinander-erfolgreich-und-professionell-gestalten\/","og_locale":"de_DE","og_type":"article","og_title":"Interkulturelle Kompetenz Bulgarien: Das Miteinander erfolgreich und professionell gestalten - ticommunication","og_description":"Durch die Erweiterung der Europ\u00e4ischen Union hat die internationale Kooperation mit Partnern aus Bulgarien stark zugenommen. Die neuen M\u00e4rkte, darunter nat\u00fcrlich auch Bulgarien, sind f\u00fcr die [\u2026]","og_url":"https:\/\/www.ticommunication.eu\/de\/event-details\/interkulturelle-kompetenz-bulgarien-das-miteinander-erfolgreich-und-professionell-gestalten\/","og_site_name":"ticommunication","article_modified_time":"2025-11-13T12:34:17+00:00","og_image":[{"width":1280,"height":835,"url":"https:\/\/www.ticommunication.eu\/wp-content\/uploads\/2021\/07\/Bulgarien_Vesselina_Meurer_Veranstaltung_Titelbild.png","type":"image\/png"}],"twitter_card":"summary_large_image","twitter_misc":{"Gesch\u00e4tzte Lesezeit":"2\u00a0Minuten"},"schema":{"@context":"https:\/\/schema.org","@graph":[{"@type":"WebPage","@id":"https:\/\/www.ticommunication.eu\/de\/event-details\/interkulturelle-kompetenz-bulgarien-das-miteinander-erfolgreich-und-professionell-gestalten\/","url":"https:\/\/www.ticommunication.eu\/de\/event-details\/interkulturelle-kompetenz-bulgarien-das-miteinander-erfolgreich-und-professionell-gestalten\/","name":"Interkulturelle Kompetenz Bulgarien: Das Miteinander erfolgreich und professionell gestalten - ticommunication","isPartOf":{"@id":"https:\/\/https\/\/www.ticommunication.eu\/de\/de\/de\/#website"},"primaryImageOfPage":{"@id":"https:\/\/www.ticommunication.eu\/de\/event-details\/interkulturelle-kompetenz-bulgarien-das-miteinander-erfolgreich-und-professionell-gestalten\/#primaryimage"},"image":{"@id":"https:\/\/www.ticommunication.eu\/de\/event-details\/interkulturelle-kompetenz-bulgarien-das-miteinander-erfolgreich-und-professionell-gestalten\/#primaryimage"},"thumbnailUrl":"https:\/\/www.ticommunication.eu\/wp-content\/uploads\/2021\/07\/Bulgarien_Vesselina_Meurer_Veranstaltung_Titelbild.png","datePublished":"2021-07-19T11:32:30+00:00","dateModified":"2025-11-13T12:34:17+00:00","breadcrumb":{"@id":"https:\/\/www.ticommunication.eu\/de\/event-details\/interkulturelle-kompetenz-bulgarien-das-miteinander-erfolgreich-und-professionell-gestalten\/#breadcrumb"},"inLanguage":"de","potentialAction":[{"@type":"ReadAction","target":["https:\/\/www.ticommunication.eu\/de\/event-details\/interkulturelle-kompetenz-bulgarien-das-miteinander-erfolgreich-und-professionell-gestalten\/"]}]},{"@type":"ImageObject","inLanguage":"de","@id":"https:\/\/www.ticommunication.eu\/de\/event-details\/interkulturelle-kompetenz-bulgarien-das-miteinander-erfolgreich-und-professionell-gestalten\/#primaryimage","url":"https:\/\/www.ticommunication.eu\/wp-content\/uploads\/2021\/07\/Bulgarien_Vesselina_Meurer_Veranstaltung_Titelbild.png","contentUrl":"https:\/\/www.ticommunication.eu\/wp-content\/uploads\/2021\/07\/Bulgarien_Vesselina_Meurer_Veranstaltung_Titelbild.png","width":1280,"height":835},{"@type":"BreadcrumbList","@id":"https:\/\/www.ticommunication.eu\/de\/event-details\/interkulturelle-kompetenz-bulgarien-das-miteinander-erfolgreich-und-professionell-gestalten\/#breadcrumb","itemListElement":[{"@type":"ListItem","position":1,"name":"Startseite","item":"https:\/\/www.ticommunication.eu\/de\/"},{"@type":"ListItem","position":2,"name":"Events","item":"https:\/\/www.ticommunication.eu\/de\/events\/"},{"@type":"ListItem","position":3,"name":"Interkulturelle Kompetenz Bulgarien: Das Miteinander erfolgreich und professionell gestalten"}]},{"@type":"WebSite","@id":"https:\/\/https\/\/www.ticommunication.eu\/de\/de\/de\/#website","url":"https:\/\/https\/\/www.ticommunication.eu\/de\/de\/de\/","name":"ticommunication","description":"think inclusively","potentialAction":[{"@type":"SearchAction","target":{"@type":"EntryPoint","urlTemplate":"https:\/\/https\/\/www.ticommunication.eu\/de\/de\/de\/?s={search_term_string}"},"query-input":{"@type":"PropertyValueSpecification","valueRequired":true,"valueName":"search_term_string"}}],"inLanguage":"de"}]}},"ticketed":["rsvp"],"_links":{"self":[{"href":"https:\/\/www.ticommunication.eu\/de\/wp-json\/wp\/v2\/tribe_events\/4668","targetHints":{"allow":["GET"]}}],"collection":[{"href":"https:\/\/www.ticommunication.eu\/de\/wp-json\/wp\/v2\/tribe_events"}],"about":[{"href":"https:\/\/www.ticommunication.eu\/de\/wp-json\/wp\/v2\/types\/tribe_events"}],"author":[{"embeddable":true,"href":"https:\/\/www.ticommunication.eu\/de\/wp-json\/wp\/v2\/users\/2"}],"version-history":[{"count":0,"href":"https:\/\/www.ticommunication.eu\/de\/wp-json\/wp\/v2\/tribe_events\/4668\/revisions"}],"wp:featuredmedia":[{"embeddable":true,"href":"https:\/\/www.ticommunication.eu\/de\/wp-json\/wp\/v2\/media\/12109"}],"wp:attachment":[{"href":"https:\/\/www.ticommunication.eu\/de\/wp-json\/wp\/v2\/media?parent=4668"}],"wp:term":[{"taxonomy":"post_tag","embeddable":true,"href":"https:\/\/www.ticommunication.eu\/de\/wp-json\/wp\/v2\/tags?post=4668"},{"taxonomy":"tribe_events_cat","embeddable":true,"href":"https:\/\/www.ticommunication.eu\/de\/wp-json\/wp\/v2\/tribe_events_cat?post=4668"}],"curies":[{"name":"wp","href":"https:\/\/api.w.org\/{rel}","templated":true}]}}