{"id":4366,"date":"2021-07-07T15:49:04","date_gmt":"2021-07-07T13:49:04","guid":{"rendered":"https:\/\/ticommunication.eu\/?post_type=tribe_events&#038;p=4366"},"modified":"2024-04-24T16:40:15","modified_gmt":"2024-04-24T14:40:15","slug":"interkulturelles-training-arabische-laender-zweiundzwanzig-arabische-laender-eine-arabische-welt-business-training-fuer-fach-und-fuehrungskraefte","status":"publish","type":"tribe_events","link":"https:\/\/www.ticommunication.eu\/de\/event-details\/interkulturelles-training-arabische-laender-zweiundzwanzig-arabische-laender-eine-arabische-welt-business-training-fuer-fach-und-fuehrungskraefte\/","title":{"rendered":"Interkulturelles Training Arabische L\u00e4nder: Zweiundzwanzig Arabische L\u00e4nder &#8211; Eine Arabische Welt? Business Training f\u00fcr Fach- und F\u00fchrungskr\u00e4fte"},"content":{"rendered":"<div class=\"col-sm-10\">\n<p>Die Arabische Region ist oft betrachtet als eine f\u00fcr deutsche Gesch\u00e4ftsleute \u201eschwierige\u201c Region, wo der Islam viele Einschr\u00e4nkungen von den Menschen abverlangt. Viele Unterschiede und Priorit\u00e4ten pr\u00e4gen und beeinflussen die Zusammenarbeit, und hier gilt \u201eBusiness is not just business\u201c um erfolgreich zu sein.<\/p>\n<\/div>\n<h4>Inhalte<\/h4>\n<div class=\"col-sm-10\">\n<ul>\n<li>Business-Kommunikation in arabischen L\u00e4ndern<\/li>\n<li>Virtuelle Kommunikation<\/li>\n<li>Deadlines und Flexibilit\u00e4t<\/li>\n<li>Meetings und Pr\u00e4sentationen<\/li>\n<li>Konflikte und Kritik<\/li>\n<\/ul>\n<\/div>\n<h4>Nutzen<\/h4>\n<div class=\"col-sm-10\">\n<ul>\n<li>Verbesserung der Zusammenarbeit mit Araber*innen<\/li>\n<li>Missverst\u00e4ndnisse verstehen und vorbeugen<\/li>\n<li>Gemeinsamkeiten und Unterschiede kennenlernen<\/li>\n<li>Zeit und Geld sparen<\/li>\n<\/ul>\n<\/div>\n<h4>Methoden<\/h4>\n<div class=\"col-sm-10\">\n<ul>\n<li>Interaktive \u00dcbungen<\/li>\n<li>Video und Audio<\/li>\n<li>Fallbeispiele<\/li>\n<li>Breakout Sessions<\/li>\n<li>Diskussion und Reflexion<\/li>\n<\/ul>\n<\/div>\n<h4>Hinweis zu den Zeiten<\/h4>\n<ul>\n<li>Als virtueller Workshop: 9 &#8211; 12 Uhr und 14 &#8211; 17 Uhr<\/li>\n<li>Als Inhouse-Ma\u00dfnahme: 9 &#8211; 17 Uhr inkl. Mittagspause und Kaffeepausen<\/li>\n<\/ul>\n<h4>Teilnehmerzahl: 3 bis max. 10<\/h4>\n<p>Das Training k\u00f6nnen Sie als Inhouse-Ma\u00dfnahme oder als virtuelles Training buchen. Bei mehr als zwei Interessenten k\u00f6nnen wir auch ein offenes Training nach Ihren W\u00fcnschen terminieren. Fragen Sie unter der untenstehenden Anmeldung nach den M\u00f6glichkeiten.<\/p>\n<p>Trainingssprachen: Deutsch, Englisch, Franz\u00f6sisch und Arabisch.<\/p>\n<p>&nbsp;<\/p>\n","protected":false},"excerpt":{"rendered":"<p>Die Arabische Region ist oft betrachtet als eine f\u00fcr deutsche Gesch\u00e4ftsleute \u201eschwierige\u201c Region, wo der Islam viele Einschr\u00e4nkungen von den Menschen abverlangt. Viele Unterschiede und Priorit\u00e4ten<span class=\"excerpt-hellip\"> [\u2026]<\/span><\/p>\n","protected":false},"author":2,"featured_media":11979,"template":"","meta":{"_custom_body_class":"","_custom_post_class":"","rs_blank_template":"","rs_page_bg_color":"","slide_template_v7":"","_price":"","_stock":"","_tribe_ticket_header":"","_tribe_default_ticket_provider":"","_tribe_ticket_capacity":"0","_ticket_start_date":"","_ticket_end_date":"","_tribe_ticket_show_description":"","_tribe_ticket_show_not_going":false,"_tribe_ticket_use_global_stock":"","_tribe_ticket_global_stock_level":"","_global_stock_mode":"","_global_stock_cap":"","_tribe_rsvp_for_event":"","_tribe_ticket_going_count":"","_tribe_ticket_not_going_count":"","_tribe_tickets_list":"[]","_tribe_ticket_has_attendee_info_fields":false,"_tribe_events_status":"","_tribe_events_status_reason":"","_tribe_events_is_hybrid":"","_tribe_events_is_virtual":"","_tribe_events_virtual_video_source":"","_tribe_events_virtual_embed_video":"","_tribe_events_virtual_linked_button_text":"","_tribe_events_virtual_linked_button":"","_tribe_events_virtual_show_embed_at":"","_tribe_events_virtual_show_embed_to":[],"_tribe_events_virtual_show_on_event":"","_tribe_events_virtual_show_on_views":"","_tribe_events_virtual_url":"","footnotes":"","_tec_slr_enabled":"","_tec_slr_layout":""},"tags":[247,149,238],"tribe_events_cat":[72],"class_list":["post-4366","tribe_events","type-tribe_events","status-publish","has-post-thumbnail","hentry","tag-arabisch","tag-interkulturell","tag-kooperation","tribe_events_cat-interkulturelle-kompetenz","cat_interkulturelle-kompetenz"],"yoast_head":"<!-- This site is optimized with the Yoast SEO plugin v27.3 - https:\/\/yoast.com\/product\/yoast-seo-wordpress\/ -->\n<title>Interkulturelles Training Arabische L\u00e4nder: Zweiundzwanzig Arabische L\u00e4nder - Eine Arabische Welt? Business Training f\u00fcr Fach- und F\u00fchrungskr\u00e4fte - ticommunication<\/title>\n<meta name=\"robots\" content=\"index, follow, max-snippet:-1, max-image-preview:large, max-video-preview:-1\" \/>\n<link rel=\"canonical\" href=\"https:\/\/www.ticommunication.eu\/de\/event-details\/interkulturelles-training-arabische-laender-zweiundzwanzig-arabische-laender-eine-arabische-welt-business-training-fuer-fach-und-fuehrungskraefte\/\" \/>\n<meta property=\"og:locale\" content=\"de_DE\" \/>\n<meta property=\"og:type\" content=\"article\" \/>\n<meta property=\"og:title\" content=\"Interkulturelles Training Arabische L\u00e4nder: Zweiundzwanzig Arabische L\u00e4nder - Eine Arabische Welt? Business Training f\u00fcr Fach- und F\u00fchrungskr\u00e4fte - ticommunication\" \/>\n<meta property=\"og:description\" content=\"Die Arabische Region ist oft betrachtet als eine f\u00fcr deutsche Gesch\u00e4ftsleute \u201eschwierige\u201c Region, wo der Islam viele Einschr\u00e4nkungen von den Menschen abverlangt. Viele Unterschiede und Priorit\u00e4ten [\u2026]\" \/>\n<meta property=\"og:url\" content=\"https:\/\/www.ticommunication.eu\/de\/event-details\/interkulturelles-training-arabische-laender-zweiundzwanzig-arabische-laender-eine-arabische-welt-business-training-fuer-fach-und-fuehrungskraefte\/\" \/>\n<meta property=\"og:site_name\" content=\"ticommunication\" \/>\n<meta property=\"article:modified_time\" content=\"2024-04-24T14:40:15+00:00\" \/>\n<meta property=\"og:image\" content=\"https:\/\/www.ticommunication.eu\/wp-content\/uploads\/2021\/08\/Arabisch_Zeina_Matar_Veranstaltungen_Titelbild.png\" \/>\n\t<meta property=\"og:image:width\" content=\"1280\" \/>\n\t<meta property=\"og:image:height\" content=\"835\" \/>\n\t<meta property=\"og:image:type\" content=\"image\/png\" \/>\n<meta name=\"twitter:card\" content=\"summary_large_image\" \/>\n<meta name=\"twitter:label1\" content=\"Gesch\u00e4tzte Lesezeit\" \/>\n\t<meta name=\"twitter:data1\" content=\"2\u00a0Minuten\" \/>\n<script type=\"application\/ld+json\" class=\"yoast-schema-graph\">{\"@context\":\"https:\\\/\\\/schema.org\",\"@graph\":[{\"@type\":\"WebPage\",\"@id\":\"https:\\\/\\\/www.ticommunication.eu\\\/de\\\/event-details\\\/interkulturelles-training-arabische-laender-zweiundzwanzig-arabische-laender-eine-arabische-welt-business-training-fuer-fach-und-fuehrungskraefte\\\/\",\"url\":\"https:\\\/\\\/www.ticommunication.eu\\\/de\\\/event-details\\\/interkulturelles-training-arabische-laender-zweiundzwanzig-arabische-laender-eine-arabische-welt-business-training-fuer-fach-und-fuehrungskraefte\\\/\",\"name\":\"Interkulturelles Training Arabische L\u00e4nder: Zweiundzwanzig Arabische L\u00e4nder - Eine Arabische Welt? Business Training f\u00fcr Fach- und F\u00fchrungskr\u00e4fte - ticommunication\",\"isPartOf\":{\"@id\":\"https:\\\/\\\/https\\\/\\\/www.ticommunication.eu\\\/de\\\/de\\\/#website\"},\"primaryImageOfPage\":{\"@id\":\"https:\\\/\\\/www.ticommunication.eu\\\/de\\\/event-details\\\/interkulturelles-training-arabische-laender-zweiundzwanzig-arabische-laender-eine-arabische-welt-business-training-fuer-fach-und-fuehrungskraefte\\\/#primaryimage\"},\"image\":{\"@id\":\"https:\\\/\\\/www.ticommunication.eu\\\/de\\\/event-details\\\/interkulturelles-training-arabische-laender-zweiundzwanzig-arabische-laender-eine-arabische-welt-business-training-fuer-fach-und-fuehrungskraefte\\\/#primaryimage\"},\"thumbnailUrl\":\"https:\\\/\\\/www.ticommunication.eu\\\/wp-content\\\/uploads\\\/2021\\\/08\\\/Arabisch_Zeina_Matar_Veranstaltungen_Titelbild.png\",\"datePublished\":\"2021-07-07T13:49:04+00:00\",\"dateModified\":\"2024-04-24T14:40:15+00:00\",\"breadcrumb\":{\"@id\":\"https:\\\/\\\/www.ticommunication.eu\\\/de\\\/event-details\\\/interkulturelles-training-arabische-laender-zweiundzwanzig-arabische-laender-eine-arabische-welt-business-training-fuer-fach-und-fuehrungskraefte\\\/#breadcrumb\"},\"inLanguage\":\"de\",\"potentialAction\":[{\"@type\":\"ReadAction\",\"target\":[\"https:\\\/\\\/www.ticommunication.eu\\\/de\\\/event-details\\\/interkulturelles-training-arabische-laender-zweiundzwanzig-arabische-laender-eine-arabische-welt-business-training-fuer-fach-und-fuehrungskraefte\\\/\"]}]},{\"@type\":\"ImageObject\",\"inLanguage\":\"de\",\"@id\":\"https:\\\/\\\/www.ticommunication.eu\\\/de\\\/event-details\\\/interkulturelles-training-arabische-laender-zweiundzwanzig-arabische-laender-eine-arabische-welt-business-training-fuer-fach-und-fuehrungskraefte\\\/#primaryimage\",\"url\":\"https:\\\/\\\/www.ticommunication.eu\\\/wp-content\\\/uploads\\\/2021\\\/08\\\/Arabisch_Zeina_Matar_Veranstaltungen_Titelbild.png\",\"contentUrl\":\"https:\\\/\\\/www.ticommunication.eu\\\/wp-content\\\/uploads\\\/2021\\\/08\\\/Arabisch_Zeina_Matar_Veranstaltungen_Titelbild.png\",\"width\":1280,\"height\":835},{\"@type\":\"BreadcrumbList\",\"@id\":\"https:\\\/\\\/www.ticommunication.eu\\\/de\\\/event-details\\\/interkulturelles-training-arabische-laender-zweiundzwanzig-arabische-laender-eine-arabische-welt-business-training-fuer-fach-und-fuehrungskraefte\\\/#breadcrumb\",\"itemListElement\":[{\"@type\":\"ListItem\",\"position\":1,\"name\":\"Startseite\",\"item\":\"https:\\\/\\\/www.ticommunication.eu\\\/de\\\/\"},{\"@type\":\"ListItem\",\"position\":2,\"name\":\"Events\",\"item\":\"https:\\\/\\\/www.ticommunication.eu\\\/de\\\/events\\\/\"},{\"@type\":\"ListItem\",\"position\":3,\"name\":\"Interkulturelles Training Arabische L\u00e4nder: Zweiundzwanzig Arabische L\u00e4nder &#8211; Eine Arabische Welt? Business Training f\u00fcr Fach- und F\u00fchrungskr\u00e4fte\"}]},{\"@type\":\"WebSite\",\"@id\":\"https:\\\/\\\/https\\\/\\\/www.ticommunication.eu\\\/de\\\/de\\\/#website\",\"url\":\"https:\\\/\\\/https\\\/\\\/www.ticommunication.eu\\\/de\\\/de\\\/\",\"name\":\"ticommunication\",\"description\":\"think inclusively\",\"potentialAction\":[{\"@type\":\"SearchAction\",\"target\":{\"@type\":\"EntryPoint\",\"urlTemplate\":\"https:\\\/\\\/https\\\/\\\/www.ticommunication.eu\\\/de\\\/de\\\/?s={search_term_string}\"},\"query-input\":{\"@type\":\"PropertyValueSpecification\",\"valueRequired\":true,\"valueName\":\"search_term_string\"}}],\"inLanguage\":\"de\"}]}<\/script>\n<!-- \/ Yoast SEO plugin. -->","yoast_head_json":{"title":"Interkulturelles Training Arabische L\u00e4nder: Zweiundzwanzig Arabische L\u00e4nder - Eine Arabische Welt? Business Training f\u00fcr Fach- und F\u00fchrungskr\u00e4fte - ticommunication","robots":{"index":"index","follow":"follow","max-snippet":"max-snippet:-1","max-image-preview":"max-image-preview:large","max-video-preview":"max-video-preview:-1"},"canonical":"https:\/\/www.ticommunication.eu\/de\/event-details\/interkulturelles-training-arabische-laender-zweiundzwanzig-arabische-laender-eine-arabische-welt-business-training-fuer-fach-und-fuehrungskraefte\/","og_locale":"de_DE","og_type":"article","og_title":"Interkulturelles Training Arabische L\u00e4nder: Zweiundzwanzig Arabische L\u00e4nder - Eine Arabische Welt? Business Training f\u00fcr Fach- und F\u00fchrungskr\u00e4fte - ticommunication","og_description":"Die Arabische Region ist oft betrachtet als eine f\u00fcr deutsche Gesch\u00e4ftsleute \u201eschwierige\u201c Region, wo der Islam viele Einschr\u00e4nkungen von den Menschen abverlangt. Viele Unterschiede und Priorit\u00e4ten [\u2026]","og_url":"https:\/\/www.ticommunication.eu\/de\/event-details\/interkulturelles-training-arabische-laender-zweiundzwanzig-arabische-laender-eine-arabische-welt-business-training-fuer-fach-und-fuehrungskraefte\/","og_site_name":"ticommunication","article_modified_time":"2024-04-24T14:40:15+00:00","og_image":[{"width":1280,"height":835,"url":"https:\/\/www.ticommunication.eu\/wp-content\/uploads\/2021\/08\/Arabisch_Zeina_Matar_Veranstaltungen_Titelbild.png","type":"image\/png"}],"twitter_card":"summary_large_image","twitter_misc":{"Gesch\u00e4tzte Lesezeit":"2\u00a0Minuten"},"schema":{"@context":"https:\/\/schema.org","@graph":[{"@type":"WebPage","@id":"https:\/\/www.ticommunication.eu\/de\/event-details\/interkulturelles-training-arabische-laender-zweiundzwanzig-arabische-laender-eine-arabische-welt-business-training-fuer-fach-und-fuehrungskraefte\/","url":"https:\/\/www.ticommunication.eu\/de\/event-details\/interkulturelles-training-arabische-laender-zweiundzwanzig-arabische-laender-eine-arabische-welt-business-training-fuer-fach-und-fuehrungskraefte\/","name":"Interkulturelles Training Arabische L\u00e4nder: Zweiundzwanzig Arabische L\u00e4nder - Eine Arabische Welt? Business Training f\u00fcr Fach- und F\u00fchrungskr\u00e4fte - ticommunication","isPartOf":{"@id":"https:\/\/https\/\/www.ticommunication.eu\/de\/de\/de\/#website"},"primaryImageOfPage":{"@id":"https:\/\/www.ticommunication.eu\/de\/event-details\/interkulturelles-training-arabische-laender-zweiundzwanzig-arabische-laender-eine-arabische-welt-business-training-fuer-fach-und-fuehrungskraefte\/#primaryimage"},"image":{"@id":"https:\/\/www.ticommunication.eu\/de\/event-details\/interkulturelles-training-arabische-laender-zweiundzwanzig-arabische-laender-eine-arabische-welt-business-training-fuer-fach-und-fuehrungskraefte\/#primaryimage"},"thumbnailUrl":"https:\/\/www.ticommunication.eu\/wp-content\/uploads\/2021\/08\/Arabisch_Zeina_Matar_Veranstaltungen_Titelbild.png","datePublished":"2021-07-07T13:49:04+00:00","dateModified":"2024-04-24T14:40:15+00:00","breadcrumb":{"@id":"https:\/\/www.ticommunication.eu\/de\/event-details\/interkulturelles-training-arabische-laender-zweiundzwanzig-arabische-laender-eine-arabische-welt-business-training-fuer-fach-und-fuehrungskraefte\/#breadcrumb"},"inLanguage":"de","potentialAction":[{"@type":"ReadAction","target":["https:\/\/www.ticommunication.eu\/de\/event-details\/interkulturelles-training-arabische-laender-zweiundzwanzig-arabische-laender-eine-arabische-welt-business-training-fuer-fach-und-fuehrungskraefte\/"]}]},{"@type":"ImageObject","inLanguage":"de","@id":"https:\/\/www.ticommunication.eu\/de\/event-details\/interkulturelles-training-arabische-laender-zweiundzwanzig-arabische-laender-eine-arabische-welt-business-training-fuer-fach-und-fuehrungskraefte\/#primaryimage","url":"https:\/\/www.ticommunication.eu\/wp-content\/uploads\/2021\/08\/Arabisch_Zeina_Matar_Veranstaltungen_Titelbild.png","contentUrl":"https:\/\/www.ticommunication.eu\/wp-content\/uploads\/2021\/08\/Arabisch_Zeina_Matar_Veranstaltungen_Titelbild.png","width":1280,"height":835},{"@type":"BreadcrumbList","@id":"https:\/\/www.ticommunication.eu\/de\/event-details\/interkulturelles-training-arabische-laender-zweiundzwanzig-arabische-laender-eine-arabische-welt-business-training-fuer-fach-und-fuehrungskraefte\/#breadcrumb","itemListElement":[{"@type":"ListItem","position":1,"name":"Startseite","item":"https:\/\/www.ticommunication.eu\/de\/"},{"@type":"ListItem","position":2,"name":"Events","item":"https:\/\/www.ticommunication.eu\/de\/events\/"},{"@type":"ListItem","position":3,"name":"Interkulturelles Training Arabische L\u00e4nder: Zweiundzwanzig Arabische L\u00e4nder &#8211; Eine Arabische Welt? Business Training f\u00fcr Fach- und F\u00fchrungskr\u00e4fte"}]},{"@type":"WebSite","@id":"https:\/\/https\/\/www.ticommunication.eu\/de\/de\/de\/#website","url":"https:\/\/https\/\/www.ticommunication.eu\/de\/de\/de\/","name":"ticommunication","description":"think inclusively","potentialAction":[{"@type":"SearchAction","target":{"@type":"EntryPoint","urlTemplate":"https:\/\/https\/\/www.ticommunication.eu\/de\/de\/de\/?s={search_term_string}"},"query-input":{"@type":"PropertyValueSpecification","valueRequired":true,"valueName":"search_term_string"}}],"inLanguage":"de"}]}},"ticketed":["rsvp"],"_links":{"self":[{"href":"https:\/\/www.ticommunication.eu\/de\/wp-json\/wp\/v2\/tribe_events\/4366","targetHints":{"allow":["GET"]}}],"collection":[{"href":"https:\/\/www.ticommunication.eu\/de\/wp-json\/wp\/v2\/tribe_events"}],"about":[{"href":"https:\/\/www.ticommunication.eu\/de\/wp-json\/wp\/v2\/types\/tribe_events"}],"author":[{"embeddable":true,"href":"https:\/\/www.ticommunication.eu\/de\/wp-json\/wp\/v2\/users\/2"}],"version-history":[{"count":0,"href":"https:\/\/www.ticommunication.eu\/de\/wp-json\/wp\/v2\/tribe_events\/4366\/revisions"}],"wp:featuredmedia":[{"embeddable":true,"href":"https:\/\/www.ticommunication.eu\/de\/wp-json\/wp\/v2\/media\/11979"}],"wp:attachment":[{"href":"https:\/\/www.ticommunication.eu\/de\/wp-json\/wp\/v2\/media?parent=4366"}],"wp:term":[{"taxonomy":"post_tag","embeddable":true,"href":"https:\/\/www.ticommunication.eu\/de\/wp-json\/wp\/v2\/tags?post=4366"},{"taxonomy":"tribe_events_cat","embeddable":true,"href":"https:\/\/www.ticommunication.eu\/de\/wp-json\/wp\/v2\/tribe_events_cat?post=4366"}],"curies":[{"name":"wp","href":"https:\/\/api.w.org\/{rel}","templated":true}]}}