{"id":14937,"date":"2025-08-07T14:27:39","date_gmt":"2025-08-07T12:27:39","guid":{"rendered":"https:\/\/www.ticommunication.eu\/?post_type=tribe_events&#038;p=14937"},"modified":"2026-01-13T15:32:45","modified_gmt":"2026-01-13T14:32:45","slug":"workshop-ihr-schluessel-zu-deutschland-su-llave-para-alemania","status":"publish","type":"tribe_events","link":"https:\/\/www.ticommunication.eu\/de\/event-details\/workshop-ihr-schluessel-zu-deutschland-su-llave-para-alemania\/","title":{"rendered":"Workshop: Dein Schl\u00fcssel zu Deutschland &#8211; Tu llave para Alemania"},"content":{"rendered":"<p style=\"text-align: left;\">Deutsche \u00dcbersetzung im Anschluss<\/p>\n<p>&nbsp;<\/p>\n<p>\u00bfEres nuevo\/a en Alemania o planeas mudarte pronto, ya sea por motivos profesionales o personales? Entonces quiz\u00e1s te est\u00e9s preguntando qu\u00e9 puedes esperar y qu\u00e9 se esperar\u00e1 de ti.<\/p>\n<ul>\n<li>\u00bfQuieres saber qu\u00e9 significa realmente cuando te invitan a tomar caf\u00e9 y pastel en Alemania?<\/li>\n<li>\u00bfPor qu\u00e9 los compa\u00f1eros de trabajo alemanes se saludan con \u201cMahlzeit\u201d durante el almuerzo?<\/li>\n<li>\u00bfPor qu\u00e9 no tengo la oportunidad de hablar en las reuniones del equipo, aunque tenga algo que decir?<\/li>\n<li>\u00bfC\u00f3mo muestro respeto? \u00bfQu\u00e9 genera confianza? \u00bfY c\u00f3mo hago amistades, tanto a nivel personal como profesional?<\/li>\n<\/ul>\n<p>Vivir y trabajar en Alemania puede ser una experiencia emocionante, pero tambi\u00e9n desafiante. La cultura laboral y cotidiana puede diferir considerablemente de la de tu pa\u00eds de origen. Existen diferencias, pero tambi\u00e9n similitudes que pueden ayudarte a adaptarte a tu nuevo entorno y sentirte a gusto.<\/p>\n<h4><strong>Beneficios<\/strong><\/h4>\n<p>Despu\u00e9s de esta formaci\u00f3n individualizada, tendr\u00e1s:<\/p>\n<ul>\n<li>Una \u201cLlave para Alemania\u201d que te proporcionar\u00e1 una comprensi\u00f3n m\u00e1s profunda de las diferencias y similitudes culturales.<\/li>\n<li>Un amplio conocimiento que abarca desde Goethe hasta la Currywurst.<\/li>\n<li>La capacidad de manejar conflictos y malentendidos en Alemania con serenidad.<\/li>\n<li>Mejores habilidades de comunicaci\u00f3n con clientes, colegas y empleados alemanes.<\/li>\n<li>Lo esencial para colaborar con \u00e9xito en el entorno laboral alem\u00e1n, aprendido y practicado.<\/li>\n<\/ul>\n<h4><strong>M\u00e9todos<\/strong><\/h4>\n<ul>\n<li>Ejercicios interactivos y simulaciones<\/li>\n<li>Trabajo en grupos peque\u00f1os<\/li>\n<li>Discusiones y contribuciones de expertos<\/li>\n<li>Intercambio de experiencias y aprendizajes<\/li>\n<\/ul>\n<h4><strong>Los horarios: <\/strong><\/h4>\n<ul>\n<li>Como taller virtual: de 9 a 12 y de 14 a 17 horas.<\/li>\n<li>Como medida interna: de 9 a 17 horas, incluyendo la pausa para comer y las pausas para el caf\u00e9.<\/li>\n<\/ul>\n<h4><strong>N\u00famero de participantes: de 3 a un m\u00e1ximo de 10<br \/>\n<\/strong><\/h4>\n<p>Puedes reservar la formaci\u00f3n como actividad interna o como formaci\u00f3n virtual. Si hay m\u00e1s de dos interesados, tambi\u00e9n podemos programar una formaci\u00f3n abierta seg\u00fan tus deseos. Consulta las posibilidades en el formulario de inscripci\u00f3n que aparece a continuaci\u00f3n.<\/p>\n<p>Idiomas de formaci\u00f3n: espa\u00f1ol, alem\u00e1n e ingl\u00e9s.<\/p>\n<p>&nbsp;<\/p>\n<p>&nbsp;<\/p>\n<p>Wenn Du neu in Deutschland bist oder planst, in naher Zukunft nach Deutschland zu ziehen, fragst Du Dich vielleicht, was Dich erwartet und was von Dir erwartet wird.<\/p>\n<ul>\n<li>M\u00f6chtest Du wissen, was es bedeutet, in Deutschland zu Kaffee und Kuchen eingeladen zu werden?<\/li>\n<li>Warum begr\u00fc\u00dfen sich deutsche Kollegen in der Mittagspause mit &#8222;Mahlzeit&#8220;?<\/li>\n<li>Warum darf ich mich in Teamsitzungen nicht zu Wort melden? Wie zeige ich Respekt?<\/li>\n<li>Was schafft Vertrauen, und wie schlie\u00dfe ich pers\u00f6nliche und berufliche Freundschaften?<\/li>\n<\/ul>\n<p>In Deutschland zu leben und zu arbeiten kann eine spannende, aber auch herausfordernde Erfahrung sein. Die Arbeitskultur und das allt\u00e4gliche Leben k\u00f6nnen sich stark von Deinem\u00a0 Heimatland unterscheiden. Es gibt Unterschiede, aber auch Gemeinsamkeiten, die Dir helfen k\u00f6nnen, Dich an Dein neues Umfeld anzupassen und Dich wohl zu f\u00fchlen.<\/p>\n<h4><strong>Nutzen<\/strong><\/h4>\n<ul>\n<li>Vertiefung des Verst\u00e4ndnisses f\u00fcr kulturelle Unterschiede und Gemeinsamkeiten<\/li>\n<li>Breites Wissen von Goethe bis Currywurst<\/li>\n<li>Sicherer Umgang mit Konflikten und Missverst\u00e4ndnissen<\/li>\n<li>Verbesserung der Kommunikationsf\u00e4higkeiten mit deutschen Kollegen<\/li>\n<li>Lerne und \u00fcbe die Grundelemente der Zusammenarbeit in Deutschland<\/li>\n<\/ul>\n<h4><strong>Methoden<\/strong><\/h4>\n<ul>\n<li>Interaktive \u00dcbungen und Simulationen<\/li>\n<li>Kleingruppenarbeit<\/li>\n<li>Strukturierte Gruppendiskussionen und Experteninput<\/li>\n<li>Austausch von Erfahrungen und Erkenntnissen<\/li>\n<\/ul>\n<h4>Hinweis zu den Zeiten<\/h4>\n<ul>\n<li>Als virtueller Workshop: 9 &#8211; 12 Uhr und 14 &#8211; 17 Uhr<\/li>\n<li>Als Inhouse-Ma\u00dfnahme: 9 &#8211; 17 Uhr inkl. Mittagspause und Kaffeepausen<\/li>\n<\/ul>\n<h4>Teilnehmerzahl: 3 bis max. 10<\/h4>\n<p>Das Training kannst Du als Inhouse-Ma\u00dfnahme oder als virtuelles Training buchen. Bei mehr als zwei Interessenten k\u00f6nnen wir auch ein offenes Training nach Deinen W\u00fcnschen terminieren. Frage unter der untenstehenden Anmeldung nach den M\u00f6glichkeiten.<\/p>\n<p>Trainingssprachen: Spanisch, Deutsch und Englisch<\/p>\n<p>&nbsp;<\/p>\n","protected":false},"excerpt":{"rendered":"<p>Deutsche \u00dcbersetzung im Anschluss &nbsp; \u00bfEres nuevo\/a en Alemania o planeas mudarte pronto, ya sea por motivos profesionales o personales? Entonces quiz\u00e1s te est\u00e9s preguntando qu\u00e9<span class=\"excerpt-hellip\"> [\u2026]<\/span><\/p>\n","protected":false},"author":2,"featured_media":16025,"template":"","meta":{"_custom_body_class":"","_custom_post_class":"","rs_blank_template":"","rs_page_bg_color":"","slide_template_v7":"","_price":"","_stock":"","_tribe_ticket_header":"","_tribe_default_ticket_provider":"","_tribe_ticket_capacity":"","_ticket_start_date":"","_ticket_end_date":"","_tribe_ticket_show_description":"","_tribe_ticket_show_not_going":false,"_tribe_ticket_use_global_stock":"","_tribe_ticket_global_stock_level":"","_global_stock_mode":"","_global_stock_cap":"","_tribe_rsvp_for_event":"","_tribe_ticket_going_count":"","_tribe_ticket_not_going_count":"","_tribe_tickets_list":"[]","_tribe_ticket_has_attendee_info_fields":false,"_tribe_events_status":"","_tribe_events_status_reason":"","_tribe_events_is_hybrid":"","_tribe_events_is_virtual":"","_tribe_events_virtual_video_source":"","_tribe_events_virtual_embed_video":"","_tribe_events_virtual_linked_button_text":"","_tribe_events_virtual_linked_button":"","_tribe_events_virtual_show_embed_at":"","_tribe_events_virtual_show_embed_to":[],"_tribe_events_virtual_show_on_event":"","_tribe_events_virtual_show_on_views":"","_tribe_events_virtual_url":"","footnotes":"","_tec_slr_enabled":"","_tec_slr_layout":""},"tags":[331,236,938,940],"tribe_events_cat":[808,72],"class_list":["post-14937","tribe_events","type-tribe_events","status-publish","has-post-thumbnail","hentry","tag-deutsch","tag-deutschland","tag-interkulturelle-kompetenzen","tag-spanisch","tribe_events_cat-fachkraeftezuwanderung","tribe_events_cat-interkulturelle-kompetenz","cat_fachkraeftezuwanderung","cat_interkulturelle-kompetenz"],"yoast_head":"<!-- This site is optimized with the Yoast SEO plugin v27.3 - https:\/\/yoast.com\/product\/yoast-seo-wordpress\/ -->\n<title>Workshop: Dein Schl\u00fcssel zu Deutschland - Tu llave para Alemania - ticommunication<\/title>\n<meta name=\"robots\" content=\"index, follow, max-snippet:-1, max-image-preview:large, max-video-preview:-1\" \/>\n<link rel=\"canonical\" href=\"https:\/\/www.ticommunication.eu\/de\/event-details\/workshop-ihr-schluessel-zu-deutschland-su-llave-para-alemania\/\" \/>\n<meta property=\"og:locale\" content=\"de_DE\" \/>\n<meta property=\"og:type\" content=\"article\" \/>\n<meta property=\"og:title\" content=\"Workshop: Dein Schl\u00fcssel zu Deutschland - Tu llave para Alemania - ticommunication\" \/>\n<meta property=\"og:description\" content=\"Deutsche \u00dcbersetzung im Anschluss &nbsp; \u00bfEres nuevo\/a en Alemania o planeas mudarte pronto, ya sea por motivos profesionales o personales? Entonces quiz\u00e1s te est\u00e9s preguntando qu\u00e9 [\u2026]\" \/>\n<meta property=\"og:url\" content=\"https:\/\/www.ticommunication.eu\/de\/event-details\/workshop-ihr-schluessel-zu-deutschland-su-llave-para-alemania\/\" \/>\n<meta property=\"og:site_name\" content=\"ticommunication\" \/>\n<meta property=\"article:modified_time\" content=\"2026-01-13T14:32:45+00:00\" \/>\n<meta property=\"og:image\" content=\"https:\/\/www.ticommunication.eu\/wp-content\/uploads\/2025\/08\/Vorlage-Event-Titelbild-mit-Trainerbild3-1-1060x691.png\" \/>\n\t<meta property=\"og:image:width\" content=\"1060\" \/>\n\t<meta property=\"og:image:height\" content=\"691\" \/>\n\t<meta property=\"og:image:type\" content=\"image\/png\" \/>\n<meta name=\"twitter:card\" content=\"summary_large_image\" \/>\n<meta name=\"twitter:label1\" content=\"Gesch\u00e4tzte Lesezeit\" \/>\n\t<meta name=\"twitter:data1\" content=\"4\u00a0Minuten\" \/>\n<script type=\"application\/ld+json\" class=\"yoast-schema-graph\">{\"@context\":\"https:\\\/\\\/schema.org\",\"@graph\":[{\"@type\":\"WebPage\",\"@id\":\"https:\\\/\\\/www.ticommunication.eu\\\/de\\\/event-details\\\/workshop-ihr-schluessel-zu-deutschland-su-llave-para-alemania\\\/\",\"url\":\"https:\\\/\\\/www.ticommunication.eu\\\/de\\\/event-details\\\/workshop-ihr-schluessel-zu-deutschland-su-llave-para-alemania\\\/\",\"name\":\"Workshop: Dein Schl\u00fcssel zu Deutschland - Tu llave para Alemania - ticommunication\",\"isPartOf\":{\"@id\":\"https:\\\/\\\/https\\\/\\\/www.ticommunication.eu\\\/de\\\/de\\\/#website\"},\"primaryImageOfPage\":{\"@id\":\"https:\\\/\\\/www.ticommunication.eu\\\/de\\\/event-details\\\/workshop-ihr-schluessel-zu-deutschland-su-llave-para-alemania\\\/#primaryimage\"},\"image\":{\"@id\":\"https:\\\/\\\/www.ticommunication.eu\\\/de\\\/event-details\\\/workshop-ihr-schluessel-zu-deutschland-su-llave-para-alemania\\\/#primaryimage\"},\"thumbnailUrl\":\"https:\\\/\\\/www.ticommunication.eu\\\/wp-content\\\/uploads\\\/2025\\\/08\\\/Vorlage-Event-Titelbild-mit-Trainerbild3-1.png\",\"datePublished\":\"2025-08-07T12:27:39+00:00\",\"dateModified\":\"2026-01-13T14:32:45+00:00\",\"breadcrumb\":{\"@id\":\"https:\\\/\\\/www.ticommunication.eu\\\/de\\\/event-details\\\/workshop-ihr-schluessel-zu-deutschland-su-llave-para-alemania\\\/#breadcrumb\"},\"inLanguage\":\"de\",\"potentialAction\":[{\"@type\":\"ReadAction\",\"target\":[\"https:\\\/\\\/www.ticommunication.eu\\\/de\\\/event-details\\\/workshop-ihr-schluessel-zu-deutschland-su-llave-para-alemania\\\/\"]}]},{\"@type\":\"ImageObject\",\"inLanguage\":\"de\",\"@id\":\"https:\\\/\\\/www.ticommunication.eu\\\/de\\\/event-details\\\/workshop-ihr-schluessel-zu-deutschland-su-llave-para-alemania\\\/#primaryimage\",\"url\":\"https:\\\/\\\/www.ticommunication.eu\\\/wp-content\\\/uploads\\\/2025\\\/08\\\/Vorlage-Event-Titelbild-mit-Trainerbild3-1.png\",\"contentUrl\":\"https:\\\/\\\/www.ticommunication.eu\\\/wp-content\\\/uploads\\\/2025\\\/08\\\/Vorlage-Event-Titelbild-mit-Trainerbild3-1.png\",\"width\":1280,\"height\":835},{\"@type\":\"BreadcrumbList\",\"@id\":\"https:\\\/\\\/www.ticommunication.eu\\\/de\\\/event-details\\\/workshop-ihr-schluessel-zu-deutschland-su-llave-para-alemania\\\/#breadcrumb\",\"itemListElement\":[{\"@type\":\"ListItem\",\"position\":1,\"name\":\"Startseite\",\"item\":\"https:\\\/\\\/www.ticommunication.eu\\\/de\\\/\"},{\"@type\":\"ListItem\",\"position\":2,\"name\":\"Events\",\"item\":\"https:\\\/\\\/www.ticommunication.eu\\\/de\\\/events\\\/\"},{\"@type\":\"ListItem\",\"position\":3,\"name\":\"Workshop: Dein Schl\u00fcssel zu Deutschland &#8211; Tu llave para Alemania\"}]},{\"@type\":\"WebSite\",\"@id\":\"https:\\\/\\\/https\\\/\\\/www.ticommunication.eu\\\/de\\\/de\\\/#website\",\"url\":\"https:\\\/\\\/https\\\/\\\/www.ticommunication.eu\\\/de\\\/de\\\/\",\"name\":\"ticommunication\",\"description\":\"think inclusively\",\"potentialAction\":[{\"@type\":\"SearchAction\",\"target\":{\"@type\":\"EntryPoint\",\"urlTemplate\":\"https:\\\/\\\/https\\\/\\\/www.ticommunication.eu\\\/de\\\/de\\\/?s={search_term_string}\"},\"query-input\":{\"@type\":\"PropertyValueSpecification\",\"valueRequired\":true,\"valueName\":\"search_term_string\"}}],\"inLanguage\":\"de\"}]}<\/script>\n<!-- \/ Yoast SEO plugin. -->","yoast_head_json":{"title":"Workshop: Dein Schl\u00fcssel zu Deutschland - Tu llave para Alemania - ticommunication","robots":{"index":"index","follow":"follow","max-snippet":"max-snippet:-1","max-image-preview":"max-image-preview:large","max-video-preview":"max-video-preview:-1"},"canonical":"https:\/\/www.ticommunication.eu\/de\/event-details\/workshop-ihr-schluessel-zu-deutschland-su-llave-para-alemania\/","og_locale":"de_DE","og_type":"article","og_title":"Workshop: Dein Schl\u00fcssel zu Deutschland - Tu llave para Alemania - ticommunication","og_description":"Deutsche \u00dcbersetzung im Anschluss &nbsp; \u00bfEres nuevo\/a en Alemania o planeas mudarte pronto, ya sea por motivos profesionales o personales? Entonces quiz\u00e1s te est\u00e9s preguntando qu\u00e9 [\u2026]","og_url":"https:\/\/www.ticommunication.eu\/de\/event-details\/workshop-ihr-schluessel-zu-deutschland-su-llave-para-alemania\/","og_site_name":"ticommunication","article_modified_time":"2026-01-13T14:32:45+00:00","og_image":[{"width":1060,"height":691,"url":"https:\/\/www.ticommunication.eu\/wp-content\/uploads\/2025\/08\/Vorlage-Event-Titelbild-mit-Trainerbild3-1-1060x691.png","type":"image\/png"}],"twitter_card":"summary_large_image","twitter_misc":{"Gesch\u00e4tzte Lesezeit":"4\u00a0Minuten"},"schema":{"@context":"https:\/\/schema.org","@graph":[{"@type":"WebPage","@id":"https:\/\/www.ticommunication.eu\/de\/event-details\/workshop-ihr-schluessel-zu-deutschland-su-llave-para-alemania\/","url":"https:\/\/www.ticommunication.eu\/de\/event-details\/workshop-ihr-schluessel-zu-deutschland-su-llave-para-alemania\/","name":"Workshop: Dein Schl\u00fcssel zu Deutschland - Tu llave para Alemania - ticommunication","isPartOf":{"@id":"https:\/\/https\/\/www.ticommunication.eu\/de\/de\/de\/#website"},"primaryImageOfPage":{"@id":"https:\/\/www.ticommunication.eu\/de\/event-details\/workshop-ihr-schluessel-zu-deutschland-su-llave-para-alemania\/#primaryimage"},"image":{"@id":"https:\/\/www.ticommunication.eu\/de\/event-details\/workshop-ihr-schluessel-zu-deutschland-su-llave-para-alemania\/#primaryimage"},"thumbnailUrl":"https:\/\/www.ticommunication.eu\/wp-content\/uploads\/2025\/08\/Vorlage-Event-Titelbild-mit-Trainerbild3-1.png","datePublished":"2025-08-07T12:27:39+00:00","dateModified":"2026-01-13T14:32:45+00:00","breadcrumb":{"@id":"https:\/\/www.ticommunication.eu\/de\/event-details\/workshop-ihr-schluessel-zu-deutschland-su-llave-para-alemania\/#breadcrumb"},"inLanguage":"de","potentialAction":[{"@type":"ReadAction","target":["https:\/\/www.ticommunication.eu\/de\/event-details\/workshop-ihr-schluessel-zu-deutschland-su-llave-para-alemania\/"]}]},{"@type":"ImageObject","inLanguage":"de","@id":"https:\/\/www.ticommunication.eu\/de\/event-details\/workshop-ihr-schluessel-zu-deutschland-su-llave-para-alemania\/#primaryimage","url":"https:\/\/www.ticommunication.eu\/wp-content\/uploads\/2025\/08\/Vorlage-Event-Titelbild-mit-Trainerbild3-1.png","contentUrl":"https:\/\/www.ticommunication.eu\/wp-content\/uploads\/2025\/08\/Vorlage-Event-Titelbild-mit-Trainerbild3-1.png","width":1280,"height":835},{"@type":"BreadcrumbList","@id":"https:\/\/www.ticommunication.eu\/de\/event-details\/workshop-ihr-schluessel-zu-deutschland-su-llave-para-alemania\/#breadcrumb","itemListElement":[{"@type":"ListItem","position":1,"name":"Startseite","item":"https:\/\/www.ticommunication.eu\/de\/"},{"@type":"ListItem","position":2,"name":"Events","item":"https:\/\/www.ticommunication.eu\/de\/events\/"},{"@type":"ListItem","position":3,"name":"Workshop: Dein Schl\u00fcssel zu Deutschland &#8211; Tu llave para Alemania"}]},{"@type":"WebSite","@id":"https:\/\/https\/\/www.ticommunication.eu\/de\/de\/de\/#website","url":"https:\/\/https\/\/www.ticommunication.eu\/de\/de\/de\/","name":"ticommunication","description":"think inclusively","potentialAction":[{"@type":"SearchAction","target":{"@type":"EntryPoint","urlTemplate":"https:\/\/https\/\/www.ticommunication.eu\/de\/de\/de\/?s={search_term_string}"},"query-input":{"@type":"PropertyValueSpecification","valueRequired":true,"valueName":"search_term_string"}}],"inLanguage":"de"}]}},"ticketed":["rsvp"],"_links":{"self":[{"href":"https:\/\/www.ticommunication.eu\/de\/wp-json\/wp\/v2\/tribe_events\/14937","targetHints":{"allow":["GET"]}}],"collection":[{"href":"https:\/\/www.ticommunication.eu\/de\/wp-json\/wp\/v2\/tribe_events"}],"about":[{"href":"https:\/\/www.ticommunication.eu\/de\/wp-json\/wp\/v2\/types\/tribe_events"}],"author":[{"embeddable":true,"href":"https:\/\/www.ticommunication.eu\/de\/wp-json\/wp\/v2\/users\/2"}],"version-history":[{"count":0,"href":"https:\/\/www.ticommunication.eu\/de\/wp-json\/wp\/v2\/tribe_events\/14937\/revisions"}],"wp:featuredmedia":[{"embeddable":true,"href":"https:\/\/www.ticommunication.eu\/de\/wp-json\/wp\/v2\/media\/16025"}],"wp:attachment":[{"href":"https:\/\/www.ticommunication.eu\/de\/wp-json\/wp\/v2\/media?parent=14937"}],"wp:term":[{"taxonomy":"post_tag","embeddable":true,"href":"https:\/\/www.ticommunication.eu\/de\/wp-json\/wp\/v2\/tags?post=14937"},{"taxonomy":"tribe_events_cat","embeddable":true,"href":"https:\/\/www.ticommunication.eu\/de\/wp-json\/wp\/v2\/tribe_events_cat?post=14937"}],"curies":[{"name":"wp","href":"https:\/\/api.w.org\/{rel}","templated":true}]}}