{"id":14827,"date":"2025-07-21T11:28:05","date_gmt":"2025-07-21T09:28:05","guid":{"rendered":"https:\/\/www.ticommunication.eu\/?post_type=tribe_events&#038;p=14827"},"modified":"2025-12-04T12:04:05","modified_gmt":"2025-12-04T11:04:05","slug":"mimikresonanz-fuer-interkulturelle-kommunikation-internationale-zusammenarbeit","status":"publish","type":"tribe_events","link":"https:\/\/www.ticommunication.eu\/de\/event-details\/mimikresonanz-fuer-interkulturelle-kommunikation-internationale-zusammenarbeit\/","title":{"rendered":"Mimikresonanz\u00ae f\u00fcr interkulturelle Kommunikation &#038; internationale Zusammenarbeit"},"content":{"rendered":"<p><strong>\u201eDie F\u00e4higkeit Menschen zu verstehen ist die W\u00e4hrung des 21. Jahrhunderts, <\/strong><strong>denn diese Kompetenz kann bzw. darf uns keine Maschine abnehmen.\u201c<\/strong><\/p>\n<p>Dirk W. Eilert<\/p>\n<p>&nbsp;<\/p>\n<p>In einer zunehmend internationalen und hybriden Arbeitswelt wird Kommunikation schnell komplex. Entscheidend ist oft nicht, <em>was<\/em> gesagt wird \u2013 sondern <em>was zwischen den Zeilen mitschwingt<\/em>.<\/p>\n<p>Gerade in kulturell vielf\u00e4ltigen Teams \u2013 \u00fcberall dort, wo unterschiedliche Sprachebenen, Rollenerwartungen und Pr\u00e4gungen aufeinandertreffen \u2013 sind feine Wahrnehmung, klare Pr\u00e4senz und nonverbale Wirkung der Schl\u00fcssel zu Vertrauen und Verstehen. Genau hier setzt Mimikresonanz\u00ae an: mit Training f\u00fcr mehr Klarheit, Verbindung und emotionale Kompetenz im interkulturellen Alltag.<\/p>\n<p>Mimikresonanz\u00ae ist ein ganzheitliches Trainingskonzept zur St\u00e4rkung nonverbaler Kommunikationskompetenz \u2013 basierend auf aktuellen Erkenntnissen aus Psychologie, Emotionsforschung und Verhaltensanalyse.<\/p>\n<p>Mit Fokus auf Mikroexpressionen und kaum sichtbare K\u00f6rpersignale vermittelt Mimikresonanz\u00ae genau jene F\u00e4higkeit, die in interkulturellen, mehrsprachigen oder virtuellen Settings oft fehlt: die F\u00e4higkeit, emotionale Subtexte zu lesen \u2013 kultur\u00fcbergreifend, klar und in Echtzeit.<\/p>\n<p>&nbsp;<\/p>\n<p><strong>Nutzen<\/strong><\/p>\n<ul>\n<li>Du lernst, emotionale Mikroexpressionen und K\u00f6rpersignale kultur\u00fcbergreifend zu erkennen und zu verstehen.<\/li>\n<li>Du bist in der Lage, Unsicherheiten, Missverst\u00e4ndnisse oder Spannungen fr\u00fchzeitig wahrzunehmen \u2013 und zu deeskalieren<\/li>\n<li>Du baust Vertrauen gezielt nonverbal auf und trittst auch in virtuellen oder interkulturellen Settings souver\u00e4n auf.<\/li>\n<li>Du kommunizierst klarer und bewusster in interkulturellen Kontexten \u2013 \u00fcber Sprach- und Kulturgrenzen hinweg.<\/li>\n<\/ul>\n<p>&nbsp;<\/p>\n<p><strong>Methoden<\/strong><\/p>\n<ul>\n<li>L\u00e4sst sich flexibel in Trainings, Coachings oder Weiterbildungsprogramme integrieren \u2013 als Einzelmodul oder Teil einer langfristigen Entwicklung.<\/li>\n<\/ul>\n<p>&nbsp;<\/p>\n<p><strong>Formen &amp; Varianten<\/strong><\/p>\n<ul>\n<li><strong>Mimikresonanz\u00ae Kompakt <\/strong>Einf\u00fchrung in die nonverbale Emotionserkennung \u2013 f\u00fcr mehr Klarheit und Verbindung in vielf\u00e4ltigen Teams.<\/li>\n<li><strong>Mimikresonanz\u00ae Profiler <\/strong>Nonverbale Pers\u00f6nlichkeitseinsch\u00e4tzung f\u00fcr klare Kommunikation in Team- und F\u00fchrungssituationen<\/li>\n<li><strong>Mimikresonanz\u00ae Impact <\/strong>Die eigene Wirkung st\u00e4rken \u2013 f\u00fcr souver\u00e4ne Pr\u00e4senz in interkulturellen F\u00fchrungs-, Verhandlungs- und Pr\u00e4sentationsmomenten.<\/li>\n<li><strong>Mimikresonanz\u00ae Perception Camp <\/strong>Intensivtraining f\u00fcr pr\u00e4zise emotionale Wahrnehmung<\/li>\n<\/ul>\n<p><strong>\u00a0<\/strong><\/p>\n<p><strong>Hinweise zu den Zeiten<\/strong><\/p>\n<ul>\n<li>Als virtueller Workshop: 9 \u2013 12 Uhr und 14 \u2013 17 Uhr<\/li>\n<li>Als Inhouse-Ma\u00dfnahme: 9 \u2013 17 Uhr inkl. Mittagspause und Kaffeepausen<\/li>\n<\/ul>\n<p>&nbsp;<\/p>\n<p><strong>Teilnehmerzahl: 3 bis max. 10<\/strong><\/p>\n<p>Das Training kannst Du als Inhouse-Ma\u00dfnahme oder als virtuelles Training buchen. Bei mehr als zwei Interessenten k\u00f6nnen wir auch ein offenes Training nach Deinen W\u00fcnschen terminieren. Frage unter der untenstehenden Anmeldung nach den M\u00f6glichkeiten.<\/p>\n<p>Trainingssprachen: Deutsch und Ungarisch.<\/p>\n","protected":false},"excerpt":{"rendered":"<p>\u201eDie F\u00e4higkeit Menschen zu verstehen ist die W\u00e4hrung des 21. Jahrhunderts, denn diese Kompetenz kann bzw. darf uns keine Maschine abnehmen.\u201c Dirk W. Eilert &nbsp; In<span class=\"excerpt-hellip\"> [\u2026]<\/span><\/p>\n","protected":false},"author":2,"featured_media":14830,"template":"","meta":{"_custom_body_class":"","_custom_post_class":"","_price":"","_stock":"","_tribe_ticket_header":"","_tribe_default_ticket_provider":"","_tribe_ticket_capacity":"0","_ticket_start_date":"","_ticket_end_date":"","_tribe_ticket_show_description":"","_tribe_ticket_show_not_going":false,"_tribe_ticket_use_global_stock":"","_tribe_ticket_global_stock_level":"","_global_stock_mode":"","_global_stock_cap":"","_tribe_rsvp_for_event":"","_tribe_ticket_going_count":"","_tribe_ticket_not_going_count":"","_tribe_tickets_list":"[]","_tribe_ticket_has_attendee_info_fields":false,"_tribe_events_status":"","_tribe_events_status_reason":"","_tribe_events_is_hybrid":"","_tribe_events_is_virtual":"","_tribe_events_virtual_video_source":"","_tribe_events_virtual_embed_video":"","_tribe_events_virtual_linked_button_text":"","_tribe_events_virtual_linked_button":"","_tribe_events_virtual_show_embed_at":"","_tribe_events_virtual_show_embed_to":[],"_tribe_events_virtual_show_on_event":"","_tribe_events_virtual_show_on_views":"","_tribe_events_virtual_url":"","footnotes":"","_tec_slr_enabled":"","_tec_slr_layout":""},"tags":[149,937,935,936],"tribe_events_cat":[72],"class_list":["post-14827","tribe_events","type-tribe_events","status-publish","has-post-thumbnail","hentry","tag-interkulturell","tag-koerpersprache","tag-mimikresonanz","tag-nonverbale-kommunikation","tribe_events_cat-interkulturelle-kompetenz","cat_interkulturelle-kompetenz"],"yoast_head":"<!-- This site is optimized with the Yoast SEO plugin v27.3 - https:\/\/yoast.com\/product\/yoast-seo-wordpress\/ -->\n<title>Mimikresonanz\u00ae f\u00fcr interkulturelle Kommunikation &amp; internationale Zusammenarbeit - ticommunication<\/title>\n<meta name=\"robots\" content=\"index, follow, max-snippet:-1, max-image-preview:large, max-video-preview:-1\" \/>\n<link rel=\"canonical\" href=\"https:\/\/www.ticommunication.eu\/de\/event-details\/mimikresonanz-fuer-interkulturelle-kommunikation-internationale-zusammenarbeit\/\" \/>\n<meta property=\"og:locale\" content=\"de_DE\" \/>\n<meta property=\"og:type\" content=\"article\" \/>\n<meta property=\"og:title\" content=\"Mimikresonanz\u00ae f\u00fcr interkulturelle Kommunikation &amp; internationale Zusammenarbeit - ticommunication\" \/>\n<meta property=\"og:description\" content=\"\u201eDie F\u00e4higkeit Menschen zu verstehen ist die W\u00e4hrung des 21. Jahrhunderts, denn diese Kompetenz kann bzw. darf uns keine Maschine abnehmen.\u201c Dirk W. Eilert &nbsp; In [\u2026]\" \/>\n<meta property=\"og:url\" content=\"https:\/\/www.ticommunication.eu\/de\/event-details\/mimikresonanz-fuer-interkulturelle-kommunikation-internationale-zusammenarbeit\/\" \/>\n<meta property=\"og:site_name\" content=\"ticommunication\" \/>\n<meta property=\"article:modified_time\" content=\"2025-12-04T11:04:05+00:00\" \/>\n<meta property=\"og:image\" content=\"https:\/\/www.ticommunication.eu\/wp-content\/uploads\/2025\/07\/Mimikresonanz.png\" \/>\n\t<meta property=\"og:image:width\" content=\"1280\" \/>\n\t<meta property=\"og:image:height\" content=\"835\" \/>\n\t<meta property=\"og:image:type\" content=\"image\/png\" \/>\n<meta name=\"twitter:card\" content=\"summary_large_image\" \/>\n<meta name=\"twitter:label1\" content=\"Gesch\u00e4tzte Lesezeit\" \/>\n\t<meta name=\"twitter:data1\" content=\"3\u00a0Minuten\" \/>\n<script type=\"application\/ld+json\" class=\"yoast-schema-graph\">{\"@context\":\"https:\\\/\\\/schema.org\",\"@graph\":[{\"@type\":\"WebPage\",\"@id\":\"https:\\\/\\\/www.ticommunication.eu\\\/de\\\/event-details\\\/mimikresonanz-fuer-interkulturelle-kommunikation-internationale-zusammenarbeit\\\/\",\"url\":\"https:\\\/\\\/www.ticommunication.eu\\\/de\\\/event-details\\\/mimikresonanz-fuer-interkulturelle-kommunikation-internationale-zusammenarbeit\\\/\",\"name\":\"Mimikresonanz\u00ae f\u00fcr interkulturelle Kommunikation & internationale Zusammenarbeit - ticommunication\",\"isPartOf\":{\"@id\":\"https:\\\/\\\/https\\\/\\\/www.ticommunication.eu\\\/de\\\/de\\\/#website\"},\"primaryImageOfPage\":{\"@id\":\"https:\\\/\\\/www.ticommunication.eu\\\/de\\\/event-details\\\/mimikresonanz-fuer-interkulturelle-kommunikation-internationale-zusammenarbeit\\\/#primaryimage\"},\"image\":{\"@id\":\"https:\\\/\\\/www.ticommunication.eu\\\/de\\\/event-details\\\/mimikresonanz-fuer-interkulturelle-kommunikation-internationale-zusammenarbeit\\\/#primaryimage\"},\"thumbnailUrl\":\"https:\\\/\\\/www.ticommunication.eu\\\/wp-content\\\/uploads\\\/2025\\\/07\\\/Mimikresonanz.png\",\"datePublished\":\"2025-07-21T09:28:05+00:00\",\"dateModified\":\"2025-12-04T11:04:05+00:00\",\"breadcrumb\":{\"@id\":\"https:\\\/\\\/www.ticommunication.eu\\\/de\\\/event-details\\\/mimikresonanz-fuer-interkulturelle-kommunikation-internationale-zusammenarbeit\\\/#breadcrumb\"},\"inLanguage\":\"de\",\"potentialAction\":[{\"@type\":\"ReadAction\",\"target\":[\"https:\\\/\\\/www.ticommunication.eu\\\/de\\\/event-details\\\/mimikresonanz-fuer-interkulturelle-kommunikation-internationale-zusammenarbeit\\\/\"]}]},{\"@type\":\"ImageObject\",\"inLanguage\":\"de\",\"@id\":\"https:\\\/\\\/www.ticommunication.eu\\\/de\\\/event-details\\\/mimikresonanz-fuer-interkulturelle-kommunikation-internationale-zusammenarbeit\\\/#primaryimage\",\"url\":\"https:\\\/\\\/www.ticommunication.eu\\\/wp-content\\\/uploads\\\/2025\\\/07\\\/Mimikresonanz.png\",\"contentUrl\":\"https:\\\/\\\/www.ticommunication.eu\\\/wp-content\\\/uploads\\\/2025\\\/07\\\/Mimikresonanz.png\",\"width\":1280,\"height\":835},{\"@type\":\"BreadcrumbList\",\"@id\":\"https:\\\/\\\/www.ticommunication.eu\\\/de\\\/event-details\\\/mimikresonanz-fuer-interkulturelle-kommunikation-internationale-zusammenarbeit\\\/#breadcrumb\",\"itemListElement\":[{\"@type\":\"ListItem\",\"position\":1,\"name\":\"Startseite\",\"item\":\"https:\\\/\\\/www.ticommunication.eu\\\/de\\\/\"},{\"@type\":\"ListItem\",\"position\":2,\"name\":\"Events\",\"item\":\"https:\\\/\\\/www.ticommunication.eu\\\/de\\\/events\\\/\"},{\"@type\":\"ListItem\",\"position\":3,\"name\":\"Mimikresonanz\u00ae f\u00fcr interkulturelle Kommunikation &#038; internationale Zusammenarbeit\"}]},{\"@type\":\"WebSite\",\"@id\":\"https:\\\/\\\/https\\\/\\\/www.ticommunication.eu\\\/de\\\/de\\\/#website\",\"url\":\"https:\\\/\\\/https\\\/\\\/www.ticommunication.eu\\\/de\\\/de\\\/\",\"name\":\"ticommunication\",\"description\":\"think inclusively\",\"potentialAction\":[{\"@type\":\"SearchAction\",\"target\":{\"@type\":\"EntryPoint\",\"urlTemplate\":\"https:\\\/\\\/https\\\/\\\/www.ticommunication.eu\\\/de\\\/de\\\/?s={search_term_string}\"},\"query-input\":{\"@type\":\"PropertyValueSpecification\",\"valueRequired\":true,\"valueName\":\"search_term_string\"}}],\"inLanguage\":\"de\"}]}<\/script>\n<!-- \/ Yoast SEO plugin. -->","yoast_head_json":{"title":"Mimikresonanz\u00ae f\u00fcr interkulturelle Kommunikation & internationale Zusammenarbeit - ticommunication","robots":{"index":"index","follow":"follow","max-snippet":"max-snippet:-1","max-image-preview":"max-image-preview:large","max-video-preview":"max-video-preview:-1"},"canonical":"https:\/\/www.ticommunication.eu\/de\/event-details\/mimikresonanz-fuer-interkulturelle-kommunikation-internationale-zusammenarbeit\/","og_locale":"de_DE","og_type":"article","og_title":"Mimikresonanz\u00ae f\u00fcr interkulturelle Kommunikation & internationale Zusammenarbeit - ticommunication","og_description":"\u201eDie F\u00e4higkeit Menschen zu verstehen ist die W\u00e4hrung des 21. Jahrhunderts, denn diese Kompetenz kann bzw. darf uns keine Maschine abnehmen.\u201c Dirk W. Eilert &nbsp; In [\u2026]","og_url":"https:\/\/www.ticommunication.eu\/de\/event-details\/mimikresonanz-fuer-interkulturelle-kommunikation-internationale-zusammenarbeit\/","og_site_name":"ticommunication","article_modified_time":"2025-12-04T11:04:05+00:00","og_image":[{"width":1280,"height":835,"url":"https:\/\/www.ticommunication.eu\/wp-content\/uploads\/2025\/07\/Mimikresonanz.png","type":"image\/png"}],"twitter_card":"summary_large_image","twitter_misc":{"Gesch\u00e4tzte Lesezeit":"3\u00a0Minuten"},"schema":{"@context":"https:\/\/schema.org","@graph":[{"@type":"WebPage","@id":"https:\/\/www.ticommunication.eu\/de\/event-details\/mimikresonanz-fuer-interkulturelle-kommunikation-internationale-zusammenarbeit\/","url":"https:\/\/www.ticommunication.eu\/de\/event-details\/mimikresonanz-fuer-interkulturelle-kommunikation-internationale-zusammenarbeit\/","name":"Mimikresonanz\u00ae f\u00fcr interkulturelle Kommunikation & internationale Zusammenarbeit - ticommunication","isPartOf":{"@id":"https:\/\/https\/\/www.ticommunication.eu\/de\/de\/de\/#website"},"primaryImageOfPage":{"@id":"https:\/\/www.ticommunication.eu\/de\/event-details\/mimikresonanz-fuer-interkulturelle-kommunikation-internationale-zusammenarbeit\/#primaryimage"},"image":{"@id":"https:\/\/www.ticommunication.eu\/de\/event-details\/mimikresonanz-fuer-interkulturelle-kommunikation-internationale-zusammenarbeit\/#primaryimage"},"thumbnailUrl":"https:\/\/www.ticommunication.eu\/wp-content\/uploads\/2025\/07\/Mimikresonanz.png","datePublished":"2025-07-21T09:28:05+00:00","dateModified":"2025-12-04T11:04:05+00:00","breadcrumb":{"@id":"https:\/\/www.ticommunication.eu\/de\/event-details\/mimikresonanz-fuer-interkulturelle-kommunikation-internationale-zusammenarbeit\/#breadcrumb"},"inLanguage":"de","potentialAction":[{"@type":"ReadAction","target":["https:\/\/www.ticommunication.eu\/de\/event-details\/mimikresonanz-fuer-interkulturelle-kommunikation-internationale-zusammenarbeit\/"]}]},{"@type":"ImageObject","inLanguage":"de","@id":"https:\/\/www.ticommunication.eu\/de\/event-details\/mimikresonanz-fuer-interkulturelle-kommunikation-internationale-zusammenarbeit\/#primaryimage","url":"https:\/\/www.ticommunication.eu\/wp-content\/uploads\/2025\/07\/Mimikresonanz.png","contentUrl":"https:\/\/www.ticommunication.eu\/wp-content\/uploads\/2025\/07\/Mimikresonanz.png","width":1280,"height":835},{"@type":"BreadcrumbList","@id":"https:\/\/www.ticommunication.eu\/de\/event-details\/mimikresonanz-fuer-interkulturelle-kommunikation-internationale-zusammenarbeit\/#breadcrumb","itemListElement":[{"@type":"ListItem","position":1,"name":"Startseite","item":"https:\/\/www.ticommunication.eu\/de\/"},{"@type":"ListItem","position":2,"name":"Events","item":"https:\/\/www.ticommunication.eu\/de\/events\/"},{"@type":"ListItem","position":3,"name":"Mimikresonanz\u00ae f\u00fcr interkulturelle Kommunikation &#038; internationale Zusammenarbeit"}]},{"@type":"WebSite","@id":"https:\/\/https\/\/www.ticommunication.eu\/de\/de\/de\/#website","url":"https:\/\/https\/\/www.ticommunication.eu\/de\/de\/de\/","name":"ticommunication","description":"think inclusively","potentialAction":[{"@type":"SearchAction","target":{"@type":"EntryPoint","urlTemplate":"https:\/\/https\/\/www.ticommunication.eu\/de\/de\/de\/?s={search_term_string}"},"query-input":{"@type":"PropertyValueSpecification","valueRequired":true,"valueName":"search_term_string"}}],"inLanguage":"de"}]}},"ticketed":["rsvp"],"_links":{"self":[{"href":"https:\/\/www.ticommunication.eu\/de\/wp-json\/wp\/v2\/tribe_events\/14827","targetHints":{"allow":["GET"]}}],"collection":[{"href":"https:\/\/www.ticommunication.eu\/de\/wp-json\/wp\/v2\/tribe_events"}],"about":[{"href":"https:\/\/www.ticommunication.eu\/de\/wp-json\/wp\/v2\/types\/tribe_events"}],"author":[{"embeddable":true,"href":"https:\/\/www.ticommunication.eu\/de\/wp-json\/wp\/v2\/users\/2"}],"version-history":[{"count":0,"href":"https:\/\/www.ticommunication.eu\/de\/wp-json\/wp\/v2\/tribe_events\/14827\/revisions"}],"wp:featuredmedia":[{"embeddable":true,"href":"https:\/\/www.ticommunication.eu\/de\/wp-json\/wp\/v2\/media\/14830"}],"wp:attachment":[{"href":"https:\/\/www.ticommunication.eu\/de\/wp-json\/wp\/v2\/media?parent=14827"}],"wp:term":[{"taxonomy":"post_tag","embeddable":true,"href":"https:\/\/www.ticommunication.eu\/de\/wp-json\/wp\/v2\/tags?post=14827"},{"taxonomy":"tribe_events_cat","embeddable":true,"href":"https:\/\/www.ticommunication.eu\/de\/wp-json\/wp\/v2\/tribe_events_cat?post=14827"}],"curies":[{"name":"wp","href":"https:\/\/api.w.org\/{rel}","templated":true}]}}