{"id":13170,"date":"2024-11-20T11:29:03","date_gmt":"2024-11-20T10:29:03","guid":{"rendered":"https:\/\/www.ticommunication.eu\/?post_type=tribe_events&#038;p=13170"},"modified":"2025-11-12T15:34:52","modified_gmt":"2025-11-12T14:34:52","slug":"leadership-potentiale-aktivieren","status":"publish","type":"tribe_events","link":"https:\/\/www.ticommunication.eu\/de\/event-details\/leadership-potentiale-aktivieren\/","title":{"rendered":"Leadership \u2013 Potentiale aktivieren"},"content":{"rendered":"<p>In diesem Workshop lernen F\u00fchrungskr\u00e4fte, wie sie das Potenzial ihrer Mitarbeiter schnell erkennen und gezielt f\u00f6rdern k\u00f6nnen, auch wenn dieses Potenzial zun\u00e4chst nicht sofort sichtbar ist. Ein zentraler Bestandteil des Workshops ist, wie F\u00fchrungskr\u00e4fte die Bed\u00fcrfnisse ihrer Mitarbeiter erkennen und darauf eingehen k\u00f6nnen, um das Beste aus ihnen herauszuholen. Zudem wird aufgezeigt, wie das Gehirn funktioniert und wie dieses Wissen genutzt werden kann, um sowohl sich selbst als auch andere besser zu f\u00fchren. Ein weiterer Schwerpunkt liegt auf dem gezielten Einsatz von konstruktiven Fragen und der Entwicklung eines Coaching-Ansatzes, um die Mitarbeiter zu unterst\u00fctzen und zu motivieren. Der Workshop bietet praxisorientierte Werkzeuge und Methoden, die F\u00fchrungskr\u00e4fte in ihrer t\u00e4glichen Praxis unterst\u00fctzen, effektiver zu f\u00fchren und das Potenzial ihrer Mitarbeiter zu aktivieren.<\/p>\n<ul>\n<li>Bed\u00fcrfnisse der Mitarbeiter erkennen: Wie erkenne ich die Bed\u00fcrfnisse meiner Mitarbeiter und gehe gezielt darauf ein?<\/li>\n<li>Funktionsweise des Gehirns in der F\u00fchrung: Wie beeinflusst das Gehirn Entscheidungen und Verhalten und wie kann ich dieses Wissen nutzen?<\/li>\n<li>Potenzialerkennung: Wie erkenne ich das Potenzial meiner Mitarbeiter und f\u00f6rdere es gezielt?<\/li>\n<li>Coaching-Ansatz entwickeln: Wie integriere ich einen Coaching-Ansatz in meinen F\u00fchrungsstil, um Mitarbeiter besser zu unterst\u00fctzen und ihre Entwicklung zu f\u00f6rdern?<\/li>\n<li>Feedback als Entwicklungsinstrument: Wie gebe ich Feedback, das das Beste aus meinen Mitarbeitern herausholt und sie zu H\u00f6chstleistungen motiviert?<\/li>\n<li>Agilit\u00e4t und Einfluss steigern: Wie kann ich durch individuelle F\u00fchrung und gezielte F\u00f6rderung mehr Agilit\u00e4t und Einfluss als F\u00fchrungskraft gewinnen?<\/li>\n<\/ul>\n<h4>Nutzen:<\/h4>\n<ul>\n<li>Verbesserung der F\u00e4higkeit, die Bed\u00fcrfnisse jedes Mitarbeiters zu erkennen und individuell darauf einzugehen<\/li>\n<li>Effektive Nutzung von Feedback als Instrument zur Mitarbeiterentwicklung<\/li>\n<li>Steigerung der Mitarbeiterbindung und Motivation durch gezielte F\u00f6rderung<\/li>\n<li>Entwicklung von Coaching-Kompetenzen, um das Potenzial von Mitarbeitern gezielt zu entfalten<\/li>\n<li>Erh\u00f6hung der Teamleistung durch individuelle F\u00f6rderung und Entwicklung<\/li>\n<li>Pers\u00f6nliche Weiterentwicklung als F\u00fchrungskraft durch neue Erkenntnisse und Werkzeuge<\/li>\n<\/ul>\n<h4>Methoden:<\/h4>\n<ul>\n<li>Praxisorientierter Input<\/li>\n<li>Interaktive Reflexions\u00fcbungen<\/li>\n<li>Gruppenarbeit und Erfahrungsaustausch<\/li>\n<li>Fallbeispiele und konkrete L\u00f6sungsans\u00e4tze<\/li>\n<li>Feedback-\u00dcbungen und praxisnahe Anwendung<\/li>\n<li>\u00dcbungen zum Stellen von konstruktiven Fragen und zum Coaching<\/li>\n<\/ul>\n<div class=\"wp-block-tribe-tickets\">\n<h4>Hinweis zu den Zeiten<\/h4>\n<ul>\n<li>Workshop Teil 1: 9 \u2013 12 Uhr<\/li>\n<li>Mittagspause: 12 \u2013 14 Uhr<\/li>\n<li>Workshop Teil 2: 14 \u2013 17 Uhr<\/li>\n<\/ul>\n<h4>Teilnehmerzahl: 3 bis max 10<\/h4>\n<p>Das Training kannst Du als Inhouse-Ma\u00dfnahme oder als virtuelles Training buchen. Bei mehr als zwei Interessenten k\u00f6nnen wir auch ein offenes Training nach Deinen W\u00fcnschen terminieren. Frage unter der untenstehenden Anmeldung nach den M\u00f6glichkeiten.<\/p>\n<p>Trainingssprachen: Deutsch, Englisch und Italienisch.<\/p>\n<\/div>\n","protected":false},"excerpt":{"rendered":"<p>In diesem Workshop lernen F\u00fchrungskr\u00e4fte, wie sie das Potenzial ihrer Mitarbeiter schnell erkennen und gezielt f\u00f6rdern k\u00f6nnen, auch wenn dieses Potenzial zun\u00e4chst nicht sofort sichtbar ist.<span class=\"excerpt-hellip\"> [\u2026]<\/span><\/p>\n","protected":false},"author":2,"featured_media":13157,"template":"","meta":{"_custom_body_class":"","_custom_post_class":"","rs_blank_template":"","rs_page_bg_color":"","slide_template_v7":"","_price":"","_stock":"","_tribe_ticket_header":"","_tribe_default_ticket_provider":"","_tribe_ticket_capacity":"0","_ticket_start_date":"","_ticket_end_date":"","_tribe_ticket_show_description":"","_tribe_ticket_show_not_going":false,"_tribe_ticket_use_global_stock":"","_tribe_ticket_global_stock_level":"","_global_stock_mode":"","_global_stock_cap":"","_tribe_rsvp_for_event":"","_tribe_ticket_going_count":"","_tribe_ticket_not_going_count":"","_tribe_tickets_list":"[]","_tribe_ticket_has_attendee_info_fields":false,"_tribe_events_status":"","_tribe_events_status_reason":"","_tribe_events_is_hybrid":"","_tribe_events_is_virtual":"","_tribe_events_virtual_video_source":"","_tribe_events_virtual_embed_video":"","_tribe_events_virtual_linked_button_text":"","_tribe_events_virtual_linked_button":"","_tribe_events_virtual_show_embed_at":"","_tribe_events_virtual_show_embed_to":[],"_tribe_events_virtual_show_on_event":"","_tribe_events_virtual_show_on_views":"","_tribe_events_virtual_url":"","footnotes":"","_tec_slr_enabled":"","_tec_slr_layout":""},"tags":[890,118,889],"tribe_events_cat":[74,76],"class_list":["post-13170","tribe_events","type-tribe_events","status-publish","has-post-thumbnail","hentry","tag-agilitaetstraining","tag-fuehrungskraefteentwicklung","tag-fuehrungskraeftetrainings","tribe_events_cat-agilitaet","tribe_events_cat-fuehrungskraefte","cat_agilitaet","cat_fuehrungskraefte"],"yoast_head":"<!-- This site is optimized with the Yoast SEO plugin v27.3 - https:\/\/yoast.com\/product\/yoast-seo-wordpress\/ -->\n<title>Leadership \u2013 Potentiale aktivieren - ticommunication<\/title>\n<meta name=\"robots\" content=\"index, follow, max-snippet:-1, max-image-preview:large, max-video-preview:-1\" \/>\n<link rel=\"canonical\" href=\"https:\/\/www.ticommunication.eu\/de\/event-details\/leadership-potentiale-aktivieren\/\" \/>\n<meta property=\"og:locale\" content=\"de_DE\" \/>\n<meta property=\"og:type\" content=\"article\" \/>\n<meta property=\"og:title\" content=\"Leadership \u2013 Potentiale aktivieren - ticommunication\" \/>\n<meta property=\"og:description\" content=\"In diesem Workshop lernen F\u00fchrungskr\u00e4fte, wie sie das Potenzial ihrer Mitarbeiter schnell erkennen und gezielt f\u00f6rdern k\u00f6nnen, auch wenn dieses Potenzial zun\u00e4chst nicht sofort sichtbar ist. [\u2026]\" \/>\n<meta property=\"og:url\" content=\"https:\/\/www.ticommunication.eu\/de\/event-details\/leadership-potentiale-aktivieren\/\" \/>\n<meta property=\"og:site_name\" content=\"ticommunication\" \/>\n<meta property=\"article:modified_time\" content=\"2025-11-12T14:34:52+00:00\" \/>\n<meta property=\"og:image\" content=\"https:\/\/www.ticommunication.eu\/wp-content\/uploads\/2024\/11\/Leadership-\u2013-Potentiale-aktivieren.png\" \/>\n\t<meta property=\"og:image:width\" content=\"1280\" \/>\n\t<meta property=\"og:image:height\" content=\"835\" \/>\n\t<meta property=\"og:image:type\" content=\"image\/png\" \/>\n<meta name=\"twitter:card\" content=\"summary_large_image\" \/>\n<meta name=\"twitter:label1\" content=\"Gesch\u00e4tzte Lesezeit\" \/>\n\t<meta name=\"twitter:data1\" content=\"3\u00a0Minuten\" \/>\n<script type=\"application\/ld+json\" class=\"yoast-schema-graph\">{\"@context\":\"https:\\\/\\\/schema.org\",\"@graph\":[{\"@type\":\"WebPage\",\"@id\":\"https:\\\/\\\/www.ticommunication.eu\\\/de\\\/event-details\\\/leadership-potentiale-aktivieren\\\/\",\"url\":\"https:\\\/\\\/www.ticommunication.eu\\\/de\\\/event-details\\\/leadership-potentiale-aktivieren\\\/\",\"name\":\"Leadership \u2013 Potentiale aktivieren - ticommunication\",\"isPartOf\":{\"@id\":\"https:\\\/\\\/https\\\/\\\/www.ticommunication.eu\\\/de\\\/de\\\/#website\"},\"primaryImageOfPage\":{\"@id\":\"https:\\\/\\\/www.ticommunication.eu\\\/de\\\/event-details\\\/leadership-potentiale-aktivieren\\\/#primaryimage\"},\"image\":{\"@id\":\"https:\\\/\\\/www.ticommunication.eu\\\/de\\\/event-details\\\/leadership-potentiale-aktivieren\\\/#primaryimage\"},\"thumbnailUrl\":\"https:\\\/\\\/www.ticommunication.eu\\\/wp-content\\\/uploads\\\/2024\\\/11\\\/Leadership-\u2013-Potentiale-aktivieren.png\",\"datePublished\":\"2024-11-20T10:29:03+00:00\",\"dateModified\":\"2025-11-12T14:34:52+00:00\",\"breadcrumb\":{\"@id\":\"https:\\\/\\\/www.ticommunication.eu\\\/de\\\/event-details\\\/leadership-potentiale-aktivieren\\\/#breadcrumb\"},\"inLanguage\":\"de\",\"potentialAction\":[{\"@type\":\"ReadAction\",\"target\":[\"https:\\\/\\\/www.ticommunication.eu\\\/de\\\/event-details\\\/leadership-potentiale-aktivieren\\\/\"]}]},{\"@type\":\"ImageObject\",\"inLanguage\":\"de\",\"@id\":\"https:\\\/\\\/www.ticommunication.eu\\\/de\\\/event-details\\\/leadership-potentiale-aktivieren\\\/#primaryimage\",\"url\":\"https:\\\/\\\/www.ticommunication.eu\\\/wp-content\\\/uploads\\\/2024\\\/11\\\/Leadership-\u2013-Potentiale-aktivieren.png\",\"contentUrl\":\"https:\\\/\\\/www.ticommunication.eu\\\/wp-content\\\/uploads\\\/2024\\\/11\\\/Leadership-\u2013-Potentiale-aktivieren.png\",\"width\":1280,\"height\":835},{\"@type\":\"BreadcrumbList\",\"@id\":\"https:\\\/\\\/www.ticommunication.eu\\\/de\\\/event-details\\\/leadership-potentiale-aktivieren\\\/#breadcrumb\",\"itemListElement\":[{\"@type\":\"ListItem\",\"position\":1,\"name\":\"Startseite\",\"item\":\"https:\\\/\\\/www.ticommunication.eu\\\/de\\\/\"},{\"@type\":\"ListItem\",\"position\":2,\"name\":\"Events\",\"item\":\"https:\\\/\\\/www.ticommunication.eu\\\/de\\\/events\\\/\"},{\"@type\":\"ListItem\",\"position\":3,\"name\":\"Leadership \u2013 Potentiale aktivieren\"}]},{\"@type\":\"WebSite\",\"@id\":\"https:\\\/\\\/https\\\/\\\/www.ticommunication.eu\\\/de\\\/de\\\/#website\",\"url\":\"https:\\\/\\\/https\\\/\\\/www.ticommunication.eu\\\/de\\\/de\\\/\",\"name\":\"ticommunication\",\"description\":\"think inclusively\",\"potentialAction\":[{\"@type\":\"SearchAction\",\"target\":{\"@type\":\"EntryPoint\",\"urlTemplate\":\"https:\\\/\\\/https\\\/\\\/www.ticommunication.eu\\\/de\\\/de\\\/?s={search_term_string}\"},\"query-input\":{\"@type\":\"PropertyValueSpecification\",\"valueRequired\":true,\"valueName\":\"search_term_string\"}}],\"inLanguage\":\"de\"}]}<\/script>\n<!-- \/ Yoast SEO plugin. -->","yoast_head_json":{"title":"Leadership \u2013 Potentiale aktivieren - ticommunication","robots":{"index":"index","follow":"follow","max-snippet":"max-snippet:-1","max-image-preview":"max-image-preview:large","max-video-preview":"max-video-preview:-1"},"canonical":"https:\/\/www.ticommunication.eu\/de\/event-details\/leadership-potentiale-aktivieren\/","og_locale":"de_DE","og_type":"article","og_title":"Leadership \u2013 Potentiale aktivieren - ticommunication","og_description":"In diesem Workshop lernen F\u00fchrungskr\u00e4fte, wie sie das Potenzial ihrer Mitarbeiter schnell erkennen und gezielt f\u00f6rdern k\u00f6nnen, auch wenn dieses Potenzial zun\u00e4chst nicht sofort sichtbar ist. [\u2026]","og_url":"https:\/\/www.ticommunication.eu\/de\/event-details\/leadership-potentiale-aktivieren\/","og_site_name":"ticommunication","article_modified_time":"2025-11-12T14:34:52+00:00","og_image":[{"width":1280,"height":835,"url":"https:\/\/www.ticommunication.eu\/wp-content\/uploads\/2024\/11\/Leadership-\u2013-Potentiale-aktivieren.png","type":"image\/png"}],"twitter_card":"summary_large_image","twitter_misc":{"Gesch\u00e4tzte Lesezeit":"3\u00a0Minuten"},"schema":{"@context":"https:\/\/schema.org","@graph":[{"@type":"WebPage","@id":"https:\/\/www.ticommunication.eu\/de\/event-details\/leadership-potentiale-aktivieren\/","url":"https:\/\/www.ticommunication.eu\/de\/event-details\/leadership-potentiale-aktivieren\/","name":"Leadership \u2013 Potentiale aktivieren - ticommunication","isPartOf":{"@id":"https:\/\/https\/\/www.ticommunication.eu\/de\/de\/de\/#website"},"primaryImageOfPage":{"@id":"https:\/\/www.ticommunication.eu\/de\/event-details\/leadership-potentiale-aktivieren\/#primaryimage"},"image":{"@id":"https:\/\/www.ticommunication.eu\/de\/event-details\/leadership-potentiale-aktivieren\/#primaryimage"},"thumbnailUrl":"https:\/\/www.ticommunication.eu\/wp-content\/uploads\/2024\/11\/Leadership-\u2013-Potentiale-aktivieren.png","datePublished":"2024-11-20T10:29:03+00:00","dateModified":"2025-11-12T14:34:52+00:00","breadcrumb":{"@id":"https:\/\/www.ticommunication.eu\/de\/event-details\/leadership-potentiale-aktivieren\/#breadcrumb"},"inLanguage":"de","potentialAction":[{"@type":"ReadAction","target":["https:\/\/www.ticommunication.eu\/de\/event-details\/leadership-potentiale-aktivieren\/"]}]},{"@type":"ImageObject","inLanguage":"de","@id":"https:\/\/www.ticommunication.eu\/de\/event-details\/leadership-potentiale-aktivieren\/#primaryimage","url":"https:\/\/www.ticommunication.eu\/wp-content\/uploads\/2024\/11\/Leadership-\u2013-Potentiale-aktivieren.png","contentUrl":"https:\/\/www.ticommunication.eu\/wp-content\/uploads\/2024\/11\/Leadership-\u2013-Potentiale-aktivieren.png","width":1280,"height":835},{"@type":"BreadcrumbList","@id":"https:\/\/www.ticommunication.eu\/de\/event-details\/leadership-potentiale-aktivieren\/#breadcrumb","itemListElement":[{"@type":"ListItem","position":1,"name":"Startseite","item":"https:\/\/www.ticommunication.eu\/de\/"},{"@type":"ListItem","position":2,"name":"Events","item":"https:\/\/www.ticommunication.eu\/de\/events\/"},{"@type":"ListItem","position":3,"name":"Leadership \u2013 Potentiale aktivieren"}]},{"@type":"WebSite","@id":"https:\/\/https\/\/www.ticommunication.eu\/de\/de\/de\/#website","url":"https:\/\/https\/\/www.ticommunication.eu\/de\/de\/de\/","name":"ticommunication","description":"think inclusively","potentialAction":[{"@type":"SearchAction","target":{"@type":"EntryPoint","urlTemplate":"https:\/\/https\/\/www.ticommunication.eu\/de\/de\/de\/?s={search_term_string}"},"query-input":{"@type":"PropertyValueSpecification","valueRequired":true,"valueName":"search_term_string"}}],"inLanguage":"de"}]}},"ticketed":["rsvp"],"_links":{"self":[{"href":"https:\/\/www.ticommunication.eu\/de\/wp-json\/wp\/v2\/tribe_events\/13170","targetHints":{"allow":["GET"]}}],"collection":[{"href":"https:\/\/www.ticommunication.eu\/de\/wp-json\/wp\/v2\/tribe_events"}],"about":[{"href":"https:\/\/www.ticommunication.eu\/de\/wp-json\/wp\/v2\/types\/tribe_events"}],"author":[{"embeddable":true,"href":"https:\/\/www.ticommunication.eu\/de\/wp-json\/wp\/v2\/users\/2"}],"version-history":[{"count":0,"href":"https:\/\/www.ticommunication.eu\/de\/wp-json\/wp\/v2\/tribe_events\/13170\/revisions"}],"wp:featuredmedia":[{"embeddable":true,"href":"https:\/\/www.ticommunication.eu\/de\/wp-json\/wp\/v2\/media\/13157"}],"wp:attachment":[{"href":"https:\/\/www.ticommunication.eu\/de\/wp-json\/wp\/v2\/media?parent=13170"}],"wp:term":[{"taxonomy":"post_tag","embeddable":true,"href":"https:\/\/www.ticommunication.eu\/de\/wp-json\/wp\/v2\/tags?post=13170"},{"taxonomy":"tribe_events_cat","embeddable":true,"href":"https:\/\/www.ticommunication.eu\/de\/wp-json\/wp\/v2\/tribe_events_cat?post=13170"}],"curies":[{"name":"wp","href":"https:\/\/api.w.org\/{rel}","templated":true}]}}