{"id":12630,"date":"2024-08-26T19:26:16","date_gmt":"2024-08-26T17:26:16","guid":{"rendered":"https:\/\/www.ticommunication.eu\/?post_type=tribe_events&#038;p=12630"},"modified":"2025-12-03T15:42:10","modified_gmt":"2025-12-03T14:42:10","slug":"messetraining-wie-rockt-auch-ihr-vertriebsteam-die-naechste-messe","status":"publish","type":"tribe_events","link":"https:\/\/www.ticommunication.eu\/de\/event-details\/messetraining-wie-rockt-auch-ihr-vertriebsteam-die-naechste-messe\/","title":{"rendered":"Messetraining \u2013 Wie rockt auch Dein Vertriebsteam die n\u00e4chste Messe?"},"content":{"rendered":"<p>Die n\u00e4chste Messe ist geplant \u2013 das Messeteam ist zusammengestellt \u2013 und nun? Nutzt auch Du Messen als wichtigen Vertriebskanal? Sicher hast Du Recherchen betrieben, welche Messe die f\u00fcr Dich am vielversprechendste ist.<\/p>\n<p>Helena Schindler ist bei ti communication als interkulturelle Spezialistin im Einsatz. Sie lebte in Chile und f\u00fchrte global Gesch\u00e4ftsreisen durch. Als Global Sales Manger und Team Lead des internationalen Sales Teams eines innovativen Technik-Unternehmens bereitete und begleitete sie erfolgreich Messen u.a. in Irland, Spanien, Brasilien, Argentinien, den USA, Kanada, Singapur, u.v.m.. Mit ihren dazugeh\u00f6rigen Keynotes auf Deutsch, Englisch, Spanisch und Portugiesisch konnte sie auf den Messen ebenfalls \u00fcberzeugen. Dar\u00fcber hinaus ist Helena Schindler Diplom Wirtschafts\u00fcbersetzerin f\u00fcr die Spanische Sprache und vor Gericht f\u00fcr die Durchf\u00fchrung beglaubigter \u00dcbersetzungen vereidigt. Gerne gibt sie im Rahmen dieses Workshops ihre umfangreichen Erfahrungen an die Teilnehmer*innen weiter, um auch Deinen Messeauftritt zum Erfolg werden zu lassen!<\/p>\n<h4>Inhalte<\/h4>\n<ul>\n<li>Grund Know-How Messestand f\u00fcr Sales<\/li>\n<li>Messevorbereitung<\/li>\n<li>Gezieltes Networking vor, w\u00e4hrend und nach der Messe<\/li>\n<li>Auftritt w\u00e4hrend der Messe<\/li>\n<li>Gezielte Nachbearbeitung<\/li>\n<li>Grundlagen Kultur und Wertekonflikte im diversen Umfeld<\/li>\n<li>Unterschiedliche Kommunikationsstile<\/li>\n<\/ul>\n<h4>Nutzen<\/h4>\n<p>Nach der Teilnahme an diesem virtuellen Training haben hast Du:<\/p>\n<ul>\n<li>Methoden und Tipps zur zielgruppengerechten Messevorbereitung kennengelernt<\/li>\n<li>Ein Verst\u00e4ndnis \u00fcber Deinen eigenen Messewerkzeugkasten und wei\u00dft, diesen einzusetzen<\/li>\n<li>Die Grundlage geschaffen, um selbstbewusst und \u00fcberzeugend am Messestand aufzutreten<\/li>\n<li>Impulse erhalten, um Deine Resilienz zu f\u00f6rdern<\/li>\n<\/ul>\n<h4>Methoden<\/h4>\n<ul>\n<li>Input und Pr\u00e4sentation der Trainerin<\/li>\n<li>Reflexions\u00fcbungen<\/li>\n<li>Rollenspiele und Fallstudien zu Messeszenarien<\/li>\n<li>Gruppendiskussionen und Erfahrungsaustausch<\/li>\n<\/ul>\n<h4>Hinweis zu den Zeiten:<\/h4>\n<ul>\n<li>Als virtueller Workshop: 9 \u2013 12 Uhr und 14 \u2013 17 Uhr<\/li>\n<li>Als Inhouse-Ma\u00dfnahme: 9 \u2013 17 Uhr inkl. Mittagspause und Kaffeepausen<\/li>\n<\/ul>\n<h4>Teilnehmeranzahl: 3 \u2013 8<\/h4>\n<p>Das Training kannst Du als Inhouse-Ma\u00dfnahme oder als virtuelles Training buchen. Bei mehr als zwei Interessenten k\u00f6nnen wir auch ein offenes Training nach Deinen W\u00fcnschen terminieren. Frage unter der untenstehenden Anmeldung nach den M\u00f6glichkeiten.<\/p>\n<p>Verf\u00fcgbare Sprachen: Deutsch, Englisch, Spanisch<\/p>\n","protected":false},"excerpt":{"rendered":"<p>Die n\u00e4chste Messe ist geplant \u2013 das Messeteam ist zusammengestellt \u2013 und nun? Nutzt auch Du Messen als wichtigen Vertriebskanal? Sicher hast Du Recherchen betrieben, welche<span class=\"excerpt-hellip\"> [\u2026]<\/span><\/p>\n","protected":false},"author":2,"featured_media":12628,"template":"","meta":{"_custom_body_class":"","_custom_post_class":"","rs_blank_template":"","rs_page_bg_color":"","slide_template_v7":"","_price":"","_stock":"","_tribe_ticket_header":"","_tribe_default_ticket_provider":"","_tribe_ticket_capacity":"0","_ticket_start_date":"","_ticket_end_date":"","_tribe_ticket_show_description":"","_tribe_ticket_show_not_going":false,"_tribe_ticket_use_global_stock":"","_tribe_ticket_global_stock_level":"","_global_stock_mode":"","_global_stock_cap":"","_tribe_rsvp_for_event":"","_tribe_ticket_going_count":"","_tribe_ticket_not_going_count":"","_tribe_tickets_list":"[]","_tribe_ticket_has_attendee_info_fields":false,"_tribe_events_status":"","_tribe_events_status_reason":"","_tribe_events_is_hybrid":"","_tribe_events_is_virtual":"","_tribe_events_virtual_video_source":"","_tribe_events_virtual_embed_video":"","_tribe_events_virtual_linked_button_text":"","_tribe_events_virtual_linked_button":"","_tribe_events_virtual_show_embed_at":"","_tribe_events_virtual_show_embed_to":[],"_tribe_events_virtual_show_on_event":"","_tribe_events_virtual_show_on_views":"","_tribe_events_virtual_url":"","footnotes":"","_tec_slr_enabled":"","_tec_slr_layout":""},"tags":[866,862],"tribe_events_cat":[861],"class_list":["post-12630","tribe_events","type-tribe_events","status-publish","has-post-thumbnail","hentry","tag-messe","tag-vetrieb","tribe_events_cat-sales-2","cat_sales-2"],"yoast_head":"<!-- This site is optimized with the Yoast SEO plugin v27.3 - https:\/\/yoast.com\/product\/yoast-seo-wordpress\/ -->\n<title>Messetraining \u2013 Wie rockt auch Dein Vertriebsteam die n\u00e4chste Messe? - ticommunication<\/title>\n<meta name=\"robots\" content=\"index, follow, max-snippet:-1, max-image-preview:large, max-video-preview:-1\" \/>\n<link rel=\"canonical\" href=\"https:\/\/www.ticommunication.eu\/de\/event-details\/messetraining-wie-rockt-auch-ihr-vertriebsteam-die-naechste-messe\/\" \/>\n<meta property=\"og:locale\" content=\"de_DE\" \/>\n<meta property=\"og:type\" content=\"article\" \/>\n<meta property=\"og:title\" content=\"Messetraining \u2013 Wie rockt auch Dein Vertriebsteam die n\u00e4chste Messe? - ticommunication\" \/>\n<meta property=\"og:description\" content=\"Die n\u00e4chste Messe ist geplant \u2013 das Messeteam ist zusammengestellt \u2013 und nun? Nutzt auch Du Messen als wichtigen Vertriebskanal? Sicher hast Du Recherchen betrieben, welche [\u2026]\" \/>\n<meta property=\"og:url\" content=\"https:\/\/www.ticommunication.eu\/de\/event-details\/messetraining-wie-rockt-auch-ihr-vertriebsteam-die-naechste-messe\/\" \/>\n<meta property=\"og:site_name\" content=\"ticommunication\" \/>\n<meta property=\"article:modified_time\" content=\"2025-12-03T14:42:10+00:00\" \/>\n<meta property=\"og:image\" content=\"https:\/\/www.ticommunication.eu\/wp-content\/uploads\/2024\/08\/Messetraining-Helena-1060x691.png\" \/>\n\t<meta property=\"og:image:width\" content=\"1060\" \/>\n\t<meta property=\"og:image:height\" content=\"691\" \/>\n\t<meta property=\"og:image:type\" content=\"image\/png\" \/>\n<meta name=\"twitter:card\" content=\"summary_large_image\" \/>\n<meta name=\"twitter:label1\" content=\"Gesch\u00e4tzte Lesezeit\" \/>\n\t<meta name=\"twitter:data1\" content=\"2\u00a0Minuten\" \/>\n<script type=\"application\/ld+json\" class=\"yoast-schema-graph\">{\"@context\":\"https:\\\/\\\/schema.org\",\"@graph\":[{\"@type\":\"WebPage\",\"@id\":\"https:\\\/\\\/www.ticommunication.eu\\\/de\\\/event-details\\\/messetraining-wie-rockt-auch-ihr-vertriebsteam-die-naechste-messe\\\/\",\"url\":\"https:\\\/\\\/www.ticommunication.eu\\\/de\\\/event-details\\\/messetraining-wie-rockt-auch-ihr-vertriebsteam-die-naechste-messe\\\/\",\"name\":\"Messetraining \u2013 Wie rockt auch Dein Vertriebsteam die n\u00e4chste Messe? - ticommunication\",\"isPartOf\":{\"@id\":\"https:\\\/\\\/https\\\/\\\/www.ticommunication.eu\\\/de\\\/de\\\/#website\"},\"primaryImageOfPage\":{\"@id\":\"https:\\\/\\\/www.ticommunication.eu\\\/de\\\/event-details\\\/messetraining-wie-rockt-auch-ihr-vertriebsteam-die-naechste-messe\\\/#primaryimage\"},\"image\":{\"@id\":\"https:\\\/\\\/www.ticommunication.eu\\\/de\\\/event-details\\\/messetraining-wie-rockt-auch-ihr-vertriebsteam-die-naechste-messe\\\/#primaryimage\"},\"thumbnailUrl\":\"https:\\\/\\\/www.ticommunication.eu\\\/wp-content\\\/uploads\\\/2024\\\/08\\\/Messetraining-Helena.png\",\"datePublished\":\"2024-08-26T17:26:16+00:00\",\"dateModified\":\"2025-12-03T14:42:10+00:00\",\"breadcrumb\":{\"@id\":\"https:\\\/\\\/www.ticommunication.eu\\\/de\\\/event-details\\\/messetraining-wie-rockt-auch-ihr-vertriebsteam-die-naechste-messe\\\/#breadcrumb\"},\"inLanguage\":\"de\",\"potentialAction\":[{\"@type\":\"ReadAction\",\"target\":[\"https:\\\/\\\/www.ticommunication.eu\\\/de\\\/event-details\\\/messetraining-wie-rockt-auch-ihr-vertriebsteam-die-naechste-messe\\\/\"]}]},{\"@type\":\"ImageObject\",\"inLanguage\":\"de\",\"@id\":\"https:\\\/\\\/www.ticommunication.eu\\\/de\\\/event-details\\\/messetraining-wie-rockt-auch-ihr-vertriebsteam-die-naechste-messe\\\/#primaryimage\",\"url\":\"https:\\\/\\\/www.ticommunication.eu\\\/wp-content\\\/uploads\\\/2024\\\/08\\\/Messetraining-Helena.png\",\"contentUrl\":\"https:\\\/\\\/www.ticommunication.eu\\\/wp-content\\\/uploads\\\/2024\\\/08\\\/Messetraining-Helena.png\",\"width\":1280,\"height\":835},{\"@type\":\"BreadcrumbList\",\"@id\":\"https:\\\/\\\/www.ticommunication.eu\\\/de\\\/event-details\\\/messetraining-wie-rockt-auch-ihr-vertriebsteam-die-naechste-messe\\\/#breadcrumb\",\"itemListElement\":[{\"@type\":\"ListItem\",\"position\":1,\"name\":\"Startseite\",\"item\":\"https:\\\/\\\/www.ticommunication.eu\\\/de\\\/\"},{\"@type\":\"ListItem\",\"position\":2,\"name\":\"Events\",\"item\":\"https:\\\/\\\/www.ticommunication.eu\\\/de\\\/events\\\/\"},{\"@type\":\"ListItem\",\"position\":3,\"name\":\"Messetraining \u2013 Wie rockt auch Dein Vertriebsteam die n\u00e4chste Messe?\"}]},{\"@type\":\"WebSite\",\"@id\":\"https:\\\/\\\/https\\\/\\\/www.ticommunication.eu\\\/de\\\/de\\\/#website\",\"url\":\"https:\\\/\\\/https\\\/\\\/www.ticommunication.eu\\\/de\\\/de\\\/\",\"name\":\"ticommunication\",\"description\":\"think inclusively\",\"potentialAction\":[{\"@type\":\"SearchAction\",\"target\":{\"@type\":\"EntryPoint\",\"urlTemplate\":\"https:\\\/\\\/https\\\/\\\/www.ticommunication.eu\\\/de\\\/de\\\/?s={search_term_string}\"},\"query-input\":{\"@type\":\"PropertyValueSpecification\",\"valueRequired\":true,\"valueName\":\"search_term_string\"}}],\"inLanguage\":\"de\"}]}<\/script>\n<!-- \/ Yoast SEO plugin. -->","yoast_head_json":{"title":"Messetraining \u2013 Wie rockt auch Dein Vertriebsteam die n\u00e4chste Messe? - ticommunication","robots":{"index":"index","follow":"follow","max-snippet":"max-snippet:-1","max-image-preview":"max-image-preview:large","max-video-preview":"max-video-preview:-1"},"canonical":"https:\/\/www.ticommunication.eu\/de\/event-details\/messetraining-wie-rockt-auch-ihr-vertriebsteam-die-naechste-messe\/","og_locale":"de_DE","og_type":"article","og_title":"Messetraining \u2013 Wie rockt auch Dein Vertriebsteam die n\u00e4chste Messe? - ticommunication","og_description":"Die n\u00e4chste Messe ist geplant \u2013 das Messeteam ist zusammengestellt \u2013 und nun? Nutzt auch Du Messen als wichtigen Vertriebskanal? Sicher hast Du Recherchen betrieben, welche [\u2026]","og_url":"https:\/\/www.ticommunication.eu\/de\/event-details\/messetraining-wie-rockt-auch-ihr-vertriebsteam-die-naechste-messe\/","og_site_name":"ticommunication","article_modified_time":"2025-12-03T14:42:10+00:00","og_image":[{"width":1060,"height":691,"url":"https:\/\/www.ticommunication.eu\/wp-content\/uploads\/2024\/08\/Messetraining-Helena-1060x691.png","type":"image\/png"}],"twitter_card":"summary_large_image","twitter_misc":{"Gesch\u00e4tzte Lesezeit":"2\u00a0Minuten"},"schema":{"@context":"https:\/\/schema.org","@graph":[{"@type":"WebPage","@id":"https:\/\/www.ticommunication.eu\/de\/event-details\/messetraining-wie-rockt-auch-ihr-vertriebsteam-die-naechste-messe\/","url":"https:\/\/www.ticommunication.eu\/de\/event-details\/messetraining-wie-rockt-auch-ihr-vertriebsteam-die-naechste-messe\/","name":"Messetraining \u2013 Wie rockt auch Dein Vertriebsteam die n\u00e4chste Messe? - ticommunication","isPartOf":{"@id":"https:\/\/https\/\/www.ticommunication.eu\/de\/de\/de\/#website"},"primaryImageOfPage":{"@id":"https:\/\/www.ticommunication.eu\/de\/event-details\/messetraining-wie-rockt-auch-ihr-vertriebsteam-die-naechste-messe\/#primaryimage"},"image":{"@id":"https:\/\/www.ticommunication.eu\/de\/event-details\/messetraining-wie-rockt-auch-ihr-vertriebsteam-die-naechste-messe\/#primaryimage"},"thumbnailUrl":"https:\/\/www.ticommunication.eu\/wp-content\/uploads\/2024\/08\/Messetraining-Helena.png","datePublished":"2024-08-26T17:26:16+00:00","dateModified":"2025-12-03T14:42:10+00:00","breadcrumb":{"@id":"https:\/\/www.ticommunication.eu\/de\/event-details\/messetraining-wie-rockt-auch-ihr-vertriebsteam-die-naechste-messe\/#breadcrumb"},"inLanguage":"de","potentialAction":[{"@type":"ReadAction","target":["https:\/\/www.ticommunication.eu\/de\/event-details\/messetraining-wie-rockt-auch-ihr-vertriebsteam-die-naechste-messe\/"]}]},{"@type":"ImageObject","inLanguage":"de","@id":"https:\/\/www.ticommunication.eu\/de\/event-details\/messetraining-wie-rockt-auch-ihr-vertriebsteam-die-naechste-messe\/#primaryimage","url":"https:\/\/www.ticommunication.eu\/wp-content\/uploads\/2024\/08\/Messetraining-Helena.png","contentUrl":"https:\/\/www.ticommunication.eu\/wp-content\/uploads\/2024\/08\/Messetraining-Helena.png","width":1280,"height":835},{"@type":"BreadcrumbList","@id":"https:\/\/www.ticommunication.eu\/de\/event-details\/messetraining-wie-rockt-auch-ihr-vertriebsteam-die-naechste-messe\/#breadcrumb","itemListElement":[{"@type":"ListItem","position":1,"name":"Startseite","item":"https:\/\/www.ticommunication.eu\/de\/"},{"@type":"ListItem","position":2,"name":"Events","item":"https:\/\/www.ticommunication.eu\/de\/events\/"},{"@type":"ListItem","position":3,"name":"Messetraining \u2013 Wie rockt auch Dein Vertriebsteam die n\u00e4chste Messe?"}]},{"@type":"WebSite","@id":"https:\/\/https\/\/www.ticommunication.eu\/de\/de\/de\/#website","url":"https:\/\/https\/\/www.ticommunication.eu\/de\/de\/de\/","name":"ticommunication","description":"think inclusively","potentialAction":[{"@type":"SearchAction","target":{"@type":"EntryPoint","urlTemplate":"https:\/\/https\/\/www.ticommunication.eu\/de\/de\/de\/?s={search_term_string}"},"query-input":{"@type":"PropertyValueSpecification","valueRequired":true,"valueName":"search_term_string"}}],"inLanguage":"de"}]}},"ticketed":["rsvp"],"_links":{"self":[{"href":"https:\/\/www.ticommunication.eu\/de\/wp-json\/wp\/v2\/tribe_events\/12630","targetHints":{"allow":["GET"]}}],"collection":[{"href":"https:\/\/www.ticommunication.eu\/de\/wp-json\/wp\/v2\/tribe_events"}],"about":[{"href":"https:\/\/www.ticommunication.eu\/de\/wp-json\/wp\/v2\/types\/tribe_events"}],"author":[{"embeddable":true,"href":"https:\/\/www.ticommunication.eu\/de\/wp-json\/wp\/v2\/users\/2"}],"version-history":[{"count":0,"href":"https:\/\/www.ticommunication.eu\/de\/wp-json\/wp\/v2\/tribe_events\/12630\/revisions"}],"wp:featuredmedia":[{"embeddable":true,"href":"https:\/\/www.ticommunication.eu\/de\/wp-json\/wp\/v2\/media\/12628"}],"wp:attachment":[{"href":"https:\/\/www.ticommunication.eu\/de\/wp-json\/wp\/v2\/media?parent=12630"}],"wp:term":[{"taxonomy":"post_tag","embeddable":true,"href":"https:\/\/www.ticommunication.eu\/de\/wp-json\/wp\/v2\/tags?post=12630"},{"taxonomy":"tribe_events_cat","embeddable":true,"href":"https:\/\/www.ticommunication.eu\/de\/wp-json\/wp\/v2\/tribe_events_cat?post=12630"}],"curies":[{"name":"wp","href":"https:\/\/api.w.org\/{rel}","templated":true}]}}