{"id":10085,"date":"2023-06-05T12:30:40","date_gmt":"2023-06-05T10:30:40","guid":{"rendered":"https:\/\/ticommunication.eu\/?post_type=tribe_events&#038;p=10085"},"modified":"2025-08-26T15:55:27","modified_gmt":"2025-08-26T13:55:27","slug":"warum-deutsche-so-sind-wie-sie-sind","status":"publish","type":"tribe_events","link":"https:\/\/www.ticommunication.eu\/de\/event-details\/warum-deutsche-so-sind-wie-sie-sind\/","title":{"rendered":"Warum Deutsche so sind wie sie sind! \u2013  Ein interkultureller Kurzworkshop \u00fcber die Besonderheiten im Umgang mit Deutschen"},"content":{"rendered":"<p><a href=\"https:\/\/www.regensburg.de\/interkulturellewochen\"><img loading=\"lazy\" decoding=\"async\" class=\"size-medium wp-image-14399 alignleft\" src=\"https:\/\/www.ticommunication.eu\/wp-content\/uploads\/2023\/06\/interkulturelle-woche-vielsprachig-c-oeva-300x200.jpg\" alt=\"\" width=\"300\" height=\"200\" srcset=\"https:\/\/www.ticommunication.eu\/wp-content\/uploads\/2023\/06\/interkulturelle-woche-vielsprachig-c-oeva-300x200.jpg 300w, https:\/\/www.ticommunication.eu\/wp-content\/uploads\/2023\/06\/interkulturelle-woche-vielsprachig-c-oeva-150x100.jpg 150w, https:\/\/www.ticommunication.eu\/wp-content\/uploads\/2023\/06\/interkulturelle-woche-vielsprachig-c-oeva-112x75.jpg 112w, https:\/\/www.ticommunication.eu\/wp-content\/uploads\/2023\/06\/interkulturelle-woche-vielsprachig-c-oeva.jpg 373w\" sizes=\"auto, (max-width:767px) 300px, 300px\" \/><\/a>Wer nach Deutschland kommt, findet das ein oder andere Klischee best\u00e4tigt und kann von der ein oder anderen \u00dcberraschung berichten. Eines wird sofort klar, die Deutschen sind anders.<\/p>\n<ul>\n<li>Es gibt Besonderheiten in der <strong>Kommunikation<\/strong> am Arbeitsplatz,<\/li>\n<li>in den <strong>Abl\u00e4ufen<\/strong> in Beh\u00f6rden,<\/li>\n<li>im Verh\u00e4ltnis zur <strong>P\u00fcnktlichkeit,<\/strong><\/li>\n<li>in der Bewertung von <strong>Vereinbarungen<\/strong>,<\/li>\n<li>oder in der Einhaltung von <strong>Strukturen<\/strong> und Abl\u00e4ufen.<\/li>\n<\/ul>\n<p>Warum das so ist, wird in diesem interkulturellen Kurzworkshop mit einem Augenzwinkern betrachtet. Menschen mit und ohne Migrationshintergrund sind herzlich eingeladen, den Umgang miteinander zu betrachten, die ein oder andere Schwierigkeit aufzuarbeiten und gemeinsam Spa\u00df am Anderssein der Deutschen zu entwickeln.<\/p>\n<p><strong>Gerhard Hain<\/strong> ist Gr\u00fcnder und Gesch\u00e4ftsf\u00fchrer von ti communication. Er f\u00fchrt Dich interaktiv durch den Abend, der im Rahmen der Interkulturellen Woche in Regensburg stattfindet.<\/p>\n<h4>Veranstaltungsort:\u00a0ti communication GmbH, Fr\u00f6hliche-T\u00fcrken-Str. 3, II Stock, Regensburg<\/h4>\n<h4>Teilnehmerzahl: max. 15<\/h4>\n<p>Dieses Event ist kostenlos und findet im Rahmen der<a href=\"https:\/\/www.regensburg.de\/interkulturellewochen\" target=\"_blank\" rel=\"noopener\"> interkulturellen Woche Regensburg 2025<\/a>, organisiert durch den Integrationsbeirat Regensburg, statt.<\/p>\n","protected":false},"excerpt":{"rendered":"<p>Wer nach Deutschland kommt, findet das ein oder andere Klischee best\u00e4tigt und kann von der ein oder anderen \u00dcberraschung berichten. Eines wird sofort klar, die Deutschen<span class=\"excerpt-hellip\"> [\u2026]<\/span><\/p>\n","protected":false},"author":2,"featured_media":14485,"template":"","meta":{"_custom_body_class":"","_custom_post_class":"","rs_blank_template":"","rs_page_bg_color":"","slide_template_v7":"","_price":"","_stock":"","_tribe_ticket_header":"","_tribe_default_ticket_provider":"","_tribe_ticket_capacity":"0","_ticket_start_date":"","_ticket_end_date":"","_tribe_ticket_show_description":"","_tribe_ticket_show_not_going":false,"_tribe_ticket_use_global_stock":"","_tribe_ticket_global_stock_level":"","_global_stock_mode":"","_global_stock_cap":"","_tribe_rsvp_for_event":"","_tribe_ticket_going_count":"","_tribe_ticket_not_going_count":"","_tribe_tickets_list":"[]","_tribe_ticket_has_attendee_info_fields":false,"_tribe_events_status":"","_tribe_events_status_reason":"","_tribe_events_is_hybrid":"","_tribe_events_is_virtual":"","_tribe_events_virtual_video_source":"","_tribe_events_virtual_embed_video":"","_tribe_events_virtual_linked_button_text":"","_tribe_events_virtual_linked_button":"","_tribe_events_virtual_show_embed_at":"","_tribe_events_virtual_show_embed_to":[],"_tribe_events_virtual_show_on_event":"","_tribe_events_virtual_show_on_views":"","_tribe_events_virtual_url":"","footnotes":"","_tec_slr_enabled":"","_tec_slr_layout":""},"tags":[236,365,259,783],"tribe_events_cat":[72,271],"class_list":["post-10085","tribe_events","type-tribe_events","status-publish","has-post-thumbnail","hentry","tag-deutschland","tag-interkulturelle-kommunikation","tag-interkulturelle-kompetenz","tag-interkulturelle-wochen","tribe_events_cat-interkulturelle-kompetenz","tribe_events_cat-veranstaltungen-unserer-partner","cat_interkulturelle-kompetenz","cat_veranstaltungen-unserer-partner"],"yoast_head":"<!-- This site is optimized with the Yoast SEO plugin v27.3 - https:\/\/yoast.com\/product\/yoast-seo-wordpress\/ -->\n<title>Warum Deutsche so sind wie sie sind! \u2013 Ein interkultureller Kurzworkshop \u00fcber die Besonderheiten im Umgang mit Deutschen - ticommunication<\/title>\n<meta name=\"robots\" content=\"index, follow, max-snippet:-1, max-image-preview:large, max-video-preview:-1\" \/>\n<link rel=\"canonical\" href=\"https:\/\/www.ticommunication.eu\/de\/event-details\/warum-deutsche-so-sind-wie-sie-sind\/\" \/>\n<meta property=\"og:locale\" content=\"de_DE\" \/>\n<meta property=\"og:type\" content=\"article\" \/>\n<meta property=\"og:title\" content=\"Warum Deutsche so sind wie sie sind! \u2013 Ein interkultureller Kurzworkshop \u00fcber die Besonderheiten im Umgang mit Deutschen - ticommunication\" \/>\n<meta property=\"og:description\" content=\"Wer nach Deutschland kommt, findet das ein oder andere Klischee best\u00e4tigt und kann von der ein oder anderen \u00dcberraschung berichten. Eines wird sofort klar, die Deutschen [\u2026]\" \/>\n<meta property=\"og:url\" content=\"https:\/\/www.ticommunication.eu\/de\/event-details\/warum-deutsche-so-sind-wie-sie-sind\/\" \/>\n<meta property=\"og:site_name\" content=\"ticommunication\" \/>\n<meta property=\"article:modified_time\" content=\"2025-08-26T13:55:27+00:00\" \/>\n<meta property=\"og:image\" content=\"https:\/\/www.ticommunication.eu\/wp-content\/uploads\/2023\/06\/Warum-Deutsche-so-sind-wie-sie-sind-\u2013-Ein-interkultureller-Kurzworkshop-ueber-die-Besonderheiten-im-Umgang-mit-Deutschen1-1060x691.png\" \/>\n\t<meta property=\"og:image:width\" content=\"1060\" \/>\n\t<meta property=\"og:image:height\" content=\"691\" \/>\n\t<meta property=\"og:image:type\" content=\"image\/png\" \/>\n<meta name=\"twitter:card\" content=\"summary_large_image\" \/>\n<meta name=\"twitter:label1\" content=\"Gesch\u00e4tzte Lesezeit\" \/>\n\t<meta name=\"twitter:data1\" content=\"2\u00a0Minuten\" \/>\n<script type=\"application\/ld+json\" class=\"yoast-schema-graph\">{\"@context\":\"https:\\\/\\\/schema.org\",\"@graph\":[{\"@type\":\"WebPage\",\"@id\":\"https:\\\/\\\/www.ticommunication.eu\\\/de\\\/event-details\\\/warum-deutsche-so-sind-wie-sie-sind\\\/\",\"url\":\"https:\\\/\\\/www.ticommunication.eu\\\/de\\\/event-details\\\/warum-deutsche-so-sind-wie-sie-sind\\\/\",\"name\":\"Warum Deutsche so sind wie sie sind! \u2013 Ein interkultureller Kurzworkshop \u00fcber die Besonderheiten im Umgang mit Deutschen - ticommunication\",\"isPartOf\":{\"@id\":\"https:\\\/\\\/https\\\/\\\/www.ticommunication.eu\\\/de\\\/de\\\/#website\"},\"primaryImageOfPage\":{\"@id\":\"https:\\\/\\\/www.ticommunication.eu\\\/de\\\/event-details\\\/warum-deutsche-so-sind-wie-sie-sind\\\/#primaryimage\"},\"image\":{\"@id\":\"https:\\\/\\\/www.ticommunication.eu\\\/de\\\/event-details\\\/warum-deutsche-so-sind-wie-sie-sind\\\/#primaryimage\"},\"thumbnailUrl\":\"https:\\\/\\\/www.ticommunication.eu\\\/wp-content\\\/uploads\\\/2023\\\/06\\\/Warum-Deutsche-so-sind-wie-sie-sind-\u2013-Ein-interkultureller-Kurzworkshop-ueber-die-Besonderheiten-im-Umgang-mit-Deutschen1.png\",\"datePublished\":\"2023-06-05T10:30:40+00:00\",\"dateModified\":\"2025-08-26T13:55:27+00:00\",\"breadcrumb\":{\"@id\":\"https:\\\/\\\/www.ticommunication.eu\\\/de\\\/event-details\\\/warum-deutsche-so-sind-wie-sie-sind\\\/#breadcrumb\"},\"inLanguage\":\"de\",\"potentialAction\":[{\"@type\":\"ReadAction\",\"target\":[\"https:\\\/\\\/www.ticommunication.eu\\\/de\\\/event-details\\\/warum-deutsche-so-sind-wie-sie-sind\\\/\"]}]},{\"@type\":\"ImageObject\",\"inLanguage\":\"de\",\"@id\":\"https:\\\/\\\/www.ticommunication.eu\\\/de\\\/event-details\\\/warum-deutsche-so-sind-wie-sie-sind\\\/#primaryimage\",\"url\":\"https:\\\/\\\/www.ticommunication.eu\\\/wp-content\\\/uploads\\\/2023\\\/06\\\/Warum-Deutsche-so-sind-wie-sie-sind-\u2013-Ein-interkultureller-Kurzworkshop-ueber-die-Besonderheiten-im-Umgang-mit-Deutschen1.png\",\"contentUrl\":\"https:\\\/\\\/www.ticommunication.eu\\\/wp-content\\\/uploads\\\/2023\\\/06\\\/Warum-Deutsche-so-sind-wie-sie-sind-\u2013-Ein-interkultureller-Kurzworkshop-ueber-die-Besonderheiten-im-Umgang-mit-Deutschen1.png\",\"width\":1280,\"height\":835},{\"@type\":\"BreadcrumbList\",\"@id\":\"https:\\\/\\\/www.ticommunication.eu\\\/de\\\/event-details\\\/warum-deutsche-so-sind-wie-sie-sind\\\/#breadcrumb\",\"itemListElement\":[{\"@type\":\"ListItem\",\"position\":1,\"name\":\"Startseite\",\"item\":\"https:\\\/\\\/www.ticommunication.eu\\\/de\\\/\"},{\"@type\":\"ListItem\",\"position\":2,\"name\":\"Events\",\"item\":\"https:\\\/\\\/www.ticommunication.eu\\\/de\\\/events\\\/\"},{\"@type\":\"ListItem\",\"position\":3,\"name\":\"Warum Deutsche so sind wie sie sind! \u2013 Ein interkultureller Kurzworkshop \u00fcber die Besonderheiten im Umgang mit Deutschen\"}]},{\"@type\":\"WebSite\",\"@id\":\"https:\\\/\\\/https\\\/\\\/www.ticommunication.eu\\\/de\\\/de\\\/#website\",\"url\":\"https:\\\/\\\/https\\\/\\\/www.ticommunication.eu\\\/de\\\/de\\\/\",\"name\":\"ticommunication\",\"description\":\"think inclusively\",\"potentialAction\":[{\"@type\":\"SearchAction\",\"target\":{\"@type\":\"EntryPoint\",\"urlTemplate\":\"https:\\\/\\\/https\\\/\\\/www.ticommunication.eu\\\/de\\\/de\\\/?s={search_term_string}\"},\"query-input\":{\"@type\":\"PropertyValueSpecification\",\"valueRequired\":true,\"valueName\":\"search_term_string\"}}],\"inLanguage\":\"de\"}]}<\/script>\n<!-- \/ Yoast SEO plugin. -->","yoast_head_json":{"title":"Warum Deutsche so sind wie sie sind! \u2013 Ein interkultureller Kurzworkshop \u00fcber die Besonderheiten im Umgang mit Deutschen - ticommunication","robots":{"index":"index","follow":"follow","max-snippet":"max-snippet:-1","max-image-preview":"max-image-preview:large","max-video-preview":"max-video-preview:-1"},"canonical":"https:\/\/www.ticommunication.eu\/de\/event-details\/warum-deutsche-so-sind-wie-sie-sind\/","og_locale":"de_DE","og_type":"article","og_title":"Warum Deutsche so sind wie sie sind! \u2013 Ein interkultureller Kurzworkshop \u00fcber die Besonderheiten im Umgang mit Deutschen - ticommunication","og_description":"Wer nach Deutschland kommt, findet das ein oder andere Klischee best\u00e4tigt und kann von der ein oder anderen \u00dcberraschung berichten. Eines wird sofort klar, die Deutschen [\u2026]","og_url":"https:\/\/www.ticommunication.eu\/de\/event-details\/warum-deutsche-so-sind-wie-sie-sind\/","og_site_name":"ticommunication","article_modified_time":"2025-08-26T13:55:27+00:00","og_image":[{"width":1060,"height":691,"url":"https:\/\/www.ticommunication.eu\/wp-content\/uploads\/2023\/06\/Warum-Deutsche-so-sind-wie-sie-sind-\u2013-Ein-interkultureller-Kurzworkshop-ueber-die-Besonderheiten-im-Umgang-mit-Deutschen1-1060x691.png","type":"image\/png"}],"twitter_card":"summary_large_image","twitter_misc":{"Gesch\u00e4tzte Lesezeit":"2\u00a0Minuten"},"schema":{"@context":"https:\/\/schema.org","@graph":[{"@type":"WebPage","@id":"https:\/\/www.ticommunication.eu\/de\/event-details\/warum-deutsche-so-sind-wie-sie-sind\/","url":"https:\/\/www.ticommunication.eu\/de\/event-details\/warum-deutsche-so-sind-wie-sie-sind\/","name":"Warum Deutsche so sind wie sie sind! \u2013 Ein interkultureller Kurzworkshop \u00fcber die Besonderheiten im Umgang mit Deutschen - ticommunication","isPartOf":{"@id":"https:\/\/https\/\/www.ticommunication.eu\/de\/de\/de\/#website"},"primaryImageOfPage":{"@id":"https:\/\/www.ticommunication.eu\/de\/event-details\/warum-deutsche-so-sind-wie-sie-sind\/#primaryimage"},"image":{"@id":"https:\/\/www.ticommunication.eu\/de\/event-details\/warum-deutsche-so-sind-wie-sie-sind\/#primaryimage"},"thumbnailUrl":"https:\/\/www.ticommunication.eu\/wp-content\/uploads\/2023\/06\/Warum-Deutsche-so-sind-wie-sie-sind-\u2013-Ein-interkultureller-Kurzworkshop-ueber-die-Besonderheiten-im-Umgang-mit-Deutschen1.png","datePublished":"2023-06-05T10:30:40+00:00","dateModified":"2025-08-26T13:55:27+00:00","breadcrumb":{"@id":"https:\/\/www.ticommunication.eu\/de\/event-details\/warum-deutsche-so-sind-wie-sie-sind\/#breadcrumb"},"inLanguage":"de","potentialAction":[{"@type":"ReadAction","target":["https:\/\/www.ticommunication.eu\/de\/event-details\/warum-deutsche-so-sind-wie-sie-sind\/"]}]},{"@type":"ImageObject","inLanguage":"de","@id":"https:\/\/www.ticommunication.eu\/de\/event-details\/warum-deutsche-so-sind-wie-sie-sind\/#primaryimage","url":"https:\/\/www.ticommunication.eu\/wp-content\/uploads\/2023\/06\/Warum-Deutsche-so-sind-wie-sie-sind-\u2013-Ein-interkultureller-Kurzworkshop-ueber-die-Besonderheiten-im-Umgang-mit-Deutschen1.png","contentUrl":"https:\/\/www.ticommunication.eu\/wp-content\/uploads\/2023\/06\/Warum-Deutsche-so-sind-wie-sie-sind-\u2013-Ein-interkultureller-Kurzworkshop-ueber-die-Besonderheiten-im-Umgang-mit-Deutschen1.png","width":1280,"height":835},{"@type":"BreadcrumbList","@id":"https:\/\/www.ticommunication.eu\/de\/event-details\/warum-deutsche-so-sind-wie-sie-sind\/#breadcrumb","itemListElement":[{"@type":"ListItem","position":1,"name":"Startseite","item":"https:\/\/www.ticommunication.eu\/de\/"},{"@type":"ListItem","position":2,"name":"Events","item":"https:\/\/www.ticommunication.eu\/de\/events\/"},{"@type":"ListItem","position":3,"name":"Warum Deutsche so sind wie sie sind! \u2013 Ein interkultureller Kurzworkshop \u00fcber die Besonderheiten im Umgang mit Deutschen"}]},{"@type":"WebSite","@id":"https:\/\/https\/\/www.ticommunication.eu\/de\/de\/de\/#website","url":"https:\/\/https\/\/www.ticommunication.eu\/de\/de\/de\/","name":"ticommunication","description":"think inclusively","potentialAction":[{"@type":"SearchAction","target":{"@type":"EntryPoint","urlTemplate":"https:\/\/https\/\/www.ticommunication.eu\/de\/de\/de\/?s={search_term_string}"},"query-input":{"@type":"PropertyValueSpecification","valueRequired":true,"valueName":"search_term_string"}}],"inLanguage":"de"}]}},"ticketed":["rsvp"],"_links":{"self":[{"href":"https:\/\/www.ticommunication.eu\/de\/wp-json\/wp\/v2\/tribe_events\/10085","targetHints":{"allow":["GET"]}}],"collection":[{"href":"https:\/\/www.ticommunication.eu\/de\/wp-json\/wp\/v2\/tribe_events"}],"about":[{"href":"https:\/\/www.ticommunication.eu\/de\/wp-json\/wp\/v2\/types\/tribe_events"}],"author":[{"embeddable":true,"href":"https:\/\/www.ticommunication.eu\/de\/wp-json\/wp\/v2\/users\/2"}],"version-history":[{"count":0,"href":"https:\/\/www.ticommunication.eu\/de\/wp-json\/wp\/v2\/tribe_events\/10085\/revisions"}],"wp:featuredmedia":[{"embeddable":true,"href":"https:\/\/www.ticommunication.eu\/de\/wp-json\/wp\/v2\/media\/14485"}],"wp:attachment":[{"href":"https:\/\/www.ticommunication.eu\/de\/wp-json\/wp\/v2\/media?parent=10085"}],"wp:term":[{"taxonomy":"post_tag","embeddable":true,"href":"https:\/\/www.ticommunication.eu\/de\/wp-json\/wp\/v2\/tags?post=10085"},{"taxonomy":"tribe_events_cat","embeddable":true,"href":"https:\/\/www.ticommunication.eu\/de\/wp-json\/wp\/v2\/tribe_events_cat?post=10085"}],"curies":[{"name":"wp","href":"https:\/\/api.w.org\/{rel}","templated":true}]}}